{"id":64665,"date":"2025-12-12T15:14:43","date_gmt":"2025-12-12T15:14:43","guid":{"rendered":"https:\/\/npf-fpn.com\/?post_type=the_locker&#038;p=64665"},"modified":"2025-12-12T15:14:44","modified_gmt":"2025-12-12T15:14:44","slug":"soutien-aux-policiers-qui-retournent-au-travail-apres-une-blessure-psychologique","status":"publish","type":"the_locker","link":"https:\/\/npf-fpn.com\/fr\/the_locker\/soutien-aux-policiers-qui-retournent-au-travail-apres-une-blessure-psychologique\/","title":{"rendered":"Soutien aux policiers qui retournent au travail apr\u00e8s une blessure psychologique\u00a0"},"content":{"rendered":"\n<p><em>Le pr\u00e9sent billet du blogue&nbsp;<\/em>Le Casier<em>&nbsp;vous est offert par Derek\u202fSienko, administrateur en chef de la sant\u00e9 mentale,&nbsp;Diversified&nbsp;Rehabilitation&nbsp;Group, fournisseur de services approuv\u00e9 qui travaille avec des membres de la Gendarmerie royale du Canada (GRC) et d\u2019autres services de premiers intervenants partout au pays.&nbsp;<\/em>&nbsp;<\/p>\n\n\n\n<p>Il est rare que le retour au travail apr\u00e8s une blessure de stress op\u00e9rationnel ou un trouble de stress post-traumatique soit simple. Les membres \u00e9prouvent souvent de l\u2019anxi\u00e9t\u00e9, de l\u2019incertitude et de la crainte \u00e0 l\u2019\u00e9gard des attentes, de la perception des coll\u00e8gues et des changements organisationnels qui auraient pu se produire pendant leur absence (ICRTSP, 2024). Les pr\u00e9occupations au sujet de la stigmatisation, de la confidentialit\u00e9 et d\u2019une possible r\u00e9apparition des sympt\u00f4mes augmentent davantage le stress (IWH, 2023), ce qui souligne la n\u00e9cessit\u00e9 d\u2019un processus de r\u00e9int\u00e9gration qui prot\u00e8ge la vie priv\u00e9e tout en favorisant le bien-\u00eatre des membres.&nbsp;<\/p>\n\n\n\n<p><strong>Approche graduelle<\/strong>&nbsp;<br>Un retour progressif au travail est une pratique exemplaire pour une r\u00e9int\u00e9gration s\u00e9curitaire et durable. Les&nbsp;membres commencent par des t\u00e2ches modifi\u00e9es ou des heures r\u00e9duites, puis reprennent progressivement l\u2019ensemble de leurs responsabilit\u00e9s \u00e0 mesure que la confiance et le sentiment de pr\u00e9paration s\u2019am\u00e9liorent (WorkSafeBC, 2025). Cette approche progressive permet une surveillance continue, des ajustements en temps opportun et une intervention rapide en cas de difficult\u00e9s.&nbsp;<\/p>\n\n\n\n<p><strong>Approche collaborative<\/strong>&nbsp;<br>Une r\u00e9int\u00e9gration r\u00e9ussie exige une collaboration entre les services de sant\u00e9, les fournisseurs de soins et le membre. Avec le Programme national de r\u00e9int\u00e9gration, le Programme de gestion de l\u2019incapacit\u00e9, le programme pour composer avec les blessures de stress op\u00e9rationnel et le Groupe de soutien proactif \u00e0 la sant\u00e9 des employ\u00e9s, la GRC offre un soutien suppl\u00e9mentaire personnalis\u00e9 qui aide les agents \u00e0 r\u00e9tablir leur confiance et \u00e0 g\u00e9rer le stress (Diversified&nbsp;Rehabilitation&nbsp;Group, 2025; GRC, 2025).&nbsp;<\/p>\n\n\n\n<p><strong>N\u00e9cessit\u00e9 d\u2019un plan \u00e9crit<\/strong>&nbsp;<br>Un plan d\u00e9taill\u00e9 de retour progressif au travail est essentiel.&nbsp;Il doit inclure&nbsp;les objectifs, les \u00e9ch\u00e9anciers, les mesures de soutien requises et les responsabilit\u00e9s des intervenants. Un plan \u00e9crit fournit des pr\u00e9cisions, assure la responsabilisation et pr\u00e9sente un cadre pour relever les nouveaux d\u00e9fis, ce qui r\u00e9duit le risque de stagnation des progr\u00e8s ou d\u2019\u00e9chec du retour (ICRTSP, 2024).&nbsp;<\/p>\n\n\n\n<p><strong>Exemple<\/strong>&nbsp;<br>Un membre s\u2019est absent\u00e9 du travail pendant huit\u202fmois en raison d\u2019une blessure de stress&nbsp;op\u00e9rationnel. Il a particip\u00e9 \u00e0 un retour progressif au travail apr\u00e8s avoir termin\u00e9 un programme de r\u00e9tablissement \u00e0 la suite d\u2019un traumatisme li\u00e9 au stress. Un clinicien du&nbsp;Diversified&nbsp;Rehabilitation&nbsp;Group, une infirmi\u00e8re des services de sant\u00e9 et une coordonnatrice de la r\u00e9int\u00e9gration ont collabor\u00e9 pour r\u00e9pondre aux pr\u00e9occupations li\u00e9es \u00e0 la blessure de stress op\u00e9rationnel, notamment&nbsp;la reprise de confiance dans l\u2019utilisation de son arme de service. La coordonnatrice de la r\u00e9int\u00e9gration a accompagn\u00e9&nbsp;le membre&nbsp;au champ de tir \u00e0 deux reprises, lui offrant un soutien et des conseils pratiques, tandis que le clinicien s\u2019occupait des r\u00e9ponses psychologiques lors de s\u00e9ances individuelles. Par la suite, le retour progressif s\u2019est fait sur cinq semaines, avec une surveillance hebdomadaire et des interventions adapt\u00e9es, assurant un retour r\u00e9ussi et durable aux fonctions op\u00e9rationnelles.&nbsp;&nbsp;<\/p>\n\n\n\n<p><strong>R\u00e9seau de soutien<\/strong>&nbsp;<br>Les superviseurs, les pairs et la famille jouent un r\u00f4le essentiel dans la r\u00e9int\u00e9gration. Un leadership souple et compr\u00e9hensif, le soutien des coll\u00e8gues et l\u2019engagement de la famille r\u00e9duisent l\u2019isolement, renforcent la confiance et am\u00e9liorent le r\u00e9tablissement (IWH, 2023). La r\u00e9int\u00e9gration est une responsabilit\u00e9 partag\u00e9e entre les syst\u00e8mes personnels, cliniques et organisationnels.&nbsp;<\/p>\n\n\n\n<p><strong>Conclusion<\/strong>&nbsp;<br>Le retour au travail apr\u00e8s une blessure de stress op\u00e9rationnel ou un trouble de stress post-traumatique est r\u00e9alisable, quoiqu\u2019intrins\u00e8quement stressant. Un plan de retour progressif, structur\u00e9 et ax\u00e9 sur la collaboration, appuy\u00e9 par des r\u00e9seaux cliniques, organisationnels et personnels, permet aux&nbsp;membres de reprendre confiance en eux, de renouer avec leur r\u00f4le et de reprendre le service de fa\u00e7on s\u00e9curitaire et durable. Informer les membres sur le processus r\u00e9duit le stress, clarifie les attentes et assure l\u2019acc\u00e8s au soutien n\u00e9cessaire.&nbsp;<\/p>\n\n\n\n<p><strong>R\u00e9f\u00e9rences<\/strong>&nbsp;<\/p>\n\n\n\n<ul class=\"wp-block-list\">\n<li>Canadian Institute for Public Safety Research and Treatment (CIPSRT). (2024).\u00a0<em>Supporting public safety personnel in recovery and reintegration.<\/em>\u00a0University of Regina.\u00a0<\/li>\n<\/ul>\n\n\n\n<ul class=\"wp-block-list\">\n<li>Diversified Rehabilitation. (2025).\u00a0<em>Collaborative reintegration support for members returning after OSI.<\/em>\u00a0Kelowna, BC.\u00a0<\/li>\n<\/ul>\n\n\n\n<ul class=\"wp-block-list\">\n<li>Institute for Work &amp; Health (IWH). (2023).\u00a0<em>Workplace approaches to supporting return to work after mental health conditions.<\/em>\u00a0Toronto, ON.\u00a0<\/li>\n<\/ul>\n\n\n\n<ul class=\"wp-block-list\">\n<li>Royal Canadian Mounted Police (RCMP). (2025).\u00a0<em>National Reintegration Program: Supporting members in return to work.<\/em>\u00a0Ottawa, ON.\u00a0<\/li>\n<\/ul>\n\n\n\n<ul class=\"wp-block-list\">\n<li>WorkSafeBC. (2025).\u00a0<em>Best practices for gradual return-to-work after psychological injury.<\/em>\u00a0Vancouver, BC.\u00a0<\/li>\n<\/ul>\n","protected":false},"featured_media":64664,"parent":0,"menu_order":0,"template":"","impact_topic":[108],"class_list":["post-64665","the_locker","type-the_locker","status-publish","has-post-thumbnail","hentry","impact_topic-plaidoyer"],"acf":[],"yoast_head":"<!-- This site is optimized with the Yoast SEO plugin v27.4 - https:\/\/yoast.com\/product\/yoast-seo-wordpress\/ -->\n<title>Soutien aux policiers qui retournent au travail apr\u00e8s une blessure psychologique\u00a0 - NPF-FPN<\/title>\n<meta name=\"description\" content=\"Il est rare que le retour au travail apr\u00e8s une blessure de stress op\u00e9rationnel ou un trouble de stress post-traumatique soit simple.\" \/>\n<meta name=\"robots\" content=\"index, follow, max-snippet:-1, max-image-preview:large, max-video-preview:-1\" \/>\n<link rel=\"canonical\" href=\"https:\/\/npf-fpn.com\/fr\/the_locker\/soutien-aux-policiers-qui-retournent-au-travail-apres-une-blessure-psychologique\/\" \/>\n<meta property=\"og:locale\" content=\"fr_FR\" \/>\n<meta property=\"og:type\" content=\"article\" \/>\n<meta property=\"og:title\" content=\"Soutien aux policiers qui retournent au travail apr\u00e8s une blessure psychologique\u00a0 - NPF-FPN\" \/>\n<meta property=\"og:description\" content=\"Il est rare que le retour au travail apr\u00e8s une blessure de stress op\u00e9rationnel ou un trouble de stress post-traumatique soit simple.\" \/>\n<meta property=\"og:url\" content=\"https:\/\/npf-fpn.com\/fr\/the_locker\/soutien-aux-policiers-qui-retournent-au-travail-apres-une-blessure-psychologique\/\" \/>\n<meta property=\"og:site_name\" content=\"NPF-FPN\" \/>\n<meta property=\"article:modified_time\" content=\"2025-12-12T15:14:44+00:00\" \/>\n<meta property=\"og:image\" content=\"https:\/\/npf-fpn.com\/app\/uploads\/2025\/12\/DXH19531-scaled.jpg\" \/>\n\t<meta property=\"og:image:width\" content=\"2560\" \/>\n\t<meta property=\"og:image:height\" content=\"1707\" \/>\n\t<meta property=\"og:image:type\" content=\"image\/jpeg\" \/>\n<meta name=\"twitter:card\" content=\"summary_large_image\" \/>\n<meta name=\"twitter:label1\" content=\"Est. reading time\" \/>\n\t<meta name=\"twitter:data1\" content=\"4 minutes\" \/>\n<script type=\"application\/ld+json\" class=\"yoast-schema-graph\">{\"@context\":\"https:\\\/\\\/schema.org\",\"@graph\":[{\"@type\":\"WebPage\",\"@id\":\"https:\\\/\\\/npf-fpn.com\\\/fr\\\/the_locker\\\/soutien-aux-policiers-qui-retournent-au-travail-apres-une-blessure-psychologique\\\/\",\"url\":\"https:\\\/\\\/npf-fpn.com\\\/fr\\\/the_locker\\\/soutien-aux-policiers-qui-retournent-au-travail-apres-une-blessure-psychologique\\\/\",\"name\":\"Soutien aux policiers qui retournent au travail apr\u00e8s une blessure psychologique\u00a0 - NPF-FPN\",\"isPartOf\":{\"@id\":\"https:\\\/\\\/npf-fpn.com\\\/#website\"},\"primaryImageOfPage\":{\"@id\":\"https:\\\/\\\/npf-fpn.com\\\/fr\\\/the_locker\\\/soutien-aux-policiers-qui-retournent-au-travail-apres-une-blessure-psychologique\\\/#primaryimage\"},\"image\":{\"@id\":\"https:\\\/\\\/npf-fpn.com\\\/fr\\\/the_locker\\\/soutien-aux-policiers-qui-retournent-au-travail-apres-une-blessure-psychologique\\\/#primaryimage\"},\"thumbnailUrl\":\"https:\\\/\\\/npf-fpn.com\\\/app\\\/uploads\\\/2025\\\/12\\\/DXH19531-scaled.jpg\",\"datePublished\":\"2025-12-12T15:14:43+00:00\",\"dateModified\":\"2025-12-12T15:14:44+00:00\",\"description\":\"Il est rare que le retour au travail apr\u00e8s une blessure de stress op\u00e9rationnel ou un trouble de stress post-traumatique soit simple.\",\"breadcrumb\":{\"@id\":\"https:\\\/\\\/npf-fpn.com\\\/fr\\\/the_locker\\\/soutien-aux-policiers-qui-retournent-au-travail-apres-une-blessure-psychologique\\\/#breadcrumb\"},\"inLanguage\":\"fr-FR\",\"potentialAction\":[{\"@type\":\"ReadAction\",\"target\":[\"https:\\\/\\\/npf-fpn.com\\\/fr\\\/the_locker\\\/soutien-aux-policiers-qui-retournent-au-travail-apres-une-blessure-psychologique\\\/\"]}]},{\"@type\":\"ImageObject\",\"inLanguage\":\"fr-FR\",\"@id\":\"https:\\\/\\\/npf-fpn.com\\\/fr\\\/the_locker\\\/soutien-aux-policiers-qui-retournent-au-travail-apres-une-blessure-psychologique\\\/#primaryimage\",\"url\":\"https:\\\/\\\/npf-fpn.com\\\/app\\\/uploads\\\/2025\\\/12\\\/DXH19531-scaled.jpg\",\"contentUrl\":\"https:\\\/\\\/npf-fpn.com\\\/app\\\/uploads\\\/2025\\\/12\\\/DXH19531-scaled.jpg\",\"width\":2560,\"height\":1707,\"caption\":\"Daniel Crump \\\/ National Police Federation. Procession and funeral for RCMP Cst. Allan Poapst, Winnipeg. December 20, 2019.\"},{\"@type\":\"BreadcrumbList\",\"@id\":\"https:\\\/\\\/npf-fpn.com\\\/fr\\\/the_locker\\\/soutien-aux-policiers-qui-retournent-au-travail-apres-une-blessure-psychologique\\\/#breadcrumb\",\"itemListElement\":[{\"@type\":\"ListItem\",\"position\":1,\"name\":\"Accueil\",\"item\":\"https:\\\/\\\/npf-fpn.com\\\/fr\\\/\"},{\"@type\":\"ListItem\",\"position\":2,\"name\":\"Soutien aux policiers qui retournent au travail apr\u00e8s une blessure psychologique\u00a0\"}]},{\"@type\":\"WebSite\",\"@id\":\"https:\\\/\\\/npf-fpn.com\\\/#website\",\"url\":\"https:\\\/\\\/npf-fpn.com\\\/\",\"name\":\"NPF-FPN\",\"description\":\"Providing strong, fair and progressive representation to almost 20,000 RCMP members across Canada.\",\"publisher\":{\"@id\":\"https:\\\/\\\/npf-fpn.com\\\/#organization\"},\"potentialAction\":[{\"@type\":\"SearchAction\",\"target\":{\"@type\":\"EntryPoint\",\"urlTemplate\":\"https:\\\/\\\/npf-fpn.com\\\/?s={search_term_string}\"},\"query-input\":{\"@type\":\"PropertyValueSpecification\",\"valueRequired\":true,\"valueName\":\"search_term_string\"}}],\"inLanguage\":\"fr-FR\"},{\"@type\":\"Organization\",\"@id\":\"https:\\\/\\\/npf-fpn.com\\\/#organization\",\"name\":\"NPF-FPN\",\"url\":\"https:\\\/\\\/npf-fpn.com\\\/\",\"logo\":{\"@type\":\"ImageObject\",\"inLanguage\":\"fr-FR\",\"@id\":\"https:\\\/\\\/npf-fpn.com\\\/#\\\/schema\\\/logo\\\/image\\\/\",\"url\":\"https:\\\/\\\/npf-fpn.com\\\/app\\\/uploads\\\/2022\\\/01\\\/NPF.jpg\",\"contentUrl\":\"https:\\\/\\\/npf-fpn.com\\\/app\\\/uploads\\\/2022\\\/01\\\/NPF.jpg\",\"width\":200,\"height\":200,\"caption\":\"NPF-FPN\"},\"image\":{\"@id\":\"https:\\\/\\\/npf-fpn.com\\\/#\\\/schema\\\/logo\\\/image\\\/\"}}]}<\/script>\n<!-- \/ Yoast SEO plugin. -->","yoast_head_json":{"title":"Soutien aux policiers qui retournent au travail apr\u00e8s une blessure psychologique\u00a0 - NPF-FPN","description":"Il est rare que le retour au travail apr\u00e8s une blessure de stress op\u00e9rationnel ou un trouble de stress post-traumatique soit simple.","robots":{"index":"index","follow":"follow","max-snippet":"max-snippet:-1","max-image-preview":"max-image-preview:large","max-video-preview":"max-video-preview:-1"},"canonical":"https:\/\/npf-fpn.com\/fr\/the_locker\/soutien-aux-policiers-qui-retournent-au-travail-apres-une-blessure-psychologique\/","og_locale":"fr_FR","og_type":"article","og_title":"Soutien aux policiers qui retournent au travail apr\u00e8s une blessure psychologique\u00a0 - NPF-FPN","og_description":"Il est rare que le retour au travail apr\u00e8s une blessure de stress op\u00e9rationnel ou un trouble de stress post-traumatique soit simple.","og_url":"https:\/\/npf-fpn.com\/fr\/the_locker\/soutien-aux-policiers-qui-retournent-au-travail-apres-une-blessure-psychologique\/","og_site_name":"NPF-FPN","article_modified_time":"2025-12-12T15:14:44+00:00","og_image":[{"width":2560,"height":1707,"url":"https:\/\/npf-fpn.com\/app\/uploads\/2025\/12\/DXH19531-scaled.jpg","type":"image\/jpeg"}],"twitter_card":"summary_large_image","twitter_misc":{"Est. reading time":"4 minutes"},"schema":{"@context":"https:\/\/schema.org","@graph":[{"@type":"WebPage","@id":"https:\/\/npf-fpn.com\/fr\/the_locker\/soutien-aux-policiers-qui-retournent-au-travail-apres-une-blessure-psychologique\/","url":"https:\/\/npf-fpn.com\/fr\/the_locker\/soutien-aux-policiers-qui-retournent-au-travail-apres-une-blessure-psychologique\/","name":"Soutien aux policiers qui retournent au travail apr\u00e8s une blessure psychologique\u00a0 - NPF-FPN","isPartOf":{"@id":"https:\/\/npf-fpn.com\/#website"},"primaryImageOfPage":{"@id":"https:\/\/npf-fpn.com\/fr\/the_locker\/soutien-aux-policiers-qui-retournent-au-travail-apres-une-blessure-psychologique\/#primaryimage"},"image":{"@id":"https:\/\/npf-fpn.com\/fr\/the_locker\/soutien-aux-policiers-qui-retournent-au-travail-apres-une-blessure-psychologique\/#primaryimage"},"thumbnailUrl":"https:\/\/npf-fpn.com\/app\/uploads\/2025\/12\/DXH19531-scaled.jpg","datePublished":"2025-12-12T15:14:43+00:00","dateModified":"2025-12-12T15:14:44+00:00","description":"Il est rare que le retour au travail apr\u00e8s une blessure de stress op\u00e9rationnel ou un trouble de stress post-traumatique soit simple.","breadcrumb":{"@id":"https:\/\/npf-fpn.com\/fr\/the_locker\/soutien-aux-policiers-qui-retournent-au-travail-apres-une-blessure-psychologique\/#breadcrumb"},"inLanguage":"fr-FR","potentialAction":[{"@type":"ReadAction","target":["https:\/\/npf-fpn.com\/fr\/the_locker\/soutien-aux-policiers-qui-retournent-au-travail-apres-une-blessure-psychologique\/"]}]},{"@type":"ImageObject","inLanguage":"fr-FR","@id":"https:\/\/npf-fpn.com\/fr\/the_locker\/soutien-aux-policiers-qui-retournent-au-travail-apres-une-blessure-psychologique\/#primaryimage","url":"https:\/\/npf-fpn.com\/app\/uploads\/2025\/12\/DXH19531-scaled.jpg","contentUrl":"https:\/\/npf-fpn.com\/app\/uploads\/2025\/12\/DXH19531-scaled.jpg","width":2560,"height":1707,"caption":"Daniel Crump \/ National Police Federation. Procession and funeral for RCMP Cst. Allan Poapst, Winnipeg. December 20, 2019."},{"@type":"BreadcrumbList","@id":"https:\/\/npf-fpn.com\/fr\/the_locker\/soutien-aux-policiers-qui-retournent-au-travail-apres-une-blessure-psychologique\/#breadcrumb","itemListElement":[{"@type":"ListItem","position":1,"name":"Accueil","item":"https:\/\/npf-fpn.com\/fr\/"},{"@type":"ListItem","position":2,"name":"Soutien aux policiers qui retournent au travail apr\u00e8s une blessure psychologique\u00a0"}]},{"@type":"WebSite","@id":"https:\/\/npf-fpn.com\/#website","url":"https:\/\/npf-fpn.com\/","name":"NPF-FPN","description":"Providing strong, fair and progressive representation to almost 20,000 RCMP members across Canada.","publisher":{"@id":"https:\/\/npf-fpn.com\/#organization"},"potentialAction":[{"@type":"SearchAction","target":{"@type":"EntryPoint","urlTemplate":"https:\/\/npf-fpn.com\/?s={search_term_string}"},"query-input":{"@type":"PropertyValueSpecification","valueRequired":true,"valueName":"search_term_string"}}],"inLanguage":"fr-FR"},{"@type":"Organization","@id":"https:\/\/npf-fpn.com\/#organization","name":"NPF-FPN","url":"https:\/\/npf-fpn.com\/","logo":{"@type":"ImageObject","inLanguage":"fr-FR","@id":"https:\/\/npf-fpn.com\/#\/schema\/logo\/image\/","url":"https:\/\/npf-fpn.com\/app\/uploads\/2022\/01\/NPF.jpg","contentUrl":"https:\/\/npf-fpn.com\/app\/uploads\/2022\/01\/NPF.jpg","width":200,"height":200,"caption":"NPF-FPN"},"image":{"@id":"https:\/\/npf-fpn.com\/#\/schema\/logo\/image\/"}}]}},"_links":{"self":[{"href":"https:\/\/npf-fpn.com\/fr\/wp-json\/wp\/v2\/the_locker\/64665","targetHints":{"allow":["GET"]}}],"collection":[{"href":"https:\/\/npf-fpn.com\/fr\/wp-json\/wp\/v2\/the_locker"}],"about":[{"href":"https:\/\/npf-fpn.com\/fr\/wp-json\/wp\/v2\/types\/the_locker"}],"wp:featuredmedia":[{"embeddable":true,"href":"https:\/\/npf-fpn.com\/fr\/wp-json\/wp\/v2\/media\/64664"}],"wp:attachment":[{"href":"https:\/\/npf-fpn.com\/fr\/wp-json\/wp\/v2\/media?parent=64665"}],"wp:term":[{"taxonomy":"impact_topic","embeddable":true,"href":"https:\/\/npf-fpn.com\/fr\/wp-json\/wp\/v2\/impact_topic?post=64665"}],"curies":[{"name":"wp","href":"https:\/\/api.w.org\/{rel}","templated":true}]}}