{"id":60876,"date":"2025-06-30T19:32:22","date_gmt":"2025-06-30T19:32:22","guid":{"rendered":"https:\/\/npf-fpn.com\/?post_type=the_locker&#038;p=60876"},"modified":"2025-06-30T19:42:24","modified_gmt":"2025-06-30T19:42:24","slug":"mois-national-de-lhistoire-autochtone-des-histoires-axees-sur-la-communaute-les-partenariats-et-le-service","status":"publish","type":"the_locker","link":"https:\/\/npf-fpn.com\/fr\/the_locker\/mois-national-de-lhistoire-autochtone-des-histoires-axees-sur-la-communaute-les-partenariats-et-le-service\/","title":{"rendered":"Mois national de l\u2019histoire autochtone : Des histoires ax\u00e9es sur la communaut\u00e9, les partenariats et le service"},"content":{"rendered":"\n<p>Juin est le Mois national de l\u2019histoire autochtone \u2013\u202fune occasion de r\u00e9fl\u00e9chir \u00e0 notre histoire commune, d\u2019\u00e9couter les exp\u00e9riences v\u00e9cues et de continuer \u00e0 prendre des mesures significatives en vue de la r\u00e9conciliation.<\/p>\n\n\n\n<p>La r\u00e9conciliation n\u2019est pas une liste de contr\u00f4le. Il s\u2019agit d\u2019un cheminement continu visant \u00e0 \u00e9tablir la confiance, \u00e0 apprendre avec respect et \u00e0 travailler en v\u00e9ritable partenariat avec les communaut\u00e9s autochtones, surtout dans les endroits o\u00f9 la douleur est profonde et o\u00f9 la gu\u00e9rison prend du temps.<\/p>\n\n\n\n<p>Ci-dessous, nous sommes honor\u00e9s de vous faire part de trois histoires qui mettent en lumi\u00e8re la fa\u00e7on dont les membres de la GRC soutiennent la r\u00e9conciliation, guid\u00e9s par la force, la sagesse, la collaboration et les contributions durables des peuples autochtones.<\/p>\n\n\n\n<h2 class=\"wp-block-heading\">Liens communautaires avec la Nation de Lake\u202fBabine<\/h2>\n\n\n\n<p>Nous avons parl\u00e9 avec le gendarme Khalil, un membre de la GRC des services de police autochtones (SPA) de la Colombie-Britannique qui travaille en \u00e9troite collaboration avec la Nation de Lake\u202fBabine, pr\u00e8s de Burns\u202fLake, en Colombie-Britannique. Pour lui, la cr\u00e9ation d\u2019un lien de confiance commence par la pr\u00e9sence, surtout aupr\u00e8s des jeunes.<\/p>\n\n\n\n<p>\u00ab\u202fUn enfant m\u2019a dit qu\u2019il n\u2019aimait pas la police avant de me rencontrer. J\u2019esp\u00e8re que, gr\u00e2ce \u00e0 mon travail, la prochaine fois que les jeunes verront un policier n\u2019importe o\u00f9 au Canada, ils penseront \u00e0 leurs interactions avec moi et consid\u00e9reront chaque agent comme une personne positive.\u202f\u00bb<\/p>\n\n\n\n<figure class=\"wp-block-image size-large\"><img decoding=\"async\" width=\"1024\" height=\"768\" src=\"https:\/\/npf-fpn.com\/app\/uploads\/2025\/06\/Cst.-Khalil-Photo-2-1024x768.jpeg\" alt=\"\" class=\"wp-image-60898\" srcset=\"https:\/\/npf-fpn.com\/app\/uploads\/2025\/06\/Cst.-Khalil-Photo-2-1024x768.jpeg 1024w, https:\/\/npf-fpn.com\/app\/uploads\/2025\/06\/Cst.-Khalil-Photo-2-300x225.jpeg 300w, https:\/\/npf-fpn.com\/app\/uploads\/2025\/06\/Cst.-Khalil-Photo-2-768x576.jpeg 768w, https:\/\/npf-fpn.com\/app\/uploads\/2025\/06\/Cst.-Khalil-Photo-2-1536x1152.jpeg 1536w, https:\/\/npf-fpn.com\/app\/uploads\/2025\/06\/Cst.-Khalil-Photo-2-267x200.jpeg 267w, https:\/\/npf-fpn.com\/app\/uploads\/2025\/06\/Cst.-Khalil-Photo-2-600x450.jpeg 600w, https:\/\/npf-fpn.com\/app\/uploads\/2025\/06\/Cst.-Khalil-Photo-2.jpeg 2016w\" sizes=\"(max-width: 1024px) 100vw, 1024px\" \/><\/figure>\n\n\n\n<p>Le gendarme Khalil est agent de la GRC depuis mars\u202f2024 et, en plus des t\u00e2ches polici\u00e8res habituelles, il consacre du temps \u00e0 faire visiter le d\u00e9tachement, \u00e0 jouer au hockey avec les enfants du coin et \u00e0 tisser des liens dans les \u00e9coles et les lieux de rassemblement.<\/p>\n\n\n\n<p>\u00ab\u202fBon nombre des enfants que nous visitons vivent dans des foyers touch\u00e9s par la violence familiale. S\u2019ils m\u2019ont d\u00e9j\u00e0 rencontr\u00e9, sur la patinoire, \u00e0 l\u2019\u00e9cole ou juste en promenant leur chien, cela change la fa\u00e7on dont ils vivent ce moment. Je veux qu\u2019ils sachent que quelqu\u2019un les voit. Quelqu\u2019un se soucie d\u2019eux.\u202f\u00bb<\/p>\n\n\n\n<p>Ce genre d\u2019approche communautaire ax\u00e9e sur la relation est un exemple concret de r\u00e9conciliation en action.<\/p>\n\n\n\n<p>\u00ab\u202fSur le terrain, en personne, nous devons \u00e9tablir un lien de confiance. Assister aux r\u00e9unions du chef et du conseil. [Aller] au centre ou au bureau du conseil de bande. Sortir de notre voiture et \u00eatre simplement pr\u00e9sents dans la communaut\u00e9.\u202f\u00bb<\/p>\n\n\n\n<figure class=\"wp-block-image size-large\"><img decoding=\"async\" width=\"1024\" height=\"768\" src=\"https:\/\/npf-fpn.com\/app\/uploads\/2025\/06\/Cst.-Khalil-Photo-2-1024x768.png\" alt=\"\" class=\"wp-image-60896\" srcset=\"https:\/\/npf-fpn.com\/app\/uploads\/2025\/06\/Cst.-Khalil-Photo-2-1024x768.png 1024w, https:\/\/npf-fpn.com\/app\/uploads\/2025\/06\/Cst.-Khalil-Photo-2-300x225.png 300w, https:\/\/npf-fpn.com\/app\/uploads\/2025\/06\/Cst.-Khalil-Photo-2-768x576.png 768w, https:\/\/npf-fpn.com\/app\/uploads\/2025\/06\/Cst.-Khalil-Photo-2-1536x1152.png 1536w, https:\/\/npf-fpn.com\/app\/uploads\/2025\/06\/Cst.-Khalil-Photo-2-267x200.png 267w, https:\/\/npf-fpn.com\/app\/uploads\/2025\/06\/Cst.-Khalil-Photo-2-600x450.png 600w, https:\/\/npf-fpn.com\/app\/uploads\/2025\/06\/Cst.-Khalil-Photo-2.png 2016w\" sizes=\"(max-width: 1024px) 100vw, 1024px\" \/><\/figure>\n\n\n\n<p>Le travail n\u2019est pas toujours facile, il y a des histoires troublantes et des besoins complexes, mais le gendarme Khalil garde espoir, d\u2019autant plus que de plus en plus d\u2019agents choisissent de se joindre aux services de police autochtones.<\/p>\n\n\n\n<p>\u00ab\u202fDe nombreux nouveaux membres se joignent aux [services de police autochtones] parce que c\u2019est plaisant et gratifiant. Nous pouvons \u00e9tablir des liens, offrir du soutien et montrer aux jeunes que la GRC peut jouer un r\u00f4le positif dans leur vie.\u202f\u00bb<\/p>\n\n\n\n<p>La r\u00e9conciliation exige plus que des mots. Elle n\u00e9cessite des gens, comme le gendarme Khalil, qui sont d\u00e9termin\u00e9s \u00e0 \u00eatre pr\u00e9sents pour les communaut\u00e9s qu\u2019ils servent.<\/p>\n\n\n\n<div class=\"wp-block-buttons is-layout-flex wp-block-buttons-is-layout-flex\">\n<div class=\"wp-block-button\"><a class=\"wp-block-button__link wp-element-button\" href=\"https:\/\/grc.ca\/fr\/cb\/services-police\/services-police-autochtones\">Pour en savoir plus sur les services de police autochtones de la GRC<\/a><\/div>\n<\/div>\n\n\n\n<h2 class=\"wp-block-heading\">Sur les traces de Louis Riel<\/h2>\n\n\n\n<p>Louis\u202fRiel, chef m\u00e9tis, homme politique et fondateur du Manitoba, est n\u00e9 le 22 octobre\u202f1844 \u00e0 Saint Boniface, pr\u00e8s de la confluence des rivi\u00e8res\u202fRouge et Seine. Reconnu pour ses efforts inlassables en faveur des droits des M\u00e9tis et des Autochtones, Louis\u202fRiel a dirig\u00e9 de multiples mouvements de r\u00e9sistance alors que le gouvernement canadien s\u2019appropriait des terres non c\u00e9d\u00e9es et traditionnelles. Son leadership a finalement men\u00e9 \u00e0 son proc\u00e8s pour trahison et \u00e0 son ex\u00e9cution le 16\u202fnovembre\u202f1885.<\/p>\n\n\n\n<figure class=\"wp-block-image size-full\"><img decoding=\"async\" src=\"https:\/\/npf-fpn.com\/app\/uploads\/2025\/06\/Louis-Riel-Photo.png\" alt=\"\" class=\"wp-image-60894\"\/><\/figure>\n\n\n\n<p>Pr\u00e8s de 150\u202fans plus tard, l\u2019h\u00e9ritage de Louis\u202fRiel continue d\u2019\u00eatre une source d\u2019inspiration. Son histoire se perp\u00e9tue gr\u00e2ce aux M\u00e9tis et \u00e0 sa famille.<\/p>\n\n\n\n<p>Faites la connaissance du gendarme de la GRC Cameron\u202fRiel, dont le grand-oncle du c\u00f4t\u00e9 paternel \u00e9tait Louis\u202fRiel lui-m\u00eame.<\/p>\n\n\n\n<p>\u00ab\u202fHistoriquement, les relations entre la GRC et les peuples autochtones ne sont pas des plus positives. Je comprends cela et je sais que cela constitue un d\u00e9fi. Mon objectif est de changer la perspective des gens. Je veux qu\u2019ils voient au-del\u00e0 de mon uniforme. En tant que membre autochtone de la GRC, je m\u2019efforce d\u2019assurer la liaison entre la police et la communaut\u00e9 et d\u2019\u00e9liminer les obstacles et les st\u00e9r\u00e9otypes. Je veux \u00eatre une personne en qui les Autochtones ont confiance et je veux qu\u2019ils sachent que je suis l\u00e0 pour les aider.\u202f\u00bb<\/p>\n\n\n\n<div class=\"wp-block-buttons is-layout-flex wp-block-buttons-is-layout-flex\">\n<div class=\"wp-block-button\"><a class=\"wp-block-button__link wp-element-button\" href=\"https:\/\/npf-fpn.com\/fr\/the_locker\/determined-to-make-a-difference-cst-cameron-riel-is-living-his-legacy\/\">Lire l\u2019histoire compl\u00e8te du gendarme\u202fRiel\u202f: D\u00e9termin\u00e9 \u00e0 faire une diff\u00e9rence<\/a><\/div>\n<\/div>\n\n\n\n<h2 class=\"wp-block-heading\">Services de police \u00e0 distance \u00e0 Tsay\u202fKeh\u202fDene<\/h2>\n\n\n\n<p>Dans les r\u00e9gions \u00e9loign\u00e9es du nord de la Colombie-Britannique, les services de police semblent diff\u00e9rents, mais l\u2019accent mis sur la confiance, la collaboration et la sensibilisation culturelle demeure tout aussi essentiel.<\/p>\n\n\n\n<p>Ce court m\u00e9trage met en lumi\u00e8re les possibilit\u00e9s uniques qu\u2019offrent les services de police communautaires dans la nation de Tsay\u202fKeh\u202fDene et la nation de Kwadacha.<\/p>\n\n\n\n<figure class=\"wp-block-embed is-type-video is-provider-youtube wp-block-embed-youtube wp-embed-aspect-16-9 wp-has-aspect-ratio\"><div class=\"wp-block-embed__wrapper\">\n<iframe title=\"Services de police \u00e0 distance et engagement communautaire \u00e0 Tsay Keh Dene, C.-B.|La GRC dans le Nord\" width=\"500\" height=\"281\" src=\"https:\/\/www.youtube.com\/embed\/CASETUKXFYM?feature=oembed\" frameborder=\"0\" allow=\"accelerometer; autoplay; clipboard-write; encrypted-media; gyroscope; picture-in-picture; web-share\" referrerpolicy=\"strict-origin-when-cross-origin\" allowfullscreen><\/iframe>\n<\/div><\/figure>\n\n\n\n<p>La F\u00e9d\u00e9ration de la police nationale remercie sinc\u00e8rement les dirigeants et les membres des communaut\u00e9s de Tsay\u202fKeh\u202fDene et de Kwadacha de nous avoir accueillis sur leur territoire et de nous avoir fait part de leurs histoires.<\/p>\n\n\n\n<h2 class=\"wp-block-heading\">C\u00e9l\u00e9bration du Mois national de l\u2019histoire autochtone<\/h2>\n\n\n\n<p>En ce Mois national de l\u2019histoire autochtone, nous encourageons toutes les personnes int\u00e9ress\u00e9es \u00e0 en apprendre davantage sur les nations autochtones des territoires o\u00f9 elles habitent et \u00e0 participer aux \u00e9v\u00e9nements locaux organis\u00e9s par les communaut\u00e9s autochtones. Ensemble, continuons le travail de r\u00e9conciliation par l\u2019apprentissage, l\u2019\u00e9coute et des actions significatives.<\/p>\n\n\n\n<p>Nous exprimons notre plus profonde gratitude aux membres autochtones de la GRC, \u00e0 tous les membres qui servent et travaillent en partenariat avec les communaut\u00e9s autochtones, ainsi qu\u2019aux peuples autochtones du Canada qui continuent de partager leurs connaissances, leurs histoires et leurs traditions avec ouverture et g\u00e9n\u00e9rosit\u00e9. Vos conseils, votre r\u00e9silience et votre force contribuent \u00e0 fa\u00e7onner un avenir meilleur et plus respectueux pour tous.<\/p>\n","protected":false},"featured_media":60956,"parent":0,"menu_order":0,"template":"","impact_topic":[105,103],"class_list":["post-60876","the_locker","type-the_locker","status-publish","has-post-thumbnail","hentry","impact_topic-communaute","impact_topic-community"],"acf":[],"yoast_head":"<!-- This site is optimized with the Yoast SEO plugin v27.4 - https:\/\/yoast.com\/product\/yoast-seo-wordpress\/ -->\n<title>Mois national de l\u2019histoire autochtone : Des histoires ax\u00e9es sur la communaut\u00e9, les partenariats et le service - NPF-FPN<\/title>\n<meta name=\"description\" content=\"D\u00e9couvrez comment les membres de la GRC soutiennent la r\u00e9conciliation en instaurant la confiance, le respect culturel et des partenariats significatifs avec les communaut\u00e9s autochtones. Lisez des histoires qui rendent hommage \u00e0 la force, au leadership et \u00e0 l&#039;histoire des autochtones.\" \/>\n<meta name=\"robots\" content=\"index, follow, max-snippet:-1, max-image-preview:large, max-video-preview:-1\" \/>\n<link rel=\"canonical\" href=\"https:\/\/npf-fpn.com\/fr\/the_locker\/mois-national-de-lhistoire-autochtone-des-histoires-axees-sur-la-communaute-les-partenariats-et-le-service\/\" \/>\n<meta property=\"og:locale\" content=\"fr_FR\" \/>\n<meta property=\"og:type\" content=\"article\" \/>\n<meta property=\"og:title\" content=\"Mois national de l\u2019histoire autochtone : Des histoires ax\u00e9es sur la communaut\u00e9, les partenariats et le service - NPF-FPN\" \/>\n<meta property=\"og:description\" content=\"D\u00e9couvrez comment les membres de la GRC soutiennent la r\u00e9conciliation en instaurant la confiance, le respect culturel et des partenariats significatifs avec les communaut\u00e9s autochtones. Lisez des histoires qui rendent hommage \u00e0 la force, au leadership et \u00e0 l&#039;histoire des autochtones.\" \/>\n<meta property=\"og:url\" content=\"https:\/\/npf-fpn.com\/fr\/the_locker\/mois-national-de-lhistoire-autochtone-des-histoires-axees-sur-la-communaute-les-partenariats-et-le-service\/\" \/>\n<meta property=\"og:site_name\" content=\"NPF-FPN\" \/>\n<meta property=\"article:modified_time\" content=\"2025-06-30T19:42:24+00:00\" \/>\n<meta property=\"og:image\" content=\"https:\/\/npf-fpn.com\/app\/uploads\/2025\/06\/Blog-Feature-Image-2025-NIPM-FR.png\" \/>\n\t<meta property=\"og:image:width\" content=\"1200\" \/>\n\t<meta property=\"og:image:height\" content=\"628\" \/>\n\t<meta property=\"og:image:type\" content=\"image\/png\" \/>\n<meta name=\"twitter:card\" content=\"summary_large_image\" \/>\n<meta name=\"twitter:label1\" content=\"Est. reading time\" \/>\n\t<meta name=\"twitter:data1\" content=\"6 minutes\" \/>\n<script type=\"application\/ld+json\" class=\"yoast-schema-graph\">{\"@context\":\"https:\\\/\\\/schema.org\",\"@graph\":[{\"@type\":\"WebPage\",\"@id\":\"https:\\\/\\\/npf-fpn.com\\\/fr\\\/the_locker\\\/mois-national-de-lhistoire-autochtone-des-histoires-axees-sur-la-communaute-les-partenariats-et-le-service\\\/\",\"url\":\"https:\\\/\\\/npf-fpn.com\\\/fr\\\/the_locker\\\/mois-national-de-lhistoire-autochtone-des-histoires-axees-sur-la-communaute-les-partenariats-et-le-service\\\/\",\"name\":\"Mois national de l\u2019histoire autochtone : Des histoires ax\u00e9es sur la communaut\u00e9, les partenariats et le service - NPF-FPN\",\"isPartOf\":{\"@id\":\"https:\\\/\\\/npf-fpn.com\\\/#website\"},\"primaryImageOfPage\":{\"@id\":\"https:\\\/\\\/npf-fpn.com\\\/fr\\\/the_locker\\\/mois-national-de-lhistoire-autochtone-des-histoires-axees-sur-la-communaute-les-partenariats-et-le-service\\\/#primaryimage\"},\"image\":{\"@id\":\"https:\\\/\\\/npf-fpn.com\\\/fr\\\/the_locker\\\/mois-national-de-lhistoire-autochtone-des-histoires-axees-sur-la-communaute-les-partenariats-et-le-service\\\/#primaryimage\"},\"thumbnailUrl\":\"https:\\\/\\\/npf-fpn.com\\\/app\\\/uploads\\\/2025\\\/06\\\/Blog-Feature-Image-2025-NIPM-FR.png\",\"datePublished\":\"2025-06-30T19:32:22+00:00\",\"dateModified\":\"2025-06-30T19:42:24+00:00\",\"description\":\"D\u00e9couvrez comment les membres de la GRC soutiennent la r\u00e9conciliation en instaurant la confiance, le respect culturel et des partenariats significatifs avec les communaut\u00e9s autochtones. Lisez des histoires qui rendent hommage \u00e0 la force, au leadership et \u00e0 l'histoire des autochtones.\",\"breadcrumb\":{\"@id\":\"https:\\\/\\\/npf-fpn.com\\\/fr\\\/the_locker\\\/mois-national-de-lhistoire-autochtone-des-histoires-axees-sur-la-communaute-les-partenariats-et-le-service\\\/#breadcrumb\"},\"inLanguage\":\"fr-FR\",\"potentialAction\":[{\"@type\":\"ReadAction\",\"target\":[\"https:\\\/\\\/npf-fpn.com\\\/fr\\\/the_locker\\\/mois-national-de-lhistoire-autochtone-des-histoires-axees-sur-la-communaute-les-partenariats-et-le-service\\\/\"]}]},{\"@type\":\"ImageObject\",\"inLanguage\":\"fr-FR\",\"@id\":\"https:\\\/\\\/npf-fpn.com\\\/fr\\\/the_locker\\\/mois-national-de-lhistoire-autochtone-des-histoires-axees-sur-la-communaute-les-partenariats-et-le-service\\\/#primaryimage\",\"url\":\"https:\\\/\\\/npf-fpn.com\\\/app\\\/uploads\\\/2025\\\/06\\\/Blog-Feature-Image-2025-NIPM-FR.png\",\"contentUrl\":\"https:\\\/\\\/npf-fpn.com\\\/app\\\/uploads\\\/2025\\\/06\\\/Blog-Feature-Image-2025-NIPM-FR.png\",\"width\":1200,\"height\":628},{\"@type\":\"BreadcrumbList\",\"@id\":\"https:\\\/\\\/npf-fpn.com\\\/fr\\\/the_locker\\\/mois-national-de-lhistoire-autochtone-des-histoires-axees-sur-la-communaute-les-partenariats-et-le-service\\\/#breadcrumb\",\"itemListElement\":[{\"@type\":\"ListItem\",\"position\":1,\"name\":\"Accueil\",\"item\":\"https:\\\/\\\/npf-fpn.com\\\/fr\\\/\"},{\"@type\":\"ListItem\",\"position\":2,\"name\":\"Mois national de l\u2019histoire autochtone : Des histoires ax\u00e9es sur la communaut\u00e9, les partenariats et le service\"}]},{\"@type\":\"WebSite\",\"@id\":\"https:\\\/\\\/npf-fpn.com\\\/#website\",\"url\":\"https:\\\/\\\/npf-fpn.com\\\/\",\"name\":\"NPF-FPN\",\"description\":\"Providing strong, fair and progressive representation to almost 20,000 RCMP members across Canada.\",\"publisher\":{\"@id\":\"https:\\\/\\\/npf-fpn.com\\\/#organization\"},\"potentialAction\":[{\"@type\":\"SearchAction\",\"target\":{\"@type\":\"EntryPoint\",\"urlTemplate\":\"https:\\\/\\\/npf-fpn.com\\\/?s={search_term_string}\"},\"query-input\":{\"@type\":\"PropertyValueSpecification\",\"valueRequired\":true,\"valueName\":\"search_term_string\"}}],\"inLanguage\":\"fr-FR\"},{\"@type\":\"Organization\",\"@id\":\"https:\\\/\\\/npf-fpn.com\\\/#organization\",\"name\":\"NPF-FPN\",\"url\":\"https:\\\/\\\/npf-fpn.com\\\/\",\"logo\":{\"@type\":\"ImageObject\",\"inLanguage\":\"fr-FR\",\"@id\":\"https:\\\/\\\/npf-fpn.com\\\/#\\\/schema\\\/logo\\\/image\\\/\",\"url\":\"https:\\\/\\\/npf-fpn.com\\\/app\\\/uploads\\\/2022\\\/01\\\/NPF.jpg\",\"contentUrl\":\"https:\\\/\\\/npf-fpn.com\\\/app\\\/uploads\\\/2022\\\/01\\\/NPF.jpg\",\"width\":200,\"height\":200,\"caption\":\"NPF-FPN\"},\"image\":{\"@id\":\"https:\\\/\\\/npf-fpn.com\\\/#\\\/schema\\\/logo\\\/image\\\/\"}}]}<\/script>\n<!-- \/ Yoast SEO plugin. -->","yoast_head_json":{"title":"Mois national de l\u2019histoire autochtone : Des histoires ax\u00e9es sur la communaut\u00e9, les partenariats et le service - NPF-FPN","description":"D\u00e9couvrez comment les membres de la GRC soutiennent la r\u00e9conciliation en instaurant la confiance, le respect culturel et des partenariats significatifs avec les communaut\u00e9s autochtones. Lisez des histoires qui rendent hommage \u00e0 la force, au leadership et \u00e0 l'histoire des autochtones.","robots":{"index":"index","follow":"follow","max-snippet":"max-snippet:-1","max-image-preview":"max-image-preview:large","max-video-preview":"max-video-preview:-1"},"canonical":"https:\/\/npf-fpn.com\/fr\/the_locker\/mois-national-de-lhistoire-autochtone-des-histoires-axees-sur-la-communaute-les-partenariats-et-le-service\/","og_locale":"fr_FR","og_type":"article","og_title":"Mois national de l\u2019histoire autochtone : Des histoires ax\u00e9es sur la communaut\u00e9, les partenariats et le service - NPF-FPN","og_description":"D\u00e9couvrez comment les membres de la GRC soutiennent la r\u00e9conciliation en instaurant la confiance, le respect culturel et des partenariats significatifs avec les communaut\u00e9s autochtones. Lisez des histoires qui rendent hommage \u00e0 la force, au leadership et \u00e0 l'histoire des autochtones.","og_url":"https:\/\/npf-fpn.com\/fr\/the_locker\/mois-national-de-lhistoire-autochtone-des-histoires-axees-sur-la-communaute-les-partenariats-et-le-service\/","og_site_name":"NPF-FPN","article_modified_time":"2025-06-30T19:42:24+00:00","og_image":[{"width":1200,"height":628,"url":"https:\/\/npf-fpn.com\/app\/uploads\/2025\/06\/Blog-Feature-Image-2025-NIPM-FR.png","type":"image\/png"}],"twitter_card":"summary_large_image","twitter_misc":{"Est. reading time":"6 minutes"},"schema":{"@context":"https:\/\/schema.org","@graph":[{"@type":"WebPage","@id":"https:\/\/npf-fpn.com\/fr\/the_locker\/mois-national-de-lhistoire-autochtone-des-histoires-axees-sur-la-communaute-les-partenariats-et-le-service\/","url":"https:\/\/npf-fpn.com\/fr\/the_locker\/mois-national-de-lhistoire-autochtone-des-histoires-axees-sur-la-communaute-les-partenariats-et-le-service\/","name":"Mois national de l\u2019histoire autochtone : Des histoires ax\u00e9es sur la communaut\u00e9, les partenariats et le service - NPF-FPN","isPartOf":{"@id":"https:\/\/npf-fpn.com\/#website"},"primaryImageOfPage":{"@id":"https:\/\/npf-fpn.com\/fr\/the_locker\/mois-national-de-lhistoire-autochtone-des-histoires-axees-sur-la-communaute-les-partenariats-et-le-service\/#primaryimage"},"image":{"@id":"https:\/\/npf-fpn.com\/fr\/the_locker\/mois-national-de-lhistoire-autochtone-des-histoires-axees-sur-la-communaute-les-partenariats-et-le-service\/#primaryimage"},"thumbnailUrl":"https:\/\/npf-fpn.com\/app\/uploads\/2025\/06\/Blog-Feature-Image-2025-NIPM-FR.png","datePublished":"2025-06-30T19:32:22+00:00","dateModified":"2025-06-30T19:42:24+00:00","description":"D\u00e9couvrez comment les membres de la GRC soutiennent la r\u00e9conciliation en instaurant la confiance, le respect culturel et des partenariats significatifs avec les communaut\u00e9s autochtones. Lisez des histoires qui rendent hommage \u00e0 la force, au leadership et \u00e0 l'histoire des autochtones.","breadcrumb":{"@id":"https:\/\/npf-fpn.com\/fr\/the_locker\/mois-national-de-lhistoire-autochtone-des-histoires-axees-sur-la-communaute-les-partenariats-et-le-service\/#breadcrumb"},"inLanguage":"fr-FR","potentialAction":[{"@type":"ReadAction","target":["https:\/\/npf-fpn.com\/fr\/the_locker\/mois-national-de-lhistoire-autochtone-des-histoires-axees-sur-la-communaute-les-partenariats-et-le-service\/"]}]},{"@type":"ImageObject","inLanguage":"fr-FR","@id":"https:\/\/npf-fpn.com\/fr\/the_locker\/mois-national-de-lhistoire-autochtone-des-histoires-axees-sur-la-communaute-les-partenariats-et-le-service\/#primaryimage","url":"https:\/\/npf-fpn.com\/app\/uploads\/2025\/06\/Blog-Feature-Image-2025-NIPM-FR.png","contentUrl":"https:\/\/npf-fpn.com\/app\/uploads\/2025\/06\/Blog-Feature-Image-2025-NIPM-FR.png","width":1200,"height":628},{"@type":"BreadcrumbList","@id":"https:\/\/npf-fpn.com\/fr\/the_locker\/mois-national-de-lhistoire-autochtone-des-histoires-axees-sur-la-communaute-les-partenariats-et-le-service\/#breadcrumb","itemListElement":[{"@type":"ListItem","position":1,"name":"Accueil","item":"https:\/\/npf-fpn.com\/fr\/"},{"@type":"ListItem","position":2,"name":"Mois national de l\u2019histoire autochtone : Des histoires ax\u00e9es sur la communaut\u00e9, les partenariats et le service"}]},{"@type":"WebSite","@id":"https:\/\/npf-fpn.com\/#website","url":"https:\/\/npf-fpn.com\/","name":"NPF-FPN","description":"Providing strong, fair and progressive representation to almost 20,000 RCMP members across Canada.","publisher":{"@id":"https:\/\/npf-fpn.com\/#organization"},"potentialAction":[{"@type":"SearchAction","target":{"@type":"EntryPoint","urlTemplate":"https:\/\/npf-fpn.com\/?s={search_term_string}"},"query-input":{"@type":"PropertyValueSpecification","valueRequired":true,"valueName":"search_term_string"}}],"inLanguage":"fr-FR"},{"@type":"Organization","@id":"https:\/\/npf-fpn.com\/#organization","name":"NPF-FPN","url":"https:\/\/npf-fpn.com\/","logo":{"@type":"ImageObject","inLanguage":"fr-FR","@id":"https:\/\/npf-fpn.com\/#\/schema\/logo\/image\/","url":"https:\/\/npf-fpn.com\/app\/uploads\/2022\/01\/NPF.jpg","contentUrl":"https:\/\/npf-fpn.com\/app\/uploads\/2022\/01\/NPF.jpg","width":200,"height":200,"caption":"NPF-FPN"},"image":{"@id":"https:\/\/npf-fpn.com\/#\/schema\/logo\/image\/"}}]}},"_links":{"self":[{"href":"https:\/\/npf-fpn.com\/fr\/wp-json\/wp\/v2\/the_locker\/60876","targetHints":{"allow":["GET"]}}],"collection":[{"href":"https:\/\/npf-fpn.com\/fr\/wp-json\/wp\/v2\/the_locker"}],"about":[{"href":"https:\/\/npf-fpn.com\/fr\/wp-json\/wp\/v2\/types\/the_locker"}],"wp:featuredmedia":[{"embeddable":true,"href":"https:\/\/npf-fpn.com\/fr\/wp-json\/wp\/v2\/media\/60956"}],"wp:attachment":[{"href":"https:\/\/npf-fpn.com\/fr\/wp-json\/wp\/v2\/media?parent=60876"}],"wp:term":[{"taxonomy":"impact_topic","embeddable":true,"href":"https:\/\/npf-fpn.com\/fr\/wp-json\/wp\/v2\/impact_topic?post=60876"}],"curies":[{"name":"wp","href":"https:\/\/api.w.org\/{rel}","templated":true}]}}