{"id":59604,"date":"2025-05-21T22:19:12","date_gmt":"2025-05-21T22:19:12","guid":{"rendered":"https:\/\/npf-fpn.com\/?post_type=the_locker&#038;p=59604"},"modified":"2025-06-03T22:13:07","modified_gmt":"2025-06-03T22:13:07","slug":"rencontrez-les-equipes-qui-fourniront-des-services-de-police-specialises-lors-du-sommet-du-g7","status":"publish","type":"the_locker","link":"https:\/\/npf-fpn.com\/fr\/the_locker\/rencontrez-les-equipes-qui-fourniront-des-services-de-police-specialises-lors-du-sommet-du-g7\/","title":{"rendered":"Rencontrez les \u00e9quipes qui fourniront des services de police sp\u00e9cialis\u00e9s lors du sommet du G7"},"content":{"rendered":"\n<p>Du 15 au 17 juin 2025, les dirigeants mondiaux se r\u00e9uniront dans les magnifiques Rocheuses canadiennes pour le 50e <a href=\"https:\/\/g7.canada.ca\/en\/\" target=\"_blank\" rel=\"noreferrer noopener\">sommet des dirigeants du G7<\/a>. Cet \u00e9v\u00e9nement tr\u00e8s m\u00e9diatis\u00e9 a pour objectif de trouver des solutions collaboratives \u00e0 certains des plus grands d\u00e9fis mondiaux.&nbsp;&nbsp;<\/p>\n\n\n\n<p>Lors d&#8217;un \u00e9v\u00e9nement de cette envergure, la s\u00e9curit\u00e9 des dirigeants mondiaux, des d\u00e9l\u00e9gu\u00e9s et du public est primordiale. Les membres de la Gendarmerie royale du Canada (GRC) rel\u00e8vent ce d\u00e9fi gr\u00e2ce \u00e0 leur mod\u00e8le \u00e9volutif, qui mobilise non seulement les membres de la GRC de l&#8217;Alberta, mais aussi ceux de tout le pays, ainsi que des services sp\u00e9cialis\u00e9s hautement qualifi\u00e9s.&nbsp;<\/p>\n\n\n\n<p>Mais quels types de services sp\u00e9cialis\u00e9s sont n\u00e9cessaires pour un \u00e9v\u00e9nement de cette ampleur? D\u00e9couvrez les incroyables \u00e9quipes de la GRC qui assurent la s\u00e9curit\u00e9 du sommet du G7 :&nbsp;<\/p>\n\n\n\n<h2 class=\"wp-block-heading\"><strong>1.\u202fPolice de protection<\/strong>&nbsp;<\/h2>\n\n\n\n<p>Ces agents veillent \u00e0 la s\u00e9curit\u00e9 des personnalit\u00e9s importantes (comme notre Premier ministre et d&#8217;autres dirigeants mondiaux). Ils sont les gardes du corps personnels des dignitaires et sont form\u00e9s \u00e0 la protection rapproch\u00e9e, \u00e0 l&#8217;\u00e9valuation des risques et aux interventions d&#8217;urgence. En gros, ce sont les agents des services secrets canadiens.&nbsp;<\/p>\n\n\n<div class=\"wp-block-image\">\n<figure class=\"aligncenter size-large is-resized\"><img decoding=\"async\" width=\"1024\" height=\"618\" src=\"https:\/\/npf-fpn.com\/app\/uploads\/2025\/05\/27021487_1595450567200414_2995473095066967437_o-1-1024x618.jpg\" alt=\"\" class=\"wp-image-59587\" style=\"width:472px;height:auto\" srcset=\"https:\/\/npf-fpn.com\/app\/uploads\/2025\/05\/27021487_1595450567200414_2995473095066967437_o-1-1024x618.jpg 1024w, https:\/\/npf-fpn.com\/app\/uploads\/2025\/05\/27021487_1595450567200414_2995473095066967437_o-1-300x181.jpg 300w, https:\/\/npf-fpn.com\/app\/uploads\/2025\/05\/27021487_1595450567200414_2995473095066967437_o-1-768x464.jpg 768w, https:\/\/npf-fpn.com\/app\/uploads\/2025\/05\/27021487_1595450567200414_2995473095066967437_o-1-1536x928.jpg 1536w, https:\/\/npf-fpn.com\/app\/uploads\/2025\/05\/27021487_1595450567200414_2995473095066967437_o-1-331x200.jpg 331w, https:\/\/npf-fpn.com\/app\/uploads\/2025\/05\/27021487_1595450567200414_2995473095066967437_o-1-600x362.jpg 600w, https:\/\/npf-fpn.com\/app\/uploads\/2025\/05\/27021487_1595450567200414_2995473095066967437_o-1.jpg 1848w\" sizes=\"(max-width: 1024px) 100vw, 1024px\" \/><\/figure>\n<\/div>\n\n\n<h2 class=\"wp-block-heading\"><strong>2. Groupe tactique d\u2019intervention (GTI)&nbsp;<\/strong>&nbsp;<\/h2>\n\n\n\n<p>Consid\u00e9rez le GTI comme les stars de l\u2019action de la GRC. Pr\u00eats \u00e0 faire face \u00e0 des situations \u00e0 haut risque et en constante \u00e9volution, ses membres sont \u00e9quip\u00e9s d&#8217;un mat\u00e9riel de pointe pour faire face \u00e0 tout danger imm\u00e9diat.&nbsp;<\/p>\n\n\n<div class=\"wp-block-image\">\n<figure class=\"aligncenter size-full is-resized\"><img decoding=\"async\" width=\"960\" height=\"640\" src=\"https:\/\/npf-fpn.com\/app\/uploads\/2025\/05\/97274746_1659558447525910_1904939968552239104_n.jpg\" alt=\"\" class=\"wp-image-59589\" style=\"width:462px;height:auto\" srcset=\"https:\/\/npf-fpn.com\/app\/uploads\/2025\/05\/97274746_1659558447525910_1904939968552239104_n.jpg 960w, https:\/\/npf-fpn.com\/app\/uploads\/2025\/05\/97274746_1659558447525910_1904939968552239104_n-300x200.jpg 300w, https:\/\/npf-fpn.com\/app\/uploads\/2025\/05\/97274746_1659558447525910_1904939968552239104_n-768x512.jpg 768w, https:\/\/npf-fpn.com\/app\/uploads\/2025\/05\/97274746_1659558447525910_1904939968552239104_n-600x400.jpg 600w\" sizes=\"(max-width: 960px) 100vw, 960px\" \/><\/figure>\n<\/div>\n\n\n<h2 class=\"wp-block-heading\"><strong>3. Groupe de l\u2019enl\u00e8vement des explosifs (GEE)&nbsp;<\/strong>&nbsp;<\/h2>\n\n\n\n<p>Le GEE a pour mission de prot\u00e9ger les personnes et les biens contre les menaces explosives. Gr\u00e2ce \u00e0 des robots de d\u00e9minage et \u00e0 des outils de d\u00e9tection de pointe, ses membres s&#8217;assurent que tout dispositif suspect est manipul\u00e9 et \u00e9limin\u00e9 en toute s\u00e9curit\u00e9.&nbsp;<\/p>\n\n\n<div class=\"wp-block-image\">\n<figure class=\"aligncenter size-full is-resized\"><img decoding=\"async\" width=\"1000\" height=\"668\" src=\"https:\/\/npf-fpn.com\/app\/uploads\/2025\/05\/400243189_306826255641532_1012476931745010739_n.jpg\" alt=\"\" class=\"wp-image-59591\" style=\"width:484px;height:auto\" srcset=\"https:\/\/npf-fpn.com\/app\/uploads\/2025\/05\/400243189_306826255641532_1012476931745010739_n.jpg 1000w, https:\/\/npf-fpn.com\/app\/uploads\/2025\/05\/400243189_306826255641532_1012476931745010739_n-300x200.jpg 300w, https:\/\/npf-fpn.com\/app\/uploads\/2025\/05\/400243189_306826255641532_1012476931745010739_n-768x513.jpg 768w, https:\/\/npf-fpn.com\/app\/uploads\/2025\/05\/400243189_306826255641532_1012476931745010739_n-299x200.jpg 299w, https:\/\/npf-fpn.com\/app\/uploads\/2025\/05\/400243189_306826255641532_1012476931745010739_n-600x401.jpg 600w\" sizes=\"(max-width: 1000px) 100vw, 1000px\" \/><\/figure>\n<\/div>\n\n\n<h2 class=\"wp-block-heading\"><strong>4. Groupe int\u00e9gr\u00e9 de la s\u00e9curit\u00e9 (GIS)&nbsp;<\/strong>&nbsp;<\/h2>\n\n\n\n<p>Cette unit\u00e9 de collaboration, qui regroupe la GRC, les Forces arm\u00e9es canadiennes, le service de police de Calgary et les sh\u00e9rifs de l&#8217;Alberta, coordonne les efforts de s\u00e9curit\u00e9 de mani\u00e8re harmonieuse.&nbsp;&nbsp;<\/p>\n\n\n<div class=\"wp-block-image\">\n<figure class=\"aligncenter size-large is-resized\"><img decoding=\"async\" width=\"1024\" height=\"576\" src=\"https:\/\/npf-fpn.com\/app\/uploads\/2025\/05\/test.00_00_11_12.Still003-1024x576.jpg\" alt=\"\" class=\"wp-image-59593\" style=\"width:475px;height:auto\" srcset=\"https:\/\/npf-fpn.com\/app\/uploads\/2025\/05\/test.00_00_11_12.Still003-1024x576.jpg 1024w, https:\/\/npf-fpn.com\/app\/uploads\/2025\/05\/test.00_00_11_12.Still003-300x169.jpg 300w, https:\/\/npf-fpn.com\/app\/uploads\/2025\/05\/test.00_00_11_12.Still003-768x432.jpg 768w, https:\/\/npf-fpn.com\/app\/uploads\/2025\/05\/test.00_00_11_12.Still003-1536x864.jpg 1536w, https:\/\/npf-fpn.com\/app\/uploads\/2025\/05\/test.00_00_11_12.Still003-2048x1152.jpg 2048w, https:\/\/npf-fpn.com\/app\/uploads\/2025\/05\/test.00_00_11_12.Still003-356x200.jpg 356w, https:\/\/npf-fpn.com\/app\/uploads\/2025\/05\/test.00_00_11_12.Still003-600x338.jpg 600w\" sizes=\"(max-width: 1024px) 100vw, 1024px\" \/><\/figure>\n<\/div>\n\n\n<h2 class=\"wp-block-heading\"><strong>5. Centre national de coordination contre la cybercriminalit\u00e9 (CNC3)<\/strong>&nbsp;<\/h2>\n\n\n\n<p>Les membres de la GRC ne se concentrent pas uniquement sur la s\u00e9curit\u00e9 physique : dans notre monde moderne, les menaces num\u00e9riques et cybern\u00e9tiques sont tout aussi importantes \u00e0 surveiller et \u00e0 att\u00e9nuer. Cette unit\u00e9 hautement qualifi\u00e9e prot\u00e8ge les infrastructures critiques et les informations sensibles contre les cybermenaces, assurant ainsi la s\u00e9curit\u00e9 du monde num\u00e9rique du sommet.&nbsp;&nbsp;<\/p>\n\n\n\n<h2 class=\"wp-block-heading\"><strong>6. Services de la circulation<\/strong>&nbsp;<\/h2>\n\n\n\n<p>La fluidit\u00e9 de la circulation est essentielle lors de grands \u00e9v\u00e9nements. Les membres de l&#8217;\u00e9quipe des services de la circulation de la GRC travaillent avec les autorit\u00e9s locales pour mettre en place des fermetures de routes, des d\u00e9viations de circulation et des contr\u00f4les d&#8217;acc\u00e8s, afin que tout se d\u00e9roule sans probl\u00e8me.&nbsp;<\/p>\n\n\n<div class=\"wp-block-image\">\n<figure class=\"aligncenter size-large is-resized\"><img decoding=\"async\" width=\"1024\" height=\"711\" src=\"https:\/\/npf-fpn.com\/app\/uploads\/2025\/05\/34688221_1730041677074635_2504906479866216448_n-1-1024x711.jpg\" alt=\"\" class=\"wp-image-59595\" style=\"width:508px;height:auto\" srcset=\"https:\/\/npf-fpn.com\/app\/uploads\/2025\/05\/34688221_1730041677074635_2504906479866216448_n-1-1024x711.jpg 1024w, https:\/\/npf-fpn.com\/app\/uploads\/2025\/05\/34688221_1730041677074635_2504906479866216448_n-1-300x208.jpg 300w, https:\/\/npf-fpn.com\/app\/uploads\/2025\/05\/34688221_1730041677074635_2504906479866216448_n-1-768x533.jpg 768w, https:\/\/npf-fpn.com\/app\/uploads\/2025\/05\/34688221_1730041677074635_2504906479866216448_n-1-1536x1066.jpg 1536w, https:\/\/npf-fpn.com\/app\/uploads\/2025\/05\/34688221_1730041677074635_2504906479866216448_n-1-288x200.jpg 288w, https:\/\/npf-fpn.com\/app\/uploads\/2025\/05\/34688221_1730041677074635_2504906479866216448_n-1-600x417.jpg 600w, https:\/\/npf-fpn.com\/app\/uploads\/2025\/05\/34688221_1730041677074635_2504906479866216448_n-1.jpg 1946w\" sizes=\"(max-width: 1024px) 100vw, 1024px\" \/><\/figure>\n<\/div>\n\n\n<h2 class=\"wp-block-heading\"><strong>7.\u202fServices g\u00e9n\u00e9raux et police communautaire<\/strong>&nbsp;&nbsp;<\/h2>\n\n\n\n<p>Les membres des services g\u00e9n\u00e9raux et de la police communautaire jouent \u00e9galement un r\u00f4le essentiel dans ces op\u00e9rations. Non seulement ils seront d\u00e9ploy\u00e9s dans tout le pays pour assurer la s\u00e9curit\u00e9 des participants au G7, mais ils contribueront \u00e9galement \u00e0 soulager les d\u00e9tachements de la r\u00e9gion afin qu&#8217;ils puissent continuer d\u2019assurer la s\u00e9curit\u00e9 des habitants des villes et villages locaux. Les membres des services g\u00e9n\u00e9raux surveillent et patrouillent sur divers sites afin de garantir la s\u00e9curit\u00e9. Les agents de police communautaire ont pour mission d&#8217;informer les habitants, de r\u00e9pondre \u00e0 leurs pr\u00e9occupations et de favoriser des relations positives, afin que chacun se sente soutenu.&nbsp;<\/p>\n\n\n\n<h2 class=\"wp-block-heading\"><strong>8. Service de l\u2019air<\/strong>&nbsp;<\/h2>\n\n\n\n<p>Des pilotes d&#8217;h\u00e9licopt\u00e8re et des op\u00e9rateurs de drones hautement qualifi\u00e9s assurent la surveillance a\u00e9rienne et le transport, offrant ainsi aux membres de la GRC au sol une paire d&#8217;yeux dans le ciel pour surveiller de vastes zones et recueillir des renseignements.&nbsp;&nbsp;<\/p>\n\n\n<div class=\"wp-block-image\">\n<figure class=\"aligncenter size-large is-resized\"><img decoding=\"async\" width=\"1024\" height=\"576\" src=\"https:\/\/npf-fpn.com\/app\/uploads\/2025\/05\/Curtis_Brass-Cut_02.00_03_17_04.Still017-1024x576.jpg\" alt=\"\" class=\"wp-image-59603\" style=\"width:521px;height:auto\" srcset=\"https:\/\/npf-fpn.com\/app\/uploads\/2025\/05\/Curtis_Brass-Cut_02.00_03_17_04.Still017-1024x576.jpg 1024w, https:\/\/npf-fpn.com\/app\/uploads\/2025\/05\/Curtis_Brass-Cut_02.00_03_17_04.Still017-300x169.jpg 300w, https:\/\/npf-fpn.com\/app\/uploads\/2025\/05\/Curtis_Brass-Cut_02.00_03_17_04.Still017-768x432.jpg 768w, https:\/\/npf-fpn.com\/app\/uploads\/2025\/05\/Curtis_Brass-Cut_02.00_03_17_04.Still017-1536x864.jpg 1536w, https:\/\/npf-fpn.com\/app\/uploads\/2025\/05\/Curtis_Brass-Cut_02.00_03_17_04.Still017-356x200.jpg 356w, https:\/\/npf-fpn.com\/app\/uploads\/2025\/05\/Curtis_Brass-Cut_02.00_03_17_04.Still017-600x338.jpg 600w, https:\/\/npf-fpn.com\/app\/uploads\/2025\/05\/Curtis_Brass-Cut_02.00_03_17_04.Still017.jpg 1920w\" sizes=\"(max-width: 1024px) 100vw, 1024px\" \/><\/figure>\n<\/div>\n\n\n<h2 class=\"wp-block-heading\"><strong>9. Services cynophiles&nbsp;<\/strong>&nbsp;<\/h2>\n\n\n\n<p>Lors d&#8217;\u00e9v\u00e9nements hautement s\u00e9curis\u00e9s, les chiens policiers travaillent avec leurs ma\u00eetres-chiens pour accomplir diverses t\u00e2ches importantes, notamment la surveillance du p\u00e9rim\u00e8tre et la d\u00e9tection d&#8217;explosifs. Ces partenaires \u00e0 quatre pattes, sp\u00e9cialis\u00e9s et hautement entra\u00een\u00e9s, sont experts dans la recherche et l&#8217;identification de colis suspects, qu&#8217;il s&#8217;agisse de r\u00e9sidus d&#8217;explosifs, de stup\u00e9fiants ou de tout autre produit dangereux.&nbsp;&nbsp;<\/p>\n\n\n\n<p>Vous souhaitez en savoir plus sur les services cynophiles et sur ce qu&#8217;il faut pour devenir ma\u00eetre-chien \u00e0 la GRC? Consultez notre profil sur le <a href=\"https:\/\/npf-fpn.com\/fr\/the_locker\/le-parcours-dhubert-martin-dagent-de-la-grc-en-devenir-a-maitre-chien-devoue\/\" target=\"_blank\" rel=\"noreferrer noopener\">caporal Hue Martin et son chien Rico, ici<\/a>.&nbsp;<\/p>\n\n\n<div class=\"wp-block-image\">\n<figure class=\"aligncenter size-large is-resized\"><img decoding=\"async\" width=\"1024\" height=\"714\" src=\"https:\/\/npf-fpn.com\/app\/uploads\/2025\/05\/33207373_1715187718560031_6817900131564650496_n-1024x714.jpg\" alt=\"\" class=\"wp-image-59599\" style=\"width:513px;height:auto\" srcset=\"https:\/\/npf-fpn.com\/app\/uploads\/2025\/05\/33207373_1715187718560031_6817900131564650496_n-1024x714.jpg 1024w, https:\/\/npf-fpn.com\/app\/uploads\/2025\/05\/33207373_1715187718560031_6817900131564650496_n-300x209.jpg 300w, https:\/\/npf-fpn.com\/app\/uploads\/2025\/05\/33207373_1715187718560031_6817900131564650496_n-768x535.jpg 768w, https:\/\/npf-fpn.com\/app\/uploads\/2025\/05\/33207373_1715187718560031_6817900131564650496_n-1536x1070.jpg 1536w, https:\/\/npf-fpn.com\/app\/uploads\/2025\/05\/33207373_1715187718560031_6817900131564650496_n-287x200.jpg 287w, https:\/\/npf-fpn.com\/app\/uploads\/2025\/05\/33207373_1715187718560031_6817900131564650496_n-600x418.jpg 600w, https:\/\/npf-fpn.com\/app\/uploads\/2025\/05\/33207373_1715187718560031_6817900131564650496_n.jpg 2048w\" sizes=\"(max-width: 1024px) 100vw, 1024px\" \/><\/figure>\n<\/div>\n\n\n<h2 class=\"wp-block-heading\"><strong>10. Groupe tactique de soutien (GTS)<\/strong><\/h2>\n\n\n\n<p>Le Groupe tactique de soutien est compos\u00e9 de membres de la GRC hautement entra\u00een\u00e9s qui jouent un r\u00f4le essentiel dans le maintien de la s\u00e9curit\u00e9 publique. Ils g\u00e8rent les rassemblements et les manifestations de grande envergure dans le cadre des op\u00e9rations de maintien de l\u2019ordre public. De plus, ils appuient les efforts de lutte contre le terrorisme et les visites de personnalit\u00e9s importantes en aidant les unit\u00e9s de police sp\u00e9cialis\u00e9es. Les membres du GTS renforcent \u00e9galement les d\u00e9tachements de la GRC et l\u2019\u00e9quipe d\u2019intervention d\u2019urgence de plusieurs fa\u00e7ons, notamment en assurant la conduite de v\u00e9hicules et en offrant un soutien logistique.\u00a0<\/p>\n\n\n\n<p>Assurer la s\u00e9curit\u00e9 d&#8217;un \u00e9v\u00e9nement d&#8217;une telle ampleur que le sommet du G7 n&#8217;est pas une t\u00e2che facile. Gr\u00e2ce \u00e0 ces services sp\u00e9cialis\u00e9s, la GRC veille au bon d\u00e9roulement et \u00e0 la s\u00e9curit\u00e9 du sommet du G7, d\u00e9montrant ainsi ses comp\u00e9tences exceptionnelles et son d\u00e9vouement.\u202f&nbsp;&nbsp;<\/p>\n\n\n\n<p>Vous souhaitez en savoir plus sur le mod\u00e8le op\u00e9rationnel unique et harmonieux de la GRC et sur les raisons pour lesquelles elle est la mieux plac\u00e9e pour assurer la s\u00e9curit\u00e9 des Canadiens? Consultez notre blogue <a href=\"https:\/\/npf-fpn.com\/fr\/the_locker\/seulement-a-la-grc-integration-operationnelle-transparente-capacite-de-pointe-et-collaboration-a-lechelle-nationale\/\" target=\"_blank\" rel=\"noreferrer noopener\">\u00ab Seulement \u00e0 la GRC \u00bb ici<\/a>.&nbsp;&nbsp;<\/p>\n\n\n\n<p>Pour en savoir plus sur le monde passionnant de la police canadienne, inscrivez-vous \u00e0 notre liste de diffusion.&nbsp;<\/p>\n\n\n\n<div class=\"wp-block-buttons alignwide is-content-justification-center is-layout-flex wp-container-core-buttons-is-layout-16018d1d wp-block-buttons-is-layout-flex\">\n<div class=\"wp-block-button\"><a class=\"wp-block-button__link wp-element-button\" href=\"https:\/\/pourquoinousservons.ca\/\">PourquoiNousServons.ca<\/a><\/div>\n<\/div>\n","protected":false},"featured_media":59585,"parent":0,"menu_order":0,"template":"","impact_topic":[106],"class_list":["post-59604","the_locker","type-the_locker","status-publish","has-post-thumbnail","hentry","impact_topic-dans-les-coulisses"],"acf":[],"yoast_head":"<!-- This site is optimized with the Yoast SEO plugin v27.4 - https:\/\/yoast.com\/product\/yoast-seo-wordpress\/ -->\n<title>Rencontrez les \u00e9quipes qui fourniront des services de police sp\u00e9cialis\u00e9s lors du sommet du G7 - NPF-FPN<\/title>\n<meta name=\"description\" content=\"Lors d&#039;un \u00e9v\u00e9nement de cette envergure, la s\u00e9curit\u00e9 des dirigeants mondiaux, des d\u00e9l\u00e9gu\u00e9s et du public est primordiale. Les membres de la Gendarmerie royale du Canada (GRC) rel\u00e8vent ce d\u00e9fi gr\u00e2ce \u00e0 leur mod\u00e8le \u00e9volutif.\" \/>\n<meta name=\"robots\" content=\"index, follow, max-snippet:-1, max-image-preview:large, max-video-preview:-1\" \/>\n<link rel=\"canonical\" href=\"https:\/\/npf-fpn.com\/fr\/the_locker\/rencontrez-les-equipes-qui-fourniront-des-services-de-police-specialises-lors-du-sommet-du-g7\/\" \/>\n<meta property=\"og:locale\" content=\"fr_FR\" \/>\n<meta property=\"og:type\" content=\"article\" \/>\n<meta property=\"og:title\" content=\"Rencontrez les \u00e9quipes qui fourniront des services de police sp\u00e9cialis\u00e9s lors du sommet du G7\" \/>\n<meta property=\"og:description\" content=\"Lors d&#039;un \u00e9v\u00e9nement de cette envergure, la s\u00e9curit\u00e9 des dirigeants mondiaux, des d\u00e9l\u00e9gu\u00e9s et du public est primordiale. Les membres de la Gendarmerie royale du Canada (GRC) rel\u00e8vent ce d\u00e9fi gr\u00e2ce \u00e0 leur mod\u00e8le \u00e9volutif.\" \/>\n<meta property=\"og:url\" content=\"https:\/\/npf-fpn.com\/fr\/the_locker\/rencontrez-les-equipes-qui-fourniront-des-services-de-police-specialises-lors-du-sommet-du-g7\/\" \/>\n<meta property=\"og:site_name\" content=\"NPF-FPN\" \/>\n<meta property=\"article:modified_time\" content=\"2025-06-03T22:13:07+00:00\" \/>\n<meta property=\"og:image\" content=\"https:\/\/npf-fpn.com\/app\/uploads\/2025\/05\/34795252_1732427333502736_875456511227199488_n-e1747863489237.jpg\" \/>\n\t<meta property=\"og:image:width\" content=\"1720\" \/>\n\t<meta property=\"og:image:height\" content=\"1146\" \/>\n\t<meta property=\"og:image:type\" content=\"image\/jpeg\" \/>\n<meta name=\"twitter:card\" content=\"summary_large_image\" \/>\n<meta name=\"twitter:title\" content=\"Rencontrez les \u00e9quipes qui fourniront des services de police sp\u00e9cialis\u00e9s lors du sommet du G7\" \/>\n<meta name=\"twitter:description\" content=\"Lors d&#039;un \u00e9v\u00e9nement de cette envergure, la s\u00e9curit\u00e9 des dirigeants mondiaux, des d\u00e9l\u00e9gu\u00e9s et du public est primordiale. Les membres de la Gendarmerie royale du Canada (GRC) rel\u00e8vent ce d\u00e9fi gr\u00e2ce \u00e0 leur mod\u00e8le \u00e9volutif.\" \/>\n<meta name=\"twitter:image\" content=\"https:\/\/npf-fpn.com\/app\/uploads\/2025\/05\/34795252_1732427333502736_875456511227199488_n-e1747863489237.jpg\" \/>\n<meta name=\"twitter:label1\" content=\"Est. reading time\" \/>\n\t<meta name=\"twitter:data1\" content=\"6 minutes\" \/>\n<script type=\"application\/ld+json\" class=\"yoast-schema-graph\">{\"@context\":\"https:\\\/\\\/schema.org\",\"@graph\":[{\"@type\":\"WebPage\",\"@id\":\"https:\\\/\\\/npf-fpn.com\\\/fr\\\/the_locker\\\/rencontrez-les-equipes-qui-fourniront-des-services-de-police-specialises-lors-du-sommet-du-g7\\\/\",\"url\":\"https:\\\/\\\/npf-fpn.com\\\/fr\\\/the_locker\\\/rencontrez-les-equipes-qui-fourniront-des-services-de-police-specialises-lors-du-sommet-du-g7\\\/\",\"name\":\"Rencontrez les \u00e9quipes qui fourniront des services de police sp\u00e9cialis\u00e9s lors du sommet du G7 - NPF-FPN\",\"isPartOf\":{\"@id\":\"https:\\\/\\\/npf-fpn.com\\\/#website\"},\"primaryImageOfPage\":{\"@id\":\"https:\\\/\\\/npf-fpn.com\\\/fr\\\/the_locker\\\/rencontrez-les-equipes-qui-fourniront-des-services-de-police-specialises-lors-du-sommet-du-g7\\\/#primaryimage\"},\"image\":{\"@id\":\"https:\\\/\\\/npf-fpn.com\\\/fr\\\/the_locker\\\/rencontrez-les-equipes-qui-fourniront-des-services-de-police-specialises-lors-du-sommet-du-g7\\\/#primaryimage\"},\"thumbnailUrl\":\"https:\\\/\\\/npf-fpn.com\\\/app\\\/uploads\\\/2025\\\/05\\\/34795252_1732427333502736_875456511227199488_n-e1747863489237.jpg\",\"datePublished\":\"2025-05-21T22:19:12+00:00\",\"dateModified\":\"2025-06-03T22:13:07+00:00\",\"description\":\"Lors d'un \u00e9v\u00e9nement de cette envergure, la s\u00e9curit\u00e9 des dirigeants mondiaux, des d\u00e9l\u00e9gu\u00e9s et du public est primordiale. Les membres de la Gendarmerie royale du Canada (GRC) rel\u00e8vent ce d\u00e9fi gr\u00e2ce \u00e0 leur mod\u00e8le \u00e9volutif.\",\"breadcrumb\":{\"@id\":\"https:\\\/\\\/npf-fpn.com\\\/fr\\\/the_locker\\\/rencontrez-les-equipes-qui-fourniront-des-services-de-police-specialises-lors-du-sommet-du-g7\\\/#breadcrumb\"},\"inLanguage\":\"fr-FR\",\"potentialAction\":[{\"@type\":\"ReadAction\",\"target\":[\"https:\\\/\\\/npf-fpn.com\\\/fr\\\/the_locker\\\/rencontrez-les-equipes-qui-fourniront-des-services-de-police-specialises-lors-du-sommet-du-g7\\\/\"]}]},{\"@type\":\"ImageObject\",\"inLanguage\":\"fr-FR\",\"@id\":\"https:\\\/\\\/npf-fpn.com\\\/fr\\\/the_locker\\\/rencontrez-les-equipes-qui-fourniront-des-services-de-police-specialises-lors-du-sommet-du-g7\\\/#primaryimage\",\"url\":\"https:\\\/\\\/npf-fpn.com\\\/app\\\/uploads\\\/2025\\\/05\\\/34795252_1732427333502736_875456511227199488_n-e1747863489237.jpg\",\"contentUrl\":\"https:\\\/\\\/npf-fpn.com\\\/app\\\/uploads\\\/2025\\\/05\\\/34795252_1732427333502736_875456511227199488_n-e1747863489237.jpg\",\"width\":1720,\"height\":1146},{\"@type\":\"BreadcrumbList\",\"@id\":\"https:\\\/\\\/npf-fpn.com\\\/fr\\\/the_locker\\\/rencontrez-les-equipes-qui-fourniront-des-services-de-police-specialises-lors-du-sommet-du-g7\\\/#breadcrumb\",\"itemListElement\":[{\"@type\":\"ListItem\",\"position\":1,\"name\":\"Accueil\",\"item\":\"https:\\\/\\\/npf-fpn.com\\\/fr\\\/\"},{\"@type\":\"ListItem\",\"position\":2,\"name\":\"Rencontrez les \u00e9quipes qui fourniront des services de police sp\u00e9cialis\u00e9s lors du sommet du G7\"}]},{\"@type\":\"WebSite\",\"@id\":\"https:\\\/\\\/npf-fpn.com\\\/#website\",\"url\":\"https:\\\/\\\/npf-fpn.com\\\/\",\"name\":\"NPF-FPN\",\"description\":\"Providing strong, fair and progressive representation to almost 20,000 RCMP members across Canada.\",\"publisher\":{\"@id\":\"https:\\\/\\\/npf-fpn.com\\\/#organization\"},\"potentialAction\":[{\"@type\":\"SearchAction\",\"target\":{\"@type\":\"EntryPoint\",\"urlTemplate\":\"https:\\\/\\\/npf-fpn.com\\\/?s={search_term_string}\"},\"query-input\":{\"@type\":\"PropertyValueSpecification\",\"valueRequired\":true,\"valueName\":\"search_term_string\"}}],\"inLanguage\":\"fr-FR\"},{\"@type\":\"Organization\",\"@id\":\"https:\\\/\\\/npf-fpn.com\\\/#organization\",\"name\":\"NPF-FPN\",\"url\":\"https:\\\/\\\/npf-fpn.com\\\/\",\"logo\":{\"@type\":\"ImageObject\",\"inLanguage\":\"fr-FR\",\"@id\":\"https:\\\/\\\/npf-fpn.com\\\/#\\\/schema\\\/logo\\\/image\\\/\",\"url\":\"https:\\\/\\\/npf-fpn.com\\\/app\\\/uploads\\\/2022\\\/01\\\/NPF.jpg\",\"contentUrl\":\"https:\\\/\\\/npf-fpn.com\\\/app\\\/uploads\\\/2022\\\/01\\\/NPF.jpg\",\"width\":200,\"height\":200,\"caption\":\"NPF-FPN\"},\"image\":{\"@id\":\"https:\\\/\\\/npf-fpn.com\\\/#\\\/schema\\\/logo\\\/image\\\/\"}}]}<\/script>\n<!-- \/ Yoast SEO plugin. -->","yoast_head_json":{"title":"Rencontrez les \u00e9quipes qui fourniront des services de police sp\u00e9cialis\u00e9s lors du sommet du G7 - NPF-FPN","description":"Lors d'un \u00e9v\u00e9nement de cette envergure, la s\u00e9curit\u00e9 des dirigeants mondiaux, des d\u00e9l\u00e9gu\u00e9s et du public est primordiale. Les membres de la Gendarmerie royale du Canada (GRC) rel\u00e8vent ce d\u00e9fi gr\u00e2ce \u00e0 leur mod\u00e8le \u00e9volutif.","robots":{"index":"index","follow":"follow","max-snippet":"max-snippet:-1","max-image-preview":"max-image-preview:large","max-video-preview":"max-video-preview:-1"},"canonical":"https:\/\/npf-fpn.com\/fr\/the_locker\/rencontrez-les-equipes-qui-fourniront-des-services-de-police-specialises-lors-du-sommet-du-g7\/","og_locale":"fr_FR","og_type":"article","og_title":"Rencontrez les \u00e9quipes qui fourniront des services de police sp\u00e9cialis\u00e9s lors du sommet du G7","og_description":"Lors d'un \u00e9v\u00e9nement de cette envergure, la s\u00e9curit\u00e9 des dirigeants mondiaux, des d\u00e9l\u00e9gu\u00e9s et du public est primordiale. Les membres de la Gendarmerie royale du Canada (GRC) rel\u00e8vent ce d\u00e9fi gr\u00e2ce \u00e0 leur mod\u00e8le \u00e9volutif.","og_url":"https:\/\/npf-fpn.com\/fr\/the_locker\/rencontrez-les-equipes-qui-fourniront-des-services-de-police-specialises-lors-du-sommet-du-g7\/","og_site_name":"NPF-FPN","article_modified_time":"2025-06-03T22:13:07+00:00","og_image":[{"width":1720,"height":1146,"url":"https:\/\/npf-fpn.com\/app\/uploads\/2025\/05\/34795252_1732427333502736_875456511227199488_n-e1747863489237.jpg","type":"image\/jpeg"}],"twitter_card":"summary_large_image","twitter_title":"Rencontrez les \u00e9quipes qui fourniront des services de police sp\u00e9cialis\u00e9s lors du sommet du G7","twitter_description":"Lors d'un \u00e9v\u00e9nement de cette envergure, la s\u00e9curit\u00e9 des dirigeants mondiaux, des d\u00e9l\u00e9gu\u00e9s et du public est primordiale. Les membres de la Gendarmerie royale du Canada (GRC) rel\u00e8vent ce d\u00e9fi gr\u00e2ce \u00e0 leur mod\u00e8le \u00e9volutif.","twitter_image":"https:\/\/npf-fpn.com\/app\/uploads\/2025\/05\/34795252_1732427333502736_875456511227199488_n-e1747863489237.jpg","twitter_misc":{"Est. reading time":"6 minutes"},"schema":{"@context":"https:\/\/schema.org","@graph":[{"@type":"WebPage","@id":"https:\/\/npf-fpn.com\/fr\/the_locker\/rencontrez-les-equipes-qui-fourniront-des-services-de-police-specialises-lors-du-sommet-du-g7\/","url":"https:\/\/npf-fpn.com\/fr\/the_locker\/rencontrez-les-equipes-qui-fourniront-des-services-de-police-specialises-lors-du-sommet-du-g7\/","name":"Rencontrez les \u00e9quipes qui fourniront des services de police sp\u00e9cialis\u00e9s lors du sommet du G7 - NPF-FPN","isPartOf":{"@id":"https:\/\/npf-fpn.com\/#website"},"primaryImageOfPage":{"@id":"https:\/\/npf-fpn.com\/fr\/the_locker\/rencontrez-les-equipes-qui-fourniront-des-services-de-police-specialises-lors-du-sommet-du-g7\/#primaryimage"},"image":{"@id":"https:\/\/npf-fpn.com\/fr\/the_locker\/rencontrez-les-equipes-qui-fourniront-des-services-de-police-specialises-lors-du-sommet-du-g7\/#primaryimage"},"thumbnailUrl":"https:\/\/npf-fpn.com\/app\/uploads\/2025\/05\/34795252_1732427333502736_875456511227199488_n-e1747863489237.jpg","datePublished":"2025-05-21T22:19:12+00:00","dateModified":"2025-06-03T22:13:07+00:00","description":"Lors d'un \u00e9v\u00e9nement de cette envergure, la s\u00e9curit\u00e9 des dirigeants mondiaux, des d\u00e9l\u00e9gu\u00e9s et du public est primordiale. Les membres de la Gendarmerie royale du Canada (GRC) rel\u00e8vent ce d\u00e9fi gr\u00e2ce \u00e0 leur mod\u00e8le \u00e9volutif.","breadcrumb":{"@id":"https:\/\/npf-fpn.com\/fr\/the_locker\/rencontrez-les-equipes-qui-fourniront-des-services-de-police-specialises-lors-du-sommet-du-g7\/#breadcrumb"},"inLanguage":"fr-FR","potentialAction":[{"@type":"ReadAction","target":["https:\/\/npf-fpn.com\/fr\/the_locker\/rencontrez-les-equipes-qui-fourniront-des-services-de-police-specialises-lors-du-sommet-du-g7\/"]}]},{"@type":"ImageObject","inLanguage":"fr-FR","@id":"https:\/\/npf-fpn.com\/fr\/the_locker\/rencontrez-les-equipes-qui-fourniront-des-services-de-police-specialises-lors-du-sommet-du-g7\/#primaryimage","url":"https:\/\/npf-fpn.com\/app\/uploads\/2025\/05\/34795252_1732427333502736_875456511227199488_n-e1747863489237.jpg","contentUrl":"https:\/\/npf-fpn.com\/app\/uploads\/2025\/05\/34795252_1732427333502736_875456511227199488_n-e1747863489237.jpg","width":1720,"height":1146},{"@type":"BreadcrumbList","@id":"https:\/\/npf-fpn.com\/fr\/the_locker\/rencontrez-les-equipes-qui-fourniront-des-services-de-police-specialises-lors-du-sommet-du-g7\/#breadcrumb","itemListElement":[{"@type":"ListItem","position":1,"name":"Accueil","item":"https:\/\/npf-fpn.com\/fr\/"},{"@type":"ListItem","position":2,"name":"Rencontrez les \u00e9quipes qui fourniront des services de police sp\u00e9cialis\u00e9s lors du sommet du G7"}]},{"@type":"WebSite","@id":"https:\/\/npf-fpn.com\/#website","url":"https:\/\/npf-fpn.com\/","name":"NPF-FPN","description":"Providing strong, fair and progressive representation to almost 20,000 RCMP members across Canada.","publisher":{"@id":"https:\/\/npf-fpn.com\/#organization"},"potentialAction":[{"@type":"SearchAction","target":{"@type":"EntryPoint","urlTemplate":"https:\/\/npf-fpn.com\/?s={search_term_string}"},"query-input":{"@type":"PropertyValueSpecification","valueRequired":true,"valueName":"search_term_string"}}],"inLanguage":"fr-FR"},{"@type":"Organization","@id":"https:\/\/npf-fpn.com\/#organization","name":"NPF-FPN","url":"https:\/\/npf-fpn.com\/","logo":{"@type":"ImageObject","inLanguage":"fr-FR","@id":"https:\/\/npf-fpn.com\/#\/schema\/logo\/image\/","url":"https:\/\/npf-fpn.com\/app\/uploads\/2022\/01\/NPF.jpg","contentUrl":"https:\/\/npf-fpn.com\/app\/uploads\/2022\/01\/NPF.jpg","width":200,"height":200,"caption":"NPF-FPN"},"image":{"@id":"https:\/\/npf-fpn.com\/#\/schema\/logo\/image\/"}}]}},"_links":{"self":[{"href":"https:\/\/npf-fpn.com\/fr\/wp-json\/wp\/v2\/the_locker\/59604","targetHints":{"allow":["GET"]}}],"collection":[{"href":"https:\/\/npf-fpn.com\/fr\/wp-json\/wp\/v2\/the_locker"}],"about":[{"href":"https:\/\/npf-fpn.com\/fr\/wp-json\/wp\/v2\/types\/the_locker"}],"wp:featuredmedia":[{"embeddable":true,"href":"https:\/\/npf-fpn.com\/fr\/wp-json\/wp\/v2\/media\/59585"}],"wp:attachment":[{"href":"https:\/\/npf-fpn.com\/fr\/wp-json\/wp\/v2\/media?parent=59604"}],"wp:term":[{"taxonomy":"impact_topic","embeddable":true,"href":"https:\/\/npf-fpn.com\/fr\/wp-json\/wp\/v2\/impact_topic?post=59604"}],"curies":[{"name":"wp","href":"https:\/\/api.w.org\/{rel}","templated":true}]}}