{"id":59350,"date":"2025-05-12T18:23:52","date_gmt":"2025-05-12T18:23:52","guid":{"rendered":"https:\/\/npf-fpn.com\/?post_type=the_locker&#038;p=59350"},"modified":"2025-10-23T18:22:13","modified_gmt":"2025-10-23T18:22:13","slug":"dans-leurs-propres-mots-des-membres-de-la-grc-se-rememorent-des-moments-vecus-en-service","status":"publish","type":"the_locker","link":"https:\/\/npf-fpn.com\/fr\/the_locker\/dans-leurs-propres-mots-des-membres-de-la-grc-se-rememorent-des-moments-vecus-en-service\/","title":{"rendered":"Dans leurs propres mots\u202f: des membres de la GRC se rem\u00e9morent des moments v\u00e9cus en service"},"content":{"rendered":"\n<p><em>Les r\u00e9flexions des membres de la GRC nous rappellent qu\u2019un emploi au sein des services de police n\u2019est pas seulement une profession, mais qu\u2019il s\u2019agit d\u2019une responsabilit\u00e9 assum\u00e9e par de vraies personnes qui font du vrai travail pour aider les autres \u00e0 se sentir vus, en s\u00e9curit\u00e9 et soutenus.<\/em><\/p>\n\n\n\n<p><strong>AVERTISSEMENT D\u2019\u00c9L\u00c9MENTS D\u00c9CLENCHEURS\u202f: <\/strong>Ce blogue contient de vraies histoires de membres de la GRC et du contenu qui peut \u00eatre bouleversant pour certains lecteurs. On y aborde notamment les th\u00e8mes de la sant\u00e9 mentale, de la violence et du suicide. Veuillez en tenir compte tout au long de votre lecture.<\/p>\n\n\n\n<p>Si vous songez \u00e0 l\u2019automutilation ou au suicide, ou si vous connaissez quelqu\u2019un qui y songe, composez le 9-8-8 ou envoyez un message texte \u00e0 ce num\u00e9ro. Du soutien est offert en tout temps. Consultez le site Web du gouvernement du Canada pour obtenir de plus amples renseignements et des ressources suppl\u00e9mentaires.<\/p>\n\n\n\n<h2 class=\"wp-block-heading\">\u00catre pr\u00e9sent lorsque \u00e7a compte vraiment<\/h2>\n\n\n\n<p>Certains des souvenirs les plus marquants pour les membres proviennent d\u2019\u00e9v\u00e9nements qui se produisent en dehors des heures normales de travail, lorsqu\u2019il n\u2019y a aucun renfort \u00e0 proximit\u00e9, aucun temps pour se pr\u00e9parer et aucun doute sur ce qui doit \u00eatre fait. Dans ces cas-l\u00e0, l\u2019instinct, la compassion et la formation prennent le dessus.<\/p>\n\n\n\n<h5 class=\"wp-block-heading\">\u00ab\u202fJ\u2019ai re\u00e7u une affectation dans une collectivit\u00e9 isol\u00e9e des Premi\u00e8res\u202fNations en 2024, o\u00f9 la population s\u2019\u00e9levait \u00e0 environ 300\u202fpersonnes. Dans de telles affectations, il n\u2019y a pas de service de police 24\u202fheures sur\u202f24, et les policiers sont souvent sur appel avant ou apr\u00e8s leur quart de travail, et parfois pendant leurs jours de cong\u00e9.<\/h5>\n\n\n\n<h5 class=\"wp-block-heading\">Je n\u2019\u00e9tais pas en service ce jour-l\u00e0, mais j\u2019avais l\u2019habitude de garder ma radio allum\u00e9e, vu que des appels s\u00e9rieux pouvaient tout de m\u00eame survenir. J\u2019avais appris que, dans des cas semblables, on pouvait gagner ces quelques minutes au lieu d\u2019attendre l\u2019appel de la centrale de r\u00e9partition, et que cet intervalle pouvait parfois faire toute la diff\u00e9rence. Ce jour-l\u00e0, j\u2019\u00e9tais \u00e0 la maison et j\u2019ai entendu un appel concernant une femme suicidaire. L\u2019autre policier en service se trouvait dans l\u2019autre collectivit\u00e9 \u00e0 ce moment-l\u00e0 (\u00e0 72\u202fkm, sur une route foresti\u00e8re). J\u2019ai rapidement enfil\u00e9 mon uniforme et mon \u00e9quipement, puis j\u2019ai confirm\u00e9 que je r\u00e9pondrais \u00e0 l\u2019appel, avant m\u00eame que le service de r\u00e9partition puisse aviser l\u2019autre policier qu\u2019on ferait appel \u00e0 moi.<\/h5>\n\n\n\n<h5 class=\"wp-block-heading\">Lorsque je suis arriv\u00e9 sur les lieux, le sujet\u202f\u2013\u202fune jeune fille d\u2019\u00e2ge secondaire\u202f\u2013\u202favait d\u00e9j\u00e0 le visage mauve, car elle avait nou\u00e9 le n\u0153ud coulant si serr\u00e9 autour de son cou que le sang commen\u00e7ait \u00e0 faire enfler son visage. J\u2019ai r\u00e9ussi \u00e0 la soulever pour soulager une partie de la pression avant de couper le n\u0153ud serr\u00e9 autour de son cou.<\/h5>\n\n\n\n<h5 class=\"wp-block-heading\">Je suis rest\u00e9 avec elle pendant plusieurs heures \u00e0 la clinique m\u00e9dicale et j\u2019ai eu une excellente conversation avec elle pour essayer de l\u2019inspirer \u00e0 \u00eatre la meilleure version d\u2019elle-m\u00eame. Nous avons fini par avoir une si bonne conversation que, depuis cet incident, chaque fois que je la vois dans la collectivit\u00e9, un \u00e9norme sourire appara\u00eet sur son visage et elle fait des pieds et des mains pour me saluer.<\/h5>\n\n\n\n<h5 class=\"wp-block-heading\">Je suis heureux d\u2019avoir \u00e9t\u00e9 l\u00e0 o\u00f9 j\u2019\u00e9tais \u00e0 ce moment-l\u00e0 et d\u2019\u00eatre arriv\u00e9 \u00e0 temps pour l\u2019aider dans un de ses moments les plus difficiles.\u202f\u00bb<\/h5>\n\n\n\n<p><em>\u2014 Gendarme\u202fTam<\/em><\/p>\n\n\n\n<h2 class=\"wp-block-heading\">Un moment qui a tout chang\u00e9<\/h2>\n\n\n\n<p>Ce qui commence par un contr\u00f4le de routine peut devenir un moment d\u00e9terminant. Ce n\u2019est pas toujours de la gravit\u00e9 de l\u2019incident dont les membres se souviennent, mais plut\u00f4t du lien, de l\u2019humanit\u00e9 et de la possibilit\u00e9 de faire une diff\u00e9rence.<\/p>\n\n\n\n<h5 class=\"wp-block-heading\">\u00ab\u202fMon service \u00e0 la GRC a commenc\u00e9 en\u202f2014. J\u2019ai d\u2019abord \u00e9t\u00e9 affect\u00e9 en Nouvelle-\u00c9cosse, \u00e0 Port\u202fHawkesbury, tout pr\u00e8s de la Division\u202fD\u00e9p\u00f4t. \u00c0 l\u2019origine, j\u2019ai rejoint les rangs de la GRC pour m\u2019am\u00e9liorer et venir en aide aux gens que je sers, mais c\u2019est lors d\u2019un apr\u00e8s-midi ensoleill\u00e9, \u00e0 l\u2019occasion d\u2019un contr\u00f4le routier, que j\u2019ai su que j\u2019avais pris une bonne d\u00e9cision.<\/h5>\n\n\n\n<h5 class=\"wp-block-heading\">J\u2019avais intercept\u00e9 une automobile qui roulait trop vite alors qu\u2019elle entrait \u00e0 Port\u202fHawkesbury. Une jeune femme \u00e9tait au volant, et un enfant se trouvait \u00e0 l\u2019arri\u00e8re. Lorsque je me suis adress\u00e9 \u00e0 la conductrice, elle \u00e9tait tr\u00e8s boulevers\u00e9e et d\u00e9sempar\u00e9e\u202f\u2014\u202fplus que ce \u00e0 quoi on s\u2019attendrait si on l\u2019arr\u00eatait pour un exc\u00e8s de vitesse. Ce n\u2019est qu\u2019apr\u00e8s avoir parl\u00e9 ensemble pendant plusieurs minutes qu\u2019elle s\u2019est finalement confi\u00e9e \u00e0 moi\u202f: elle avait conduit depuis la Vall\u00e9e de l\u2019Annapolis (plus de quatre heures de route) avec son enfant pour \u00e9chapper \u00e0 son ami de c\u0153ur tr\u00e8s violent. Elle m\u2019a racont\u00e9 qu\u2019elle ne s\u2019\u00e9tait arr\u00eat\u00e9e nulle part le long de l\u2019itin\u00e9raire, qu\u2019elle \u00e9tait tr\u00e8s fatigu\u00e9e et qu\u2019elle avait oubli\u00e9 la moiti\u00e9 du trajet.<\/h5>\n\n\n\n<h5 class=\"wp-block-heading\">Apr\u00e8s qu\u2019elle m\u2019a eu racont\u00e9 son histoire, la raison initiale du contr\u00f4le routier s\u2019est envol\u00e9e en fum\u00e9e, car j\u2019\u00e9tais d\u00e9termin\u00e9 \u00e0 aider cette jeune femme \u00e0 se sentir mieux et \u00e0 m\u2019assurer qu\u2019elle et son enfant \u00e9taient en s\u00e9curit\u00e9. Je crois que j\u2019ai pass\u00e9 pr\u00e8s d\u2019une heure avec elle \u00e0 l\u2019endroit o\u00f9 je l\u2019avais intercept\u00e9e, \u00e0 \u00e9couter son histoire et \u00e0 essayer de la convaincre que faire une d\u00e9claration \u00e9tait la meilleure d\u00e9cision qu\u2019elle pouvait prendre et que personne n\u2019avait le droit de lui faire du mal, \u00e0 elle ou \u00e0 son enfant, de quelque mani\u00e8re que ce soit. Elle a fini par faire une d\u00e9claration, et son copain a \u00e9t\u00e9 accus\u00e9 de violence conjugale.<\/h5>\n\n\n\n<h5 class=\"wp-block-heading\">C\u2019est gr\u00e2ce \u00e0 cette interaction que j\u2019ai su que ce que je faisais \u00e9tait le bon cheminement de carri\u00e8re pour moi, car j\u2019\u00e9tais d\u00e9termin\u00e9 \u00e0 aider cette jeune femme de toutes les mani\u00e8res possibles, ce qui m\u2019a permis de devenir un meilleur policier qui parle avec les gens et qui fait preuve de compassion. Pour cette jeune femme, il ne s\u2019agissait peut-\u00eatre que d\u2019une seule interaction avec un agent de la GRC, mais elle ne saura jamais l\u2019impact profond qu\u2019elle a eu sur moi et sur la fa\u00e7on dont j&#8217;interagis d\u00e9sormais avec les gens dans toutes les situations, en particulier dans les situations familiales.<\/h5>\n\n\n\n<h5 class=\"wp-block-heading\">J\u2019ai maintenant une affectation dans ma province natale de Terre-Neuve et j\u2019ai eu beaucoup d\u2019autres interactions avec des gens depuis cet incident, mais je n\u2019oublierai jamais celle-ci, car elle m\u2019a fait comprendre la mani\u00e8re dont une journ\u00e9e normale peut devenir compl\u00e8tement diff\u00e9rente et le fait qu\u2019un simple contr\u00f4le routier peut changer toute votre fa\u00e7on de voir les choses. Je crois encore aujourd\u2019hui que la jeune femme avait une raison de faire de l\u2019exc\u00e8s de vitesse et qu\u2019elle voulait inconsciemment \u00eatre intercept\u00e9e afin que quelqu\u2019un l\u2019\u00e9coute et qu\u2019elle obtienne de l\u2019aide. Je suis vraiment reconnaissant d\u2019avoir \u00e9t\u00e9 celui qui l\u2019a trouv\u00e9e, car cela m\u2019a permis de grandir en tant que policier et en tant que personne \u00e0 partir de ce jour.\u202f\u00bb<\/h5>\n\n\n\n<p><em>\u2014 Gendarme Bradley\u202fLayman (Nouvelle-\u00c9cosse)<\/em><\/p>\n\n\n\n<h2 class=\"wp-block-heading\">Renforcer la confiance, un lien \u00e0 la fois<\/h2>\n\n\n\n<p>La relation entre la police et la collectivit\u00e9 peut \u00eatre complexe, surtout dans les endroits o\u00f9 la confiance a \u00e9t\u00e9 bris\u00e9e il y a longtemps. Pour les membres qui travaillent dans des communaut\u00e9s autochtones ou des Premi\u00e8res Nations, chaque interaction peut renforcer le lien de confiance.<\/p>\n\n\n\n<figure class=\"wp-block-image size-large\"><img decoding=\"async\" width=\"1024\" height=\"536\" src=\"https:\/\/npf-fpn.com\/app\/uploads\/2025\/05\/Blog-Feature-Image-2-1-1024x536.png\" alt=\"\" class=\"wp-image-59355\" srcset=\"https:\/\/npf-fpn.com\/app\/uploads\/2025\/05\/Blog-Feature-Image-2-1-1024x536.png 1024w, https:\/\/npf-fpn.com\/app\/uploads\/2025\/05\/Blog-Feature-Image-2-1-300x157.png 300w, https:\/\/npf-fpn.com\/app\/uploads\/2025\/05\/Blog-Feature-Image-2-1-768x402.png 768w, https:\/\/npf-fpn.com\/app\/uploads\/2025\/05\/Blog-Feature-Image-2-1-382x200.png 382w, https:\/\/npf-fpn.com\/app\/uploads\/2025\/05\/Blog-Feature-Image-2-1-600x314.png 600w, https:\/\/npf-fpn.com\/app\/uploads\/2025\/05\/Blog-Feature-Image-2-1.png 1200w\" sizes=\"(max-width: 1024px) 100vw, 1024px\" \/><\/figure>\n\n\n\n<h5 class=\"wp-block-heading\">\u00ab\u202fJ\u2019ai \u00e9t\u00e9 policier des services de police autochtones \u00e0 Burns Lake. L&#8217;un des moments forts de ma carri\u00e8re a \u00e9t\u00e9 d&#8217;interagir avec les jeunes et d&#8217;amener les enfants de la communaut\u00e9 locale de la nation du lac Babine visiter le d\u00e9tachement.<\/h5>\n\n\n\n<h5 class=\"wp-block-heading\">J&#8217;ai pris plaisir \u00e0 leur montrer mon travail et les lieux o\u00f9 j&#8217;organisais des \u00e9v\u00e9nements. Je les ai laiss\u00e9s s&#8217;asseoir dans mon fauteuil et faire semblant d&#8217;\u00eatre des policiers. Les enfants ont ador\u00e9 recevoir des autocollants et se faire prendre leurs empreintes digitales.<\/h5>\n\n\n\n<h5 class=\"wp-block-heading\">Un incident m\u00e9morable m&#8217;a amen\u00e9 \u00e0 r\u00e9pondre \u00e0 un appel concernant une dispute entre deux membres d&#8217;une m\u00eame famille dans la maison d&#8217;un enfant. J&#8217;\u00e9tais sur les lieux avec un autre agent de la GRC, et la situation \u00e9tait tendue. L&#8217;enfant, qui se trouvait dans la maison, m&#8217;a imm\u00e9diatement reconnu, car j&#8217;\u00e9tais d\u00e9j\u00e0 venu \u00e0 son \u00e9cole, et j&#8217;ai vu son sourire et sa tristesse dispara\u00eetre de son visage. Le fait qu&#8217;une personne qui lui \u00e9tait aussi famili\u00e8re que moi se soit rendue chez lui alors que les choses allaient mal l&#8217;a imm\u00e9diatement calm\u00e9.<\/h5>\n\n\n\n<h5 class=\"wp-block-heading\">J\u2019aime faire des visites du d\u00e9tachement parce que cela me permet non seulement de montrer aux enfants des communaut\u00e9s autochtones locales comment nous travaillons et fonctionnons, mais aussi de leur montrer que nous sommes simplement des gens comme eux!\u202f\u00bb<\/h5>\n\n\n\n<p><em>\u2014 Gendarme Khalil\u202fNanji (Colombie-Britannique)<\/em><\/p>\n\n\n\n<h2 class=\"wp-block-heading\">Merci, chers membres de la GRC<\/h2>\n\n\n\n<p>Des communaut\u00e9s isol\u00e9es aux conversations inattendues, ces r\u00e9flexions montrent le c\u0153ur qui bat derri\u00e8re l\u2019uniforme. La GRC est compos\u00e9e de personnes exceptionnelles comme vous, avec chacune leurs propres histoires, leurs propres exp\u00e9riences, et le d\u00e9sir de servir avec compassion et int\u00e9grit\u00e9.<\/p>\n\n\n\n<p>En cette Semaine nationale de la police, nous remercions les membres qui ont racont\u00e9 leurs histoires et tous ceux qui, partout au Canada, continuent d\u2019aider leur collectivit\u00e9, jour apr\u00e8s jour.<\/p>\n\n\n\n<p><strong>Ce blogue a \u00e9t\u00e9 cr\u00e9\u00e9 pour c\u00e9l\u00e9brer la Semaine nationale de la police\u202f2025<\/strong><\/p>\n\n\n\n<p>La Semaine nationale de la police a lieu en mai chaque ann\u00e9e et est l\u2019occasion pour les Canadiens de se r\u00e9unir pour rendre hommage aux membres de la GRC qui servent avec compassion, courage et engagement\u202f\u2014\u202fsouvent d\u2019une fa\u00e7on qui reste invisible aux yeux du public.<\/p>\n\n\n\n<p>Plus t\u00f4t cette semaine, <a href=\"https:\/\/npf-fpn.com\/fr\/the_locker\/en-reconnaissance-des-canadiens-racontent-leur-histoire-avec-la-grc\/\">nous avons publi\u00e9 un blogue pr\u00e9sentant des histoires de personnes de partout au pays<\/a>. Aujourd\u2019hui, nous pr\u00e9sentons directement les histoires des policiers eux-m\u00eames. Ces r\u00e9flexions profond\u00e9ment personnelles\u202f\u2014\u202fdes communaut\u00e9s autochtones et des Premi\u00e8res Nations \u00e9loign\u00e9es aux contr\u00f4les routiers\u202f\u2014\u202foffrent un regard puissant sur les r\u00e9percussions quotidiennes et extraordinaires des services de police au Canada.<\/p>\n\n\n\n<p><em>Avez-vous une histoire \u00e0 raconter au sujet de votre exp\u00e9rience en tant que membre de la GRC? Envoyez-nous un courriel \u00e0 l\u2019adresse <a href=\"mailto:communications@npf-fpn.com\">communications@npf-fpn.com<\/a>. Nous serions ravis de conna\u00eetre votre histoire!<\/em><\/p>\n","protected":false},"featured_media":59352,"parent":0,"menu_order":0,"template":"","impact_topic":[106],"class_list":["post-59350","the_locker","type-the_locker","status-publish","has-post-thumbnail","hentry","impact_topic-dans-les-coulisses"],"acf":[],"yoast_head":"<!-- This site is optimized with the Yoast SEO plugin v27.4 - https:\/\/yoast.com\/product\/yoast-seo-wordpress\/ -->\n<title>Dans leurs propres mots\u202f: des membres de la GRC se rem\u00e9morent des moments v\u00e9cus en service - NPF-FPN<\/title>\n<meta name=\"description\" content=\"Les membres de la GRC racontent des histoires fortes et r\u00e9elles qui mettent en lumi\u00e8re le c\u00f4t\u00e9 humain de la police - des interventions qui sauvent des vies \u00e0 l&#039;instauration d&#039;un climat de confiance dans les communaut\u00e9s autochtones.\" \/>\n<meta name=\"robots\" content=\"index, follow, max-snippet:-1, max-image-preview:large, max-video-preview:-1\" \/>\n<link rel=\"canonical\" href=\"https:\/\/npf-fpn.com\/fr\/the_locker\/dans-leurs-propres-mots-des-membres-de-la-grc-se-rememorent-des-moments-vecus-en-service\/\" \/>\n<meta property=\"og:locale\" content=\"fr_FR\" \/>\n<meta property=\"og:type\" content=\"article\" \/>\n<meta property=\"og:title\" content=\"Dans leurs propres mots\u202f: des membres de la GRC se rem\u00e9morent des moments v\u00e9cus en service - NPF-FPN\" \/>\n<meta property=\"og:description\" content=\"Les membres de la GRC racontent des histoires fortes et r\u00e9elles qui mettent en lumi\u00e8re le c\u00f4t\u00e9 humain de la police - des interventions qui sauvent des vies \u00e0 l&#039;instauration d&#039;un climat de confiance dans les communaut\u00e9s autochtones.\" \/>\n<meta property=\"og:url\" content=\"https:\/\/npf-fpn.com\/fr\/the_locker\/dans-leurs-propres-mots-des-membres-de-la-grc-se-rememorent-des-moments-vecus-en-service\/\" \/>\n<meta property=\"og:site_name\" content=\"NPF-FPN\" \/>\n<meta property=\"article:modified_time\" content=\"2025-10-23T18:22:13+00:00\" \/>\n<meta property=\"og:image\" content=\"https:\/\/npf-fpn.com\/app\/uploads\/2025\/05\/Blog-Feature-Image-1.png\" \/>\n\t<meta property=\"og:image:width\" content=\"1200\" \/>\n\t<meta property=\"og:image:height\" content=\"628\" \/>\n\t<meta property=\"og:image:type\" content=\"image\/png\" \/>\n<meta name=\"twitter:card\" content=\"summary_large_image\" \/>\n<meta name=\"twitter:label1\" content=\"Est. reading time\" \/>\n\t<meta name=\"twitter:data1\" content=\"8 minutes\" \/>\n<script type=\"application\/ld+json\" class=\"yoast-schema-graph\">{\"@context\":\"https:\\\/\\\/schema.org\",\"@graph\":[{\"@type\":\"WebPage\",\"@id\":\"https:\\\/\\\/npf-fpn.com\\\/fr\\\/the_locker\\\/dans-leurs-propres-mots-des-membres-de-la-grc-se-rememorent-des-moments-vecus-en-service\\\/\",\"url\":\"https:\\\/\\\/npf-fpn.com\\\/fr\\\/the_locker\\\/dans-leurs-propres-mots-des-membres-de-la-grc-se-rememorent-des-moments-vecus-en-service\\\/\",\"name\":\"Dans leurs propres mots\u202f: des membres de la GRC se rem\u00e9morent des moments v\u00e9cus en service - NPF-FPN\",\"isPartOf\":{\"@id\":\"https:\\\/\\\/npf-fpn.com\\\/#website\"},\"primaryImageOfPage\":{\"@id\":\"https:\\\/\\\/npf-fpn.com\\\/fr\\\/the_locker\\\/dans-leurs-propres-mots-des-membres-de-la-grc-se-rememorent-des-moments-vecus-en-service\\\/#primaryimage\"},\"image\":{\"@id\":\"https:\\\/\\\/npf-fpn.com\\\/fr\\\/the_locker\\\/dans-leurs-propres-mots-des-membres-de-la-grc-se-rememorent-des-moments-vecus-en-service\\\/#primaryimage\"},\"thumbnailUrl\":\"https:\\\/\\\/npf-fpn.com\\\/app\\\/uploads\\\/2025\\\/05\\\/Blog-Feature-Image-1.png\",\"datePublished\":\"2025-05-12T18:23:52+00:00\",\"dateModified\":\"2025-10-23T18:22:13+00:00\",\"description\":\"Les membres de la GRC racontent des histoires fortes et r\u00e9elles qui mettent en lumi\u00e8re le c\u00f4t\u00e9 humain de la police - des interventions qui sauvent des vies \u00e0 l'instauration d'un climat de confiance dans les communaut\u00e9s autochtones.\",\"breadcrumb\":{\"@id\":\"https:\\\/\\\/npf-fpn.com\\\/fr\\\/the_locker\\\/dans-leurs-propres-mots-des-membres-de-la-grc-se-rememorent-des-moments-vecus-en-service\\\/#breadcrumb\"},\"inLanguage\":\"fr-FR\",\"potentialAction\":[{\"@type\":\"ReadAction\",\"target\":[\"https:\\\/\\\/npf-fpn.com\\\/fr\\\/the_locker\\\/dans-leurs-propres-mots-des-membres-de-la-grc-se-rememorent-des-moments-vecus-en-service\\\/\"]}]},{\"@type\":\"ImageObject\",\"inLanguage\":\"fr-FR\",\"@id\":\"https:\\\/\\\/npf-fpn.com\\\/fr\\\/the_locker\\\/dans-leurs-propres-mots-des-membres-de-la-grc-se-rememorent-des-moments-vecus-en-service\\\/#primaryimage\",\"url\":\"https:\\\/\\\/npf-fpn.com\\\/app\\\/uploads\\\/2025\\\/05\\\/Blog-Feature-Image-1.png\",\"contentUrl\":\"https:\\\/\\\/npf-fpn.com\\\/app\\\/uploads\\\/2025\\\/05\\\/Blog-Feature-Image-1.png\",\"width\":1200,\"height\":628},{\"@type\":\"BreadcrumbList\",\"@id\":\"https:\\\/\\\/npf-fpn.com\\\/fr\\\/the_locker\\\/dans-leurs-propres-mots-des-membres-de-la-grc-se-rememorent-des-moments-vecus-en-service\\\/#breadcrumb\",\"itemListElement\":[{\"@type\":\"ListItem\",\"position\":1,\"name\":\"Accueil\",\"item\":\"https:\\\/\\\/npf-fpn.com\\\/fr\\\/\"},{\"@type\":\"ListItem\",\"position\":2,\"name\":\"Dans leurs propres mots\u202f: des membres de la GRC se rem\u00e9morent des moments v\u00e9cus en service\"}]},{\"@type\":\"WebSite\",\"@id\":\"https:\\\/\\\/npf-fpn.com\\\/#website\",\"url\":\"https:\\\/\\\/npf-fpn.com\\\/\",\"name\":\"NPF-FPN\",\"description\":\"Providing strong, fair and progressive representation to almost 20,000 RCMP members across Canada.\",\"publisher\":{\"@id\":\"https:\\\/\\\/npf-fpn.com\\\/#organization\"},\"potentialAction\":[{\"@type\":\"SearchAction\",\"target\":{\"@type\":\"EntryPoint\",\"urlTemplate\":\"https:\\\/\\\/npf-fpn.com\\\/?s={search_term_string}\"},\"query-input\":{\"@type\":\"PropertyValueSpecification\",\"valueRequired\":true,\"valueName\":\"search_term_string\"}}],\"inLanguage\":\"fr-FR\"},{\"@type\":\"Organization\",\"@id\":\"https:\\\/\\\/npf-fpn.com\\\/#organization\",\"name\":\"NPF-FPN\",\"url\":\"https:\\\/\\\/npf-fpn.com\\\/\",\"logo\":{\"@type\":\"ImageObject\",\"inLanguage\":\"fr-FR\",\"@id\":\"https:\\\/\\\/npf-fpn.com\\\/#\\\/schema\\\/logo\\\/image\\\/\",\"url\":\"https:\\\/\\\/npf-fpn.com\\\/app\\\/uploads\\\/2022\\\/01\\\/NPF.jpg\",\"contentUrl\":\"https:\\\/\\\/npf-fpn.com\\\/app\\\/uploads\\\/2022\\\/01\\\/NPF.jpg\",\"width\":200,\"height\":200,\"caption\":\"NPF-FPN\"},\"image\":{\"@id\":\"https:\\\/\\\/npf-fpn.com\\\/#\\\/schema\\\/logo\\\/image\\\/\"}}]}<\/script>\n<!-- \/ Yoast SEO plugin. -->","yoast_head_json":{"title":"Dans leurs propres mots\u202f: des membres de la GRC se rem\u00e9morent des moments v\u00e9cus en service - NPF-FPN","description":"Les membres de la GRC racontent des histoires fortes et r\u00e9elles qui mettent en lumi\u00e8re le c\u00f4t\u00e9 humain de la police - des interventions qui sauvent des vies \u00e0 l'instauration d'un climat de confiance dans les communaut\u00e9s autochtones.","robots":{"index":"index","follow":"follow","max-snippet":"max-snippet:-1","max-image-preview":"max-image-preview:large","max-video-preview":"max-video-preview:-1"},"canonical":"https:\/\/npf-fpn.com\/fr\/the_locker\/dans-leurs-propres-mots-des-membres-de-la-grc-se-rememorent-des-moments-vecus-en-service\/","og_locale":"fr_FR","og_type":"article","og_title":"Dans leurs propres mots\u202f: des membres de la GRC se rem\u00e9morent des moments v\u00e9cus en service - NPF-FPN","og_description":"Les membres de la GRC racontent des histoires fortes et r\u00e9elles qui mettent en lumi\u00e8re le c\u00f4t\u00e9 humain de la police - des interventions qui sauvent des vies \u00e0 l'instauration d'un climat de confiance dans les communaut\u00e9s autochtones.","og_url":"https:\/\/npf-fpn.com\/fr\/the_locker\/dans-leurs-propres-mots-des-membres-de-la-grc-se-rememorent-des-moments-vecus-en-service\/","og_site_name":"NPF-FPN","article_modified_time":"2025-10-23T18:22:13+00:00","og_image":[{"width":1200,"height":628,"url":"https:\/\/npf-fpn.com\/app\/uploads\/2025\/05\/Blog-Feature-Image-1.png","type":"image\/png"}],"twitter_card":"summary_large_image","twitter_misc":{"Est. reading time":"8 minutes"},"schema":{"@context":"https:\/\/schema.org","@graph":[{"@type":"WebPage","@id":"https:\/\/npf-fpn.com\/fr\/the_locker\/dans-leurs-propres-mots-des-membres-de-la-grc-se-rememorent-des-moments-vecus-en-service\/","url":"https:\/\/npf-fpn.com\/fr\/the_locker\/dans-leurs-propres-mots-des-membres-de-la-grc-se-rememorent-des-moments-vecus-en-service\/","name":"Dans leurs propres mots\u202f: des membres de la GRC se rem\u00e9morent des moments v\u00e9cus en service - NPF-FPN","isPartOf":{"@id":"https:\/\/npf-fpn.com\/#website"},"primaryImageOfPage":{"@id":"https:\/\/npf-fpn.com\/fr\/the_locker\/dans-leurs-propres-mots-des-membres-de-la-grc-se-rememorent-des-moments-vecus-en-service\/#primaryimage"},"image":{"@id":"https:\/\/npf-fpn.com\/fr\/the_locker\/dans-leurs-propres-mots-des-membres-de-la-grc-se-rememorent-des-moments-vecus-en-service\/#primaryimage"},"thumbnailUrl":"https:\/\/npf-fpn.com\/app\/uploads\/2025\/05\/Blog-Feature-Image-1.png","datePublished":"2025-05-12T18:23:52+00:00","dateModified":"2025-10-23T18:22:13+00:00","description":"Les membres de la GRC racontent des histoires fortes et r\u00e9elles qui mettent en lumi\u00e8re le c\u00f4t\u00e9 humain de la police - des interventions qui sauvent des vies \u00e0 l'instauration d'un climat de confiance dans les communaut\u00e9s autochtones.","breadcrumb":{"@id":"https:\/\/npf-fpn.com\/fr\/the_locker\/dans-leurs-propres-mots-des-membres-de-la-grc-se-rememorent-des-moments-vecus-en-service\/#breadcrumb"},"inLanguage":"fr-FR","potentialAction":[{"@type":"ReadAction","target":["https:\/\/npf-fpn.com\/fr\/the_locker\/dans-leurs-propres-mots-des-membres-de-la-grc-se-rememorent-des-moments-vecus-en-service\/"]}]},{"@type":"ImageObject","inLanguage":"fr-FR","@id":"https:\/\/npf-fpn.com\/fr\/the_locker\/dans-leurs-propres-mots-des-membres-de-la-grc-se-rememorent-des-moments-vecus-en-service\/#primaryimage","url":"https:\/\/npf-fpn.com\/app\/uploads\/2025\/05\/Blog-Feature-Image-1.png","contentUrl":"https:\/\/npf-fpn.com\/app\/uploads\/2025\/05\/Blog-Feature-Image-1.png","width":1200,"height":628},{"@type":"BreadcrumbList","@id":"https:\/\/npf-fpn.com\/fr\/the_locker\/dans-leurs-propres-mots-des-membres-de-la-grc-se-rememorent-des-moments-vecus-en-service\/#breadcrumb","itemListElement":[{"@type":"ListItem","position":1,"name":"Accueil","item":"https:\/\/npf-fpn.com\/fr\/"},{"@type":"ListItem","position":2,"name":"Dans leurs propres mots\u202f: des membres de la GRC se rem\u00e9morent des moments v\u00e9cus en service"}]},{"@type":"WebSite","@id":"https:\/\/npf-fpn.com\/#website","url":"https:\/\/npf-fpn.com\/","name":"NPF-FPN","description":"Providing strong, fair and progressive representation to almost 20,000 RCMP members across Canada.","publisher":{"@id":"https:\/\/npf-fpn.com\/#organization"},"potentialAction":[{"@type":"SearchAction","target":{"@type":"EntryPoint","urlTemplate":"https:\/\/npf-fpn.com\/?s={search_term_string}"},"query-input":{"@type":"PropertyValueSpecification","valueRequired":true,"valueName":"search_term_string"}}],"inLanguage":"fr-FR"},{"@type":"Organization","@id":"https:\/\/npf-fpn.com\/#organization","name":"NPF-FPN","url":"https:\/\/npf-fpn.com\/","logo":{"@type":"ImageObject","inLanguage":"fr-FR","@id":"https:\/\/npf-fpn.com\/#\/schema\/logo\/image\/","url":"https:\/\/npf-fpn.com\/app\/uploads\/2022\/01\/NPF.jpg","contentUrl":"https:\/\/npf-fpn.com\/app\/uploads\/2022\/01\/NPF.jpg","width":200,"height":200,"caption":"NPF-FPN"},"image":{"@id":"https:\/\/npf-fpn.com\/#\/schema\/logo\/image\/"}}]}},"_links":{"self":[{"href":"https:\/\/npf-fpn.com\/fr\/wp-json\/wp\/v2\/the_locker\/59350","targetHints":{"allow":["GET"]}}],"collection":[{"href":"https:\/\/npf-fpn.com\/fr\/wp-json\/wp\/v2\/the_locker"}],"about":[{"href":"https:\/\/npf-fpn.com\/fr\/wp-json\/wp\/v2\/types\/the_locker"}],"wp:featuredmedia":[{"embeddable":true,"href":"https:\/\/npf-fpn.com\/fr\/wp-json\/wp\/v2\/media\/59352"}],"wp:attachment":[{"href":"https:\/\/npf-fpn.com\/fr\/wp-json\/wp\/v2\/media?parent=59350"}],"wp:term":[{"taxonomy":"impact_topic","embeddable":true,"href":"https:\/\/npf-fpn.com\/fr\/wp-json\/wp\/v2\/impact_topic?post=59350"}],"curies":[{"name":"wp","href":"https:\/\/api.w.org\/{rel}","templated":true}]}}