{"id":59268,"date":"2025-05-11T23:45:00","date_gmt":"2025-05-11T23:45:00","guid":{"rendered":"https:\/\/npf-fpn.com\/?post_type=the_locker&#038;p=59268"},"modified":"2025-05-16T21:59:51","modified_gmt":"2025-05-16T21:59:51","slug":"en-reconnaissance-des-canadiens-racontent-leur-histoire-avec-la-grc","status":"publish","type":"the_locker","link":"https:\/\/npf-fpn.com\/fr\/the_locker\/en-reconnaissance-des-canadiens-racontent-leur-histoire-avec-la-grc\/","title":{"rendered":"En reconnaissance\u202f: des Canadiens racontent leur histoire avec la GRC"},"content":{"rendered":"\n<p><em>Derri\u00e8re chaque uniforme, il y a une histoire\u202f\u2014\u202fet pour de nombreux Canadiens, ces histoires sont marqu\u00e9es d\u2019empathie, de force et des moments d\u2019\u00e9change qu\u2019ils n\u2019oublieront jamais.<\/em>&nbsp;<\/p>\n\n\n\n<p><strong>AVERTISSEMENT\u202f: <\/strong>Ce blogue contient de vraies histoires de gens de partout au Canada et du contenu qui peut \u00eatre bouleversant pour certains lecteurs. Les sujets abord\u00e9s comprennent les probl\u00e8mes de sant\u00e9 mentale, l\u2019automutilation, la violence, et la mort. Veuillez en tenir compte tout au long de votre lecture.&nbsp;&nbsp;<\/p>\n\n\n\n<p>Si vous pensez \u00e0 l\u2019automutilation ou au suicide ou connaissez quelqu\u2019un qui y pense, appelez le 9-8-8 ou envoyez un message texte \u00e0 ce num\u00e9ro. Du soutien est offert en tout temps. Consultez le <a href=\"https:\/\/www.canada.ca\/fr\/sante-publique\/services\/services-sante-mentale\/sante-mentale-obtenir-aide.html\" target=\"_blank\" rel=\"noreferrer noopener\">site Web du gouvernement du Canada<\/a> pour obtenir de plus amples renseignements et des ressources suppl\u00e9mentaires.&nbsp;<\/p>\n\n\n\n<h2 class=\"wp-block-heading\">Le pouvoir de la compassion&nbsp;<\/h2>\n\n\n\n<p>Les membres de la GRC font preuve d\u2019empathie et de compassion; parfois ils posent des gestes de gentillesse, d\u2019autres fois, ils assurent une pr\u00e9sence aupr\u00e8s de certaines personnes qui traversent les p\u00e9riodes les plus sombres de leur vie.&nbsp;<\/p>\n\n\n\n<h5 class=\"wp-block-heading\">\u00ab\u202fIl y a quelques ann\u00e9es, j\u2019ai v\u00e9cu une p\u00e9riode difficile et j\u2019ai pens\u00e9 au suicide apr\u00e8s avoir r\u00e9ussi \u00e0 mettre fin \u00e0 la violence que j\u2019avais subie pendant de nombreuses ann\u00e9es lorsque j\u2019\u00e9tais jeune. J\u2019ai grimp\u00e9 dans un arbre de 50\u202fpieds et je voulais dispara\u00eetre \u00e0 jamais. J\u2019avais l\u2019impression que je ne valais rien sur cette terre. J\u2019\u00e9tais tellement traumatis\u00e9e, abattue et effray\u00e9e. J\u2019avais du mal \u00e0 g\u00e9rer mes \u00e9motions&#8230; mais deux\u202fagents tr\u00e8s aimables se sont vraiment souci\u00e9s de moi et m\u2019en ont fait la preuve. L\u2019un d\u2019eux est mont\u00e9 et m\u2019a parl\u00e9 avec gentillesse et compassion. \u00c0 ce moment-l\u00e0, j\u2019ai senti que j\u2019avais de l\u2019importance.&nbsp;<\/h5>\n\n\n\n<h5 class=\"wp-block-heading\">J\u2019\u00e9tais encore an\u00e9antie par la peur li\u00e9e aux souvenirs et aux nuits blanches, mais nous sommes redescendus de l\u2019arbre ensemble, et l\u2019autre agent m\u2019a aid\u00e9e au sol. J\u2019\u00e9tais tr\u00e8s touch\u00e9e de savoir qu\u2019une personne se souciait suffisamment de moi pour grimper dans un arbre de 50\u202fpieds et m\u2019aider. J\u2019\u00e9prouve encore beaucoup de difficult\u00e9s depuis, mais j\u2019aurai 20\u202fans \u00e0 la fin du mois de mars\u202f\u2014\u202fet si je n\u2019avais pas surv\u00e9cu ce jour-l\u00e0, je n\u2019aurais jamais eu la chance de me rendre \u00e0 20\u202fans!\u202f\u00bb&nbsp;<\/h5>\n\n\n\n<p><em>\u2014<\/em> <em>Kaylee (Colombie-Britannique)<\/em>&nbsp;<\/p>\n\n\n\n<h5 class=\"wp-block-heading\">\u00ab\u202fJ\u2019ai rencontr\u00e9 un agent de la GRC quand il a \u00e9t\u00e9 appel\u00e9 \u00e0 intervenir \u00e0 l\u2019\u00e9cole lors d\u2019une situation concernant mon ancien conjoint, qui \u00e9tait violent. Ce membre a \u00e9cout\u00e9 \u00e0 ce que j\u2019ai dit, a lu mes documents concernant la garde des enfants, m\u2019a rassur\u00e9e, a fait preuve d\u2019une pr\u00e9occupation r\u00e9elle et nous a aid\u00e9s, mes enfants et moi, avec compassion.&nbsp;<\/h5>\n\n\n\n<h5 class=\"wp-block-heading\">C\u2019est un excellent agent de la GRC. Il est digne du respect et de l\u2019honneur que m\u00e9ritent les agents de la GRC. Nous lui souhaitons la meilleure des chances et nous esp\u00e9rons qu\u2019il sera \u00e0 l\u2019abri du danger.\u202f\u00bb&nbsp;<\/h5>\n\n\n\n<p>&nbsp;<em>\u2014 Irene (Alberta)<\/em>&nbsp;<\/p>\n\n\n\n<h5 class=\"wp-block-heading\">\u00ab\u202fMa motocyclette est tomb\u00e9e en panne \u00e0 Grand\u202fForks, et un agent de la GRC a attendu avec moi sur l\u2019autoroute pendant plus d\u2019une heure pour assurer ma s\u00e9curit\u00e9 pendant que les secours \u00e9taient en route.\u202f\u00bb&nbsp;<\/h5>\n\n\n\n<p><em>\u2014 Diane (Colombie-Britannique)<\/em>&nbsp;<\/p>\n\n\n\n<h5 class=\"wp-block-heading\">\u00ab\u202fMon \u00e9poux souffrait de probl\u00e8mes de d\u00e9pression. Une femme qui \u00e9tait venue \u00e0 la maison pour une question concernant le travail s\u2019inqui\u00e9tait de lui et a donc appel\u00e9 la GRC. Un gendarme a t\u00e9l\u00e9phon\u00e9 \u00e0 notre maison quelques minutes apr\u00e8s le d\u00e9part de cette derni\u00e8re pour faire un suivi et s\u2019assurer que mon \u00e9poux allait bien. La femme ne s\u2019\u00e9tait pas rendu compte que j\u2019\u00e9tais \u00e0 la maison et que je prenais soin de mon \u00e9poux. J\u2019\u00e9tais tellement reconnaissante de la pr\u00e9occupation de la femme, mais aussi de celle de l\u2019agent. Je suis rassur\u00e9e de savoir que, si je n\u2019avais pas \u00e9t\u00e9 \u00e0 la maison, il y a des agents de la GRC au sein de la collectivit\u00e9 qui se soucient de nous.\u202f\u00bb&nbsp;<\/h5>\n\n\n\n<p><em>\u2014 Deanna (Colombie-Britannique)<\/em>&nbsp;<\/p>\n\n\n\n<div class=\"wp-block-media-text is-stacked-on-mobile\"><figure class=\"wp-block-media-text__media\"><img decoding=\"async\" width=\"1024\" height=\"623\" src=\"https:\/\/npf-fpn.com\/app\/uploads\/2025\/05\/Blake-Chursinoff-2-1-1024x623.jpg\" alt=\"\" class=\"wp-image-59287 size-full\" srcset=\"https:\/\/npf-fpn.com\/app\/uploads\/2025\/05\/Blake-Chursinoff-2-1-1024x623.jpg 1024w, https:\/\/npf-fpn.com\/app\/uploads\/2025\/05\/Blake-Chursinoff-2-1-300x183.jpg 300w, https:\/\/npf-fpn.com\/app\/uploads\/2025\/05\/Blake-Chursinoff-2-1-768x467.jpg 768w, https:\/\/npf-fpn.com\/app\/uploads\/2025\/05\/Blake-Chursinoff-2-1-1536x935.jpg 1536w, https:\/\/npf-fpn.com\/app\/uploads\/2025\/05\/Blake-Chursinoff-2-1-329x200.jpg 329w, https:\/\/npf-fpn.com\/app\/uploads\/2025\/05\/Blake-Chursinoff-2-1-600x365.jpg 600w, https:\/\/npf-fpn.com\/app\/uploads\/2025\/05\/Blake-Chursinoff-2-1.jpg 1950w\" sizes=\"(max-width: 1024px) 100vw, 1024px\" \/><\/figure><div class=\"wp-block-media-text__content\">\n<h2 class=\"wp-block-heading\">Les membres se surpassent pour r\u00e9pondre \u00e0 nos appels \u00e0 l&#8217;aide<\/h2>\n<\/div><\/div>\n\n\n\n<div style=\"height:25px\" aria-hidden=\"true\" class=\"wp-block-spacer\"><\/div>\n\n\n\n<h5 class=\"wp-block-heading\">\u00ab\u202fVoici une lettre que j\u2019ai \u00e9crite au caporal Jason\u202fRaaflaub du d\u00e9tachement de Mission, en Colombie-Britannique, au sujet des agents qui ont pris part aux recherches pour retrouver mon \u00e9poux disparu. Mon \u00e9poux avait subi une blessure \u00e0 la t\u00eate et avait quitt\u00e9 l\u2019h\u00f4pital \u00e0 pied durant la nuit. Malheureusement, l\u2019h\u00f4pital n\u2019a communiqu\u00e9 ni avec moi ni avec la GRC pour signaler sa disparition, et il s\u2019est noy\u00e9 dans un \u00e9tang de 12\u202fpieds de profond.&nbsp;<\/h5>\n\n\n\n<h5 class=\"wp-block-heading\">M\u00eame si ce f\u00fbt une journ\u00e9e bouleversante et horrible, j\u2019ai \u00e9t\u00e9 tr\u00e8s impressionn\u00e9e par mes agents (comme je les appelle) en raison de leur d\u00e9vouement professionnel \u00e0 la t\u00e2che et de leur gentillesse \u00e0 mon \u00e9gard ce jour-l\u00e0. Je sais que c\u2019\u00e9tait du quotidien pour eux, mais pour moi, c\u2019\u00e9tait la plus grande trag\u00e9die de ma vie, et la seule chose \u00e0 laquelle je pouvais me raccrocher ce jour-l\u00e0 \u00e9tait leur gentillesse. C\u2019est pour cette raison que je les garderai toujours dans mon c\u0153ur. Voici la lettre que j\u2019ai \u00e9crite \u00e0 leur caporal pour souligner le travail de mes agents\u202f:&nbsp;<\/h5>\n\n\n\n<h5 class=\"wp-block-heading\">\u00c0 tous les membres de la GRC en service qui prenaient part aux recherches pour retrouver [mon \u00e9poux]. Je vous suis profond\u00e9ment reconnaissante de votre travail acharn\u00e9 et de votre d\u00e9vouement pour retrouver mon \u00e9poux\u2026 je sais d\u2019exp\u00e9rience que, bien souvent, vous faites des t\u00e2ches ingrates et rencontrez des gens irrespectueux. Vous ne vous rendez peut-\u00eatre pas compte qu\u2019il y a bien d\u2019autres amis et partisans qui saluent votre travail, mais nous sommes l\u00e0.&nbsp;<\/h5>\n\n\n\n<h5 class=\"wp-block-heading\">Vous \u00eates les h\u00e9ros, les braves et les courageux. C\u2019est vous qui g\u00e9rez les choses de la vie dont personne d\u2019entre nous ne veut s\u2019occuper\u2026 comme sortir un corps d\u2019un \u00e9tang ou annoncer \u00e0 quelqu\u2019un que le corps retrouv\u00e9 dans cet \u00e9tang est celui de l\u2019\u00eatre cher. Personne ne veut faire ces choses, mais vous les avez faites et vous les avez faites pour moi.&nbsp;&nbsp;<\/h5>\n\n\n\n<h5 class=\"wp-block-heading\">Le gendarme Rob\u202fScott, avec son soutien bienveillant et compatissant, ainsi que le gendarme Shawn\u202fCrampton, m\u2019ont r\u00e9confort\u00e9e tout au long de cette longue journ\u00e9e sombre. Ils ont fait preuve d\u2019un savoir-faire exceptionnel dans leur fa\u00e7on de m\u2019amener \u00e0 comprendre que nous connaissions tous l\u2019issue in\u00e9vitable, et ce, une \u00e9tape \u00e0 la fois. Chaque \u00e9tape a \u00e9t\u00e9 suivie avec classe et dignit\u00e9. Pour toutes ces choses, je vous remercie.&nbsp;<\/h5>\n\n\n\n<h5 class=\"wp-block-heading\">J\u2019esp\u00e8re sinc\u00e8rement que vous resterez toujours en s\u00e9curit\u00e9 et que vous r\u00e9alisez \u00e0 quel point vous \u00eates appr\u00e9ci\u00e9s.\u202f\u00bb&nbsp;<\/h5>\n\n\n\n<p>&nbsp;<em>\u2014 Joanie (Colombie-Britannique)<\/em>&nbsp;<\/p>\n\n\n\n<h5 class=\"wp-block-heading\">\u00ab\u202fIl y a de nombreuses ann\u00e9es, [ma famille a \u00e9t\u00e9] transf\u00e9r\u00e9e de Portage la Prairie \u00e0 Ottawa. Mon \u00e9poux est parti en premier. Je suis rest\u00e9e pour vendre la maison, superviser l\u2019emballage, nettoyer la maison vide et trouver un trajet jusqu\u2019\u00e0 Winnipeg pour prendre l\u2019avion\u202f\u2014\u202favec un enfant de deux ans et un nouveau-n\u00e9!&nbsp;<\/h5>\n\n\n\n<h5 class=\"wp-block-heading\">Dans l\u2019avion, il y avait un monsieur du c\u00f4t\u00e9 de la fen\u00eatre. Mon fils \u00e9tait assis entre nous, et je tenais ma fille dans mes bras. Cet homme \u00e9tait incroyable\u202f: il a diverti mon fils, il l\u2019a laiss\u00e9 regarder par le hublot, il s\u2019est occup\u00e9 du sac \u00e0 vomi (!) et il a tenu mon b\u00e9b\u00e9 pendant que je nourrissais mon fils.&nbsp;<\/h5>\n\n\n\n<h5 class=\"wp-block-heading\">Il s\u2019est av\u00e9r\u00e9 qu\u2019il \u00e9tait un membre de la GRC et qu\u2019il connaissait mes fr\u00e8res (ils sont tous deux des membres retrait\u00e9s de la GRC). Je ne suis pas certaine que j\u2019aurais pu supporter ce vol sans l\u2019aide de ce membre en service. C\u2019\u00e9tait une personne extraordinaire. Je me souviendrai toujours de sa gentillesse.\u202f\u00bb&nbsp;<\/h5>\n\n\n\n<p><em>\u2014 Patricia (en vol entre le Manitoba et l\u2019Ontario)<\/em>&nbsp;<\/p>\n\n\n\n<h2 class=\"wp-block-heading\">Inspirer la prochaine g\u00e9n\u00e9ration&nbsp;<\/h2>\n\n\n\n<p>De nombreux Canadiens sont impr\u00e9gn\u00e9s des souvenirs d\u2019exp\u00e9riences v\u00e9cues avec la GRC qui ont fa\u00e7onn\u00e9 leur vie et, dans certains cas, inspir\u00e9 une carri\u00e8re dans le domaine de l\u2019application de la loi.&nbsp;<\/p>\n\n\n\n<h5 class=\"wp-block-heading\">\u00ab\u202fJe m&#8217;appelle Micky Langleben et je viens de Moncton, au Nouveau-Brunswick.<\/h5>\n\n\n\n<h5 class=\"wp-block-heading\">Au cours de ma candidature \u00e0 la GRC en 2023, j&#8217;ai eu la chance de faire des patrouilles avec un agent de la GRC communautaire, le gendarme Nick Angeli-Grou, \u00e0 Moncton, au Nouveau-Brunswick. Il a compl\u00e8tement chang\u00e9 ma vision du travail policier, et par extension, ma propre vie. J&#8217;\u00e9tais enthousiaste \u00e0 l&#8217;id\u00e9e de rejoindre la GRC, mais apr\u00e8s avoir \u00e9t\u00e9 ajourn\u00e9 dans le processus, je me suis senti d\u00e9courag\u00e9 et incertain quant \u00e0 la suite.<\/h5>\n\n\n\n<h5 class=\"wp-block-heading\">C&#8217;est \u00e0 ce moment-l\u00e0 que ce gendarme est intervenu, non seulement comme mentor, mais aussi comme source constante de soutien et de motivation. Il m\u2019a rappel\u00e9 que les obstacles font partie du chemin et m\u2019a encourag\u00e9 \u00e0 ne pas abandonner. Ses conseils et la confiance qu\u2019il avait en moi ont jou\u00e9 un r\u00f4le \u00e9norme dans ma d\u00e9cision d\u2019aller au coll\u00e8ge et de poursuivre ma route vers mon objectif de devenir policier.<\/h5>\n\n\n\n<h5 class=\"wp-block-heading\">Pendant ces patrouilles, j\u2019ai pu voir de mes propres yeux ce qu\u2019est r\u00e9ellement la police communautaire. Nous avons visit\u00e9 des \u00e9coles interm\u00e9diaires locales et donn\u00e9 des pr\u00e9sentations aux \u00e9l\u00e8ves. Le voir interagir avec les jeunes, r\u00e9pondre \u00e0 leurs questions et tisser des liens positifs avec la communaut\u00e9 m\u2019a profond\u00e9ment marqu\u00e9. Il faisait preuve de patience, de respect et de sinc\u00e9rit\u00e9, et il se soucie encore aujourd\u2019hui des gens qu\u2019il sert.<\/h5>\n\n\n\n<div class=\"wp-block-media-text is-stacked-on-mobile\" style=\"grid-template-columns:38% auto\"><figure class=\"wp-block-media-text__media\"><img decoding=\"async\" width=\"768\" height=\"1024\" src=\"https:\/\/npf-fpn.com\/app\/uploads\/2025\/05\/Michal-768x1024.jpeg\" alt=\"\" class=\"wp-image-59521 size-full\" srcset=\"https:\/\/npf-fpn.com\/app\/uploads\/2025\/05\/Michal-768x1024.jpeg 768w, https:\/\/npf-fpn.com\/app\/uploads\/2025\/05\/Michal-225x300.jpeg 225w, https:\/\/npf-fpn.com\/app\/uploads\/2025\/05\/Michal-1152x1536.jpeg 1152w, https:\/\/npf-fpn.com\/app\/uploads\/2025\/05\/Michal-150x200.jpeg 150w, https:\/\/npf-fpn.com\/app\/uploads\/2025\/05\/Michal-600x800.jpeg 600w, https:\/\/npf-fpn.com\/app\/uploads\/2025\/05\/Michal.jpeg 1200w\" sizes=\"(max-width: 768px) 100vw, 768px\" \/><\/figure><div class=\"wp-block-media-text__content\">\n<h2 class=\"wp-block-heading\">Michal (\u00e0 droite) et Cst. Nick (\u00e0 gauche) devant un panneau de la police communautaire de Codiac<\/h2>\n<\/div><\/div>\n\n\n\n<p><\/p>\n\n\n\n<h5 class=\"wp-block-heading\">Tout au long de mes \u00e9tudes, il a continu\u00e9 \u00e0 \u00eatre l\u00e0 pour moi, toujours disponible pour r\u00e9pondre \u00e0 mes questions, m\u2019offrir des conseils et m\u2019encourager. Ce n\u2019est pas seulement un excellent policier, c\u2019est aussi un formidable enseignant et mentor. Gr\u00e2ce \u00e0 son influence, je suis rest\u00e9 concentr\u00e9, j\u2019ai surmont\u00e9 les moments difficiles et je n\u2019ai jamais perdu de vue mon r\u00eave.<\/h5>\n\n\n\n<h5 class=\"wp-block-heading\">Il a \u00e9t\u00e9 la plus grande source d\u2019inspiration de mon parcours, et nous avons besoin de plus d\u2019agents comme lui, des agents qui montrent l\u2019exemple, qui ont \u00e0 c\u0153ur leur communaut\u00e9 et qui prennent le temps d\u2019appuyer la prochaine g\u00e9n\u00e9ration. \u00bb<\/h5>\n\n\n\n<p><em>&#8211; Michal (Nouveau-Brunswick)&nbsp;<\/em><\/p>\n\n\n\n<h5 class=\"wp-block-heading\">\u00ab\u202fQuand j\u2019\u00e9tais \u00e0 l\u2019\u00e9cole secondaire, je fl\u00e2nais avec des amis qui causaient toujours des probl\u00e8mes et qui se disputaient avec de jeunes inconnus de notre \u00e2ge. Et bien s\u00fbr, lorsqu\u2019on tra\u00eene avec ces personnes, on finit par \u00eatre impliqu\u00e9 aussi, et on peut subir des blessures.&nbsp;<\/h5>\n\n\n\n<h5 class=\"wp-block-heading\">Un jour, j\u2019\u00e9tais avec eux \u00e0 l\u2019heure du d\u00eener, puis nous avons \u00e9t\u00e9 attaqu\u00e9s par un gar\u00e7on que nous ne connaissions pas et asperg\u00e9s de poivre au visage. C\u2019est \u00e0 ce moment-l\u00e0 que des agents de la GRC sont intervenus et nous ont aid\u00e9s. Par la suite, un des agents a assur\u00e9 mon retour \u00e0 la maison et, en route, il m\u2019a racont\u00e9 des histoires et m\u2019a appris ce qui est bien et ce qui ne l\u2019est pas.&nbsp;<\/h5>\n\n\n\n<h5 class=\"wp-block-heading\">Cet agent a eu une influence sur moi, et j\u2019ai eu envie de me joindre \u00e0 la GRC gr\u00e2ce \u00e0 ses encouragements. Il m\u2019a donn\u00e9 la motivation de faire carri\u00e8re dans le domaine de l\u2019application de la loi. J\u2019attends actuellement que ma demande soit trait\u00e9e et je me pr\u00e9pare pour la division\u202fD\u00e9p\u00f4t.&nbsp;<\/h5>\n\n\n\n<h5 class=\"wp-block-heading\">J\u2019aurai toujours de la reconnaissance envers cet agent et tous les autres agents de la GRC qui m\u2019ont apport\u00e9 de l\u2019aide dans le pass\u00e9. Je les remercie \u00e9galement de nous prot\u00e9ger, et j\u2019ai h\u00e2te de faire partie de cette famille\u202f\u2014\u202fl\u2019un des plus grands organismes d\u2019application de la loi qui assurent la s\u00e9curit\u00e9 de tous les Canadiens.\u202f\u00bb&nbsp;<\/h5>\n\n\n\n<p><em>&nbsp;\u2014 Soumis de fa\u00e7on anonyme (Colombie-Britannique)<\/em>&nbsp;<\/p>\n\n\n\n<div class=\"wp-block-media-text has-media-on-the-right is-stacked-on-mobile\"><div class=\"wp-block-media-text__content\">\n<h2 class=\"wp-block-heading\">Un membre de la GRC inspirant un jeune (GRC Manitoba, 2019)<\/h2>\n<\/div><figure class=\"wp-block-media-text__media\"><img decoding=\"async\" width=\"1000\" height=\"739\" src=\"https:\/\/npf-fpn.com\/app\/uploads\/2025\/05\/image-12.png\" alt=\"\" class=\"wp-image-59285 size-full\" srcset=\"https:\/\/npf-fpn.com\/app\/uploads\/2025\/05\/image-12.png 1000w, https:\/\/npf-fpn.com\/app\/uploads\/2025\/05\/image-12-300x222.png 300w, https:\/\/npf-fpn.com\/app\/uploads\/2025\/05\/image-12-768x568.png 768w, https:\/\/npf-fpn.com\/app\/uploads\/2025\/05\/image-12-271x200.png 271w, https:\/\/npf-fpn.com\/app\/uploads\/2025\/05\/image-12-600x443.png 600w\" sizes=\"(max-width: 1000px) 100vw, 1000px\" \/><\/figure><\/div>\n\n\n\n<div style=\"height:25px\" aria-hidden=\"true\" class=\"wp-block-spacer\"><\/div>\n\n\n\n<h5 class=\"wp-block-heading\">\u00ab\u202fLors d\u2019une rencontre communautaire, j\u2019ai eu l\u2019occasion de discuter avec un gendarme qui m\u2019a expliqu\u00e9 en d\u00e9tail son m\u00e9tier et les d\u00e9fis qu\u2019il rencontre au quotidien. Cet \u00e9change m\u2019a permis de mieux comprendre le r\u00f4le des gendarmes et les diff\u00e9rentes t\u00e2ches qu\u2019ils accomplissent. Cela m\u2019a tellement inspir\u00e9 que j\u2019ai maintenant le go\u00fbt de faire ce m\u00e9tier.\u202f\u00bb&nbsp;<\/h5>\n\n\n\n<p><em>&nbsp;\u2014 Soumis de fa\u00e7on anonyme (Qu\u00e9bec)<\/em>&nbsp;<\/p>\n\n\n\n<h5 class=\"wp-block-heading\">\u00ab\u202fJ\u2019\u00e9tais \u00e0 une activit\u00e9 de recrutement lorsque j\u2019ai eu l\u2019occasion de parler avec un membre de l\u2019\u00e9quipe de recrutement de la Division\u202fO. Cet agent \u00e9tait plus que gentil et professionnel et, m\u00eame si j\u2019ai manifest\u00e9 de l\u2019int\u00e9r\u00eat pour un service de police diff\u00e9rent, il ne m\u2019a pas tourn\u00e9 le dos et m\u2019a donn\u00e9 des conseils incroyables sur la fa\u00e7on de me pr\u00e9parer \u00e0 une carri\u00e8re dans les services policiers et les meilleurs conseils pour pr\u00e9senter une demande. Cet agent a fait preuve d\u2019un service exemplaire envers sa collectivit\u00e9, et je suis heureux de savoir que quelqu\u2019un comme lui assure la s\u00e9curit\u00e9 du Canada.\u202f\u00bb&nbsp;<\/h5>\n\n\n\n<p><em>\u2014 Evan (Ontario)<\/em>&nbsp;<\/p>\n\n\n\n<h5 class=\"wp-block-heading\">\u00ab\u202fJ\u2019ai ador\u00e9 la formation par les membres de la GRC au [programme d\u2019exp\u00e9rience pr\u00e9cadet diversifi\u00e9 et inclusif] \u00e0 Regina. La personne qui m\u2019a le plus inspir\u00e9e est d\u00e9finitivement le Superintendent Darryl\u202fDawkins. Les interactions que j\u2019ai eues avec lui m\u2019ont inspir\u00e9 confiance, respect et altruisme. Je vais toujours me souvenir de son \u00e9nergie chaleureuse et rassembleuse.\u202f\u00bb&nbsp;<\/h5>\n\n\n\n<p><em>\u2014 Anonyme (Saskatchewan)<\/em>&nbsp;<\/p>\n\n\n\n<h2 class=\"wp-block-heading\">Moments de fiert\u00e9 et souvenirs imp\u00e9rissables&nbsp;&nbsp;<\/h2>\n\n\n\n<p>Que ce soit en participant \u00e0 un \u00e9v\u00e9nement public, en travaillant aux c\u00f4t\u00e9s d\u2019\u00e9quipes de recherche ou simplement en \u00e9tant pr\u00e9sents dans la collectivit\u00e9, les membres de la GRC continuent de laisser une impression positive sur les gens partout au pays.&nbsp;<\/p>\n\n\n\n<h5 class=\"wp-block-heading\">\u00ab\u202fAyant assist\u00e9 \u00e0 diverses activit\u00e9s protocolaires, je rencontre toujours les membres de la GRC en tunique rouge. Leur pr\u00e9sence \u00e0 ces activit\u00e9s m\u2019a toujours rendu fier d\u2019\u00eatre Canadien, de voir la force polici\u00e8re nationale. En plus d\u2019assister au Carrousel \u00e0 l\u2019Exposition nationale canadienne. Merci d\u2019appuyer nos collectivit\u00e9s!\u202f\u00bb&nbsp;<\/h5>\n\n\n\n<p><em>&nbsp;\u2014 Gerald (Ontario)<\/em>&nbsp;<\/p>\n\n\n\n<div class=\"wp-block-media-text is-stacked-on-mobile\"><figure class=\"wp-block-media-text__media\"><img decoding=\"async\" width=\"680\" height=\"453\" src=\"https:\/\/npf-fpn.com\/app\/uploads\/2025\/05\/image-4.png\" alt=\"\" class=\"wp-image-59283 size-full\" srcset=\"https:\/\/npf-fpn.com\/app\/uploads\/2025\/05\/image-4.png 680w, https:\/\/npf-fpn.com\/app\/uploads\/2025\/05\/image-4-300x200.png 300w, https:\/\/npf-fpn.com\/app\/uploads\/2025\/05\/image-4-600x400.png 600w\" sizes=\"(max-width: 680px) 100vw, 680px\" \/><\/figure><div class=\"wp-block-media-text__content\">\n<h2 class=\"wp-block-heading\">Peu de choses sont aussi embl\u00e9matiques qu&#8217;un membre en tunique rouge<\/h2>\n<\/div><\/div>\n\n\n\n<div style=\"height:25px\" aria-hidden=\"true\" class=\"wp-block-spacer\"><\/div>\n\n\n\n<h5 class=\"wp-block-heading\">\u00ab\u202fJ\u2019\u00e9tais membre de l\u2019\u00c9quipe de recherche et de sauvetage de Bay of Islands, ici \u00e0 [Terre-Neuve]. J\u2019ai rencontr\u00e9 de nombreux membres de la GRC et de la Force constabulaire royale de Terre-Neuve et j\u2019ai travaill\u00e9 \u00e0 leurs c\u00f4t\u00e9s, les aidant \u00e0 chercher des personnes perdues. Ce fut une exp\u00e9rience merveilleuse que de ramener les personnes perdues aupr\u00e8s de leur famille. Les policiers \u00e9taient tr\u00e8s reconnaissants du soutien des b\u00e9n\u00e9voles qui ont contribu\u00e9 \u00e0 leurs efforts acharn\u00e9s en ces moments difficiles. Merci de votre service et de votre loyaut\u00e9 envers l\u2019humanit\u00e9.\u202f\u00bb&nbsp;<\/h5>\n\n\n\n<p><em>&nbsp;\u2014 Edward (Terre-Neuve)<\/em>&nbsp;<\/p>\n\n\n\n<h5 class=\"wp-block-heading\">\u00ab\u202fQuand j\u2019\u00e9tais jeune et que je fr\u00e9quentais encore l\u2019\u00e9cole secondaire, il y avait un jeune agent de la GRC qui \u00e9tait affect\u00e9 \u00e0 notre petite ville. Il est devenu un bon ami de la famille et s\u2019arr\u00eatait souvent \u00e0 notre ferme, parfois m\u00eame lorsqu\u2019il \u00e9tait en service. Il m\u2019emmenait souvent faire des randonn\u00e9es et p\u00eacher. Et il m\u2019a m\u00eame appris la bonne fa\u00e7on d\u2019utiliser une arme de poing. J\u2019avais l\u2019impression d\u2019\u00eatre au sommet du monde chaque fois qu\u2019il venait. J\u2019ai appris, sans qu\u2019on en parle vraiment, \u00e0 avoir un grand respect pour le service de police.&nbsp;<\/h5>\n\n\n\n<h5 class=\"wp-block-heading\">Malheureusement, il est d\u00e9c\u00e9d\u00e9 quelques ann\u00e9es plus tard pendant qu\u2019il \u00e9tait en service. Il a \u00e9t\u00e9 tu\u00e9 dans un \u00e9crasement d\u2019h\u00e9licopt\u00e8re. Je pense souvent \u00e0 lui et j\u2019attache beaucoup d\u2019importance au fait qu\u2019il m\u2019a appris \u00e0 respecter ceux qui servent le public comme le font les policiers.\u202f\u00bb&nbsp;<\/h5>\n\n\n\n<div class=\"wp-block-media-text has-media-on-the-right is-stacked-on-mobile\" style=\"grid-template-columns:auto 45%\"><div class=\"wp-block-media-text__content\">\n<h2 class=\"wp-block-heading\">Le caporal Francis Eugene Jones, dont on se souvient affectueusement sous le nom de \u00ab Frank \u00bb<\/h2>\n<\/div><figure class=\"wp-block-media-text__media\"><img decoding=\"async\" width=\"969\" height=\"1024\" src=\"https:\/\/npf-fpn.com\/app\/uploads\/2025\/05\/Cpl.-Francis-Eugene-Jones-1-969x1024.jpg\" alt=\"\" class=\"wp-image-59281 size-full\" srcset=\"https:\/\/npf-fpn.com\/app\/uploads\/2025\/05\/Cpl.-Francis-Eugene-Jones-1-969x1024.jpg 969w, https:\/\/npf-fpn.com\/app\/uploads\/2025\/05\/Cpl.-Francis-Eugene-Jones-1-284x300.jpg 284w, https:\/\/npf-fpn.com\/app\/uploads\/2025\/05\/Cpl.-Francis-Eugene-Jones-1-768x812.jpg 768w, https:\/\/npf-fpn.com\/app\/uploads\/2025\/05\/Cpl.-Francis-Eugene-Jones-1-1453x1536.jpg 1453w, https:\/\/npf-fpn.com\/app\/uploads\/2025\/05\/Cpl.-Francis-Eugene-Jones-1-189x200.jpg 189w, https:\/\/npf-fpn.com\/app\/uploads\/2025\/05\/Cpl.-Francis-Eugene-Jones-1-600x634.jpg 600w, https:\/\/npf-fpn.com\/app\/uploads\/2025\/05\/Cpl.-Francis-Eugene-Jones-1.jpg 1485w\" sizes=\"(max-width: 969px) 100vw, 969px\" \/><\/figure><\/div>\n\n\n\n<p><em>&nbsp;\u2014 Don (nord de la Colombie-Britannique)<\/em>&nbsp;<\/p>\n\n\n\n<h5 class=\"wp-block-heading\">\u00ab\u202fDe nos jours, les besoins li\u00e9s aux services de police et \u00e0 la s\u00e9curit\u00e9 publique semblent augmenter de fa\u00e7on exponentielle. M\u00eame si je fais partie de la majorit\u00e9 chanceuse qui n\u2019a jamais vraiment eu \u00e0 faire appel aux services des membres de la GRC, je suis tr\u00e8s reconnaissant du travail qu\u2019ils accomplissent. J\u2019ai \u00e9t\u00e9 t\u00e9moin et j\u2019ai entendu parler de tant d\u2019actes d\u2019altruisme, et je remercie sinc\u00e8rement les hommes et les femmes qui font preuve de courage en choisissant d\u2019entreprendre cette carri\u00e8re extr\u00eamement difficile. Il faut une personne tr\u00e8s sp\u00e9ciale pour endurer les critiques et le stress constants qui p\u00e8sent sur sa propre vie afin d\u2019am\u00e9liorer les collectivit\u00e9s dans lesquelles nous vivons. Merci pour tout ce que vous faites!\u202f\u00bb&nbsp;<\/h5>\n\n\n\n<p>&nbsp;<em>\u2014 Mike (Colombie-Britannique)<\/em>&nbsp;<\/p>\n\n\n\n<div style=\"height:25px\" aria-hidden=\"true\" class=\"wp-block-spacer\"><\/div>\n\n\n\n<h5 class=\"wp-block-heading\">\u00ab\u202fJ\u2019ai beaucoup de chance d\u2019avoir plusieurs amis proches retrait\u00e9s de la GRC. Malheureusement, le grand public oublie que ces gens ont des familles, des passe-temps et des amis en dehors du travail, comme nous tous. Ces excellents agents sont \u00e9galement des ambassadeurs communautaires fantastiques qui collaborent avec des organismes de bienfaisance locaux, comme je l\u2019ai fait au fil des ans, et c\u2019est pourquoi j\u2019ai un si grand respect pour les agents actuels et retrait\u00e9s de la GRC.\u202f\u00bb&nbsp;<\/h5>\n\n\n\n<p><em>\u2014 Brian (Colombie-Britannique)<\/em>&nbsp;<\/p>\n\n\n\n<h5 class=\"wp-block-heading\">\u00ab\u202fLe jeudi\u202f22\u202fmai\u202f2014\u2026 quelle soir\u00e9e passionnante ce fut! Je me suis sentie comme une enfant qui attendait impatiemment ses cadeaux la veille de No\u00ebl. Mes parents ont fait la rencontre du gendarme Steve\u202fC\u00f4t\u00e9 pendant leur promenade du soir alors que celui-ci travaillait \u00e0 Berwick, en Nouvelle-\u00c9cosse, et je l\u2019ai rencontr\u00e9 par leur entremise.&nbsp;<\/h5>\n\n\n\n<h5 class=\"wp-block-heading\">\u00c0 un moment donn\u00e9, je lui ai montr\u00e9 mon mod\u00e8le r\u00e9duit de voiture de la GRC et il m\u2019a dit qu\u2019il lui plaisait vraiment. Je lui ai dit qu\u2019il pourrait l\u2019avoir s\u2019il amenait sa voiture de patrouille pour que je puisse voir \u00e0 l\u2019int\u00e9rieur. Il m\u2019a dit qu\u2019il pouvait faire mieux que cela \u2013\u202fil me ferait faire le tour complet de la voiture et me montrerait comment utiliser l\u2019\u00e9quipement d\u2019urgence.&nbsp;<\/h5>\n\n\n\n<h5 class=\"wp-block-heading\">Quelle surprise! J\u2019ai toujours pens\u00e9 que ce serait amusant, mais je n\u2019ai jamais cru que l\u2019occasion se pr\u00e9senterait.&nbsp;<\/h5>\n\n\n\n<h5 class=\"wp-block-heading\">Apr\u00e8s avoir pris des photos de la voiture de patrouille avec ma famille pendant une dizaine de minutes, je me suis assise du c\u00f4t\u00e9 passager, j\u2019ai allum\u00e9 les lumi\u00e8res sur le toit et j\u2019ai fait hurler les sir\u00e8nes! Il m\u2019a fait voir la carte GPS sur l\u2019ordinateur, avec la petite voiture qui montre son emplacement et l\u2019endroit o\u00f9 on a besoin de lui.&nbsp;<\/h5>\n\n\n\n<h5 class=\"wp-block-heading\">Il m\u2019a montr\u00e9 le pistolet radar et son fonctionnement, l\u2019imprimante pour les contraventions et le haut-parleur. J\u2019ai pu voir son herse et d\u2019autres \u00e9quipements d\u2019urgence, et il m\u2019a expliqu\u00e9 leur fonctionnement.&nbsp;<\/h5>\n\n\n\n<h5 class=\"wp-block-heading\">Puis il m\u2019a montr\u00e9 les lumi\u00e8res et les boutons de sir\u00e8ne et m\u2019a expliqu\u00e9 les diff\u00e9rents motifs de lumi\u00e8re. J\u2019ai \u00e9t\u00e9 surprise par le nombre de motifs de lumi\u00e8re et de sons de sir\u00e8ne. C\u2019\u00e9tait aussi tr\u00e8s int\u00e9ressant d\u2019\u00e9couter les r\u00e9partiteurs \u00e0 la radio.&nbsp;<\/h5>\n\n\n\n<h5 class=\"wp-block-heading\">Depuis, Steve a d\u00e9m\u00e9nag\u00e9 et a gravi les \u00e9chelons jusqu\u2019au grade de sergent \u00e0 Ottawa. Il vient encore prendre un th\u00e9 avec mes parents et moi de temps \u00e0 autre lorsqu\u2019il est de passage en Nouvelle-\u00c9cosse pour rendre visite \u00e0 ses amis policiers.&nbsp;<\/h5>\n\n\n\n<h5 class=\"wp-block-heading\">Merci, Steve. C\u2019\u00e9tait une soir\u00e9e inoubliable!\u202f\u00bb<\/h5>\n\n\n\n<p><em>\u2014 Cyndi (Nouvelle-\u00c9cosse)<\/em>&nbsp;<\/p>\n\n\n\n<div class=\"wp-block-media-text is-stacked-on-mobile\"><figure class=\"wp-block-media-text__media\"><img decoding=\"async\" width=\"1024\" height=\"683\" src=\"https:\/\/npf-fpn.com\/app\/uploads\/2025\/05\/Police-Car-May-22-2014-2-1024x683.jpg\" alt=\"\" class=\"wp-image-59277 size-full\" srcset=\"https:\/\/npf-fpn.com\/app\/uploads\/2025\/05\/Police-Car-May-22-2014-2-1024x683.jpg 1024w, https:\/\/npf-fpn.com\/app\/uploads\/2025\/05\/Police-Car-May-22-2014-2-300x200.jpg 300w, https:\/\/npf-fpn.com\/app\/uploads\/2025\/05\/Police-Car-May-22-2014-2-768x512.jpg 768w, https:\/\/npf-fpn.com\/app\/uploads\/2025\/05\/Police-Car-May-22-2014-2-1536x1024.jpg 1536w, https:\/\/npf-fpn.com\/app\/uploads\/2025\/05\/Police-Car-May-22-2014-2-2048x1365.jpg 2048w, https:\/\/npf-fpn.com\/app\/uploads\/2025\/05\/Police-Car-May-22-2014-2-600x400.jpg 600w\" sizes=\"(max-width: 1024px) 100vw, 1024px\" \/><\/figure><div class=\"wp-block-media-text__content\">\n<h2 class=\"wp-block-heading\">Cyndi et Cst. Steve dans sa voiture de police le 22 mai 2014<\/h2>\n<\/div><\/div>\n\n\n\n<div style=\"height:25px\" aria-hidden=\"true\" class=\"wp-block-spacer\"><\/div>\n\n\n\n<h2 class=\"wp-block-heading\">Des h\u00e9ros de tous les jours, une incidence durable&nbsp;<\/h2>\n\n\n\n<p>Ce ne sont l\u00e0 que quelques-unes des histoires que les Canadiens nous ont racont\u00e9es, chacune t\u00e9moignant du courage, de la gentillesse et de l\u2019engagement des membres de la GRC qui servent nos collectivit\u00e9s partout au pays.&nbsp;<\/p>\n\n\n\n<p>La Semaine nationale de la police est plus qu\u2019une p\u00e9riode de reconnaissance\u202f\u2014\u202fc\u2019est le moment de r\u00e9fl\u00e9chir aux contributions invisibles, aux vies chang\u00e9es et aux gens qui se cachent derri\u00e8re l\u2019insigne. \u00c0 tous les membres de la GRC\u202f: merci pour votre service, votre d\u00e9vouement et votre humanit\u00e9.&nbsp;<\/p>\n\n\n\n<p><strong>Ce blogue a \u00e9t\u00e9 cr\u00e9\u00e9 pour c\u00e9l\u00e9brer la Semaine nationale de la police 2025<\/strong>&nbsp;<\/p>\n\n\n\n<p>La Semaine nationale de la police a lieu en mai de chaque ann\u00e9e et donne l\u2019occasion aux Canadiens de se r\u00e9unir pour souligner le d\u00e9vouement des personnes qui travaillent sans rel\u00e2che pour assurer la s\u00e9curit\u00e9 de nos collectivit\u00e9s. C\u2019est l\u2019occasion de mettre en valeur les gens qui se cachent derri\u00e8re l\u2019insigne\u202f\u2014\u202fleur compassion, leur r\u00e9silience et leur service\u202f\u2014\u202fet de les remercier du fond du c\u0153ur.&nbsp;&nbsp;<\/p>\n\n\n\n<p>Cette ann\u00e9e, nous sommes fiers de vous pr\u00e9senter des t\u00e9moignages v\u00e9ridiques de Canadiens d\u2019un bout \u00e0 l\u2019autre du pays qui ont \u00e9t\u00e9 personnellement touch\u00e9s par les actions des membres de la GRC.&nbsp;<\/p>\n\n\n\n<p><em>Avez-vous une histoire \u00e0 raconter au sujet d\u2019un membre de la GRC qui a chang\u00e9 le cours des choses dans votre vie? Envoyez-nous un courriel \u00e0 l\u2019adresse<\/em> <a href=\"mailto:communications@npf-fpn.com\" target=\"_blank\" rel=\"noreferrer noopener\"><em>communications@npf-fpn.com<\/em><\/a>.<em> Nous serions ravis de conna\u00eetre votre histoire!<\/em><\/p>\n","protected":false},"featured_media":59294,"parent":0,"menu_order":0,"template":"","impact_topic":[105],"class_list":["post-59268","the_locker","type-the_locker","status-publish","has-post-thumbnail","hentry","impact_topic-communaute"],"acf":[],"yoast_head":"<!-- This site is optimized with the Yoast SEO plugin v27.4 - https:\/\/yoast.com\/product\/yoast-seo-wordpress\/ -->\n<title>En reconnaissance\u202f: des Canadiens racontent leur histoire avec la GRC - NPF-FPN<\/title>\n<meta name=\"robots\" content=\"index, follow, max-snippet:-1, max-image-preview:large, max-video-preview:-1\" \/>\n<link rel=\"canonical\" href=\"https:\/\/npf-fpn.com\/fr\/the_locker\/en-reconnaissance-des-canadiens-racontent-leur-histoire-avec-la-grc\/\" \/>\n<meta property=\"og:locale\" content=\"fr_FR\" \/>\n<meta property=\"og:type\" content=\"article\" \/>\n<meta property=\"og:title\" content=\"En reconnaissance\u202f: des Canadiens racontent leur histoire avec la GRC\" \/>\n<meta property=\"og:description\" content=\"Derri\u00e8re chaque uniforme, il y a une histoire\u202f\u2014\u202fet pour de nombreux Canadiens, ces histoires sont marqu\u00e9es d\u2019empathie, de force et des moments d\u2019\u00e9change qu\u2019ils n\u2019oublieront jamais.\" \/>\n<meta property=\"og:url\" content=\"https:\/\/npf-fpn.com\/fr\/the_locker\/en-reconnaissance-des-canadiens-racontent-leur-histoire-avec-la-grc\/\" \/>\n<meta property=\"og:site_name\" content=\"NPF-FPN\" \/>\n<meta property=\"article:modified_time\" content=\"2025-05-16T21:59:51+00:00\" \/>\n<meta property=\"og:image\" content=\"https:\/\/npf-fpn.com\/app\/uploads\/2025\/05\/Blog-Feature-Image.png\" \/>\n\t<meta property=\"og:image:width\" content=\"1200\" \/>\n\t<meta property=\"og:image:height\" content=\"628\" \/>\n\t<meta property=\"og:image:type\" content=\"image\/png\" \/>\n<meta name=\"twitter:card\" content=\"summary_large_image\" \/>\n<meta name=\"twitter:title\" content=\"En reconnaissance\u202f: des Canadiens racontent leur histoire avec la GRC\" \/>\n<meta name=\"twitter:description\" content=\"Derri\u00e8re chaque uniforme, il y a une histoire\u202f\u2014\u202fet pour de nombreux Canadiens, ces histoires sont marqu\u00e9es d\u2019empathie, de force et des moments d\u2019\u00e9change qu\u2019ils n\u2019oublieront jamais.\" \/>\n<meta name=\"twitter:label1\" content=\"Est. reading time\" \/>\n\t<meta name=\"twitter:data1\" content=\"16 minutes\" \/>\n<script type=\"application\/ld+json\" class=\"yoast-schema-graph\">{\"@context\":\"https:\\\/\\\/schema.org\",\"@graph\":[{\"@type\":\"WebPage\",\"@id\":\"https:\\\/\\\/npf-fpn.com\\\/fr\\\/the_locker\\\/en-reconnaissance-des-canadiens-racontent-leur-histoire-avec-la-grc\\\/\",\"url\":\"https:\\\/\\\/npf-fpn.com\\\/fr\\\/the_locker\\\/en-reconnaissance-des-canadiens-racontent-leur-histoire-avec-la-grc\\\/\",\"name\":\"En reconnaissance\u202f: des Canadiens racontent leur histoire avec la GRC - NPF-FPN\",\"isPartOf\":{\"@id\":\"https:\\\/\\\/npf-fpn.com\\\/#website\"},\"primaryImageOfPage\":{\"@id\":\"https:\\\/\\\/npf-fpn.com\\\/fr\\\/the_locker\\\/en-reconnaissance-des-canadiens-racontent-leur-histoire-avec-la-grc\\\/#primaryimage\"},\"image\":{\"@id\":\"https:\\\/\\\/npf-fpn.com\\\/fr\\\/the_locker\\\/en-reconnaissance-des-canadiens-racontent-leur-histoire-avec-la-grc\\\/#primaryimage\"},\"thumbnailUrl\":\"https:\\\/\\\/npf-fpn.com\\\/app\\\/uploads\\\/2025\\\/05\\\/Blog-Feature-Image.png\",\"datePublished\":\"2025-05-11T23:45:00+00:00\",\"dateModified\":\"2025-05-16T21:59:51+00:00\",\"breadcrumb\":{\"@id\":\"https:\\\/\\\/npf-fpn.com\\\/fr\\\/the_locker\\\/en-reconnaissance-des-canadiens-racontent-leur-histoire-avec-la-grc\\\/#breadcrumb\"},\"inLanguage\":\"fr-FR\",\"potentialAction\":[{\"@type\":\"ReadAction\",\"target\":[\"https:\\\/\\\/npf-fpn.com\\\/fr\\\/the_locker\\\/en-reconnaissance-des-canadiens-racontent-leur-histoire-avec-la-grc\\\/\"]}]},{\"@type\":\"ImageObject\",\"inLanguage\":\"fr-FR\",\"@id\":\"https:\\\/\\\/npf-fpn.com\\\/fr\\\/the_locker\\\/en-reconnaissance-des-canadiens-racontent-leur-histoire-avec-la-grc\\\/#primaryimage\",\"url\":\"https:\\\/\\\/npf-fpn.com\\\/app\\\/uploads\\\/2025\\\/05\\\/Blog-Feature-Image.png\",\"contentUrl\":\"https:\\\/\\\/npf-fpn.com\\\/app\\\/uploads\\\/2025\\\/05\\\/Blog-Feature-Image.png\",\"width\":1200,\"height\":628},{\"@type\":\"BreadcrumbList\",\"@id\":\"https:\\\/\\\/npf-fpn.com\\\/fr\\\/the_locker\\\/en-reconnaissance-des-canadiens-racontent-leur-histoire-avec-la-grc\\\/#breadcrumb\",\"itemListElement\":[{\"@type\":\"ListItem\",\"position\":1,\"name\":\"Accueil\",\"item\":\"https:\\\/\\\/npf-fpn.com\\\/fr\\\/\"},{\"@type\":\"ListItem\",\"position\":2,\"name\":\"En reconnaissance\u202f: des Canadiens racontent leur histoire avec la GRC\"}]},{\"@type\":\"WebSite\",\"@id\":\"https:\\\/\\\/npf-fpn.com\\\/#website\",\"url\":\"https:\\\/\\\/npf-fpn.com\\\/\",\"name\":\"NPF-FPN\",\"description\":\"Providing strong, fair and progressive representation to almost 20,000 RCMP members across Canada.\",\"publisher\":{\"@id\":\"https:\\\/\\\/npf-fpn.com\\\/#organization\"},\"potentialAction\":[{\"@type\":\"SearchAction\",\"target\":{\"@type\":\"EntryPoint\",\"urlTemplate\":\"https:\\\/\\\/npf-fpn.com\\\/?s={search_term_string}\"},\"query-input\":{\"@type\":\"PropertyValueSpecification\",\"valueRequired\":true,\"valueName\":\"search_term_string\"}}],\"inLanguage\":\"fr-FR\"},{\"@type\":\"Organization\",\"@id\":\"https:\\\/\\\/npf-fpn.com\\\/#organization\",\"name\":\"NPF-FPN\",\"url\":\"https:\\\/\\\/npf-fpn.com\\\/\",\"logo\":{\"@type\":\"ImageObject\",\"inLanguage\":\"fr-FR\",\"@id\":\"https:\\\/\\\/npf-fpn.com\\\/#\\\/schema\\\/logo\\\/image\\\/\",\"url\":\"https:\\\/\\\/npf-fpn.com\\\/app\\\/uploads\\\/2022\\\/01\\\/NPF.jpg\",\"contentUrl\":\"https:\\\/\\\/npf-fpn.com\\\/app\\\/uploads\\\/2022\\\/01\\\/NPF.jpg\",\"width\":200,\"height\":200,\"caption\":\"NPF-FPN\"},\"image\":{\"@id\":\"https:\\\/\\\/npf-fpn.com\\\/#\\\/schema\\\/logo\\\/image\\\/\"}}]}<\/script>\n<!-- \/ Yoast SEO plugin. -->","yoast_head_json":{"title":"En reconnaissance\u202f: des Canadiens racontent leur histoire avec la GRC - NPF-FPN","robots":{"index":"index","follow":"follow","max-snippet":"max-snippet:-1","max-image-preview":"max-image-preview:large","max-video-preview":"max-video-preview:-1"},"canonical":"https:\/\/npf-fpn.com\/fr\/the_locker\/en-reconnaissance-des-canadiens-racontent-leur-histoire-avec-la-grc\/","og_locale":"fr_FR","og_type":"article","og_title":"En reconnaissance\u202f: des Canadiens racontent leur histoire avec la GRC","og_description":"Derri\u00e8re chaque uniforme, il y a une histoire\u202f\u2014\u202fet pour de nombreux Canadiens, ces histoires sont marqu\u00e9es d\u2019empathie, de force et des moments d\u2019\u00e9change qu\u2019ils n\u2019oublieront jamais.","og_url":"https:\/\/npf-fpn.com\/fr\/the_locker\/en-reconnaissance-des-canadiens-racontent-leur-histoire-avec-la-grc\/","og_site_name":"NPF-FPN","article_modified_time":"2025-05-16T21:59:51+00:00","og_image":[{"width":1200,"height":628,"url":"https:\/\/npf-fpn.com\/app\/uploads\/2025\/05\/Blog-Feature-Image.png","type":"image\/png"}],"twitter_card":"summary_large_image","twitter_title":"En reconnaissance\u202f: des Canadiens racontent leur histoire avec la GRC","twitter_description":"Derri\u00e8re chaque uniforme, il y a une histoire\u202f\u2014\u202fet pour de nombreux Canadiens, ces histoires sont marqu\u00e9es d\u2019empathie, de force et des moments d\u2019\u00e9change qu\u2019ils n\u2019oublieront jamais.","twitter_misc":{"Est. reading time":"16 minutes"},"schema":{"@context":"https:\/\/schema.org","@graph":[{"@type":"WebPage","@id":"https:\/\/npf-fpn.com\/fr\/the_locker\/en-reconnaissance-des-canadiens-racontent-leur-histoire-avec-la-grc\/","url":"https:\/\/npf-fpn.com\/fr\/the_locker\/en-reconnaissance-des-canadiens-racontent-leur-histoire-avec-la-grc\/","name":"En reconnaissance\u202f: des Canadiens racontent leur histoire avec la GRC - NPF-FPN","isPartOf":{"@id":"https:\/\/npf-fpn.com\/#website"},"primaryImageOfPage":{"@id":"https:\/\/npf-fpn.com\/fr\/the_locker\/en-reconnaissance-des-canadiens-racontent-leur-histoire-avec-la-grc\/#primaryimage"},"image":{"@id":"https:\/\/npf-fpn.com\/fr\/the_locker\/en-reconnaissance-des-canadiens-racontent-leur-histoire-avec-la-grc\/#primaryimage"},"thumbnailUrl":"https:\/\/npf-fpn.com\/app\/uploads\/2025\/05\/Blog-Feature-Image.png","datePublished":"2025-05-11T23:45:00+00:00","dateModified":"2025-05-16T21:59:51+00:00","breadcrumb":{"@id":"https:\/\/npf-fpn.com\/fr\/the_locker\/en-reconnaissance-des-canadiens-racontent-leur-histoire-avec-la-grc\/#breadcrumb"},"inLanguage":"fr-FR","potentialAction":[{"@type":"ReadAction","target":["https:\/\/npf-fpn.com\/fr\/the_locker\/en-reconnaissance-des-canadiens-racontent-leur-histoire-avec-la-grc\/"]}]},{"@type":"ImageObject","inLanguage":"fr-FR","@id":"https:\/\/npf-fpn.com\/fr\/the_locker\/en-reconnaissance-des-canadiens-racontent-leur-histoire-avec-la-grc\/#primaryimage","url":"https:\/\/npf-fpn.com\/app\/uploads\/2025\/05\/Blog-Feature-Image.png","contentUrl":"https:\/\/npf-fpn.com\/app\/uploads\/2025\/05\/Blog-Feature-Image.png","width":1200,"height":628},{"@type":"BreadcrumbList","@id":"https:\/\/npf-fpn.com\/fr\/the_locker\/en-reconnaissance-des-canadiens-racontent-leur-histoire-avec-la-grc\/#breadcrumb","itemListElement":[{"@type":"ListItem","position":1,"name":"Accueil","item":"https:\/\/npf-fpn.com\/fr\/"},{"@type":"ListItem","position":2,"name":"En reconnaissance\u202f: des Canadiens racontent leur histoire avec la GRC"}]},{"@type":"WebSite","@id":"https:\/\/npf-fpn.com\/#website","url":"https:\/\/npf-fpn.com\/","name":"NPF-FPN","description":"Providing strong, fair and progressive representation to almost 20,000 RCMP members across Canada.","publisher":{"@id":"https:\/\/npf-fpn.com\/#organization"},"potentialAction":[{"@type":"SearchAction","target":{"@type":"EntryPoint","urlTemplate":"https:\/\/npf-fpn.com\/?s={search_term_string}"},"query-input":{"@type":"PropertyValueSpecification","valueRequired":true,"valueName":"search_term_string"}}],"inLanguage":"fr-FR"},{"@type":"Organization","@id":"https:\/\/npf-fpn.com\/#organization","name":"NPF-FPN","url":"https:\/\/npf-fpn.com\/","logo":{"@type":"ImageObject","inLanguage":"fr-FR","@id":"https:\/\/npf-fpn.com\/#\/schema\/logo\/image\/","url":"https:\/\/npf-fpn.com\/app\/uploads\/2022\/01\/NPF.jpg","contentUrl":"https:\/\/npf-fpn.com\/app\/uploads\/2022\/01\/NPF.jpg","width":200,"height":200,"caption":"NPF-FPN"},"image":{"@id":"https:\/\/npf-fpn.com\/#\/schema\/logo\/image\/"}}]}},"_links":{"self":[{"href":"https:\/\/npf-fpn.com\/fr\/wp-json\/wp\/v2\/the_locker\/59268","targetHints":{"allow":["GET"]}}],"collection":[{"href":"https:\/\/npf-fpn.com\/fr\/wp-json\/wp\/v2\/the_locker"}],"about":[{"href":"https:\/\/npf-fpn.com\/fr\/wp-json\/wp\/v2\/types\/the_locker"}],"wp:featuredmedia":[{"embeddable":true,"href":"https:\/\/npf-fpn.com\/fr\/wp-json\/wp\/v2\/media\/59294"}],"wp:attachment":[{"href":"https:\/\/npf-fpn.com\/fr\/wp-json\/wp\/v2\/media?parent=59268"}],"wp:term":[{"taxonomy":"impact_topic","embeddable":true,"href":"https:\/\/npf-fpn.com\/fr\/wp-json\/wp\/v2\/impact_topic?post=59268"}],"curies":[{"name":"wp","href":"https:\/\/api.w.org\/{rel}","templated":true}]}}