{"id":56275,"date":"2024-12-16T15:37:17","date_gmt":"2024-12-16T15:37:17","guid":{"rendered":"https:\/\/npf-fpn.com\/?post_type=the_locker&#038;p=56275"},"modified":"2024-12-17T18:27:04","modified_gmt":"2024-12-17T18:27:04","slug":"determined-to-make-a-difference-cst-cameron-riel-is-living-his-legacy","status":"publish","type":"the_locker","link":"https:\/\/npf-fpn.com\/fr\/the_locker\/determined-to-make-a-difference-cst-cameron-riel-is-living-his-legacy\/","title":{"rendered":"D\u00e9termin\u00e9 \u00e0 faire une diff\u00e9rence\u202f: Le gendarme Cameron\u202fRiel vit son h\u00e9ritage\u00a0"},"content":{"rendered":"\n<p><em>\u00ab\u202fLouis\u202fRiel \u00e9tait un leader qui s\u2019est battu pour les droits des peuples autochtones. Dans mon r\u00f4le de membre de la GRC, je souhaite aussi \u00eatre un leader et d\u00e9fendre les int\u00e9r\u00eats de toutes les personnes vuln\u00e9rables.\u202f\u00bb<\/em>&nbsp;<\/p>\n\n\n\n<p>&#8211; Gendarme Cameron Riel, GRC, d\u00e9tachement de Thompson&nbsp;<\/p>\n\n\n<div class=\"wp-block-image\">\n<figure class=\"aligncenter size-full is-resized\"><img decoding=\"async\" width=\"822\" height=\"1024\" src=\"https:\/\/npf-fpn.com\/app\/uploads\/2024\/12\/Cameron-Riel-In-Red-Serge.jpg\" alt=\"\" class=\"wp-image-56264\" style=\"width:568px;height:auto\" srcset=\"https:\/\/npf-fpn.com\/app\/uploads\/2024\/12\/Cameron-Riel-In-Red-Serge.jpg 822w, https:\/\/npf-fpn.com\/app\/uploads\/2024\/12\/Cameron-Riel-In-Red-Serge-241x300.jpg 241w, https:\/\/npf-fpn.com\/app\/uploads\/2024\/12\/Cameron-Riel-In-Red-Serge-768x957.jpg 768w, https:\/\/npf-fpn.com\/app\/uploads\/2024\/12\/Cameron-Riel-In-Red-Serge-161x200.jpg 161w, https:\/\/npf-fpn.com\/app\/uploads\/2024\/12\/Cameron-Riel-In-Red-Serge-600x747.jpg 600w\" sizes=\"(max-width: 822px) 100vw, 822px\" \/><\/figure>\n<\/div>\n\n\n<p>Le gendarme\u202fCameron\u202fRiel en est \u00e0 sa premi\u00e8re ann\u00e9e en tant que membre de la GRC. Il est affect\u00e9 \u00e0 Thompson au Manitoba. Comme beaucoup de personnes qu\u2019il rencontre, au travail et autrement, vous reconna\u00eetrez peut-\u00eatre son nom de famille. En effet, Cameron est un descendant de Louis Riel, un leader m\u00e9tis, un politicien renomm\u00e9 et un des fondateurs du Manitoba reconnu pour son engagement envers la d\u00e9fense des int\u00e9r\u00eats des M\u00e9tis et des Autochtones et son d\u00e9vouement \u00e0 l\u2019appui de la justice sociale et de l\u2019\u00e9galit\u00e9 pour tous.&nbsp;<\/p>\n\n\n\n<p>\u00ab\u202fLouis Riel \u00e9tait le grand-oncle de mon grand-p\u00e8re, a d\u00e9clar\u00e9 Cameron. \u00ab\u202fJe suis tr\u00e8s fier de mon nom de famille et de mon h\u00e9ritage.\u202f\u00bb&nbsp;<\/p>\n\n\n\n<p>Cameron a su d\u00e8s son plus jeune \u00e2ge qu\u2019il voulait se joindre \u00e0 la GRC. En fait, il ne se souvient pas d\u2019avoir souhait\u00e9 faire autre chose. Cameron a grandi \u00e0 Winnipeg, il est d\u2019avis qu\u2019il a de la chance d\u2019\u00eatre issu d\u2019une famille attentive et solidaire. Sa m\u00e8re lui a appris \u00e0 toujours traiter les autres avec gentillesse, et c\u2019est sa s\u0153ur a\u00een\u00e9e, qui est infirmi\u00e8re, qui a allum\u00e9 sa passion et lui a montr\u00e9 l\u2019importance d\u2019\u00eatre premier intervenant. Il attribue \u00e0 son p\u00e8re le m\u00e9rite de lui avoir enseign\u00e9 \u00e0 embrasser sa culture autochtone et son important h\u00e9ritage en sa qualit\u00e9 de descendant de Louis Riel.&nbsp;<\/p>\n\n\n\n<p>\u00ab\u202fEn tant que p\u00e9dagogue, mon p\u00e8re, qui est actuellement directeur adjoint de l\u2019\u00e9ducation des Autochtones \u00e0 la division scolaire de Winnipeg, nous a toujours incit\u00e9 ma s\u0153ur et moi \u00e0 faire des \u00e9tudes sup\u00e9rieures et \u00e0 apprendre notre culture\u202f\u00bb, explique Cameron. \u00ab\u202fIl nous a expos\u00e9s \u00e0 diff\u00e9rentes traditions et nous a amen\u00e9s \u00e0 diverses c\u00e9l\u00e9brations culturelles. Mon p\u00e8re nous a encourag\u00e9s \u00e0 \u00eatre fiers de qui nous sommes et de nos origines.\u202f\u00bb&nbsp;<\/p>\n\n\n\n<p>Comparativement aux histoires de discrimination et de racisme que lui ont racont\u00e9es son p\u00e8re et son grand-p\u00e8re, Cameron est reconnaissant d\u2019avoir pu vivre et grandir dans sa culture selon ses propres modalit\u00e9s. \u00c0 l\u2019universit\u00e9, il a fait un mineur en \u00e9tudes autochtones pour en apprendre davantage sur les personnes qui l\u2019ont pr\u00e9c\u00e9d\u00e9 et les sacrifices qu\u2019elles ont faits.&nbsp;<\/p>\n\n\n\n<div class=\"wp-block-media-text is-stacked-on-mobile\"><figure class=\"wp-block-media-text__media\"><img decoding=\"async\" width=\"1024\" height=\"982\" src=\"https:\/\/npf-fpn.com\/app\/uploads\/2024\/12\/Cst.-Cameron-Riel-and-his-grandfather.jpg\" alt=\"\" class=\"wp-image-56266 size-full\" srcset=\"https:\/\/npf-fpn.com\/app\/uploads\/2024\/12\/Cst.-Cameron-Riel-and-his-grandfather.jpg 1024w, https:\/\/npf-fpn.com\/app\/uploads\/2024\/12\/Cst.-Cameron-Riel-and-his-grandfather-300x288.jpg 300w, https:\/\/npf-fpn.com\/app\/uploads\/2024\/12\/Cst.-Cameron-Riel-and-his-grandfather-768x737.jpg 768w, https:\/\/npf-fpn.com\/app\/uploads\/2024\/12\/Cst.-Cameron-Riel-and-his-grandfather-209x200.jpg 209w, https:\/\/npf-fpn.com\/app\/uploads\/2024\/12\/Cst.-Cameron-Riel-and-his-grandfather-600x575.jpg 600w\" sizes=\"(max-width: 1024px) 100vw, 1024px\" \/><\/figure><div class=\"wp-block-media-text__content\">\n<p>\u00ab\u202fMon grand-p\u00e8re a \u00e9t\u00e9 victime de racisme \u00e0 un jeune \u00e2ge. \u00ab\u202fIl avait l\u2019habitude de raconter qu\u2019il ne pouvait pas se rendre \u00e0 l\u2019\u00e9cole \u00e0 pied sans que les autres enfants se moquent de lui ou sans se faire dire qu\u2019il n\u2019avait pas le droit de marcher sur \u00ab\u202fleur\u202f\u00bb trottoir\u202f\u00bb, dit-il. \u00ab\u202fMon p\u00e8re a \u00e9t\u00e9 victime de racisme alors qu\u2019il pratiquait le sport et on l\u2019a trait\u00e9 de \u00ab\u202ftra\u00eetre\u202f\u00bb en raison de sa parent\u00e9 et de sa relation avec Louis\u202fRiel. Dans le cas des personnes qui m\u2019ont pr\u00e9c\u00e9d\u00e9, le fait d\u2019\u00eatre M\u00e9tis n\u2019\u00e9tait pas toujours per\u00e7u comme une chose positive. Cependant, le fait d\u2019\u00eatre M\u00e9tis est maintenant plus c\u00e9l\u00e9br\u00e9 et je reconnais mon privil\u00e8ge.\u202f\u00bb\u00a0<\/p>\n<\/div><\/div>\n\n\n\n<div class=\"wp-block-media-text has-media-on-the-right is-stacked-on-mobile\"><div class=\"wp-block-media-text__content\">\n<p>L\u2019une des fa\u00e7ons dont Cameron a choisi de c\u00e9l\u00e9brer et de vivre sa culture est de participer au programme Bold\u202fEagle des Forces arm\u00e9es canadiennes \u00e0 Wainwright, en Alberta, avant de commencer sa formation avec la GRC. Le programme Bold\u202fEagle combine culture et enseignement autochtones ainsi qu\u2019instruction militaire et vise \u00e0 aider les participants \u00e0 d\u00e9velopper de pr\u00e9cieuses comp\u00e9tences, notamment la confiance en soi, l\u2019autodiscipline, le travail d\u2019\u00e9quipe, la gestion de son temps, le respect et la bonne forme physique. \u00a0Pendant qu&#8217;il participait \u00e0 ce programme \u00e0 l&#8217;\u00e9t\u00e9 2022, Cameron a re\u00e7u son nom spirituel lors d&#8217;une c\u00e9r\u00e9monie avec un a\u00een\u00e9.\u00a0<\/p>\n<\/div><figure class=\"wp-block-media-text__media\"><img decoding=\"async\" width=\"787\" height=\"1024\" src=\"https:\/\/npf-fpn.com\/app\/uploads\/2024\/12\/Cst.-Cameron-Riel-Bold-Eagle-Program.jpg\" alt=\"\" class=\"wp-image-56268 size-full\" srcset=\"https:\/\/npf-fpn.com\/app\/uploads\/2024\/12\/Cst.-Cameron-Riel-Bold-Eagle-Program.jpg 787w, https:\/\/npf-fpn.com\/app\/uploads\/2024\/12\/Cst.-Cameron-Riel-Bold-Eagle-Program-231x300.jpg 231w, https:\/\/npf-fpn.com\/app\/uploads\/2024\/12\/Cst.-Cameron-Riel-Bold-Eagle-Program-768x999.jpg 768w, https:\/\/npf-fpn.com\/app\/uploads\/2024\/12\/Cst.-Cameron-Riel-Bold-Eagle-Program-154x200.jpg 154w, https:\/\/npf-fpn.com\/app\/uploads\/2024\/12\/Cst.-Cameron-Riel-Bold-Eagle-Program-600x781.jpg 600w\" sizes=\"(max-width: 787px) 100vw, 787px\" \/><\/figure><\/div>\n\n\n\n<p>\u00ab\u202fMon nom spirituel, Grey Eagle Wing Man, me donne de la force et me guide dans la vie\u202f\u00bb, a-t-il dit. \u00ab\u202fLe fait de porter mon nom spirituel me permet d\u2019\u00e9tablir autrement un lien avec ma culture, et je suis honor\u00e9 de l\u2019avoir re\u00e7u.\u202f\u00bb&nbsp;<\/p>\n\n\n\n<p>Le programme Bold\u202fEagle a pr\u00e9par\u00e9 Cameron pour son exp\u00e9rience \u00e0 la Division\u202fD\u00e9p\u00f4t. Il se sentait pr\u00eat \u00e0 s\u2019\u00e9loigner de chez lui et \u00e0 r\u00e9aliser son r\u00eave de se joindre \u00e0 la GRC. Cameron se sent privil\u00e9gi\u00e9 d\u2019avoir tiss\u00e9 des liens puissants tout au long de sa vie \u00e0 la Division\u202fD\u00e9p\u00f4t et a aim\u00e9 travailler avec d\u2019autres personnes pour surmonter les d\u00e9fis et saisir les occasions d\u00e9coulant de l\u2019exp\u00e9rience tir\u00e9e de la formation. Cependant, une partie de son exp\u00e9rience \u00e0 la Division\u202fD\u00e9p\u00f4t \u00e9tait tout \u00e0 fait unique pour Cameron et sa famille.&nbsp;<\/p>\n\n\n\n<h2 class=\"wp-block-heading\"><strong>Division\u202fD\u00e9p\u00f4t\u202f: Impr\u00e9gn\u00e9e de l\u2019histoire du Canada et lieu important pour la famille de Cameron<\/strong>\u00a0<\/h2>\n\n\n\n<p>En novembre\u202f1885, Louis Riel est ex\u00e9cut\u00e9 par pendaison \u00e0 l\u2019ancien palais de justice de Regina, qui se trouve maintenant sur le site de la Division\u202fD\u00e9p\u00f4t, l\u2019\u00e9cole de formation de la GRC.&nbsp;<\/p>\n\n\n\n<p>Lorsqu\u2019il a mis les pieds sur le terrain de la Division\u202fD\u00e9p\u00f4t, Cameron \u00e9tait rempli d\u2019\u00e9motions partag\u00e9es, car il savait ce que cet emplacement signifiait pour sa famille. Lorsque les membres de sa famille se sont rassembl\u00e9s \u00e0 la Division\u202fD\u00e9p\u00f4t pour c\u00e9l\u00e9brer la remise du dipl\u00f4me de Cameron, ils ont pris le temps d\u2019organiser une c\u00e9r\u00e9monie traditionnelle et de r\u00e9pandre du tabac \u00e0 l&#8217;endroit o\u00f9 Louis\u202fRiel avait \u00e9t\u00e9 ex\u00e9cut\u00e9.&nbsp;<\/p>\n\n\n\n<p>\u00ab\u202fC\u2019\u00e9tait une exp\u00e9rience surr\u00e9aliste et \u00e9motive. Nous avons rendu hommage \u00e0 Louis\u202fRiel ainsi qu\u2019\u00e0 la terre, lors d\u2019une c\u00e9r\u00e9monie tenue \u00e0 l\u2019endroit o\u00f9 j\u2019ai suivi ma formation et o\u00f9 j&#8217;ai accompli l\u2019une de mes plus grandes r\u00e9alisations\u202f\u00bb, a d\u00e9clar\u00e9 Cameron.&nbsp;<\/p>\n\n\n\n<figure class=\"wp-block-image size-full\"><img decoding=\"async\" width=\"1024\" height=\"682\" src=\"https:\/\/npf-fpn.com\/app\/uploads\/2024\/12\/Cst.-Cameron-Riel-Family-graduation-picture.jpg\" alt=\"\" class=\"wp-image-56271\" srcset=\"https:\/\/npf-fpn.com\/app\/uploads\/2024\/12\/Cst.-Cameron-Riel-Family-graduation-picture.jpg 1024w, https:\/\/npf-fpn.com\/app\/uploads\/2024\/12\/Cst.-Cameron-Riel-Family-graduation-picture-300x200.jpg 300w, https:\/\/npf-fpn.com\/app\/uploads\/2024\/12\/Cst.-Cameron-Riel-Family-graduation-picture-768x512.jpg 768w, https:\/\/npf-fpn.com\/app\/uploads\/2024\/12\/Cst.-Cameron-Riel-Family-graduation-picture-600x400.jpg 600w\" sizes=\"(max-width: 1024px) 100vw, 1024px\" \/><figcaption class=\"wp-element-caption\"><em>Le gendarme Cameron\u202fRiel et sa famille \u00e0 la c\u00e9r\u00e9monie de remise des dipl\u00f4mes \u00e0 la Division\u202fD\u00e9p\u00f4t.<\/em>\u00a0<\/figcaption><\/figure>\n\n\n\n<p>Le premier choix de Cameron a \u00e9t\u00e9 d\u2019entreprendre sa carri\u00e8re \u00e0 Thompson, connue sous le nom de \u00ab\u202fCarrefour du Nord\u202f\u00bb au Manitoba. Thompson est situ\u00e9e sur les terres vis\u00e9es par le trait\u00e9 no\u202f5, sur le territoire traditionnel de la nation crie de Nisichawayasihk (Nelson\u202fHouse), \u00e0 environ 45\u202fminutes \u00e0 l\u2019ouest de Thompson. Rachelle, la fianc\u00e9e de Cameron, est fi\u00e8re d\u2019\u00eatre membre de la Nelson\u202fHouse et a grandi \u00e0 Thompson. Cameron a senti un lien imm\u00e9diat avec la collectivit\u00e9.&nbsp;<\/p>\n\n\n\n<h2 class=\"wp-block-heading\"><strong>Premi\u00e8res le\u00e7ons en tant que membre de la GRC<\/strong>\u00a0<\/h2>\n\n\n\n<p>Une chose que Cameron a apprise depuis son entr\u00e9e en fonction, c\u2019est que l\u2019\u00e9quilibre entre la vie personnelle et la vie professionnelle est la cl\u00e9 du succ\u00e8s et du bonheur.&nbsp;<\/p>\n\n\n\n<p>\u00ab\u202fIl est important d\u2019\u00e9tablir un \u00e9quilibre personnel, \u00e9motionnel et spirituel, a d\u00e9clar\u00e9 Cameron. \u00ab\u202fComme je suis \u00e0 Thompson, je peux \u00e9tablir des liens plus \u00e9troits avec la collectivit\u00e9 par l\u2019interm\u00e9diaire de la famille de ma fianc\u00e9e, et je ne me sens pas isol\u00e9 ou dissoci\u00e9 des autres. Nous profitons souvent des occasions de rendre visite \u00e0 notre famille et d\u2019explorer la terre. Ces liens sont tr\u00e8s importants.\u202f\u00bb&nbsp;<\/p>\n\n\n\n<p>Gr\u00e2ce \u00e0 un excellent formateur sur le terrain, Cameron a pass\u00e9 les six premiers mois de son travail \u00e0 absorber et \u00e0 apprendre tout ce qu\u2019il pouvait. Il est \u00e9galement extr\u00eamement reconnaissant envers la merveilleuse \u00e9quipe de coll\u00e8gues du d\u00e9tachement de Thompson de la GRC, qui se pr\u00e9sente tous les jours dans le but d\u2019avoir une incidence positive sur la collectivit\u00e9 et les personnes qu\u2019elle sert.&nbsp;<\/p>\n\n\n\n<p>Chaque fois qu\u2019il en a l\u2019occasion, Cameron prend le temps de se rendre dans la collectivit\u00e9 pour \u00e9tablir des liens avec les membres de la collectivit\u00e9, assister \u00e0 des \u00e9v\u00e9nements et \u00eatre vu. Il est important que les agents de police soient per\u00e7us comme des mod\u00e8les positifs qui sont l\u00e0 pour les aider, surtout dans une collectivit\u00e9 qui compte un grand nombre d\u2019autochtones.&nbsp;<\/p>\n\n\n\n<p>\u00ab\u202fHistoriquement, les relations entre la GRC et les peuples autochtones n\u2019\u00e9taient pas des plus positives. Je comprends cela et je sais que cela constitue un d\u00e9fi\u202f\u00bb, a d\u00e9clar\u00e9 Cameron. \u00ab\u202fMon objectif est de changer la perspective des gens. Je veux qu\u2019ils voient au-del\u00e0 de mon uniforme. En tant que membre autochtone de la GRC, je m\u2019efforce d\u2019assurer la liaison entre la police et la collectivit\u00e9 et d\u2019\u00e9liminer les obstacles et les st\u00e9r\u00e9otypes. Je veux \u00eatre une personne en qui les Autochtones ont confiance et je veux qu\u2019ils sachent que je suis l\u00e0 pour les aider.\u202f\u00bb&nbsp;<\/p>\n\n\n\n<p>Cameron est d\u00e9termin\u00e9 \u00e0 faire la diff\u00e9rence et \u00e0 suivre les traces de ses anc\u00eatres, et en peu de temps, il est \u00e9vident que c&#8217;est exactement ce qu&#8217;il fait.&nbsp;<\/p>\n","protected":false},"featured_media":56277,"parent":0,"menu_order":0,"template":"","impact_topic":[105,106,107],"class_list":["post-56275","the_locker","type-the_locker","status-publish","has-post-thumbnail","hentry","impact_topic-communaute","impact_topic-dans-les-coulisses","impact_topic-histoire"],"acf":[],"yoast_head":"<!-- This site is optimized with the Yoast SEO plugin v27.4 - https:\/\/yoast.com\/product\/yoast-seo-wordpress\/ -->\n<title>D\u00e9termin\u00e9 \u00e0 faire une diff\u00e9rence\u202f: Le gendarme Cameron\u202fRiel vit son h\u00e9ritage\u00a0 - NPF-FPN<\/title>\n<meta name=\"description\" content=\"D\u00e9termin\u00e9 \u00e0 faire une diff\u00e9rence, le gend. Cameron Riel, un descendant de Louis Riel, honore son h\u00e9ritage en tant que membre de la GRC de premi\u00e8re ann\u00e9e \u00e0 Thompson, au Manitoba. Pour en savoir plus sur l&#039;histoire de la famille de Cameron et sur le chemin qu&#039;il a parcouru pour r\u00e9aliser son r\u00eave de devenir membre de la GRC, consultez notre dernier blogue.\" \/>\n<meta name=\"robots\" content=\"index, follow, max-snippet:-1, max-image-preview:large, max-video-preview:-1\" \/>\n<link rel=\"canonical\" href=\"https:\/\/npf-fpn.com\/fr\/the_locker\/determined-to-make-a-difference-cst-cameron-riel-is-living-his-legacy\/\" \/>\n<meta property=\"og:locale\" content=\"fr_FR\" \/>\n<meta property=\"og:type\" content=\"article\" \/>\n<meta property=\"og:title\" content=\"D\u00e9termin\u00e9 \u00e0 faire une diff\u00e9rence\u202f: Le gendarme Cameron\u202fRiel vit son h\u00e9ritage\" \/>\n<meta property=\"og:description\" content=\"D\u00e9termin\u00e9 \u00e0 faire une diff\u00e9rence, le gend. Cameron Riel, un descendant de Louis Riel, honore son h\u00e9ritage en tant que membre de la GRC de premi\u00e8re ann\u00e9e \u00e0 Thompson, au Manitoba. Pour en savoir plus sur l&#039;histoire de la famille de Cameron et sur le chemin qu&#039;il a parcouru pour r\u00e9aliser son r\u00eave de devenir membre de la GRC, consultez notre dernier blogue.\" \/>\n<meta property=\"og:url\" content=\"https:\/\/npf-fpn.com\/fr\/the_locker\/determined-to-make-a-difference-cst-cameron-riel-is-living-his-legacy\/\" \/>\n<meta property=\"og:site_name\" content=\"NPF-FPN\" \/>\n<meta property=\"article:modified_time\" content=\"2024-12-17T18:27:04+00:00\" \/>\n<meta property=\"og:image\" content=\"https:\/\/npf-fpn.com\/app\/uploads\/2024\/12\/Cameron-Riel-Social-Media-Image.png\" \/>\n\t<meta property=\"og:image:width\" content=\"1200\" \/>\n\t<meta property=\"og:image:height\" content=\"628\" \/>\n\t<meta property=\"og:image:type\" content=\"image\/png\" \/>\n<meta name=\"twitter:card\" content=\"summary_large_image\" \/>\n<meta name=\"twitter:title\" content=\"D\u00e9termin\u00e9 \u00e0 faire une diff\u00e9rence\u202f: Le gendarme Cameron\u202fRiel vit son h\u00e9ritage\" \/>\n<meta name=\"twitter:description\" content=\"D\u00e9termin\u00e9 \u00e0 faire une diff\u00e9rence, le gend. Cameron Riel, un descendant de Louis Riel, honore son h\u00e9ritage en tant que membre de la GRC de premi\u00e8re ann\u00e9e \u00e0 Thompson, au Manitoba. Pour en savoir plus sur l&#039;histoire de la famille de Cameron et sur le chemin qu&#039;il a parcouru pour r\u00e9aliser son r\u00eave de devenir membre de la GRC, consultez notre dernier blogue.\" \/>\n<meta name=\"twitter:image\" content=\"https:\/\/npf-fpn.com\/app\/uploads\/2024\/12\/Cameron-Riel-Social-Media-Image.png\" \/>\n<meta name=\"twitter:label1\" content=\"Est. reading time\" \/>\n\t<meta name=\"twitter:data1\" content=\"8 minutes\" \/>\n<script type=\"application\/ld+json\" class=\"yoast-schema-graph\">{\"@context\":\"https:\\\/\\\/schema.org\",\"@graph\":[{\"@type\":\"WebPage\",\"@id\":\"https:\\\/\\\/npf-fpn.com\\\/fr\\\/the_locker\\\/determined-to-make-a-difference-cst-cameron-riel-is-living-his-legacy\\\/\",\"url\":\"https:\\\/\\\/npf-fpn.com\\\/fr\\\/the_locker\\\/determined-to-make-a-difference-cst-cameron-riel-is-living-his-legacy\\\/\",\"name\":\"D\u00e9termin\u00e9 \u00e0 faire une diff\u00e9rence\u202f: Le gendarme Cameron\u202fRiel vit son h\u00e9ritage\u00a0 - NPF-FPN\",\"isPartOf\":{\"@id\":\"https:\\\/\\\/npf-fpn.com\\\/#website\"},\"primaryImageOfPage\":{\"@id\":\"https:\\\/\\\/npf-fpn.com\\\/fr\\\/the_locker\\\/determined-to-make-a-difference-cst-cameron-riel-is-living-his-legacy\\\/#primaryimage\"},\"image\":{\"@id\":\"https:\\\/\\\/npf-fpn.com\\\/fr\\\/the_locker\\\/determined-to-make-a-difference-cst-cameron-riel-is-living-his-legacy\\\/#primaryimage\"},\"thumbnailUrl\":\"https:\\\/\\\/npf-fpn.com\\\/app\\\/uploads\\\/2024\\\/12\\\/Cameron-Riel-Social-Media-Image.png\",\"datePublished\":\"2024-12-16T15:37:17+00:00\",\"dateModified\":\"2024-12-17T18:27:04+00:00\",\"description\":\"D\u00e9termin\u00e9 \u00e0 faire une diff\u00e9rence, le gend. Cameron Riel, un descendant de Louis Riel, honore son h\u00e9ritage en tant que membre de la GRC de premi\u00e8re ann\u00e9e \u00e0 Thompson, au Manitoba. Pour en savoir plus sur l'histoire de la famille de Cameron et sur le chemin qu'il a parcouru pour r\u00e9aliser son r\u00eave de devenir membre de la GRC, consultez notre dernier blogue.\",\"breadcrumb\":{\"@id\":\"https:\\\/\\\/npf-fpn.com\\\/fr\\\/the_locker\\\/determined-to-make-a-difference-cst-cameron-riel-is-living-his-legacy\\\/#breadcrumb\"},\"inLanguage\":\"fr-FR\",\"potentialAction\":[{\"@type\":\"ReadAction\",\"target\":[\"https:\\\/\\\/npf-fpn.com\\\/fr\\\/the_locker\\\/determined-to-make-a-difference-cst-cameron-riel-is-living-his-legacy\\\/\"]}]},{\"@type\":\"ImageObject\",\"inLanguage\":\"fr-FR\",\"@id\":\"https:\\\/\\\/npf-fpn.com\\\/fr\\\/the_locker\\\/determined-to-make-a-difference-cst-cameron-riel-is-living-his-legacy\\\/#primaryimage\",\"url\":\"https:\\\/\\\/npf-fpn.com\\\/app\\\/uploads\\\/2024\\\/12\\\/Cameron-Riel-Social-Media-Image.png\",\"contentUrl\":\"https:\\\/\\\/npf-fpn.com\\\/app\\\/uploads\\\/2024\\\/12\\\/Cameron-Riel-Social-Media-Image.png\",\"width\":1200,\"height\":628},{\"@type\":\"BreadcrumbList\",\"@id\":\"https:\\\/\\\/npf-fpn.com\\\/fr\\\/the_locker\\\/determined-to-make-a-difference-cst-cameron-riel-is-living-his-legacy\\\/#breadcrumb\",\"itemListElement\":[{\"@type\":\"ListItem\",\"position\":1,\"name\":\"Accueil\",\"item\":\"https:\\\/\\\/npf-fpn.com\\\/fr\\\/\"},{\"@type\":\"ListItem\",\"position\":2,\"name\":\"D\u00e9termin\u00e9 \u00e0 faire une diff\u00e9rence\u202f: Le gendarme Cameron\u202fRiel vit son h\u00e9ritage\u00a0\"}]},{\"@type\":\"WebSite\",\"@id\":\"https:\\\/\\\/npf-fpn.com\\\/#website\",\"url\":\"https:\\\/\\\/npf-fpn.com\\\/\",\"name\":\"NPF-FPN\",\"description\":\"Providing strong, fair and progressive representation to almost 20,000 RCMP members across Canada.\",\"publisher\":{\"@id\":\"https:\\\/\\\/npf-fpn.com\\\/#organization\"},\"potentialAction\":[{\"@type\":\"SearchAction\",\"target\":{\"@type\":\"EntryPoint\",\"urlTemplate\":\"https:\\\/\\\/npf-fpn.com\\\/?s={search_term_string}\"},\"query-input\":{\"@type\":\"PropertyValueSpecification\",\"valueRequired\":true,\"valueName\":\"search_term_string\"}}],\"inLanguage\":\"fr-FR\"},{\"@type\":\"Organization\",\"@id\":\"https:\\\/\\\/npf-fpn.com\\\/#organization\",\"name\":\"NPF-FPN\",\"url\":\"https:\\\/\\\/npf-fpn.com\\\/\",\"logo\":{\"@type\":\"ImageObject\",\"inLanguage\":\"fr-FR\",\"@id\":\"https:\\\/\\\/npf-fpn.com\\\/#\\\/schema\\\/logo\\\/image\\\/\",\"url\":\"https:\\\/\\\/npf-fpn.com\\\/app\\\/uploads\\\/2022\\\/01\\\/NPF.jpg\",\"contentUrl\":\"https:\\\/\\\/npf-fpn.com\\\/app\\\/uploads\\\/2022\\\/01\\\/NPF.jpg\",\"width\":200,\"height\":200,\"caption\":\"NPF-FPN\"},\"image\":{\"@id\":\"https:\\\/\\\/npf-fpn.com\\\/#\\\/schema\\\/logo\\\/image\\\/\"}}]}<\/script>\n<!-- \/ Yoast SEO plugin. -->","yoast_head_json":{"title":"D\u00e9termin\u00e9 \u00e0 faire une diff\u00e9rence\u202f: Le gendarme Cameron\u202fRiel vit son h\u00e9ritage\u00a0 - NPF-FPN","description":"D\u00e9termin\u00e9 \u00e0 faire une diff\u00e9rence, le gend. Cameron Riel, un descendant de Louis Riel, honore son h\u00e9ritage en tant que membre de la GRC de premi\u00e8re ann\u00e9e \u00e0 Thompson, au Manitoba. Pour en savoir plus sur l'histoire de la famille de Cameron et sur le chemin qu'il a parcouru pour r\u00e9aliser son r\u00eave de devenir membre de la GRC, consultez notre dernier blogue.","robots":{"index":"index","follow":"follow","max-snippet":"max-snippet:-1","max-image-preview":"max-image-preview:large","max-video-preview":"max-video-preview:-1"},"canonical":"https:\/\/npf-fpn.com\/fr\/the_locker\/determined-to-make-a-difference-cst-cameron-riel-is-living-his-legacy\/","og_locale":"fr_FR","og_type":"article","og_title":"D\u00e9termin\u00e9 \u00e0 faire une diff\u00e9rence\u202f: Le gendarme Cameron\u202fRiel vit son h\u00e9ritage","og_description":"D\u00e9termin\u00e9 \u00e0 faire une diff\u00e9rence, le gend. Cameron Riel, un descendant de Louis Riel, honore son h\u00e9ritage en tant que membre de la GRC de premi\u00e8re ann\u00e9e \u00e0 Thompson, au Manitoba. Pour en savoir plus sur l'histoire de la famille de Cameron et sur le chemin qu'il a parcouru pour r\u00e9aliser son r\u00eave de devenir membre de la GRC, consultez notre dernier blogue.","og_url":"https:\/\/npf-fpn.com\/fr\/the_locker\/determined-to-make-a-difference-cst-cameron-riel-is-living-his-legacy\/","og_site_name":"NPF-FPN","article_modified_time":"2024-12-17T18:27:04+00:00","og_image":[{"width":1200,"height":628,"url":"https:\/\/npf-fpn.com\/app\/uploads\/2024\/12\/Cameron-Riel-Social-Media-Image.png","type":"image\/png"}],"twitter_card":"summary_large_image","twitter_title":"D\u00e9termin\u00e9 \u00e0 faire une diff\u00e9rence\u202f: Le gendarme Cameron\u202fRiel vit son h\u00e9ritage","twitter_description":"D\u00e9termin\u00e9 \u00e0 faire une diff\u00e9rence, le gend. Cameron Riel, un descendant de Louis Riel, honore son h\u00e9ritage en tant que membre de la GRC de premi\u00e8re ann\u00e9e \u00e0 Thompson, au Manitoba. Pour en savoir plus sur l'histoire de la famille de Cameron et sur le chemin qu'il a parcouru pour r\u00e9aliser son r\u00eave de devenir membre de la GRC, consultez notre dernier blogue.","twitter_image":"https:\/\/npf-fpn.com\/app\/uploads\/2024\/12\/Cameron-Riel-Social-Media-Image.png","twitter_misc":{"Est. reading time":"8 minutes"},"schema":{"@context":"https:\/\/schema.org","@graph":[{"@type":"WebPage","@id":"https:\/\/npf-fpn.com\/fr\/the_locker\/determined-to-make-a-difference-cst-cameron-riel-is-living-his-legacy\/","url":"https:\/\/npf-fpn.com\/fr\/the_locker\/determined-to-make-a-difference-cst-cameron-riel-is-living-his-legacy\/","name":"D\u00e9termin\u00e9 \u00e0 faire une diff\u00e9rence\u202f: Le gendarme Cameron\u202fRiel vit son h\u00e9ritage\u00a0 - NPF-FPN","isPartOf":{"@id":"https:\/\/npf-fpn.com\/#website"},"primaryImageOfPage":{"@id":"https:\/\/npf-fpn.com\/fr\/the_locker\/determined-to-make-a-difference-cst-cameron-riel-is-living-his-legacy\/#primaryimage"},"image":{"@id":"https:\/\/npf-fpn.com\/fr\/the_locker\/determined-to-make-a-difference-cst-cameron-riel-is-living-his-legacy\/#primaryimage"},"thumbnailUrl":"https:\/\/npf-fpn.com\/app\/uploads\/2024\/12\/Cameron-Riel-Social-Media-Image.png","datePublished":"2024-12-16T15:37:17+00:00","dateModified":"2024-12-17T18:27:04+00:00","description":"D\u00e9termin\u00e9 \u00e0 faire une diff\u00e9rence, le gend. Cameron Riel, un descendant de Louis Riel, honore son h\u00e9ritage en tant que membre de la GRC de premi\u00e8re ann\u00e9e \u00e0 Thompson, au Manitoba. Pour en savoir plus sur l'histoire de la famille de Cameron et sur le chemin qu'il a parcouru pour r\u00e9aliser son r\u00eave de devenir membre de la GRC, consultez notre dernier blogue.","breadcrumb":{"@id":"https:\/\/npf-fpn.com\/fr\/the_locker\/determined-to-make-a-difference-cst-cameron-riel-is-living-his-legacy\/#breadcrumb"},"inLanguage":"fr-FR","potentialAction":[{"@type":"ReadAction","target":["https:\/\/npf-fpn.com\/fr\/the_locker\/determined-to-make-a-difference-cst-cameron-riel-is-living-his-legacy\/"]}]},{"@type":"ImageObject","inLanguage":"fr-FR","@id":"https:\/\/npf-fpn.com\/fr\/the_locker\/determined-to-make-a-difference-cst-cameron-riel-is-living-his-legacy\/#primaryimage","url":"https:\/\/npf-fpn.com\/app\/uploads\/2024\/12\/Cameron-Riel-Social-Media-Image.png","contentUrl":"https:\/\/npf-fpn.com\/app\/uploads\/2024\/12\/Cameron-Riel-Social-Media-Image.png","width":1200,"height":628},{"@type":"BreadcrumbList","@id":"https:\/\/npf-fpn.com\/fr\/the_locker\/determined-to-make-a-difference-cst-cameron-riel-is-living-his-legacy\/#breadcrumb","itemListElement":[{"@type":"ListItem","position":1,"name":"Accueil","item":"https:\/\/npf-fpn.com\/fr\/"},{"@type":"ListItem","position":2,"name":"D\u00e9termin\u00e9 \u00e0 faire une diff\u00e9rence\u202f: Le gendarme Cameron\u202fRiel vit son h\u00e9ritage\u00a0"}]},{"@type":"WebSite","@id":"https:\/\/npf-fpn.com\/#website","url":"https:\/\/npf-fpn.com\/","name":"NPF-FPN","description":"Providing strong, fair and progressive representation to almost 20,000 RCMP members across Canada.","publisher":{"@id":"https:\/\/npf-fpn.com\/#organization"},"potentialAction":[{"@type":"SearchAction","target":{"@type":"EntryPoint","urlTemplate":"https:\/\/npf-fpn.com\/?s={search_term_string}"},"query-input":{"@type":"PropertyValueSpecification","valueRequired":true,"valueName":"search_term_string"}}],"inLanguage":"fr-FR"},{"@type":"Organization","@id":"https:\/\/npf-fpn.com\/#organization","name":"NPF-FPN","url":"https:\/\/npf-fpn.com\/","logo":{"@type":"ImageObject","inLanguage":"fr-FR","@id":"https:\/\/npf-fpn.com\/#\/schema\/logo\/image\/","url":"https:\/\/npf-fpn.com\/app\/uploads\/2022\/01\/NPF.jpg","contentUrl":"https:\/\/npf-fpn.com\/app\/uploads\/2022\/01\/NPF.jpg","width":200,"height":200,"caption":"NPF-FPN"},"image":{"@id":"https:\/\/npf-fpn.com\/#\/schema\/logo\/image\/"}}]}},"_links":{"self":[{"href":"https:\/\/npf-fpn.com\/fr\/wp-json\/wp\/v2\/the_locker\/56275","targetHints":{"allow":["GET"]}}],"collection":[{"href":"https:\/\/npf-fpn.com\/fr\/wp-json\/wp\/v2\/the_locker"}],"about":[{"href":"https:\/\/npf-fpn.com\/fr\/wp-json\/wp\/v2\/types\/the_locker"}],"wp:featuredmedia":[{"embeddable":true,"href":"https:\/\/npf-fpn.com\/fr\/wp-json\/wp\/v2\/media\/56277"}],"wp:attachment":[{"href":"https:\/\/npf-fpn.com\/fr\/wp-json\/wp\/v2\/media?parent=56275"}],"wp:term":[{"taxonomy":"impact_topic","embeddable":true,"href":"https:\/\/npf-fpn.com\/fr\/wp-json\/wp\/v2\/impact_topic?post=56275"}],"curies":[{"name":"wp","href":"https:\/\/api.w.org\/{rel}","templated":true}]}}