{"id":53875,"date":"2024-08-26T17:42:37","date_gmt":"2024-08-26T17:42:37","guid":{"rendered":"https:\/\/npf-fpn.com\/?post_type=the_locker&#038;p=53875"},"modified":"2024-08-26T18:00:25","modified_gmt":"2024-08-26T18:00:25","slug":"le-monde-cache-de-la-traite-des-etres-humains-et-la-facon-dont-cet-enqueteur-special-trouve-la-justice","status":"publish","type":"the_locker","link":"https:\/\/npf-fpn.com\/fr\/the_locker\/le-monde-cache-de-la-traite-des-etres-humains-et-la-facon-dont-cet-enqueteur-special-trouve-la-justice\/","title":{"rendered":"Le monde cach\u00e9 de la traite des \u00eatres humains et la fa\u00e7on dont cet enqu\u00eateur sp\u00e9cial trouve la justice\u00a0"},"content":{"rendered":"\n<p>Le caporal David Lane, membre de la GRC de la Nouvelle-\u00c9cosse, ne se contente pas de parler franchement de ses strat\u00e9gies pour mettre fin \u00e0 la traite des \u00eatres humains, il en fait \u00e9galement la promotion.&nbsp;<\/p>\n\n\n\n<p>Les membres de la GRC appartenant \u00e0 des \u00e9quipes sp\u00e9cialis\u00e9es, comme le caporal Lane de l&#8217;Unit\u00e9 de lutte contre la traite des \u00eatres humains, consacrent leur temps \u00e0 enqu\u00eater sur des cas complexes et r\u00e9pandus li\u00e9s \u00e0 ce crime odieux. Nous d\u00e9voilons aujourd&#8217;hui leur r\u00f4le dans la lutte contre ce fl\u00e9au et sur la fa\u00e7on dont l&#8217;approche unique du caporal Lane, ax\u00e9e sur l&#8217;\u00e9ducation et la sensibilisation, aide la GRC \u00e0 rendre justice aux victimes de la traite des \u00eatres humains.&nbsp;<\/p>\n\n\n\n<h2 class=\"wp-block-heading\">Comment identifier la traite des \u00eatres humains ?<\/h2>\n\n\n\n<p><\/p>\n\n\n\n<figure class=\"wp-block-embed is-type-video is-provider-youtube wp-block-embed-youtube wp-embed-aspect-16-9 wp-has-aspect-ratio\"><div class=\"wp-block-embed__wrapper\">\n<iframe title=\"How do you identify Human Trafficking?\" width=\"500\" height=\"281\" src=\"https:\/\/www.youtube.com\/embed\/3QhjwUJtHU8?feature=oembed\" frameborder=\"0\" allow=\"accelerometer; autoplay; clipboard-write; encrypted-media; gyroscope; picture-in-picture; web-share\" referrerpolicy=\"strict-origin-when-cross-origin\" allowfullscreen><\/iframe>\n<\/div><\/figure>\n\n\n\n<p><\/p>\n\n\n\n<h2 class=\"wp-block-heading\">Comment la GRC utilise-t-elle l&#8217;\u00e9ducation pour lutter contre la traite des \u00eatres humains ?&nbsp;<\/h2>\n\n\n\n<p><\/p>\n\n\n\n<figure class=\"wp-block-embed is-type-video is-provider-youtube wp-block-embed-youtube wp-embed-aspect-16-9 wp-has-aspect-ratio\"><div class=\"wp-block-embed__wrapper\">\n<iframe title=\"How does the RCMP combat Human Trafficking?\" width=\"500\" height=\"281\" src=\"https:\/\/www.youtube.com\/embed\/mLyyD2ILq5A?feature=oembed\" frameborder=\"0\" allow=\"accelerometer; autoplay; clipboard-write; encrypted-media; gyroscope; picture-in-picture; web-share\" referrerpolicy=\"strict-origin-when-cross-origin\" allowfullscreen><\/iframe>\n<\/div><\/figure>\n\n\n\n<p><\/p>\n\n\n\n<h2 class=\"wp-block-heading\">Comment votre \u00e9quipe travaille-t-elle pour soutenir les victimes de la traite des \u00eatres humains ?&nbsp;<\/h2>\n\n\n\n<p><\/p>\n\n\n\n<figure class=\"wp-block-embed is-type-video is-provider-youtube wp-block-embed-youtube wp-embed-aspect-16-9 wp-has-aspect-ratio\"><div class=\"wp-block-embed__wrapper\">\n<iframe title=\"How does your team work to support victims of Human Trafficking?\" width=\"500\" height=\"281\" src=\"https:\/\/www.youtube.com\/embed\/yglp9H2-Sxc?feature=oembed\" frameborder=\"0\" allow=\"accelerometer; autoplay; clipboard-write; encrypted-media; gyroscope; picture-in-picture; web-share\" referrerpolicy=\"strict-origin-when-cross-origin\" allowfullscreen><\/iframe>\n<\/div><\/figure>\n\n\n\n<p><\/p>\n\n\n\n<h2 class=\"wp-block-heading\">Ensemble, nous pouvons lutter contre la traite des \u00eatres humains.&nbsp;&nbsp;<\/h2>\n\n\n\n<p>Si vous pensez qu&#8217;une personne que vous connaissez est impliqu\u00e9e, contactez votre service de police local pour obtenir de l&#8217;aide.&nbsp;<\/p>\n","protected":false},"featured_media":53826,"parent":0,"menu_order":0,"template":"","impact_topic":[106],"class_list":["post-53875","the_locker","type-the_locker","status-publish","has-post-thumbnail","hentry","impact_topic-dans-les-coulisses"],"acf":[],"yoast_head":"<!-- This site is optimized with the Yoast SEO plugin v27.4 - https:\/\/yoast.com\/product\/yoast-seo-wordpress\/ -->\n<title>Le monde cach\u00e9 de la traite des \u00eatres humains et la fa\u00e7on dont cet enqu\u00eateur sp\u00e9cial trouve la justice\u00a0 - NPF-FPN<\/title>\n<meta name=\"robots\" content=\"index, follow, max-snippet:-1, max-image-preview:large, max-video-preview:-1\" \/>\n<link rel=\"canonical\" href=\"https:\/\/npf-fpn.com\/fr\/the_locker\/le-monde-cache-de-la-traite-des-etres-humains-et-la-facon-dont-cet-enqueteur-special-trouve-la-justice\/\" \/>\n<meta property=\"og:locale\" content=\"fr_FR\" \/>\n<meta property=\"og:type\" content=\"article\" \/>\n<meta property=\"og:title\" content=\"Le monde cach\u00e9 de la traite des \u00eatres humains et la fa\u00e7on dont cet enqu\u00eateur sp\u00e9cial trouve la justice\" \/>\n<meta property=\"og:description\" content=\"Le caporal David Lane, membre de la GRC de la Nouvelle-\u00c9cosse, ne se contente pas de parler franchement de ses strat\u00e9gies pour mettre fin \u00e0 la traite des \u00eatres humains, il en fait \u00e9galement la promotion.\" \/>\n<meta property=\"og:url\" content=\"https:\/\/npf-fpn.com\/fr\/the_locker\/le-monde-cache-de-la-traite-des-etres-humains-et-la-facon-dont-cet-enqueteur-special-trouve-la-justice\/\" \/>\n<meta property=\"og:site_name\" content=\"NPF-FPN\" \/>\n<meta property=\"article:modified_time\" content=\"2024-08-26T18:00:25+00:00\" \/>\n<meta property=\"og:image\" content=\"https:\/\/npf-fpn.com\/app\/uploads\/2024\/08\/Screenshot-2024-08-22-103234.png\" \/>\n\t<meta property=\"og:image:width\" content=\"1346\" \/>\n\t<meta property=\"og:image:height\" content=\"920\" \/>\n\t<meta property=\"og:image:type\" content=\"image\/png\" \/>\n<meta name=\"twitter:card\" content=\"summary_large_image\" \/>\n<meta name=\"twitter:title\" content=\"Le monde cach\u00e9 de la traite des \u00eatres humains et la fa\u00e7on dont cet enqu\u00eateur sp\u00e9cial trouve la justice\" \/>\n<meta name=\"twitter:description\" content=\"Le caporal David Lane, membre de la GRC de la Nouvelle-\u00c9cosse, ne se contente pas de parler franchement de ses strat\u00e9gies pour mettre fin \u00e0 la traite des \u00eatres humains, il en fait \u00e9galement la promotion.\u00a0\" \/>\n<meta name=\"twitter:image\" content=\"https:\/\/npf-fpn.com\/app\/uploads\/2024\/08\/Screenshot-2024-08-22-103234.png\" \/>\n<meta name=\"twitter:label1\" content=\"Est. reading time\" \/>\n\t<meta name=\"twitter:data1\" content=\"1 minute\" \/>\n<script type=\"application\/ld+json\" class=\"yoast-schema-graph\">{\"@context\":\"https:\\\/\\\/schema.org\",\"@graph\":[{\"@type\":\"WebPage\",\"@id\":\"https:\\\/\\\/npf-fpn.com\\\/fr\\\/the_locker\\\/le-monde-cache-de-la-traite-des-etres-humains-et-la-facon-dont-cet-enqueteur-special-trouve-la-justice\\\/\",\"url\":\"https:\\\/\\\/npf-fpn.com\\\/fr\\\/the_locker\\\/le-monde-cache-de-la-traite-des-etres-humains-et-la-facon-dont-cet-enqueteur-special-trouve-la-justice\\\/\",\"name\":\"Le monde cach\u00e9 de la traite des \u00eatres humains et la fa\u00e7on dont cet enqu\u00eateur sp\u00e9cial trouve la justice\u00a0 - NPF-FPN\",\"isPartOf\":{\"@id\":\"https:\\\/\\\/npf-fpn.com\\\/#website\"},\"primaryImageOfPage\":{\"@id\":\"https:\\\/\\\/npf-fpn.com\\\/fr\\\/the_locker\\\/le-monde-cache-de-la-traite-des-etres-humains-et-la-facon-dont-cet-enqueteur-special-trouve-la-justice\\\/#primaryimage\"},\"image\":{\"@id\":\"https:\\\/\\\/npf-fpn.com\\\/fr\\\/the_locker\\\/le-monde-cache-de-la-traite-des-etres-humains-et-la-facon-dont-cet-enqueteur-special-trouve-la-justice\\\/#primaryimage\"},\"thumbnailUrl\":\"https:\\\/\\\/npf-fpn.com\\\/app\\\/uploads\\\/2024\\\/08\\\/Screenshot-2024-08-22-103234.png\",\"datePublished\":\"2024-08-26T17:42:37+00:00\",\"dateModified\":\"2024-08-26T18:00:25+00:00\",\"breadcrumb\":{\"@id\":\"https:\\\/\\\/npf-fpn.com\\\/fr\\\/the_locker\\\/le-monde-cache-de-la-traite-des-etres-humains-et-la-facon-dont-cet-enqueteur-special-trouve-la-justice\\\/#breadcrumb\"},\"inLanguage\":\"fr-FR\",\"potentialAction\":[{\"@type\":\"ReadAction\",\"target\":[\"https:\\\/\\\/npf-fpn.com\\\/fr\\\/the_locker\\\/le-monde-cache-de-la-traite-des-etres-humains-et-la-facon-dont-cet-enqueteur-special-trouve-la-justice\\\/\"]}]},{\"@type\":\"ImageObject\",\"inLanguage\":\"fr-FR\",\"@id\":\"https:\\\/\\\/npf-fpn.com\\\/fr\\\/the_locker\\\/le-monde-cache-de-la-traite-des-etres-humains-et-la-facon-dont-cet-enqueteur-special-trouve-la-justice\\\/#primaryimage\",\"url\":\"https:\\\/\\\/npf-fpn.com\\\/app\\\/uploads\\\/2024\\\/08\\\/Screenshot-2024-08-22-103234.png\",\"contentUrl\":\"https:\\\/\\\/npf-fpn.com\\\/app\\\/uploads\\\/2024\\\/08\\\/Screenshot-2024-08-22-103234.png\",\"width\":1346,\"height\":920},{\"@type\":\"BreadcrumbList\",\"@id\":\"https:\\\/\\\/npf-fpn.com\\\/fr\\\/the_locker\\\/le-monde-cache-de-la-traite-des-etres-humains-et-la-facon-dont-cet-enqueteur-special-trouve-la-justice\\\/#breadcrumb\",\"itemListElement\":[{\"@type\":\"ListItem\",\"position\":1,\"name\":\"Accueil\",\"item\":\"https:\\\/\\\/npf-fpn.com\\\/fr\\\/\"},{\"@type\":\"ListItem\",\"position\":2,\"name\":\"Le monde cach\u00e9 de la traite des \u00eatres humains et la fa\u00e7on dont cet enqu\u00eateur sp\u00e9cial trouve la justice\u00a0\"}]},{\"@type\":\"WebSite\",\"@id\":\"https:\\\/\\\/npf-fpn.com\\\/#website\",\"url\":\"https:\\\/\\\/npf-fpn.com\\\/\",\"name\":\"NPF-FPN\",\"description\":\"Providing strong, fair and progressive representation to almost 20,000 RCMP members across Canada.\",\"publisher\":{\"@id\":\"https:\\\/\\\/npf-fpn.com\\\/#organization\"},\"potentialAction\":[{\"@type\":\"SearchAction\",\"target\":{\"@type\":\"EntryPoint\",\"urlTemplate\":\"https:\\\/\\\/npf-fpn.com\\\/?s={search_term_string}\"},\"query-input\":{\"@type\":\"PropertyValueSpecification\",\"valueRequired\":true,\"valueName\":\"search_term_string\"}}],\"inLanguage\":\"fr-FR\"},{\"@type\":\"Organization\",\"@id\":\"https:\\\/\\\/npf-fpn.com\\\/#organization\",\"name\":\"NPF-FPN\",\"url\":\"https:\\\/\\\/npf-fpn.com\\\/\",\"logo\":{\"@type\":\"ImageObject\",\"inLanguage\":\"fr-FR\",\"@id\":\"https:\\\/\\\/npf-fpn.com\\\/#\\\/schema\\\/logo\\\/image\\\/\",\"url\":\"https:\\\/\\\/npf-fpn.com\\\/app\\\/uploads\\\/2022\\\/01\\\/NPF.jpg\",\"contentUrl\":\"https:\\\/\\\/npf-fpn.com\\\/app\\\/uploads\\\/2022\\\/01\\\/NPF.jpg\",\"width\":200,\"height\":200,\"caption\":\"NPF-FPN\"},\"image\":{\"@id\":\"https:\\\/\\\/npf-fpn.com\\\/#\\\/schema\\\/logo\\\/image\\\/\"}}]}<\/script>\n<!-- \/ Yoast SEO plugin. -->","yoast_head_json":{"title":"Le monde cach\u00e9 de la traite des \u00eatres humains et la fa\u00e7on dont cet enqu\u00eateur sp\u00e9cial trouve la justice\u00a0 - NPF-FPN","robots":{"index":"index","follow":"follow","max-snippet":"max-snippet:-1","max-image-preview":"max-image-preview:large","max-video-preview":"max-video-preview:-1"},"canonical":"https:\/\/npf-fpn.com\/fr\/the_locker\/le-monde-cache-de-la-traite-des-etres-humains-et-la-facon-dont-cet-enqueteur-special-trouve-la-justice\/","og_locale":"fr_FR","og_type":"article","og_title":"Le monde cach\u00e9 de la traite des \u00eatres humains et la fa\u00e7on dont cet enqu\u00eateur sp\u00e9cial trouve la justice","og_description":"Le caporal David Lane, membre de la GRC de la Nouvelle-\u00c9cosse, ne se contente pas de parler franchement de ses strat\u00e9gies pour mettre fin \u00e0 la traite des \u00eatres humains, il en fait \u00e9galement la promotion.","og_url":"https:\/\/npf-fpn.com\/fr\/the_locker\/le-monde-cache-de-la-traite-des-etres-humains-et-la-facon-dont-cet-enqueteur-special-trouve-la-justice\/","og_site_name":"NPF-FPN","article_modified_time":"2024-08-26T18:00:25+00:00","og_image":[{"width":1346,"height":920,"url":"https:\/\/npf-fpn.com\/app\/uploads\/2024\/08\/Screenshot-2024-08-22-103234.png","type":"image\/png"}],"twitter_card":"summary_large_image","twitter_title":"Le monde cach\u00e9 de la traite des \u00eatres humains et la fa\u00e7on dont cet enqu\u00eateur sp\u00e9cial trouve la justice","twitter_description":"Le caporal David Lane, membre de la GRC de la Nouvelle-\u00c9cosse, ne se contente pas de parler franchement de ses strat\u00e9gies pour mettre fin \u00e0 la traite des \u00eatres humains, il en fait \u00e9galement la promotion.\u00a0","twitter_image":"https:\/\/npf-fpn.com\/app\/uploads\/2024\/08\/Screenshot-2024-08-22-103234.png","twitter_misc":{"Est. reading time":"1 minute"},"schema":{"@context":"https:\/\/schema.org","@graph":[{"@type":"WebPage","@id":"https:\/\/npf-fpn.com\/fr\/the_locker\/le-monde-cache-de-la-traite-des-etres-humains-et-la-facon-dont-cet-enqueteur-special-trouve-la-justice\/","url":"https:\/\/npf-fpn.com\/fr\/the_locker\/le-monde-cache-de-la-traite-des-etres-humains-et-la-facon-dont-cet-enqueteur-special-trouve-la-justice\/","name":"Le monde cach\u00e9 de la traite des \u00eatres humains et la fa\u00e7on dont cet enqu\u00eateur sp\u00e9cial trouve la justice\u00a0 - NPF-FPN","isPartOf":{"@id":"https:\/\/npf-fpn.com\/#website"},"primaryImageOfPage":{"@id":"https:\/\/npf-fpn.com\/fr\/the_locker\/le-monde-cache-de-la-traite-des-etres-humains-et-la-facon-dont-cet-enqueteur-special-trouve-la-justice\/#primaryimage"},"image":{"@id":"https:\/\/npf-fpn.com\/fr\/the_locker\/le-monde-cache-de-la-traite-des-etres-humains-et-la-facon-dont-cet-enqueteur-special-trouve-la-justice\/#primaryimage"},"thumbnailUrl":"https:\/\/npf-fpn.com\/app\/uploads\/2024\/08\/Screenshot-2024-08-22-103234.png","datePublished":"2024-08-26T17:42:37+00:00","dateModified":"2024-08-26T18:00:25+00:00","breadcrumb":{"@id":"https:\/\/npf-fpn.com\/fr\/the_locker\/le-monde-cache-de-la-traite-des-etres-humains-et-la-facon-dont-cet-enqueteur-special-trouve-la-justice\/#breadcrumb"},"inLanguage":"fr-FR","potentialAction":[{"@type":"ReadAction","target":["https:\/\/npf-fpn.com\/fr\/the_locker\/le-monde-cache-de-la-traite-des-etres-humains-et-la-facon-dont-cet-enqueteur-special-trouve-la-justice\/"]}]},{"@type":"ImageObject","inLanguage":"fr-FR","@id":"https:\/\/npf-fpn.com\/fr\/the_locker\/le-monde-cache-de-la-traite-des-etres-humains-et-la-facon-dont-cet-enqueteur-special-trouve-la-justice\/#primaryimage","url":"https:\/\/npf-fpn.com\/app\/uploads\/2024\/08\/Screenshot-2024-08-22-103234.png","contentUrl":"https:\/\/npf-fpn.com\/app\/uploads\/2024\/08\/Screenshot-2024-08-22-103234.png","width":1346,"height":920},{"@type":"BreadcrumbList","@id":"https:\/\/npf-fpn.com\/fr\/the_locker\/le-monde-cache-de-la-traite-des-etres-humains-et-la-facon-dont-cet-enqueteur-special-trouve-la-justice\/#breadcrumb","itemListElement":[{"@type":"ListItem","position":1,"name":"Accueil","item":"https:\/\/npf-fpn.com\/fr\/"},{"@type":"ListItem","position":2,"name":"Le monde cach\u00e9 de la traite des \u00eatres humains et la fa\u00e7on dont cet enqu\u00eateur sp\u00e9cial trouve la justice\u00a0"}]},{"@type":"WebSite","@id":"https:\/\/npf-fpn.com\/#website","url":"https:\/\/npf-fpn.com\/","name":"NPF-FPN","description":"Providing strong, fair and progressive representation to almost 20,000 RCMP members across Canada.","publisher":{"@id":"https:\/\/npf-fpn.com\/#organization"},"potentialAction":[{"@type":"SearchAction","target":{"@type":"EntryPoint","urlTemplate":"https:\/\/npf-fpn.com\/?s={search_term_string}"},"query-input":{"@type":"PropertyValueSpecification","valueRequired":true,"valueName":"search_term_string"}}],"inLanguage":"fr-FR"},{"@type":"Organization","@id":"https:\/\/npf-fpn.com\/#organization","name":"NPF-FPN","url":"https:\/\/npf-fpn.com\/","logo":{"@type":"ImageObject","inLanguage":"fr-FR","@id":"https:\/\/npf-fpn.com\/#\/schema\/logo\/image\/","url":"https:\/\/npf-fpn.com\/app\/uploads\/2022\/01\/NPF.jpg","contentUrl":"https:\/\/npf-fpn.com\/app\/uploads\/2022\/01\/NPF.jpg","width":200,"height":200,"caption":"NPF-FPN"},"image":{"@id":"https:\/\/npf-fpn.com\/#\/schema\/logo\/image\/"}}]}},"_links":{"self":[{"href":"https:\/\/npf-fpn.com\/fr\/wp-json\/wp\/v2\/the_locker\/53875","targetHints":{"allow":["GET"]}}],"collection":[{"href":"https:\/\/npf-fpn.com\/fr\/wp-json\/wp\/v2\/the_locker"}],"about":[{"href":"https:\/\/npf-fpn.com\/fr\/wp-json\/wp\/v2\/types\/the_locker"}],"wp:featuredmedia":[{"embeddable":true,"href":"https:\/\/npf-fpn.com\/fr\/wp-json\/wp\/v2\/media\/53826"}],"wp:attachment":[{"href":"https:\/\/npf-fpn.com\/fr\/wp-json\/wp\/v2\/media?parent=53875"}],"wp:term":[{"taxonomy":"impact_topic","embeddable":true,"href":"https:\/\/npf-fpn.com\/fr\/wp-json\/wp\/v2\/impact_topic?post=53875"}],"curies":[{"name":"wp","href":"https:\/\/api.w.org\/{rel}","templated":true}]}}