{"id":53081,"date":"2024-07-16T16:21:04","date_gmt":"2024-07-16T16:21:04","guid":{"rendered":"https:\/\/npf-fpn.com\/?post_type=the_locker&#038;p=53081"},"modified":"2024-07-16T16:21:05","modified_gmt":"2024-07-16T16:21:05","slug":"perdue-et-non-pas-oubliee-se-souvenir-de-la-patrouille-perdue-114-ans-plus-tard","status":"publish","type":"the_locker","link":"https:\/\/npf-fpn.com\/fr\/the_locker\/perdue-et-non-pas-oubliee-se-souvenir-de-la-patrouille-perdue-114-ans-plus-tard\/","title":{"rendered":"Perdue et non pas oubli\u00e9e : Se souvenir de la patrouille perdue 114 ans plus tard\u00a0"},"content":{"rendered":"\n<figure class=\"wp-block-image size-large\"><img decoding=\"async\" width=\"1024\" height=\"577\" src=\"https:\/\/npf-fpn.com\/app\/uploads\/2024\/07\/IMG_7041-1024x577.jpeg\" alt=\"\" class=\"wp-image-53072\" srcset=\"https:\/\/npf-fpn.com\/app\/uploads\/2024\/07\/IMG_7041-1024x577.jpeg 1024w, https:\/\/npf-fpn.com\/app\/uploads\/2024\/07\/IMG_7041-300x169.jpeg 300w, https:\/\/npf-fpn.com\/app\/uploads\/2024\/07\/IMG_7041-768x432.jpeg 768w, https:\/\/npf-fpn.com\/app\/uploads\/2024\/07\/IMG_7041-1536x865.jpeg 1536w, https:\/\/npf-fpn.com\/app\/uploads\/2024\/07\/IMG_7041-355x200.jpeg 355w, https:\/\/npf-fpn.com\/app\/uploads\/2024\/07\/IMG_7041-600x338.jpeg 600w, https:\/\/npf-fpn.com\/app\/uploads\/2024\/07\/IMG_7041.jpeg 2000w\" sizes=\"(max-width: 1024px) 100vw, 1024px\" \/><\/figure>\n\n\n\n<p>Il y a plus de 100\u202fans, une r\u00e9gion \u00e9loign\u00e9e des Territoires du Nord-Ouest est devenue le point central de l\u2019une des plus importantes trag\u00e9dies, ayant caus\u00e9 le plus grand nombre de d\u00e9c\u00e8s chez les membres en service de la Gendarmerie royale du Canada (GRC), appel\u00e9e la patrouille perdue.&nbsp;&nbsp;<\/p>\n\n\n\n<p>M\u00eame 114\u202fans apr\u00e8s la trag\u00e9die de la patrouille perdue, les membres du d\u00e9tachement de la GRC de Fort\u202fMcPherson, dans les Territoires du Nord-Ouest, n\u2019ont pas oubli\u00e9 ces quatre\u202fmembres d\u00e9c\u00e9d\u00e9s, dont l\u2019histoire de lutte fatidique dans le froid hivernal glacial r\u00e9sonne encore apr\u00e8s plus d\u2019un\u202fsi\u00e8cle.&nbsp;<\/p>\n\n\n\n<h4 class=\"wp-block-heading\"><strong>La patrouille perdue\u202f: le d\u00e9part<\/strong>&nbsp;<\/h4>\n\n\n\n<p>Quatre\u202fjours \u00e0 peine avant No\u00ebl\u202f1910, quatre\u202fmembres de la Royale Gendarmerie \u00e0 cheval du Nord-Ouest, qui deviendra la GRC que l\u2019on conna\u00eet aujourd\u2019hui, partent de Fort\u202fMcPherson, dans les Territoires du Nord-Ouest, vers une r\u00e9gion \u00e9loign\u00e9e. L\u2019objectif du groupe, form\u00e9 de l\u2019inspecteur Francis\u202fFitzgerald, du gendarme Richard\u202fO\u2019Hara\u202fTaylor, du gendarme George\u202fFrancis\u202fKinney et du gendarme sp\u00e9cial Sam\u202fCarter, \u00e9tait d\u2019effectuer la patrouille annuelle d\u2019une distance de 800\u202fkm jusqu\u2019\u00e0 Dawson\u202fCity pour livrer le courrier et les d\u00e9p\u00eaches.&nbsp;<\/p>\n\n\n\n<p>\u00c9quip\u00e9s de 15\u202fchiens de tra\u00eeneau et de provisions pour environ 30\u202fjours, les quatre\u202fmembres ont quitt\u00e9 Fort\u202fMcPherson le 21\u202fd\u00e9cembre. Les voyages pr\u00e9c\u00e9dents avaient dur\u00e9 entre 14 et 56\u202fjours, selon les conditions m\u00e9t\u00e9orologiques, et l\u2019\u00e9quipe devait arriver \u00e0 Dawson\u202fCity vers la mi-f\u00e9vrier.&nbsp;&nbsp;<\/p>\n\n\n\n<p>La patrouille ne s\u2019est jamais rendue \u00e0 destination.&nbsp;&nbsp;<\/p>\n\n\n\n<h4 class=\"wp-block-heading\"><strong>La patrouille perdue\u202f: que s\u2019est-il pass\u00e9?\u00a0<\/strong>\u00a0<\/h4>\n\n\n\n<p>Le voyage a commenc\u00e9 comme pr\u00e9vu. Les quatre\u202fmembres ont franchi avec succ\u00e8s la premi\u00e8re \u00e9tape de la travers\u00e9e. Les membres avaient embauch\u00e9 un guide autochtone local pour les aider \u00e0 gravir la cha\u00eene de montagnes\u202fRichardson, ce qu\u2019ils ont travers\u00e9e avec succ\u00e8s.&nbsp;&nbsp;<\/p>\n\n\n\n<p>Une fois dans les montagnes, les membres remercient le guide et poursuivent la travers\u00e9e par eux-m\u00eames. Malheureusement, le membre agissant \u00e0 titre de guide n\u2019avait particip\u00e9 \u00e0 cette patrouille qu\u2019une seule fois auparavant \u2013\u202fet dans la direction oppos\u00e9e\u202f\u2013 et les quatre\u202fhommes se sont rapidement perdus, en proie au vent hurlant, \u00e0 la neige et au froid mordant.&nbsp;<\/p>\n\n\n\n<p>Ce n\u2019est que lorsqu\u2019on remarque que les quatre\u202fmembres n&#8217;arrivent pas \u00e0 Dawson\u202fCity vers la fin du mois de f\u00e9vrier qu\u2019une autre patrouille est d\u00e9ploy\u00e9e. Dirig\u00e9e par le caporal William John Dempster et l&#8217;ex-gendarme Frederick Turner, le gendarme Jerry Fyfe et Charles Stewart, un membre de la communaut\u00e9 m\u00e9tisse de Fort McPherson, les membres de la Patrouille perdue sont finalement d\u00e9couverts d\u00e9c\u00e9d\u00e9s, et les d\u00e9tails de leur voyage \u00e9prouvant sont r\u00e9v\u00e9l\u00e9s dans le journal de l&#8217;inspecteur Fitzgerald.\u00a0\u00a0\u00a0<\/p>\n\n\n<div class=\"wp-block-image\">\n<figure class=\"aligncenter size-full is-resized\"><img decoding=\"async\" width=\"1024\" height=\"768\" src=\"https:\/\/npf-fpn.com\/app\/uploads\/2024\/07\/1024px-Dempster_Highway_beyond_Wright_Pass_-_Northwest_Territories_-_Canada.jpg\" alt=\"\" class=\"wp-image-53074\" style=\"width:662px;height:auto\" srcset=\"https:\/\/npf-fpn.com\/app\/uploads\/2024\/07\/1024px-Dempster_Highway_beyond_Wright_Pass_-_Northwest_Territories_-_Canada.jpg 1024w, https:\/\/npf-fpn.com\/app\/uploads\/2024\/07\/1024px-Dempster_Highway_beyond_Wright_Pass_-_Northwest_Territories_-_Canada-300x225.jpg 300w, https:\/\/npf-fpn.com\/app\/uploads\/2024\/07\/1024px-Dempster_Highway_beyond_Wright_Pass_-_Northwest_Territories_-_Canada-768x576.jpg 768w, https:\/\/npf-fpn.com\/app\/uploads\/2024\/07\/1024px-Dempster_Highway_beyond_Wright_Pass_-_Northwest_Territories_-_Canada-267x200.jpg 267w, https:\/\/npf-fpn.com\/app\/uploads\/2024\/07\/1024px-Dempster_Highway_beyond_Wright_Pass_-_Northwest_Territories_-_Canada-600x450.jpg 600w\" sizes=\"(max-width: 1024px) 100vw, 1024px\" \/><figcaption class=\"wp-element-caption\"><em>La route Dempster, qui traverse le Yukon et les Territoires du Nord-Ouest, porte le nom du caporal Dempster, connu pour avoir retrouv\u00e9 la patrouille perdue. La route actuelle suit plus ou moins le chemin que la patrouille aurait emprunt\u00e9.<\/em><\/figcaption><\/figure>\n<\/div>\n\n\n<h4 class=\"wp-block-heading\"><strong>Les notes dans le journal d\u00e9crivent une lutte pour la survie contre les forces de la nature<\/strong>&nbsp;<\/h4>\n\n\n\n<p>Le 12\u202fjanvier, la patrouille se perd, incapable de trouver le ruisseau qui l\u2019aurait men\u00e9e \u00e0 Dawson\u202fCity. Elle poursuit sa route, mais cela fait maintenant plus de 22 jours qu&#8217;elle affronte les intemp\u00e9ries et un terrain accident\u00e9, et les provisions commencent \u00e0 s&#8217;\u00e9puiser.&nbsp;&nbsp;&nbsp;<\/p>\n\n\n\n<p>Six jours se sont \u00e9coul\u00e9s sans qu&#8217;aucun progr\u00e8s n&#8217;ait \u00e9t\u00e9 r\u00e9alis\u00e9. La patrouille a remont\u00e9 et descendu plusieurs cours d&#8217;eau et ruisseaux, essayant de trouver le bon, mais en vain. Alors qu&#8217;il ne reste que quatre jours de provisions, l&#8217;inspecteur Fitzgerald \u00e9crit dans son journal : \u00ab Mon dernier espoir s&#8217;est envol\u00e9&#8230; \u00bb&nbsp;<\/p>\n\n\n\n<p>Conscients de la situation de vie ou de mort dans laquelle ils se trouvaient, les quatre membres de la police mont\u00e9e ont abandonn\u00e9 leur patrouille et sont retourn\u00e9s \u00e0 Fort McPherson, mais ce voyage ne s&#8217;est pas av\u00e9r\u00e9 moins p\u00e9rilleux.&nbsp;<\/p>\n\n\n\n<p>Alors que leurs provisions s&#8217;\u00e9puisent et qu&#8217;ils sont confront\u00e9s \u00e0 la triste r\u00e9alit\u00e9 de la famine, les membres se mettent \u00e0 manger les chiens de tra\u00eeneau, puis les courroies de cuir qui servaient \u00e0 les atteler aux tra\u00eeneaux.&nbsp;&nbsp;&nbsp;<\/p>\n\n\n\n<p>Malheureusement, expos\u00e9s \u00e0 des temp\u00e9ratures inf\u00e9rieures \u00e0 -40\u202fdegr\u00e9s Celsius et souffrant de famine et d\u2019\u00e9puisement, les membres finissent par succomber aux forces de la nature et ont p\u00e9ri, \u00e0 seulement 40\u202fkilom\u00e8tres de Fort\u202fMcPherson. Les gendarmes Kinney et Taylor perdent la vie les premiers. L\u2019inspecteur Fitzgerald et le gendarme sp\u00e9cial Carter poursuivent la route, mais ils rendent l\u2019\u00e2me \u00e0 quelques pas seulement de leurs camarades. Aujourd\u2019hui, des monuments comm\u00e9moratifs existent sur les deux sites pour rendre hommage \u00e0 ces hommes.\u00a0<\/p>\n\n\n<div class=\"wp-block-image\">\n<figure class=\"aligncenter size-large is-resized\"><img decoding=\"async\" width=\"1024\" height=\"577\" src=\"https:\/\/npf-fpn.com\/app\/uploads\/2024\/07\/IMG_7047-1024x577.jpeg\" alt=\"\" class=\"wp-image-53076\" style=\"width:721px;height:auto\" srcset=\"https:\/\/npf-fpn.com\/app\/uploads\/2024\/07\/IMG_7047-1024x577.jpeg 1024w, https:\/\/npf-fpn.com\/app\/uploads\/2024\/07\/IMG_7047-300x169.jpeg 300w, https:\/\/npf-fpn.com\/app\/uploads\/2024\/07\/IMG_7047-768x432.jpeg 768w, https:\/\/npf-fpn.com\/app\/uploads\/2024\/07\/IMG_7047-1536x865.jpeg 1536w, https:\/\/npf-fpn.com\/app\/uploads\/2024\/07\/IMG_7047-355x200.jpeg 355w, https:\/\/npf-fpn.com\/app\/uploads\/2024\/07\/IMG_7047-600x338.jpeg 600w, https:\/\/npf-fpn.com\/app\/uploads\/2024\/07\/IMG_7047.jpeg 2000w\" sizes=\"(max-width: 1024px) 100vw, 1024px\" \/><figcaption class=\"wp-element-caption\"><em>Cette plaque de bronze marque l\u2019endroit o\u00f9 l\u2019inspecteur Fitzgerald et l\u2019agent sp\u00e9cial Carter ont succomb\u00e9 aux forces de la nature. Il rend hommage aux quatre\u202fmembres de la patrouille perdue.\u00a0<\/em>\u00a0<\/figcaption><\/figure>\n<\/div>\n\n\n<h4 class=\"wp-block-heading\"><strong>Conserver les monuments comm\u00e9moratifs aujourd\u2019hui pour les membres de demain<\/strong>&nbsp;<\/h4>\n\n\n\n<p>M\u00eame si les \u00e9v\u00e9nements li\u00e9s \u00e0 la patrouille perdue se sont d\u00e9roul\u00e9s il y a plus d\u2019un si\u00e8cle, les membres du d\u00e9tachement de la GRC de Fort\u202fMcPherson se souviennent toujours de ces quatre braves officiers et leur rendent hommage.&nbsp;&nbsp;<\/p>\n\n\n\n<p>Chaque ann\u00e9e, des membres de la Division G, ou des Territoires du Nord-Ouest, s\u2019occupent des sites comm\u00e9moratifs. On retrouve 28\u202fmonuments comm\u00e9moratifs diff\u00e9rents dans les Territoires du Nord-Ouest, dont huit dans la seule r\u00e9gion de Fort\u202fMcPherson.&nbsp;&nbsp;<\/p>\n\n\n\n<p>Le d\u00e9sir de se souvenir des membres d\u00e9c\u00e9d\u00e9s et de ceux qui les ont pr\u00e9c\u00e9d\u00e9s rev\u00eat une importance capitale pour les membres de la r\u00e9gion, y compris pour deux\u202fagents actuellement d\u00e9ploy\u00e9s \u00e0 Fort\u202fMcPherson, soit les gendarmes Riley\u202fGould et Melissa\u202fRichard.&nbsp;&nbsp;<\/p>\n\n\n\n<p>Comme le dit Riley\u202f: \u00ab\u202fJe viens d\u2019une famille de militaires, et c\u2019est donc une valeur avec laquelle j\u2019ai grandi, et c\u2019est la m\u00eame chose avec la GRC. C\u2019est une partie de notre histoire et de nos origines, et il ne faut pas l\u2019oublier. Si nous laissons ces noms s\u2019effacer, comment pourrons-nous perp\u00e9tuer cet h\u00e9ritage? Lorsque des personnes se sacrifient pour une chose \u00e0 laquelle ils croient, il faut les honorer.\u202f\u00bb\u00a0<\/p>\n\n\n<div class=\"wp-block-image\">\n<figure class=\"aligncenter size-large is-resized\"><img decoding=\"async\" width=\"577\" height=\"1024\" src=\"https:\/\/npf-fpn.com\/app\/uploads\/2024\/07\/IMG_7040-577x1024.jpeg\" alt=\"\" class=\"wp-image-53078\" style=\"width:379px;height:auto\" srcset=\"https:\/\/npf-fpn.com\/app\/uploads\/2024\/07\/IMG_7040-577x1024.jpeg 577w, https:\/\/npf-fpn.com\/app\/uploads\/2024\/07\/IMG_7040-169x300.jpeg 169w, https:\/\/npf-fpn.com\/app\/uploads\/2024\/07\/IMG_7040-768x1364.jpeg 768w, https:\/\/npf-fpn.com\/app\/uploads\/2024\/07\/IMG_7040-865x1536.jpeg 865w, https:\/\/npf-fpn.com\/app\/uploads\/2024\/07\/IMG_7040-113x200.jpeg 113w, https:\/\/npf-fpn.com\/app\/uploads\/2024\/07\/IMG_7040-600x1066.jpeg 600w, https:\/\/npf-fpn.com\/app\/uploads\/2024\/07\/IMG_7040.jpeg 1126w\" sizes=\"(max-width: 577px) 100vw, 577px\" \/><figcaption class=\"wp-element-caption\"><em>Cette plaque marque l\u2019endroit o\u00f9 les gendarmes Kinney et Taylor ont perdu leur combat contre le froid glacial et ont p\u00e9ri sur le chemin du retour \u00e0 Fort McPherson.<\/em>\u00a0<\/figcaption><\/figure>\n<\/div>\n\n\n<p>Melissa partage ce sentiment\u202f: \u00ab\u202fNous devons nous souvenir de l\u2019histoire, parce que tout cela n\u2019aurait pas \u00e9t\u00e9 possible sans les gens qui \u00e9taient ici. Si nous oublions cette histoire, nous oublions ce lien. Il est important de garder ce souvenir vivant.\u202f\u00bb&nbsp;<\/p>\n\n\n\n<h4 class=\"wp-block-heading\"><strong>Les guides locaux et un peu (d\u2019accord, beaucoup) d\u2019huile de coude&nbsp;<\/strong>&nbsp;<\/h4>\n\n\n\n<p>L&#8217;entretien de ces sites n&#8217;est cependant pas facile. D\u2019abord, il peut \u00eatre difficile de les trouver, et avec des ressources et des outils limit\u00e9s, il est parfois pr\u00e9f\u00e9rable de recourir \u00e0 un guide local. Dans le cas de Riley et Melissa, ils se sont appuy\u00e9s sur les connaissances locales et sur une partie de leur propre savoir pour remttre en \u00e9tat le monument comm\u00e9moratif de la patrouille perdue en juin\u202f2024.&nbsp;&nbsp;<\/p>\n\n\n\n<p>\u00ab\u202fNombre de ces personnes connaissent l\u2019endroit comme le fond de leur poche\u202f\u00bb, explique Riley. \u00ab\u202fC\u2019est vraiment g\u00e9nial de voir l\u2019\u00e9tendue des connaissances locales ici. Tous les renseignements sur l\u2019emplacement de ces sites et sur les \u00e9v\u00e9nements viennent de la collectivit\u00e9, c\u2019est une partie de son histoire.\u202f\u00bb&nbsp;<\/p>\n\n\n\n<p>Riley a ajout\u00e9\u202f: \u00ab\u202fNous avons des outils qui tra\u00eenent au bureau \u2013\u202fdes coupe-branches, des scies \u00e0 main, par exemple. Et si nous n\u2019avions eu que ces outils, nous aurions \u00e9t\u00e9 l\u00e0 toute la nuit, mais le guide savait \u00e0 quoi s\u2019attendre et avait apport\u00e9 des scies \u00e0 cha\u00eene.\u202f\u00bb&nbsp;<\/p>\n\n\n\n<p>Une fois que Riley, Melissa et leur guide Lawrence, un Autochtone de la r\u00e9gion, se sont rendus dans la zone du monument comm\u00e9moratif de la patrouille perdue, ils ont d\u2019abord d\u00fb nettoyer les saules qui s\u2019\u00e9taient multipli\u00e9s et qui avaient envahi le site. Les inondations historiques des ann\u00e9es pr\u00e9c\u00e9dentes avaient caus\u00e9 des d\u00e9g\u00e2ts importants \u2013\u202fle m\u00e2t du monument avait \u00e9t\u00e9 compl\u00e8tement emport\u00e9. \u00c9quip\u00e9s des scies \u00e0 cha\u00eene et d\u2019autres outils appartenant au guide, Riley et Melissa ont pu d\u00e9barrasser le site des saules, de la boue et des autres plantes. Ils ont m\u00eame r\u00e9ussi \u00e0 fabriquer un nouveau m\u00e2t de fortune \u00e0 partir d\u2019un gros arbre, creus\u00e9 dans la boue, et auquel ils ont attach\u00e9 un nouveau drapeau au sommet pour marquer le site.\u00a0<\/p>\n\n\n<div class=\"wp-block-image\">\n<figure class=\"aligncenter size-large is-resized\"><img decoding=\"async\" width=\"1024\" height=\"577\" src=\"https:\/\/npf-fpn.com\/app\/uploads\/2024\/07\/IMG_7041-1024x577.jpeg\" alt=\"\" class=\"wp-image-53072\" style=\"width:764px;height:auto\" srcset=\"https:\/\/npf-fpn.com\/app\/uploads\/2024\/07\/IMG_7041-1024x577.jpeg 1024w, https:\/\/npf-fpn.com\/app\/uploads\/2024\/07\/IMG_7041-300x169.jpeg 300w, https:\/\/npf-fpn.com\/app\/uploads\/2024\/07\/IMG_7041-768x432.jpeg 768w, https:\/\/npf-fpn.com\/app\/uploads\/2024\/07\/IMG_7041-1536x865.jpeg 1536w, https:\/\/npf-fpn.com\/app\/uploads\/2024\/07\/IMG_7041-355x200.jpeg 355w, https:\/\/npf-fpn.com\/app\/uploads\/2024\/07\/IMG_7041-600x338.jpeg 600w, https:\/\/npf-fpn.com\/app\/uploads\/2024\/07\/IMG_7041.jpeg 2000w\" sizes=\"(max-width: 1024px) 100vw, 1024px\" \/><figcaption class=\"wp-element-caption\"><em>Riley, Melissa et leur guide Lawrence c\u00e9l\u00e8brent leur travail acharn\u00e9 \u00e0 l\u2019un des sites comm\u00e9moratifs de la patrouille perdue.<\/em><\/figcaption><\/figure>\n<\/div>\n\n\n<p>\u00ab\u202fNous avons trouv\u00e9 une partie de [l\u2019ancien m\u00e2t] dans la boue, pli\u00e9e en deux. Le drapeau \u00e9tait coinc\u00e9 dans la boue et nous avons d\u00fb le couper. Nous l\u2019avons rapport\u00e9 au d\u00e9tachement et nous le garderons ici. Nous avons install\u00e9 un nouveau drapeau canadien \u00e0 sa place\u202f\u00bb, explique Riley.&nbsp;&nbsp;<\/p>\n\n\n\n<p>Les travaux \u00e9tant termin\u00e9s pour cette ann\u00e9e, les membres ont laiss\u00e9 le monument comm\u00e9moratif dans un \u00e9tat neuf, propre et bien entretenu pour que les g\u00e9n\u00e9rations futures de r\u00e9sidents et de visiteurs puissent le voir et ainsi rendre hommage aux membres d\u00e9c\u00e9d\u00e9s.&nbsp;&nbsp;&nbsp;<\/p>\n\n\n\n<h4 class=\"wp-block-heading\"><strong>Servir dans le Nord\u202f: \u00e9prouvant et gratifiant<\/strong>&nbsp;<\/h4>\n\n\n\n<p>Il ne s\u2019agit pas seulement de monuments comm\u00e9moratifs, de paysages accident\u00e9s et de connaissances locales pour les membres du Nord. Servir dans le Nord offre des exp\u00e9riences que peu de Canadiens peuvent vivre. Riley et Melissa sont toujours ravis d\u2019en parler.&nbsp;<\/p>\n\n\n\n<p>\u00ab\u202f\u00c0 l\u2019\u00e9poque de la Gendarmerie \u00e0 cheval du Nord-Ouest, les hommes \u00e9taient des durs \u00e0 cuire \u00bb, dit Riley. \u00ab\u202fC\u2019\u00e9taient des survivalistes. Mais aujourd&#8217;hui, l&#8217;image de marque ne se limite pas \u00e0 cela. Aujourd&#8217;hui, tout le monde peut travailler l\u00e0-haut, il n&#8217;est pas n\u00e9cessaire d&#8217;avoir des connaissances approfondies en mati\u00e8re de camping ou de randonn\u00e9e. Tout le monde peut y trouver son compte et y apprendre quelque chose. Le personnel de Fort McPherson est compos\u00e9 de beaucoup de gens de la Division D\u00e9p\u00f4t et, au bout de deux ans, on en ressort avec un bagage tr\u00e8s complet. \u00bb\u00a0<\/p>\n\n\n<div class=\"wp-block-image\">\n<figure class=\"aligncenter size-full is-resized\"><img decoding=\"async\" width=\"720\" height=\"539\" src=\"https:\/\/npf-fpn.com\/app\/uploads\/2024\/07\/84692257_196785508045607_4697092780181960614_n.jpg\" alt=\"\" class=\"wp-image-53080\" style=\"width:565px;height:auto\" srcset=\"https:\/\/npf-fpn.com\/app\/uploads\/2024\/07\/84692257_196785508045607_4697092780181960614_n.jpg 720w, https:\/\/npf-fpn.com\/app\/uploads\/2024\/07\/84692257_196785508045607_4697092780181960614_n-300x225.jpg 300w, https:\/\/npf-fpn.com\/app\/uploads\/2024\/07\/84692257_196785508045607_4697092780181960614_n-267x200.jpg 267w, https:\/\/npf-fpn.com\/app\/uploads\/2024\/07\/84692257_196785508045607_4697092780181960614_n-600x449.jpg 600w\" sizes=\"(max-width: 720px) 100vw, 720px\" \/><figcaption class=\"wp-element-caption\"><em>Le Nord canadien\u202f: rude, gratifiant et \u00e9poustouflant.<\/em>\u00a0<\/figcaption><\/figure>\n<\/div>\n\n\n<p>\u00ab\u202fJ\u2019adore le fait que nous puissions parler du Nord en g\u00e9n\u00e9ral et de cet environnement. Je pense que la plupart des Canadiens oublient l&#8217;existence de ces lieux, voire ne savent pas qu&#8217;ils existent \u00bb, affirme Melissa. \u00ab\u202fLe Canada et les Autochtones partagent une histoire tr\u00e8s riche \u2013\u202fles gens qui vivent et qui ont v\u00e9cu ici sont tr\u00e8s authentiques. Je vous encourage \u00e0 prendre le temps de lire et \u00e0 en apprendre plus sur le sujet, \u00e0 \u00e9couter ce qu\u2019ils ont \u00e0 raconter et \u00e0 d\u00e9couvrir ces connaissances locales. Il n\u2019y a rien de tel dans le monde entier.\u202f\u00bb&nbsp;<\/p>\n\n\n\n<p>Bien que la trag\u00e9die de la patrouille perdue remonte \u00e0 plus de 100\u202fans, l\u2019h\u00e9ritage de leur bravoure et de leur dynamisme r\u00e9sonne encore aujourd\u2019hui \u2013\u202fun h\u00e9ritage inoubliable pour les membres qui servent Fort\u202fMcPherson et ceux qui y vivent\u202f: les visiteurs, les membres et la population locale. Parce qu\u2019il n\u2019est jamais trop tard pour se souvenir des membres d\u00e9c\u00e9d\u00e9s.&nbsp;&nbsp;<\/p>\n","protected":false},"featured_media":53072,"parent":0,"menu_order":0,"template":"","impact_topic":[107],"class_list":["post-53081","the_locker","type-the_locker","status-publish","has-post-thumbnail","hentry","impact_topic-histoire"],"acf":[],"yoast_head":"<!-- This site is optimized with the Yoast SEO plugin v27.4 - https:\/\/yoast.com\/product\/yoast-seo-wordpress\/ -->\n<title>Perdue et non pas oubli\u00e9e : Se souvenir de la patrouille perdue 114 ans plus tard\u00a0 - NPF-FPN<\/title>\n<meta name=\"description\" content=\"Il y a plus de 100\u202fans, une r\u00e9gion \u00e9loign\u00e9e des Territoires du Nord-Ouest est devenue le point central de l\u2019une des plus importantes trag\u00e9dies, ayant caus\u00e9 le plus grand nombre de d\u00e9c\u00e8s chez les membres en service de la Gendarmerie royale du Canada (GRC).\" \/>\n<meta name=\"robots\" content=\"index, follow, max-snippet:-1, max-image-preview:large, max-video-preview:-1\" \/>\n<link rel=\"canonical\" href=\"https:\/\/npf-fpn.com\/fr\/the_locker\/perdue-et-non-pas-oubliee-se-souvenir-de-la-patrouille-perdue-114-ans-plus-tard\/\" \/>\n<meta property=\"og:locale\" content=\"fr_FR\" \/>\n<meta property=\"og:type\" content=\"article\" \/>\n<meta property=\"og:title\" content=\"Perdue et non pas oubli\u00e9e : Se souvenir de la patrouille perdue 114 ans plus tard\u00a0\" \/>\n<meta property=\"og:description\" content=\"Perdue et non pas oubli\u00e9e : Se souvenir de la patrouille perdue 114 ans plus tard\u00a0\" \/>\n<meta property=\"og:url\" content=\"https:\/\/npf-fpn.com\/fr\/the_locker\/perdue-et-non-pas-oubliee-se-souvenir-de-la-patrouille-perdue-114-ans-plus-tard\/\" \/>\n<meta property=\"og:site_name\" content=\"NPF-FPN\" \/>\n<meta property=\"article:modified_time\" content=\"2024-07-16T16:21:05+00:00\" \/>\n<meta property=\"og:image\" content=\"https:\/\/npf-fpn.com\/app\/uploads\/2024\/07\/IMG_7041.jpeg\" \/>\n\t<meta property=\"og:image:width\" content=\"2000\" \/>\n\t<meta property=\"og:image:height\" content=\"1126\" \/>\n\t<meta property=\"og:image:type\" content=\"image\/jpeg\" \/>\n<meta name=\"twitter:card\" content=\"summary_large_image\" \/>\n<meta name=\"twitter:label1\" content=\"Est. reading time\" \/>\n\t<meta name=\"twitter:data1\" content=\"9 minutes\" \/>\n<script type=\"application\/ld+json\" class=\"yoast-schema-graph\">{\"@context\":\"https:\\\/\\\/schema.org\",\"@graph\":[{\"@type\":\"WebPage\",\"@id\":\"https:\\\/\\\/npf-fpn.com\\\/fr\\\/the_locker\\\/perdue-et-non-pas-oubliee-se-souvenir-de-la-patrouille-perdue-114-ans-plus-tard\\\/\",\"url\":\"https:\\\/\\\/npf-fpn.com\\\/fr\\\/the_locker\\\/perdue-et-non-pas-oubliee-se-souvenir-de-la-patrouille-perdue-114-ans-plus-tard\\\/\",\"name\":\"Perdue et non pas oubli\u00e9e : Se souvenir de la patrouille perdue 114 ans plus tard\u00a0 - NPF-FPN\",\"isPartOf\":{\"@id\":\"https:\\\/\\\/npf-fpn.com\\\/#website\"},\"primaryImageOfPage\":{\"@id\":\"https:\\\/\\\/npf-fpn.com\\\/fr\\\/the_locker\\\/perdue-et-non-pas-oubliee-se-souvenir-de-la-patrouille-perdue-114-ans-plus-tard\\\/#primaryimage\"},\"image\":{\"@id\":\"https:\\\/\\\/npf-fpn.com\\\/fr\\\/the_locker\\\/perdue-et-non-pas-oubliee-se-souvenir-de-la-patrouille-perdue-114-ans-plus-tard\\\/#primaryimage\"},\"thumbnailUrl\":\"https:\\\/\\\/npf-fpn.com\\\/app\\\/uploads\\\/2024\\\/07\\\/IMG_7041.jpeg\",\"datePublished\":\"2024-07-16T16:21:04+00:00\",\"dateModified\":\"2024-07-16T16:21:05+00:00\",\"description\":\"Il y a plus de 100\u202fans, une r\u00e9gion \u00e9loign\u00e9e des Territoires du Nord-Ouest est devenue le point central de l\u2019une des plus importantes trag\u00e9dies, ayant caus\u00e9 le plus grand nombre de d\u00e9c\u00e8s chez les membres en service de la Gendarmerie royale du Canada (GRC).\",\"breadcrumb\":{\"@id\":\"https:\\\/\\\/npf-fpn.com\\\/fr\\\/the_locker\\\/perdue-et-non-pas-oubliee-se-souvenir-de-la-patrouille-perdue-114-ans-plus-tard\\\/#breadcrumb\"},\"inLanguage\":\"fr-FR\",\"potentialAction\":[{\"@type\":\"ReadAction\",\"target\":[\"https:\\\/\\\/npf-fpn.com\\\/fr\\\/the_locker\\\/perdue-et-non-pas-oubliee-se-souvenir-de-la-patrouille-perdue-114-ans-plus-tard\\\/\"]}]},{\"@type\":\"ImageObject\",\"inLanguage\":\"fr-FR\",\"@id\":\"https:\\\/\\\/npf-fpn.com\\\/fr\\\/the_locker\\\/perdue-et-non-pas-oubliee-se-souvenir-de-la-patrouille-perdue-114-ans-plus-tard\\\/#primaryimage\",\"url\":\"https:\\\/\\\/npf-fpn.com\\\/app\\\/uploads\\\/2024\\\/07\\\/IMG_7041.jpeg\",\"contentUrl\":\"https:\\\/\\\/npf-fpn.com\\\/app\\\/uploads\\\/2024\\\/07\\\/IMG_7041.jpeg\",\"width\":2000,\"height\":1126},{\"@type\":\"BreadcrumbList\",\"@id\":\"https:\\\/\\\/npf-fpn.com\\\/fr\\\/the_locker\\\/perdue-et-non-pas-oubliee-se-souvenir-de-la-patrouille-perdue-114-ans-plus-tard\\\/#breadcrumb\",\"itemListElement\":[{\"@type\":\"ListItem\",\"position\":1,\"name\":\"Accueil\",\"item\":\"https:\\\/\\\/npf-fpn.com\\\/fr\\\/\"},{\"@type\":\"ListItem\",\"position\":2,\"name\":\"Perdue et non pas oubli\u00e9e : Se souvenir de la patrouille perdue 114 ans plus tard\u00a0\"}]},{\"@type\":\"WebSite\",\"@id\":\"https:\\\/\\\/npf-fpn.com\\\/#website\",\"url\":\"https:\\\/\\\/npf-fpn.com\\\/\",\"name\":\"NPF-FPN\",\"description\":\"Providing strong, fair and progressive representation to almost 20,000 RCMP members across Canada.\",\"publisher\":{\"@id\":\"https:\\\/\\\/npf-fpn.com\\\/#organization\"},\"potentialAction\":[{\"@type\":\"SearchAction\",\"target\":{\"@type\":\"EntryPoint\",\"urlTemplate\":\"https:\\\/\\\/npf-fpn.com\\\/?s={search_term_string}\"},\"query-input\":{\"@type\":\"PropertyValueSpecification\",\"valueRequired\":true,\"valueName\":\"search_term_string\"}}],\"inLanguage\":\"fr-FR\"},{\"@type\":\"Organization\",\"@id\":\"https:\\\/\\\/npf-fpn.com\\\/#organization\",\"name\":\"NPF-FPN\",\"url\":\"https:\\\/\\\/npf-fpn.com\\\/\",\"logo\":{\"@type\":\"ImageObject\",\"inLanguage\":\"fr-FR\",\"@id\":\"https:\\\/\\\/npf-fpn.com\\\/#\\\/schema\\\/logo\\\/image\\\/\",\"url\":\"https:\\\/\\\/npf-fpn.com\\\/app\\\/uploads\\\/2022\\\/01\\\/NPF.jpg\",\"contentUrl\":\"https:\\\/\\\/npf-fpn.com\\\/app\\\/uploads\\\/2022\\\/01\\\/NPF.jpg\",\"width\":200,\"height\":200,\"caption\":\"NPF-FPN\"},\"image\":{\"@id\":\"https:\\\/\\\/npf-fpn.com\\\/#\\\/schema\\\/logo\\\/image\\\/\"}}]}<\/script>\n<!-- \/ Yoast SEO plugin. -->","yoast_head_json":{"title":"Perdue et non pas oubli\u00e9e : Se souvenir de la patrouille perdue 114 ans plus tard\u00a0 - NPF-FPN","description":"Il y a plus de 100\u202fans, une r\u00e9gion \u00e9loign\u00e9e des Territoires du Nord-Ouest est devenue le point central de l\u2019une des plus importantes trag\u00e9dies, ayant caus\u00e9 le plus grand nombre de d\u00e9c\u00e8s chez les membres en service de la Gendarmerie royale du Canada (GRC).","robots":{"index":"index","follow":"follow","max-snippet":"max-snippet:-1","max-image-preview":"max-image-preview:large","max-video-preview":"max-video-preview:-1"},"canonical":"https:\/\/npf-fpn.com\/fr\/the_locker\/perdue-et-non-pas-oubliee-se-souvenir-de-la-patrouille-perdue-114-ans-plus-tard\/","og_locale":"fr_FR","og_type":"article","og_title":"Perdue et non pas oubli\u00e9e : Se souvenir de la patrouille perdue 114 ans plus tard\u00a0","og_description":"Perdue et non pas oubli\u00e9e : Se souvenir de la patrouille perdue 114 ans plus tard\u00a0","og_url":"https:\/\/npf-fpn.com\/fr\/the_locker\/perdue-et-non-pas-oubliee-se-souvenir-de-la-patrouille-perdue-114-ans-plus-tard\/","og_site_name":"NPF-FPN","article_modified_time":"2024-07-16T16:21:05+00:00","og_image":[{"width":2000,"height":1126,"url":"https:\/\/npf-fpn.com\/app\/uploads\/2024\/07\/IMG_7041.jpeg","type":"image\/jpeg"}],"twitter_card":"summary_large_image","twitter_misc":{"Est. reading time":"9 minutes"},"schema":{"@context":"https:\/\/schema.org","@graph":[{"@type":"WebPage","@id":"https:\/\/npf-fpn.com\/fr\/the_locker\/perdue-et-non-pas-oubliee-se-souvenir-de-la-patrouille-perdue-114-ans-plus-tard\/","url":"https:\/\/npf-fpn.com\/fr\/the_locker\/perdue-et-non-pas-oubliee-se-souvenir-de-la-patrouille-perdue-114-ans-plus-tard\/","name":"Perdue et non pas oubli\u00e9e : Se souvenir de la patrouille perdue 114 ans plus tard\u00a0 - NPF-FPN","isPartOf":{"@id":"https:\/\/npf-fpn.com\/#website"},"primaryImageOfPage":{"@id":"https:\/\/npf-fpn.com\/fr\/the_locker\/perdue-et-non-pas-oubliee-se-souvenir-de-la-patrouille-perdue-114-ans-plus-tard\/#primaryimage"},"image":{"@id":"https:\/\/npf-fpn.com\/fr\/the_locker\/perdue-et-non-pas-oubliee-se-souvenir-de-la-patrouille-perdue-114-ans-plus-tard\/#primaryimage"},"thumbnailUrl":"https:\/\/npf-fpn.com\/app\/uploads\/2024\/07\/IMG_7041.jpeg","datePublished":"2024-07-16T16:21:04+00:00","dateModified":"2024-07-16T16:21:05+00:00","description":"Il y a plus de 100\u202fans, une r\u00e9gion \u00e9loign\u00e9e des Territoires du Nord-Ouest est devenue le point central de l\u2019une des plus importantes trag\u00e9dies, ayant caus\u00e9 le plus grand nombre de d\u00e9c\u00e8s chez les membres en service de la Gendarmerie royale du Canada (GRC).","breadcrumb":{"@id":"https:\/\/npf-fpn.com\/fr\/the_locker\/perdue-et-non-pas-oubliee-se-souvenir-de-la-patrouille-perdue-114-ans-plus-tard\/#breadcrumb"},"inLanguage":"fr-FR","potentialAction":[{"@type":"ReadAction","target":["https:\/\/npf-fpn.com\/fr\/the_locker\/perdue-et-non-pas-oubliee-se-souvenir-de-la-patrouille-perdue-114-ans-plus-tard\/"]}]},{"@type":"ImageObject","inLanguage":"fr-FR","@id":"https:\/\/npf-fpn.com\/fr\/the_locker\/perdue-et-non-pas-oubliee-se-souvenir-de-la-patrouille-perdue-114-ans-plus-tard\/#primaryimage","url":"https:\/\/npf-fpn.com\/app\/uploads\/2024\/07\/IMG_7041.jpeg","contentUrl":"https:\/\/npf-fpn.com\/app\/uploads\/2024\/07\/IMG_7041.jpeg","width":2000,"height":1126},{"@type":"BreadcrumbList","@id":"https:\/\/npf-fpn.com\/fr\/the_locker\/perdue-et-non-pas-oubliee-se-souvenir-de-la-patrouille-perdue-114-ans-plus-tard\/#breadcrumb","itemListElement":[{"@type":"ListItem","position":1,"name":"Accueil","item":"https:\/\/npf-fpn.com\/fr\/"},{"@type":"ListItem","position":2,"name":"Perdue et non pas oubli\u00e9e : Se souvenir de la patrouille perdue 114 ans plus tard\u00a0"}]},{"@type":"WebSite","@id":"https:\/\/npf-fpn.com\/#website","url":"https:\/\/npf-fpn.com\/","name":"NPF-FPN","description":"Providing strong, fair and progressive representation to almost 20,000 RCMP members across Canada.","publisher":{"@id":"https:\/\/npf-fpn.com\/#organization"},"potentialAction":[{"@type":"SearchAction","target":{"@type":"EntryPoint","urlTemplate":"https:\/\/npf-fpn.com\/?s={search_term_string}"},"query-input":{"@type":"PropertyValueSpecification","valueRequired":true,"valueName":"search_term_string"}}],"inLanguage":"fr-FR"},{"@type":"Organization","@id":"https:\/\/npf-fpn.com\/#organization","name":"NPF-FPN","url":"https:\/\/npf-fpn.com\/","logo":{"@type":"ImageObject","inLanguage":"fr-FR","@id":"https:\/\/npf-fpn.com\/#\/schema\/logo\/image\/","url":"https:\/\/npf-fpn.com\/app\/uploads\/2022\/01\/NPF.jpg","contentUrl":"https:\/\/npf-fpn.com\/app\/uploads\/2022\/01\/NPF.jpg","width":200,"height":200,"caption":"NPF-FPN"},"image":{"@id":"https:\/\/npf-fpn.com\/#\/schema\/logo\/image\/"}}]}},"_links":{"self":[{"href":"https:\/\/npf-fpn.com\/fr\/wp-json\/wp\/v2\/the_locker\/53081","targetHints":{"allow":["GET"]}}],"collection":[{"href":"https:\/\/npf-fpn.com\/fr\/wp-json\/wp\/v2\/the_locker"}],"about":[{"href":"https:\/\/npf-fpn.com\/fr\/wp-json\/wp\/v2\/types\/the_locker"}],"wp:featuredmedia":[{"embeddable":true,"href":"https:\/\/npf-fpn.com\/fr\/wp-json\/wp\/v2\/media\/53072"}],"wp:attachment":[{"href":"https:\/\/npf-fpn.com\/fr\/wp-json\/wp\/v2\/media?parent=53081"}],"wp:term":[{"taxonomy":"impact_topic","embeddable":true,"href":"https:\/\/npf-fpn.com\/fr\/wp-json\/wp\/v2\/impact_topic?post=53081"}],"curies":[{"name":"wp","href":"https:\/\/api.w.org\/{rel}","templated":true}]}}