{"id":45975,"date":"2023-11-10T20:43:41","date_gmt":"2023-11-10T20:43:41","guid":{"rendered":"https:\/\/npf-fpn.com\/?post_type=the_locker&#038;p=45975"},"modified":"2023-11-10T20:43:42","modified_gmt":"2023-11-10T20:43:42","slug":"lhistoire-de-deux-uniformes-hommage-aux-heros-canadiens-qui-servent-au-sein-de-la-grc-et-des-forces-armees-canadiennes","status":"publish","type":"the_locker","link":"https:\/\/npf-fpn.com\/fr\/the_locker\/lhistoire-de-deux-uniformes-hommage-aux-heros-canadiens-qui-servent-au-sein-de-la-grc-et-des-forces-armees-canadiennes\/","title":{"rendered":"L\u2019histoire de deux uniformes\u00a0: Hommage aux h\u00e9ros canadiens qui servent au sein de la GRC et des Forces arm\u00e9es canadiennes"},"content":{"rendered":"\n<figure class=\"wp-block-image size-large\"><img decoding=\"async\" width=\"1024\" height=\"576\" src=\"https:\/\/npf-fpn.com\/app\/uploads\/2023\/11\/RCMP-1024x576.jpg\" alt=\"\" class=\"wp-image-45961\" srcset=\"https:\/\/npf-fpn.com\/app\/uploads\/2023\/11\/RCMP-1024x576.jpg 1024w, https:\/\/npf-fpn.com\/app\/uploads\/2023\/11\/RCMP-300x169.jpg 300w, https:\/\/npf-fpn.com\/app\/uploads\/2023\/11\/RCMP-768x432.jpg 768w, https:\/\/npf-fpn.com\/app\/uploads\/2023\/11\/RCMP-1536x864.jpg 1536w, https:\/\/npf-fpn.com\/app\/uploads\/2023\/11\/RCMP-355x200.jpg 355w, https:\/\/npf-fpn.com\/app\/uploads\/2023\/11\/RCMP-600x338.jpg 600w, https:\/\/npf-fpn.com\/app\/uploads\/2023\/11\/RCMP.jpg 1900w\" sizes=\"(max-width: 1024px) 100vw, 1024px\" \/><figcaption class=\"wp-element-caption\">(Photo: Tourism Saskatchewan Canada)<\/figcaption><\/figure>\n\n\n\n<p>Alors que les couleurs de l\u2019automne se transforment en une mer cramoisie de coquelicots \u00e0 l\u2019occasion \u00e9mouvante du jour du Souvenir, les Canadiens et les Canadiennes se souviennent des sacrifices consentis par les braves hommes et femmes en uniforme. Aujourd\u2019hui, nous entreprenons un voyage dans le temps et la tradition en explorant l\u2019importance du jour du Souvenir au moyen d\u2019entrevues avec des membres de la GRC et des Forces arm\u00e9es canadiennes. Joignez-vous \u00e0 nous pour d\u00e9couvrir les diff\u00e9rentes facettes de ce jour national du Souvenir, qui rend hommage au pass\u00e9 tout en esp\u00e9rant un avenir plus pacifique.<\/p>\n\n\n\n<p>Bon nombre de personnes deviennent membres de la GRC parce qu\u2019elles souhaitent servir leur collectivit\u00e9. Pour certaines, cela se traduit \u00e9galement par un d\u00e9sir de servir leur pays en jouant le double r\u00f4le de policier de la GRC et de membre de la R\u00e9serve des Forces arm\u00e9es canadiennes. Pour ces h\u00e9ros, la vie quotidienne peut \u00eatre l\u2019histoire de deux uniformes.<\/p>\n\n\n\n<p>Les Canadiens et les Canadiennes ont une dette particuli\u00e8re de gratitude envers ces membres qui ont consacr\u00e9 une partie importante de leur vie \u00e0 assurer notre s\u00e9curit\u00e9 dans une vari\u00e9t\u00e9 de sc\u00e9narios et situations.<\/p>\n\n\n\n<p>Quatre membres actuels de la GRC qui jouent \u00e9galement des r\u00f4les importants au sein des Forces arm\u00e9es canadiennes (FAC) nous ont offert un regard exclusif sur leur r\u00e9alit\u00e9. Jetez un coup d\u2019\u0153il \u00e0 leurs histoires ci-dessous.<\/p>\n\n\n\n<h5 class=\"wp-block-heading\">Bryan\u00a0Gardner\u00a0: Gendarme de la GRC, adjudant-chef, conseiller du commandant du Centre de doctrine et d\u2019instruction de l\u2019Arm\u00e9e canadienne pour les questions relatives \u00e0 la Premi\u00e8re r\u00e9serve<\/h5>\n\n\n\n<p>Le gendarme Bryan&nbsp;Gardner s\u2019est joint aux FAC \u00e0 titre de membre de la Premi\u00e8re r\u00e9serve en 1992, apr\u00e8s avoir pass\u00e9 un certain temps au sein des cadets de l\u2019Arm\u00e9e et apr\u00e8s que son fr\u00e8re s\u2019y soit joint en 1990. Ses deux grands-p\u00e8res ont \u00e9galement servi leurs pays, l\u2019un dans les FAC (Artillerie royale canadienne) et l\u2019autre dans la Marine royale (Royaume\u2011Uni). Apr\u00e8s s\u2019\u00eatre joint \u00e0 la GRC en 2004, il a quitt\u00e9 les FAC, mais s\u2019est r\u00e9engag\u00e9 en 2007.<\/p>\n\n\n\n<p>Bryan a \u00e9galement d\u00e9couvert de nombreux avantages \u00e0 \u00eatre membre de la GRC lorsqu\u2019il s\u2019est engag\u00e9 dans les FAC.<\/p>\n\n\n\n<p>Bryan a \u00e9galement constat\u00e9 les nombreux avantages \u00e0 \u00eatre membre de la GRC lorsqu&#8217;il s&#8217;est engag\u00e9 dans les FAC, et \u00e0 utiliser les comp\u00e9tences et les possibilit\u00e9s de formation qui lui sont offertes par le biais des FAC dans sa carri\u00e8re \u00e0 la GRC.<\/p>\n\n\n\n<p>&#8220;Les FAC m&#8217;ont dispens\u00e9 des heures, des jours, des semaines et des mois de formation en leadership que je peux mettre \u00e0 profit lorsque la GRC le requiert.\u00a0Les FAC organisent de nombreux programmes de formation au leadership dans le cadre desquels nous sommes \u00e9valu\u00e9s dans des situations o\u00f9 notre efficacit\u00e9 en tant que leader est mise \u00e0 l&#8217;\u00e9preuve. Cela se d\u00e9roule \u00e0 diff\u00e9rents niveaux, et il faut suivre ces cours pour monter en grade dans les FAC. Par ailleurs, les FAC m&#8217;ont \u00e9galement beaucoup appris sur les tactiques et, bien entendu, sur les armes \u00e0 feu. C&#8217;est la GRC qui en a b\u00e9n\u00e9fici\u00e9 puisque je suis \u00e0 la fois instructeur en armes \u00e0 feu et ISPP.&#8221;<\/p>\n\n\n\n<p>\u00c0 l\u2019\u00e9poque o\u00f9 Bryan \u00e9tait membre, il a appris qu\u2019il \u00e9tait capable de faire preuve de souplesse et de n\u00e9gocier lorsqu\u2019il traitait avec des membres des FAC, c\u2019est-\u00e0-dire des subordonn\u00e9s, des pairs et des commandants. Cela lui a \u00e9galement permis de voir les membres des FAC, surtout les r\u00e9servistes, comme des personnes qui veulent servir leur pays et leur communaut\u00e9.<\/p>\n\n\n\n<p>En fin de compte, Bryan croit que le sens du service est important dans la soci\u00e9t\u00e9 et fait preuve de reconnaissance \u00e0 l\u2019\u00e9gard des membres des FAC et de la GRC pour leur service au pays.<\/p>\n\n\n\n<h5 class=\"wp-block-heading\">Arnold\u00a0Matibag\u00a0: Caporal de la GRC, adjudant-chef et sergent-major de r\u00e9giment, British\u00a0Columbia Regiment (Duke of Connaught&#8217;s Own)<\/h5>\n\n\n\n<p>Cela fait pr\u00e8s de 30&nbsp;ans que le caporal Arnold&nbsp;Matibag de la GRC s\u2019est joint au British Columbia Regiment (Duke of Connaught\u2019s Own, DCO), un r\u00e9giment de cavalerie blind\u00e9e charg\u00e9 de fournir des soldats de cavalerie qualifi\u00e9s pour aider la Force r\u00e9guli\u00e8re \u00e0 respecter les engagements militaires du Canada. Le caporal Matibag y est responsable de l\u2019administration des troupes et supervise la formation de ces derni\u00e8res. Il est \u00e9galement gestionnaire des carri\u00e8res pour les sous-officiers sup\u00e9rieurs (s\/off&nbsp;sup) du r\u00e9giment et les sous-officiers subalternes, en plus de conseiller le commandant en mati\u00e8re de discipline, de r\u00e8gles vestimentaires et de syst\u00e8me de justice militaire.<\/p>\n\n\n\n<p>\u00catre membre de la GRC et r\u00e9serviste dans les FAC repr\u00e9sente de nombreux d\u00e9fis, selon le caporal Matibag.<\/p>\n\n\n\n<p>\u00ab\u00a0L\u2019un des avantages d\u2019\u00eatre membre de la GRC tout en servant dans les FAC est l\u2019honneur de servir le Canada en qualit\u00e9 de militaire et de diriger l\u2019institution militaire. Je trouve que le leadership, l\u2019\u00e9thique et les valeurs des Forces canadiennes font l\u2019objet de normes plus \u00e9lev\u00e9es que j\u2019applique lorsque je travaille \u00e0 la GRC. Il est possible de demander un cong\u00e9 pour participer \u00e0 mes engagements militaires gr\u00e2ce au soutien et \u00e0 la souplesse de mon chef de veille et de mon officier responsable. \u00bb<\/p>\n\n\n\n<h5 class=\"wp-block-heading\">Andrew Curtis\u00a0: Caporal et sous-lieutenant de la GRC, r\u00e9giment The Rocky Mountain Rangers<\/h5>\n\n\n\n<p>Le caporal Andrew&nbsp;Curtis souhaitait se joindre aux Forces arm\u00e9es canadiennes pour plusieurs raisons.<\/p>\n\n\n\n<p>\u00ab&nbsp;Deux personnes ont influenc\u00e9 positivement ma motivation \u00e0 rejoindre les FAC&nbsp;: la premi\u00e8re, mon grand\u2011p\u00e8re Roy&nbsp;Curtis, qui a servi comme assistant m\u00e9dical et brancardier pendant la Seconde Guerre mondiale, et la seconde, un cousin, Marshall&nbsp;Denys, qui \u00e9tait dans l\u2019aviation am\u00e9ricaine comme arrimeur de C\u2011130.&nbsp;\u00bb<\/p>\n\n\n\n<p>Ce n\u2019est qu\u2019\u00e0 l\u2019universit\u00e9 que le cap. Curtis s\u2019est finalement enr\u00f4l\u00e9.<\/p>\n\n\n\n<p>\u00ab&nbsp;\u00c0 l\u2019universit\u00e9, quelques amis exploraient activement l\u2019id\u00e9e de se joindre aux FAC et nous avons d\u00e9cid\u00e9 de nous enr\u00f4ler ensemble. Alors qu\u2019ils ont rejoint le Loyal Edmonton Regiment, j\u2019ai pris la d\u00e9cision de rejoindre la 15<sup>e<\/sup>&nbsp;Ambulance de campagne (alors connue sous le nom de 15<sup>e<\/sup>&nbsp;Compagnie m\u00e9dicale) \u00e0 titre d\u2019assistant m\u00e9dical pour suivre les traces de mon grand-p\u00e8re.&nbsp;\u00bb<\/p>\n\n\n\n<p>Andrew vient d\u2019\u00eatre nomm\u00e9 sous-lieutenant des Rocky Mountain Rangers, un r\u00e9giment d\u2019infanterie l\u00e9g\u00e8re pr\u00e9sent \u00e0 Prince&nbsp;George et \u00e0 Kamloops. Le r\u00e9giment a une riche histoire de service, y compris la reprise de Kiska, une \u00eele de l\u2019Alaska dans la mer de B\u00e9ring, et plusieurs honneurs de bataille de la Premi\u00e8re Guerre mondiale et de l\u2019Afghanistan.<\/p>\n\n\n\n<p>\u00ab&nbsp;Mon r\u00f4le actuel au sein de l\u2019\u00e9quipe de direction du peloton d\u2019instruction du personnel vise \u00e0 pr\u00e9parer les nouvelles recrues \u00e0 la profession militaire et aux d\u00e9ploiements futurs, en veillant \u00e0 ce qu\u2019elles r\u00e9ussissent leur instruction obligatoire, comme les \u00e9tapes de la qualification militaire de base et du perfectionnement.&nbsp;\u00bb<\/p>\n\n\n\n<p>Selon Andrew, la formation de la GRC l\u2019a aid\u00e9 \u00e0 se pr\u00e9parer \u00e0 son r\u00f4le actuel au sein des FAC et lui a apport\u00e9 un nouvel ensemble de comp\u00e9tences qu\u2019il pourrait utiliser pour enseigner \u00e0 la prochaine g\u00e9n\u00e9ration de recrues des FAC.<\/p>\n\n\n\n<p>\u00ab&nbsp;La formation de la Division D\u00e9p\u00f4t de la GRC m\u2019a aid\u00e9 \u00e0 me pr\u00e9parer au service continu des FAC en m\u2019inculquant une attitude professionnelle plus profonde acquise \u00e0 l\u2019aide de l\u2019exercice, du comportement, de la ma\u00eetrise de soi, de la r\u00e9silience mentale et de la condition physique. L\u2019application continue d\u2019une perspective polici\u00e8re aux risques, \u00e0 la s\u00e9curit\u00e9 et aux r\u00e9percussions sociales a \u00e9galement profit\u00e9 aux FAC en mati\u00e8re de formation et de planification op\u00e9rationnelle.&nbsp;\u00bb<\/p>\n\n\n\n<p>Les avantages vont dans les deux sens \u00e9galement. Les comp\u00e9tences acquises par les membres gr\u00e2ce \u00e0 leur exp\u00e9rience au sein des FAC peuvent \u00e9galement am\u00e9liorer leur capacit\u00e9 en tant que policier.<\/p>\n\n\n\n<p>\u00ab\u00a0Alors que la GRC fonctionne \u00e0 un rythme op\u00e9rationnel continu pour maintenir la paix et l\u2019ordre dans la soci\u00e9t\u00e9 (avec des situations de stabilisation sporadiques et chaotiques), les FAC excellent dans la capacit\u00e9 de former et de perfectionner des leaders pour planifier et ex\u00e9cuter des op\u00e9rations nationales et internationales complexes, o\u00f9 l\u2019\u00e9chec n\u2019est pas une option. Ces comp\u00e9tences s\u2019appliquent particuli\u00e8rement \u00e0 la GRC dans les domaines de la planification et de la conception op\u00e9rationnelles, de la structure organisationnelle, du soutien logistique, etc.\u00a0\u00bb<\/p>\n\n\n\n<p>Nous esp\u00e9rons que vous prendrez un moment \u00e0 l\u2019occasion de ce jour du Souvenir et de celui des ann\u00e9es subs\u00e9quentes pour remercier et reconna\u00eetre toutes les personnes qui servent et qui ont servi.<\/p>\n\n\n\n<div class=\"wp-block-columns is-layout-flex wp-container-core-columns-is-layout-9d6595d7 wp-block-columns-is-layout-flex\">\n<div class=\"wp-block-column is-layout-flow wp-block-column-is-layout-flow\" style=\"flex-basis:100%\">\n<figure class=\"wp-block-image size-full is-resized\"><img decoding=\"async\" width=\"445\" height=\"941\" src=\"https:\/\/npf-fpn.com\/app\/uploads\/2023\/11\/Andrew-Curtis.png\" alt=\"\" class=\"wp-image-45965\" style=\"aspect-ratio:0.4729011689691817;width:230px;height:auto\" srcset=\"https:\/\/npf-fpn.com\/app\/uploads\/2023\/11\/Andrew-Curtis.png 445w, https:\/\/npf-fpn.com\/app\/uploads\/2023\/11\/Andrew-Curtis-142x300.png 142w, https:\/\/npf-fpn.com\/app\/uploads\/2023\/11\/Andrew-Curtis-95x200.png 95w\" sizes=\"(max-width: 445px) 100vw, 445px\" \/><\/figure>\n<\/div>\n\n\n\n<div class=\"wp-block-column is-layout-flow wp-block-column-is-layout-flow\" style=\"flex-basis:100%\">\n<figure class=\"wp-block-image size-full\"><img decoding=\"async\" width=\"746\" height=\"941\" src=\"https:\/\/npf-fpn.com\/app\/uploads\/2023\/11\/Andrew-Curtis-other-uniform.png\" alt=\"\" class=\"wp-image-45963\" srcset=\"https:\/\/npf-fpn.com\/app\/uploads\/2023\/11\/Andrew-Curtis-other-uniform.png 746w, https:\/\/npf-fpn.com\/app\/uploads\/2023\/11\/Andrew-Curtis-other-uniform-238x300.png 238w, https:\/\/npf-fpn.com\/app\/uploads\/2023\/11\/Andrew-Curtis-other-uniform-159x200.png 159w, https:\/\/npf-fpn.com\/app\/uploads\/2023\/11\/Andrew-Curtis-other-uniform-600x757.png 600w\" sizes=\"(max-width: 746px) 100vw, 746px\" \/><\/figure>\n<\/div>\n<\/div>\n\n\n\n<h5 class=\"wp-block-heading\">An\u00e9\u00a0Roodt\u00a0: Gendarme de la GRC, bombardi\u00e8re d\u2019artillerie &#8211; Groupe tactique d&#8217;artillerie de la 38e brigade aux FAC<\/h5>\n\n\n\n<p>La gendarme An\u00e9&nbsp;Roodt est une fille d\u2019agriculteur de l\u2019Afrique du Sud. Elle a grandi \u00e0 une \u00e9poque agit\u00e9e o\u00f9 le danger, les terroristes et les extr\u00e9mistes faisaient partie de la vie. Elle se souvient d\u2019avoir appris les diff\u00e9rents types de grenades \u00e0 main, ce \u00e0 quoi elles ressemblaient et comment s\u2019en cacher d\u00e8s l\u2019\u00e2ge de six ans. Les exercices d\u2019alerte \u00e0 la voiture pi\u00e9g\u00e9e et d\u2019alerte \u00e0 la bombe \u00e9taient enseign\u00e9s et r\u00e9guliers, contrairement aux bons vieux exercices d\u2019\u00e9vacuation en cas d\u2019incendie enseign\u00e9s dans la plupart des \u00e9coles nord-am\u00e9ricaines.<\/p>\n\n\n\n<p>Pour An\u00e9, le r\u00eave de devenir militaire a commenc\u00e9 \u00e0 l&#8217;\u00e2ge de 17 ans. Elle voulait aller \u00e0 l&#8217;\u00e9cole militaire, mais son p\u00e8re a refus\u00e9 et l&#8217;a envoy\u00e9e \u00e0 l&#8217;universit\u00e9. Cependant, une fois qu&#8217;An\u00e9 a immigr\u00e9 au Canada et qu&#8217;elle a acquis une dizaine d&#8217;ann\u00e9es d&#8217;exp\u00e9rience, elle a pr\u00e9sent\u00e9 sa candidature et a \u00e9t\u00e9 accept\u00e9e dans les FAC, puis dans la GRC apr\u00e8s avoir \u00e9t\u00e9 ajourn\u00e9e lors d&#8217;une premi\u00e8re candidature. \u00a0<\/p>\n\n\n\n<p>On trouve de nombreuses traditions semblables au sein de la GRC et des FAC. Elle s\u2019est toujours int\u00e9ress\u00e9e aux fanfares et aux exercices de formation des troupes. Elle aime les fonctions c\u00e9r\u00e9monielles, les exercices et tout ce qui s\u2019y rattache, tant au sein des FAC qu\u2019au sein de la GRC.<\/p>\n\n\n\n<p>\u00ab&nbsp;Je travaille \u00e0 la GRC et aux FAC depuis pr\u00e8s de cinq ans. J\u2019ai le grade de bombardi\u00e8re \u2013 artillerie, <a href=\"https:\/\/www.bing.com\/ck\/a?!&amp;&amp;p=f2eace6c83ce11d2JmltdHM9MTY5NjYzNjgwMCZpZ3VpZD0xYjBjZWI2Ni00MTA1LTZkYzAtMTQyMy1mOGM1NDAxOTZjM2QmaW5zaWQ9NjQwMw&amp;ptn=3&amp;hsh=3&amp;fclid=1b0ceb66-4105-6dc0-1423-f8c540196c3d&amp;psq=role+of+artillery&amp;u=a1aHR0cHM6Ly9lbmN5Y2xvcGVkaWEuMTkxNC0xOTE4LW9ubGluZS5uZXQvYXJ0aWNsZS9hcnRpbGxlcnk&amp;ntb=1\">une branche des Forces arm\u00e9es qui utilise des armes lourdes pour tirer des projectiles remplis d\u2019explosifs<\/a><strong> <\/strong>sur des distances de plus de 10&nbsp;km. Le but de l\u2019artillerie est d\u2019appuyer d\u2019autres armes dans une situation de combat ou d\u2019attaquer une cible, surtout en profondeur. <a href=\"https:\/\/www.bing.com\/ck\/a?!&amp;&amp;p=51491cbf42232c3eJmltdHM9MTY5NjYzNjgwMCZpZ3VpZD0xYjBjZWI2Ni00MTA1LTZkYzAtMTQyMy1mOGM1NDAxOTZjM2QmaW5zaWQ9NjQwNw&amp;ptn=3&amp;hsh=3&amp;fclid=1b0ceb66-4105-6dc0-1423-f8c540196c3d&amp;psq=role+of+artillery&amp;u=a1aHR0cHM6Ly9kZWZlbmNlLm5yaWRpZ2l0YWwuY29tL2dsb2JhbF9kZWZlbmNlX3RlY2hub2xvZ3lfamFuMjEvd2h5X21vZGVybl9taWxpdGFyaWVzX3N0aWxsX25lZWRfYXJ0aWxsZXJ5&amp;ntb=1\">L\u2019artillerie peut avoir diff\u00e9rentes missions, comme supprimer ou neutraliser les tirs ennemis,frapper des cibles de grande valeur, diviser les concentrations de la force ennemie etfournir un appui-feu pour la guerre de man\u0153uvre.&nbsp;\u00bb<\/a><\/p>\n\n\n\n<p>Son r\u00f4le au sein des FAC aide An\u00e9 dans sa vie quotidienne, lui permettant de perfectionner ses comp\u00e9tences importantes en tant que polici\u00e8re.<\/p>\n\n\n\n<div class=\"wp-block-columns is-layout-flex wp-container-core-columns-is-layout-9d6595d7 wp-block-columns-is-layout-flex\">\n<div class=\"wp-block-column is-layout-flow wp-block-column-is-layout-flow\" style=\"flex-basis:100%\">\n<figure class=\"wp-block-image size-large is-resized\"><img decoding=\"async\" width=\"768\" height=\"1024\" src=\"https:\/\/npf-fpn.com\/app\/uploads\/2023\/11\/image-768x1024.jpeg\" alt=\"\" class=\"wp-image-45967\" style=\"aspect-ratio:0.75;width:319px;height:auto\" srcset=\"https:\/\/npf-fpn.com\/app\/uploads\/2023\/11\/image-768x1024.jpeg 768w, https:\/\/npf-fpn.com\/app\/uploads\/2023\/11\/image-225x300.jpeg 225w, https:\/\/npf-fpn.com\/app\/uploads\/2023\/11\/image-1152x1536.jpeg 1152w, https:\/\/npf-fpn.com\/app\/uploads\/2023\/11\/image-150x200.jpeg 150w, https:\/\/npf-fpn.com\/app\/uploads\/2023\/11\/image-600x800.jpeg 600w, https:\/\/npf-fpn.com\/app\/uploads\/2023\/11\/image.jpeg 1200w\" sizes=\"(max-width: 768px) 100vw, 768px\" \/><\/figure>\n<\/div>\n\n\n\n<div class=\"wp-block-column is-layout-flow wp-block-column-is-layout-flow\" style=\"flex-basis:100%\">\n<figure class=\"wp-block-image size-large is-resized\"><img decoding=\"async\" width=\"769\" height=\"1024\" src=\"https:\/\/npf-fpn.com\/app\/uploads\/2023\/11\/image-1-769x1024.jpeg\" alt=\"\" class=\"wp-image-45969\" style=\"aspect-ratio:0.75;width:320px;height:auto\" srcset=\"https:\/\/npf-fpn.com\/app\/uploads\/2023\/11\/image-1-769x1024.jpeg 769w, https:\/\/npf-fpn.com\/app\/uploads\/2023\/11\/image-1-225x300.jpeg 225w, https:\/\/npf-fpn.com\/app\/uploads\/2023\/11\/image-1-768x1022.jpeg 768w, https:\/\/npf-fpn.com\/app\/uploads\/2023\/11\/image-1-1154x1536.jpeg 1154w, https:\/\/npf-fpn.com\/app\/uploads\/2023\/11\/image-1-150x200.jpeg 150w, https:\/\/npf-fpn.com\/app\/uploads\/2023\/11\/image-1-600x799.jpeg 600w, https:\/\/npf-fpn.com\/app\/uploads\/2023\/11\/image-1.jpeg 1202w\" sizes=\"(max-width: 769px) 100vw, 769px\" \/><\/figure>\n<\/div>\n<\/div>\n\n\n\n<p>Le jour du Souvenir nous rappelle les sacrifices, la r\u00e9silience et l\u2019unit\u00e9 des Forces arm\u00e9es canadiennes. C\u2019est une journ\u00e9e pour comm\u00e9morer les personnes qui ont servi et qui continuent de servir, ainsi que pour exprimer notre gratitude \u00e0 l\u2019\u00e9gard de la libert\u00e9 et de la s\u00e9curit\u00e9 qu\u2019elles offrent. Les entrevues avec ces membres d\u00e9vou\u00e9s de la GRC et des Forces arm\u00e9es canadiennes soulignent l\u2019importance du jour du Souvenir pour rendre hommage \u00e0 nos h\u00e9ros, pr\u00e9server notre histoire et assurer un avenir meilleur pour les g\u00e9n\u00e9rations \u00e0 venir.<\/p>\n\n\n\n<p>Nous esp\u00e9rons que vous prendrez un moment \u00e0 l\u2019occasion de ce jour du Souvenir et de celui des ann\u00e9es subs\u00e9quentes pour remercier et reconna\u00eetre toutes les personnes qui servent et qui ont servi.<\/p>\n","protected":false},"featured_media":45961,"parent":0,"menu_order":0,"template":"","impact_topic":[106],"class_list":["post-45975","the_locker","type-the_locker","status-publish","has-post-thumbnail","hentry","impact_topic-dans-les-coulisses"],"acf":[],"yoast_head":"<!-- This site is optimized with the Yoast SEO plugin v27.4 - https:\/\/yoast.com\/product\/yoast-seo-wordpress\/ -->\n<title>L\u2019histoire de deux uniformes\u00a0: Hommage aux h\u00e9ros canadiens qui servent au sein de la GRC et des Forces arm\u00e9es canadiennes - NPF-FPN<\/title>\n<meta name=\"robots\" content=\"index, follow, max-snippet:-1, max-image-preview:large, max-video-preview:-1\" \/>\n<link rel=\"canonical\" href=\"https:\/\/npf-fpn.com\/fr\/the_locker\/lhistoire-de-deux-uniformes-hommage-aux-heros-canadiens-qui-servent-au-sein-de-la-grc-et-des-forces-armees-canadiennes\/\" \/>\n<meta property=\"og:locale\" content=\"fr_FR\" \/>\n<meta property=\"og:type\" content=\"article\" \/>\n<meta property=\"og:title\" content=\"L\u2019histoire de deux uniformes\u00a0: Hommage aux h\u00e9ros canadiens qui servent au sein de la GRC et des Forces arm\u00e9es canadiennes - NPF-FPN\" \/>\n<meta property=\"og:description\" content=\"Alors que les couleurs de l\u2019automne se transforment en une mer cramoisie de coquelicots \u00e0 l\u2019occasion \u00e9mouvante du jour du Souvenir, les Canadiens et les Canadiennes se souviennent des sacrifices consentis par les braves hommes et femmes en uniforme. Aujourd\u2019hui, [&hellip;]\" \/>\n<meta property=\"og:url\" content=\"https:\/\/npf-fpn.com\/fr\/the_locker\/lhistoire-de-deux-uniformes-hommage-aux-heros-canadiens-qui-servent-au-sein-de-la-grc-et-des-forces-armees-canadiennes\/\" \/>\n<meta property=\"og:site_name\" content=\"NPF-FPN\" \/>\n<meta property=\"article:modified_time\" content=\"2023-11-10T20:43:42+00:00\" \/>\n<meta property=\"og:image\" content=\"https:\/\/npf-fpn.com\/app\/uploads\/2023\/11\/RCMP.jpg\" \/>\n\t<meta property=\"og:image:width\" content=\"1900\" \/>\n\t<meta property=\"og:image:height\" content=\"1069\" \/>\n\t<meta property=\"og:image:type\" content=\"image\/jpeg\" \/>\n<meta name=\"twitter:card\" content=\"summary_large_image\" \/>\n<meta name=\"twitter:label1\" content=\"Est. reading time\" \/>\n\t<meta name=\"twitter:data1\" content=\"9 minutes\" \/>\n<script type=\"application\/ld+json\" class=\"yoast-schema-graph\">{\"@context\":\"https:\\\/\\\/schema.org\",\"@graph\":[{\"@type\":\"WebPage\",\"@id\":\"https:\\\/\\\/npf-fpn.com\\\/fr\\\/the_locker\\\/lhistoire-de-deux-uniformes-hommage-aux-heros-canadiens-qui-servent-au-sein-de-la-grc-et-des-forces-armees-canadiennes\\\/\",\"url\":\"https:\\\/\\\/npf-fpn.com\\\/fr\\\/the_locker\\\/lhistoire-de-deux-uniformes-hommage-aux-heros-canadiens-qui-servent-au-sein-de-la-grc-et-des-forces-armees-canadiennes\\\/\",\"name\":\"L\u2019histoire de deux uniformes\u00a0: Hommage aux h\u00e9ros canadiens qui servent au sein de la GRC et des Forces arm\u00e9es canadiennes - NPF-FPN\",\"isPartOf\":{\"@id\":\"https:\\\/\\\/npf-fpn.com\\\/#website\"},\"primaryImageOfPage\":{\"@id\":\"https:\\\/\\\/npf-fpn.com\\\/fr\\\/the_locker\\\/lhistoire-de-deux-uniformes-hommage-aux-heros-canadiens-qui-servent-au-sein-de-la-grc-et-des-forces-armees-canadiennes\\\/#primaryimage\"},\"image\":{\"@id\":\"https:\\\/\\\/npf-fpn.com\\\/fr\\\/the_locker\\\/lhistoire-de-deux-uniformes-hommage-aux-heros-canadiens-qui-servent-au-sein-de-la-grc-et-des-forces-armees-canadiennes\\\/#primaryimage\"},\"thumbnailUrl\":\"https:\\\/\\\/npf-fpn.com\\\/app\\\/uploads\\\/2023\\\/11\\\/RCMP.jpg\",\"datePublished\":\"2023-11-10T20:43:41+00:00\",\"dateModified\":\"2023-11-10T20:43:42+00:00\",\"breadcrumb\":{\"@id\":\"https:\\\/\\\/npf-fpn.com\\\/fr\\\/the_locker\\\/lhistoire-de-deux-uniformes-hommage-aux-heros-canadiens-qui-servent-au-sein-de-la-grc-et-des-forces-armees-canadiennes\\\/#breadcrumb\"},\"inLanguage\":\"fr-FR\",\"potentialAction\":[{\"@type\":\"ReadAction\",\"target\":[\"https:\\\/\\\/npf-fpn.com\\\/fr\\\/the_locker\\\/lhistoire-de-deux-uniformes-hommage-aux-heros-canadiens-qui-servent-au-sein-de-la-grc-et-des-forces-armees-canadiennes\\\/\"]}]},{\"@type\":\"ImageObject\",\"inLanguage\":\"fr-FR\",\"@id\":\"https:\\\/\\\/npf-fpn.com\\\/fr\\\/the_locker\\\/lhistoire-de-deux-uniformes-hommage-aux-heros-canadiens-qui-servent-au-sein-de-la-grc-et-des-forces-armees-canadiennes\\\/#primaryimage\",\"url\":\"https:\\\/\\\/npf-fpn.com\\\/app\\\/uploads\\\/2023\\\/11\\\/RCMP.jpg\",\"contentUrl\":\"https:\\\/\\\/npf-fpn.com\\\/app\\\/uploads\\\/2023\\\/11\\\/RCMP.jpg\",\"width\":1900,\"height\":1069},{\"@type\":\"BreadcrumbList\",\"@id\":\"https:\\\/\\\/npf-fpn.com\\\/fr\\\/the_locker\\\/lhistoire-de-deux-uniformes-hommage-aux-heros-canadiens-qui-servent-au-sein-de-la-grc-et-des-forces-armees-canadiennes\\\/#breadcrumb\",\"itemListElement\":[{\"@type\":\"ListItem\",\"position\":1,\"name\":\"Accueil\",\"item\":\"https:\\\/\\\/npf-fpn.com\\\/fr\\\/\"},{\"@type\":\"ListItem\",\"position\":2,\"name\":\"L\u2019histoire de deux uniformes\u00a0: Hommage aux h\u00e9ros canadiens qui servent au sein de la GRC et des Forces arm\u00e9es canadiennes\"}]},{\"@type\":\"WebSite\",\"@id\":\"https:\\\/\\\/npf-fpn.com\\\/#website\",\"url\":\"https:\\\/\\\/npf-fpn.com\\\/\",\"name\":\"NPF-FPN\",\"description\":\"Providing strong, fair and progressive representation to almost 20,000 RCMP members across Canada.\",\"publisher\":{\"@id\":\"https:\\\/\\\/npf-fpn.com\\\/#organization\"},\"potentialAction\":[{\"@type\":\"SearchAction\",\"target\":{\"@type\":\"EntryPoint\",\"urlTemplate\":\"https:\\\/\\\/npf-fpn.com\\\/?s={search_term_string}\"},\"query-input\":{\"@type\":\"PropertyValueSpecification\",\"valueRequired\":true,\"valueName\":\"search_term_string\"}}],\"inLanguage\":\"fr-FR\"},{\"@type\":\"Organization\",\"@id\":\"https:\\\/\\\/npf-fpn.com\\\/#organization\",\"name\":\"NPF-FPN\",\"url\":\"https:\\\/\\\/npf-fpn.com\\\/\",\"logo\":{\"@type\":\"ImageObject\",\"inLanguage\":\"fr-FR\",\"@id\":\"https:\\\/\\\/npf-fpn.com\\\/#\\\/schema\\\/logo\\\/image\\\/\",\"url\":\"https:\\\/\\\/npf-fpn.com\\\/app\\\/uploads\\\/2022\\\/01\\\/NPF.jpg\",\"contentUrl\":\"https:\\\/\\\/npf-fpn.com\\\/app\\\/uploads\\\/2022\\\/01\\\/NPF.jpg\",\"width\":200,\"height\":200,\"caption\":\"NPF-FPN\"},\"image\":{\"@id\":\"https:\\\/\\\/npf-fpn.com\\\/#\\\/schema\\\/logo\\\/image\\\/\"}}]}<\/script>\n<!-- \/ Yoast SEO plugin. -->","yoast_head_json":{"title":"L\u2019histoire de deux uniformes\u00a0: Hommage aux h\u00e9ros canadiens qui servent au sein de la GRC et des Forces arm\u00e9es canadiennes - NPF-FPN","robots":{"index":"index","follow":"follow","max-snippet":"max-snippet:-1","max-image-preview":"max-image-preview:large","max-video-preview":"max-video-preview:-1"},"canonical":"https:\/\/npf-fpn.com\/fr\/the_locker\/lhistoire-de-deux-uniformes-hommage-aux-heros-canadiens-qui-servent-au-sein-de-la-grc-et-des-forces-armees-canadiennes\/","og_locale":"fr_FR","og_type":"article","og_title":"L\u2019histoire de deux uniformes\u00a0: Hommage aux h\u00e9ros canadiens qui servent au sein de la GRC et des Forces arm\u00e9es canadiennes - NPF-FPN","og_description":"Alors que les couleurs de l\u2019automne se transforment en une mer cramoisie de coquelicots \u00e0 l\u2019occasion \u00e9mouvante du jour du Souvenir, les Canadiens et les Canadiennes se souviennent des sacrifices consentis par les braves hommes et femmes en uniforme. Aujourd\u2019hui, [&hellip;]","og_url":"https:\/\/npf-fpn.com\/fr\/the_locker\/lhistoire-de-deux-uniformes-hommage-aux-heros-canadiens-qui-servent-au-sein-de-la-grc-et-des-forces-armees-canadiennes\/","og_site_name":"NPF-FPN","article_modified_time":"2023-11-10T20:43:42+00:00","og_image":[{"width":1900,"height":1069,"url":"https:\/\/npf-fpn.com\/app\/uploads\/2023\/11\/RCMP.jpg","type":"image\/jpeg"}],"twitter_card":"summary_large_image","twitter_misc":{"Est. reading time":"9 minutes"},"schema":{"@context":"https:\/\/schema.org","@graph":[{"@type":"WebPage","@id":"https:\/\/npf-fpn.com\/fr\/the_locker\/lhistoire-de-deux-uniformes-hommage-aux-heros-canadiens-qui-servent-au-sein-de-la-grc-et-des-forces-armees-canadiennes\/","url":"https:\/\/npf-fpn.com\/fr\/the_locker\/lhistoire-de-deux-uniformes-hommage-aux-heros-canadiens-qui-servent-au-sein-de-la-grc-et-des-forces-armees-canadiennes\/","name":"L\u2019histoire de deux uniformes\u00a0: Hommage aux h\u00e9ros canadiens qui servent au sein de la GRC et des Forces arm\u00e9es canadiennes - NPF-FPN","isPartOf":{"@id":"https:\/\/npf-fpn.com\/#website"},"primaryImageOfPage":{"@id":"https:\/\/npf-fpn.com\/fr\/the_locker\/lhistoire-de-deux-uniformes-hommage-aux-heros-canadiens-qui-servent-au-sein-de-la-grc-et-des-forces-armees-canadiennes\/#primaryimage"},"image":{"@id":"https:\/\/npf-fpn.com\/fr\/the_locker\/lhistoire-de-deux-uniformes-hommage-aux-heros-canadiens-qui-servent-au-sein-de-la-grc-et-des-forces-armees-canadiennes\/#primaryimage"},"thumbnailUrl":"https:\/\/npf-fpn.com\/app\/uploads\/2023\/11\/RCMP.jpg","datePublished":"2023-11-10T20:43:41+00:00","dateModified":"2023-11-10T20:43:42+00:00","breadcrumb":{"@id":"https:\/\/npf-fpn.com\/fr\/the_locker\/lhistoire-de-deux-uniformes-hommage-aux-heros-canadiens-qui-servent-au-sein-de-la-grc-et-des-forces-armees-canadiennes\/#breadcrumb"},"inLanguage":"fr-FR","potentialAction":[{"@type":"ReadAction","target":["https:\/\/npf-fpn.com\/fr\/the_locker\/lhistoire-de-deux-uniformes-hommage-aux-heros-canadiens-qui-servent-au-sein-de-la-grc-et-des-forces-armees-canadiennes\/"]}]},{"@type":"ImageObject","inLanguage":"fr-FR","@id":"https:\/\/npf-fpn.com\/fr\/the_locker\/lhistoire-de-deux-uniformes-hommage-aux-heros-canadiens-qui-servent-au-sein-de-la-grc-et-des-forces-armees-canadiennes\/#primaryimage","url":"https:\/\/npf-fpn.com\/app\/uploads\/2023\/11\/RCMP.jpg","contentUrl":"https:\/\/npf-fpn.com\/app\/uploads\/2023\/11\/RCMP.jpg","width":1900,"height":1069},{"@type":"BreadcrumbList","@id":"https:\/\/npf-fpn.com\/fr\/the_locker\/lhistoire-de-deux-uniformes-hommage-aux-heros-canadiens-qui-servent-au-sein-de-la-grc-et-des-forces-armees-canadiennes\/#breadcrumb","itemListElement":[{"@type":"ListItem","position":1,"name":"Accueil","item":"https:\/\/npf-fpn.com\/fr\/"},{"@type":"ListItem","position":2,"name":"L\u2019histoire de deux uniformes\u00a0: Hommage aux h\u00e9ros canadiens qui servent au sein de la GRC et des Forces arm\u00e9es canadiennes"}]},{"@type":"WebSite","@id":"https:\/\/npf-fpn.com\/#website","url":"https:\/\/npf-fpn.com\/","name":"NPF-FPN","description":"Providing strong, fair and progressive representation to almost 20,000 RCMP members across Canada.","publisher":{"@id":"https:\/\/npf-fpn.com\/#organization"},"potentialAction":[{"@type":"SearchAction","target":{"@type":"EntryPoint","urlTemplate":"https:\/\/npf-fpn.com\/?s={search_term_string}"},"query-input":{"@type":"PropertyValueSpecification","valueRequired":true,"valueName":"search_term_string"}}],"inLanguage":"fr-FR"},{"@type":"Organization","@id":"https:\/\/npf-fpn.com\/#organization","name":"NPF-FPN","url":"https:\/\/npf-fpn.com\/","logo":{"@type":"ImageObject","inLanguage":"fr-FR","@id":"https:\/\/npf-fpn.com\/#\/schema\/logo\/image\/","url":"https:\/\/npf-fpn.com\/app\/uploads\/2022\/01\/NPF.jpg","contentUrl":"https:\/\/npf-fpn.com\/app\/uploads\/2022\/01\/NPF.jpg","width":200,"height":200,"caption":"NPF-FPN"},"image":{"@id":"https:\/\/npf-fpn.com\/#\/schema\/logo\/image\/"}}]}},"_links":{"self":[{"href":"https:\/\/npf-fpn.com\/fr\/wp-json\/wp\/v2\/the_locker\/45975","targetHints":{"allow":["GET"]}}],"collection":[{"href":"https:\/\/npf-fpn.com\/fr\/wp-json\/wp\/v2\/the_locker"}],"about":[{"href":"https:\/\/npf-fpn.com\/fr\/wp-json\/wp\/v2\/types\/the_locker"}],"wp:featuredmedia":[{"embeddable":true,"href":"https:\/\/npf-fpn.com\/fr\/wp-json\/wp\/v2\/media\/45961"}],"wp:attachment":[{"href":"https:\/\/npf-fpn.com\/fr\/wp-json\/wp\/v2\/media?parent=45975"}],"wp:term":[{"taxonomy":"impact_topic","embeddable":true,"href":"https:\/\/npf-fpn.com\/fr\/wp-json\/wp\/v2\/impact_topic?post=45975"}],"curies":[{"name":"wp","href":"https:\/\/api.w.org\/{rel}","templated":true}]}}