{"id":64309,"date":"2025-11-24T02:57:00","date_gmt":"2025-11-24T02:57:00","guid":{"rendered":"https:\/\/npf-fpn.com\/?page_id=64309"},"modified":"2025-11-24T02:57:02","modified_gmt":"2025-11-24T02:57:02","slug":"coordonnateur-de-la-representation-des-membres-bilingues","status":"publish","type":"page","link":"https:\/\/npf-fpn.com\/fr\/coordonnateur-de-la-representation-des-membres-bilingues\/","title":{"rendered":"Coordonnateur de la repr\u00e9sentation des membres bilingues"},"content":{"rendered":"\n<p>La F\u00e9d\u00e9ration de la police nationale recrute actuellement un coordinateur bilingue charg\u00e9 de la repr\u00e9sentation des membres pour un contrat de 14 mois afin de rejoindre notre \u00e9quipe.<\/p>\n\n\n\n<p><strong>Aper\u00e7u du poste :<\/strong> Le coordinateur charg\u00e9 de la repr\u00e9sentation des membres soutient les fonctions cl\u00e9s du d\u00e9partement de repr\u00e9sentation des membres en g\u00e9rant et en organisant les ressources essentielles et en fournissant un soutien administratif \u00e0 l&#8217;ensemble du d\u00e9partement. Sous la direction du directeur de la repr\u00e9sentation des membres, le coordonnateur joue un r\u00f4le cl\u00e9 dans l&#8217;am\u00e9lioration de l&#8217;efficacit\u00e9 op\u00e9rationnelle et contribue \u00e0 la rationalisation et \u00e0 la collaboration entre les services.<\/p>\n\n\n\n<p><strong>Sup\u00e9rieur hi\u00e9rarchique :<\/strong> Directeur de la repr\u00e9sentation des membres<\/p>\n\n\n\n<p><strong>Lieu : <\/strong>\u00c0 distance.<\/p>\n\n\n\n<p><strong>Qui sommes-nous <\/strong><\/p>\n\n\n\n<p>La F\u00e9d\u00e9ration nationale de la police (FNP) repr\u00e9sente environ 20 000 membres de la GRC en service au Canada et \u00e0 l&#8217;\u00e9tranger. Nous sommes le plus grand syndicat de policiers au Canada. La NPF s&#8217;efforce d&#8217;am\u00e9liorer la s\u00e9curit\u00e9 publique pour tous les Canadiens, y compris nos membres, en plaidant en faveur d&#8217;investissements indispensables dans le continuum de la s\u00e9curit\u00e9 publique. Cela comprend des investissements dans les ressources polici\u00e8res et les \u00e9quipements modernes, ainsi que dans des programmes sociaux tels que la sant\u00e9, la lutte contre la toxicomanie et l&#8217;aide au logement, afin d&#8217;am\u00e9liorer la s\u00e9curit\u00e9 et la qualit\u00e9 de vie dans les nombreuses communaut\u00e9s, grandes et petites, que nous desservons \u00e0 travers le Canada.<\/p>\n\n\n\n<p>Notre si\u00e8ge social est situ\u00e9 \u00e0 Ottawa, mais nos plus de 80 employ\u00e9s travaillent \u00e0 distance partout au Canada. Nous restons en contact \u00e9troit gr\u00e2ce \u00e0 nos outils informatiques de pointe et en mettant en pratique nos valeurs internes : inclusion, innovation, reconnaissance, collaboration et confiance.<\/p>\n\n\n\n<p><strong>Pourquoi travailler avec la FNP ?<\/strong><\/p>\n\n\n\n<ul class=\"wp-block-list\">\n<li>R\u00e9mun\u00e9ration comp\u00e9titive.<\/li>\n\n\n\n<li>Un environnement de travail inclusif, passionn\u00e9 et agr\u00e9able.<\/li>\n<\/ul>\n\n\n\n<p><strong>Principales responsabilit\u00e9s :<\/strong><\/p>\n\n\n\n<p>Soutien au d\u00e9partement<\/p>\n\n\n\n<ul class=\"wp-block-list\">\n<li>G\u00e9rer et coordonner les fichiers \u00e9lectroniques, notamment en \u00e9tablissant des conventions de nommage, en organisant les donn\u00e9es et en \u00e9liminant les doublons afin de maintenir des dossiers rationalis\u00e9s.<\/li>\n\n\n\n<li>R\u00e9viser, mettre \u00e0 jour et maintenir les proc\u00e9dures op\u00e9rationnelles standard afin d&#8217;en garantir l&#8217;exactitude, la conformit\u00e9 et l&#8217;alignement avec les pratiques actuelles.<\/li>\n\n\n\n<li>D\u00e9velopper et maintenir les mod\u00e8les utilis\u00e9s dans la soumission des rapports de conduite.<\/li>\n\n\n\n<li>R\u00e9aliser toutes les activit\u00e9s d\u00e9l\u00e9gu\u00e9es dans les d\u00e9lais impartis<\/li>\n<\/ul>\n\n\n\n<p>D\u00e9velopper, assurer la liaison et organiser le processus d&#8217;acquisition des politiques<\/p>\n\n\n\n<ul class=\"wp-block-list\">\n<li>Assurer la liaison avec la GRC pour obtenir et int\u00e9grer les mises \u00e0 jour des politiques<\/li>\n\n\n\n<li>Mettre \u00e0 jour les politiques et communiquer les changements au personnel<\/li>\n<\/ul>\n\n\n\n<p>Fournir un soutien administratif au directeur de la repr\u00e9sentation des membres<\/p>\n\n\n\n<ul class=\"wp-block-list\">\n<li>\u00c9laborer et tenir \u00e0 jour des rapports et des documents budg\u00e9taires pr\u00e9cis afin de soutenir la planification financi\u00e8re et les objectifs organisationnels.<\/li>\n\n\n\n<li>Participer aux r\u00e9unions pour prendre des notes d\u00e9taill\u00e9es, assurer le suivi et veiller \u00e0 ce que les mesures \u00e0 prendre soient mises en \u0153uvre en temps opportun.<\/li>\n\n\n\n<li>Fournir un soutien administratif et op\u00e9rationnel aux responsables de la repr\u00e9sentation des membres, en les aidant dans diverses t\u00e2ches selon les besoins.<\/li>\n<\/ul>\n\n\n\n<p>Soutenir le d\u00e9veloppement sp\u00e9cifique du d\u00e9partement<\/p>\n\n\n\n<ul class=\"wp-block-list\">\n<li>Planifier et organiser des \u00e9v\u00e9nements d\u00e9partementaux virtuels et en personne, en g\u00e9rant toute la logistique, y compris le calendrier, l&#8217;organisation des lieux, la pr\u00e9paration du mat\u00e9riel et la configuration technique, afin de garantir une exp\u00e9rience fluide et efficace.<\/li>\n\n\n\n<li>Participer activement aux comit\u00e9s charg\u00e9s d&#8217;\u00e9valuer et d&#8217;am\u00e9liorer les fonctionnalit\u00e9s de la plateforme de gestion des dossiers \u00e9lectroniques, en fournissant des informations et des commentaires afin de favoriser l&#8217;am\u00e9lioration continue.<\/li>\n\n\n\n<li>Veiller \u00e0 ce que toutes les ressources du SharePoint des relations de travail soient bien organis\u00e9es, \u00e0 jour et facilement accessibles. Contribuer \u00e0 la maintenance et \u00e0 l&#8217;organisation du SharePoint du centre de repr\u00e9sentation des membres, au besoin.<\/li>\n<\/ul>\n\n\n\n<p><strong>Qualifications :<\/strong><\/p>\n\n\n\n<ul class=\"wp-block-list\">\n<li>Dipl\u00f4me d&#8217;\u00e9tudes coll\u00e9giales en gestion d&#8217;entreprise ou exp\u00e9rience \u00e9quivalente.<\/li>\n\n\n\n<li>Au moins deux ans d&#8217;exp\u00e9rience en administration.<\/li>\n\n\n\n<li>Une exp\u00e9rience dans l&#8217;organisation d&#8217;\u00e9v\u00e9nements, de conf\u00e9rences et de r\u00e9unions est pr\u00e9f\u00e9rable.<\/li>\n\n\n\n<li>Exp\u00e9rience en gestion des dossiers, en syst\u00e8mes de classement et en rapports.<\/li>\n\n\n\n<li>Bilinguisme requis.<\/li>\n\n\n\n<li>Connaissance de la coordination de projets et de la gestion de programmes utile pour respecter les d\u00e9lais de livraison \u00e0 l&#8217;int\u00e9rieur et \u00e0 l&#8217;ext\u00e9rieur du d\u00e9partement.<\/li>\n\n\n\n<li>Connaissance des normes de service \u00e0 la client\u00e8le\/aux membres pour repr\u00e9senter efficacement la FNP et ses produits\/programmes aupr\u00e8s des membres et des partenaires externes.<\/li>\n\n\n\n<li>Connaissance des proc\u00e9dures de bureau et de la planification d&#8217;\u00e9v\u00e9nements pour soutenir la formation et d&#8217;autres \u00e9v\u00e9nements et besoins li\u00e9s au personnel.<\/li>\n\n\n\n<li>Ma\u00eetrise des outils de productivit\u00e9 Microsoft Office, en particulier Excel.<\/li>\n\n\n\n<li>Capacit\u00e9 \u00e0 \u00e9laborer des supports de pr\u00e9sentation.<\/li>\n\n\n\n<li>Solides comp\u00e9tences organisationnelles.<\/li>\n\n\n\n<li>Solides comp\u00e9tences r\u00e9dactionnelles.<\/li>\n\n\n\n<li>Solides comp\u00e9tences en communication.<\/li>\n\n\n\n<li>Capacit\u00e9 \u00e0 s&#8217;adapter \u00e0 des situations changeantes, \u00e0 de nouvelles id\u00e9es et \u00e0 de nouveaux concepts.<\/li>\n\n\n\n<li>Bon jugement et tact.<\/li>\n\n\n\n<li>Grand souci du d\u00e9tail pour \u00e9diter et cr\u00e9er des documents et des travaux pouvant \u00eatre utilis\u00e9s en interne et en externe, conform\u00e9ment aux normes de la NPF.<\/li>\n\n\n\n<li>Capacit\u00e9 de base \u00e0 r\u00e9soudre des probl\u00e8mes.<\/li>\n\n\n\n<li>Grande capacit\u00e9 \u00e0 mener plusieurs t\u00e2ches de front, \u00e0 prendre des initiatives, \u00e0 \u00eatre proactif et flexible.<\/li>\n\n\n\n<li>Capacit\u00e9 \u00e0 communiquer avec une main-d&#8217;\u0153uvre diversifi\u00e9e et \u00e0 faciliter la r\u00e9ussite des performances dans un environnement de travail en \u00e9quipe.<\/li>\n\n\n\n<li>Capacit\u00e9 \u00e0 travailler de mani\u00e8re autonome.<\/li>\n\n\n\n<li>Capacit\u00e9 \u00e0 ma\u00eetriser rapidement de nouveaux syst\u00e8mes et outils, avec une forte aptitude \u00e0 s&#8217;int\u00e9grer et \u00e0 travailler efficacement sur plusieurs plateformes technologiques.<\/li>\n\n\n\n<li>Capacit\u00e9 \u00e0 voyager 4 \u00e0 6 fois par an avec nuit\u00e9es.<\/li>\n\n\n\n<li>Doit r\u00e9sider dans la r\u00e9gion de la capitale nationale, car il s&#8217;agit d&#8217;un poste hybride.<\/li>\n\n\n\n<li>Capacit\u00e9 \u00e0 passer avec succ\u00e8s une v\u00e9rification approfondie du casier judiciaire avant l&#8217;embauche.<\/li>\n<\/ul>\n\n\n\n<p><strong>R\u00e9mun\u00e9ration et autres informations importantes :<\/strong><\/p>\n\n\n\n<p>Le salaire de base de d\u00e9part pour ce poste, qui d\u00e9pend des qualifications et de l&#8217;exp\u00e9rience, se situe entre 59 987,20 $ et 69 985,41 $.<\/p>\n\n\n\n<p>Bien que ce poste n\u00e9cessite certains d\u00e9placements, notre mod\u00e8le de travail \u00e0 distance offre une grande flexibilit\u00e9 dans l&#8217;organisation des heures de travail et vise \u00e0 promouvoir un \u00e9quilibre positif entre vie professionnelle et vie priv\u00e9e.<\/p>\n\n\n\n<p>La FPN recrute sur la base du m\u00e9rite et s&#8217;engage \u00e0 respecter l&#8217;\u00e9quit\u00e9 en mati\u00e8re d&#8217;emploi. Nous encourageons toutes les personnes qualifi\u00e9es \u00e0 postuler. Bien que nous acceptions les candidatures de toutes les personnes int\u00e9ress\u00e9es, seules celles s\u00e9lectionn\u00e9es pour un entretien seront contact\u00e9es.<\/p>\n\n\n\n<div class=\"wp-block-buttons is-layout-flex wp-block-buttons-is-layout-flex\">\n<div class=\"wp-block-button\"><a class=\"wp-block-button__link wp-element-button\" href=\"https:\/\/npffpn.bamboohr.com\/careers\/104\">Postulez d\u00e8s maintenant<\/a><\/div>\n\n\n\n<div class=\"wp-block-button\"><a class=\"wp-block-button__link wp-element-button\">Envoyer ce post par e-mail \u00e0 un ami(e)<\/a><\/div>\n<\/div>\n","protected":false},"excerpt":{"rendered":"<p>La F\u00e9d\u00e9ration de la police nationale recrute actuellement un coordinateur bilingue charg\u00e9 de la repr\u00e9sentation des membres pour un contrat de 14 mois afin de rejoindre notre \u00e9quipe. Aper\u00e7u du poste : Le coordinateur charg\u00e9 de la repr\u00e9sentation des membres [&hellip;]<\/p>\n","protected":false},"author":14517,"featured_media":0,"parent":0,"menu_order":0,"comment_status":"closed","ping_status":"closed","template":"","meta":{"_acf_changed":false,"inline_featured_image":false,"footnotes":""},"class_list":["post-64309","page","type-page","status-publish","hentry"],"acf":[],"yoast_head":"<!-- This site is optimized with the Yoast SEO plugin v27.4 - https:\/\/yoast.com\/product\/yoast-seo-wordpress\/ -->\n<title>Coordonnateur de la repr\u00e9sentation des membres bilingues - NPF-FPN<\/title>\n<meta name=\"robots\" content=\"index, follow, max-snippet:-1, max-image-preview:large, max-video-preview:-1\" \/>\n<link rel=\"canonical\" href=\"https:\/\/npf-fpn.com\/fr\/coordonnateur-de-la-representation-des-membres-bilingues\/\" \/>\n<meta property=\"og:locale\" content=\"fr_FR\" \/>\n<meta property=\"og:type\" content=\"article\" \/>\n<meta property=\"og:title\" content=\"Coordonnateur de la repr\u00e9sentation des membres bilingues - NPF-FPN\" \/>\n<meta property=\"og:description\" content=\"La F\u00e9d\u00e9ration de la police nationale recrute actuellement un coordinateur bilingue charg\u00e9 de la repr\u00e9sentation des membres pour un contrat de 14 mois afin de rejoindre notre \u00e9quipe. Aper\u00e7u du poste : Le coordinateur charg\u00e9 de la repr\u00e9sentation des membres [&hellip;]\" \/>\n<meta property=\"og:url\" content=\"https:\/\/npf-fpn.com\/fr\/coordonnateur-de-la-representation-des-membres-bilingues\/\" \/>\n<meta property=\"og:site_name\" content=\"NPF-FPN\" \/>\n<meta property=\"article:modified_time\" content=\"2025-11-24T02:57:02+00:00\" \/>\n<meta name=\"twitter:card\" content=\"summary_large_image\" \/>\n<meta name=\"twitter:label1\" content=\"Est. reading time\" \/>\n\t<meta name=\"twitter:data1\" content=\"5 minutes\" \/>\n<script type=\"application\/ld+json\" class=\"yoast-schema-graph\">{\"@context\":\"https:\\\/\\\/schema.org\",\"@graph\":[{\"@type\":\"WebPage\",\"@id\":\"https:\\\/\\\/npf-fpn.com\\\/fr\\\/coordonnateur-de-la-representation-des-membres-bilingues\\\/\",\"url\":\"https:\\\/\\\/npf-fpn.com\\\/fr\\\/coordonnateur-de-la-representation-des-membres-bilingues\\\/\",\"name\":\"Coordonnateur de la repr\u00e9sentation des membres bilingues - NPF-FPN\",\"isPartOf\":{\"@id\":\"https:\\\/\\\/npf-fpn.com\\\/#website\"},\"datePublished\":\"2025-11-24T02:57:00+00:00\",\"dateModified\":\"2025-11-24T02:57:02+00:00\",\"breadcrumb\":{\"@id\":\"https:\\\/\\\/npf-fpn.com\\\/fr\\\/coordonnateur-de-la-representation-des-membres-bilingues\\\/#breadcrumb\"},\"inLanguage\":\"fr-FR\",\"potentialAction\":[{\"@type\":\"ReadAction\",\"target\":[\"https:\\\/\\\/npf-fpn.com\\\/fr\\\/coordonnateur-de-la-representation-des-membres-bilingues\\\/\"]}]},{\"@type\":\"BreadcrumbList\",\"@id\":\"https:\\\/\\\/npf-fpn.com\\\/fr\\\/coordonnateur-de-la-representation-des-membres-bilingues\\\/#breadcrumb\",\"itemListElement\":[{\"@type\":\"ListItem\",\"position\":1,\"name\":\"Accueil\",\"item\":\"https:\\\/\\\/npf-fpn.com\\\/fr\\\/\"},{\"@type\":\"ListItem\",\"position\":2,\"name\":\"Coordonnateur de la repr\u00e9sentation des membres bilingues\"}]},{\"@type\":\"WebSite\",\"@id\":\"https:\\\/\\\/npf-fpn.com\\\/#website\",\"url\":\"https:\\\/\\\/npf-fpn.com\\\/\",\"name\":\"NPF-FPN\",\"description\":\"Providing strong, fair and progressive representation to almost 20,000 RCMP members across Canada.\",\"publisher\":{\"@id\":\"https:\\\/\\\/npf-fpn.com\\\/#organization\"},\"potentialAction\":[{\"@type\":\"SearchAction\",\"target\":{\"@type\":\"EntryPoint\",\"urlTemplate\":\"https:\\\/\\\/npf-fpn.com\\\/?s={search_term_string}\"},\"query-input\":{\"@type\":\"PropertyValueSpecification\",\"valueRequired\":true,\"valueName\":\"search_term_string\"}}],\"inLanguage\":\"fr-FR\"},{\"@type\":\"Organization\",\"@id\":\"https:\\\/\\\/npf-fpn.com\\\/#organization\",\"name\":\"NPF-FPN\",\"url\":\"https:\\\/\\\/npf-fpn.com\\\/\",\"logo\":{\"@type\":\"ImageObject\",\"inLanguage\":\"fr-FR\",\"@id\":\"https:\\\/\\\/npf-fpn.com\\\/#\\\/schema\\\/logo\\\/image\\\/\",\"url\":\"https:\\\/\\\/npf-fpn.com\\\/app\\\/uploads\\\/2022\\\/01\\\/NPF.jpg\",\"contentUrl\":\"https:\\\/\\\/npf-fpn.com\\\/app\\\/uploads\\\/2022\\\/01\\\/NPF.jpg\",\"width\":200,\"height\":200,\"caption\":\"NPF-FPN\"},\"image\":{\"@id\":\"https:\\\/\\\/npf-fpn.com\\\/#\\\/schema\\\/logo\\\/image\\\/\"}}]}<\/script>\n<!-- \/ Yoast SEO plugin. -->","yoast_head_json":{"title":"Coordonnateur de la repr\u00e9sentation des membres bilingues - NPF-FPN","robots":{"index":"index","follow":"follow","max-snippet":"max-snippet:-1","max-image-preview":"max-image-preview:large","max-video-preview":"max-video-preview:-1"},"canonical":"https:\/\/npf-fpn.com\/fr\/coordonnateur-de-la-representation-des-membres-bilingues\/","og_locale":"fr_FR","og_type":"article","og_title":"Coordonnateur de la repr\u00e9sentation des membres bilingues - NPF-FPN","og_description":"La F\u00e9d\u00e9ration de la police nationale recrute actuellement un coordinateur bilingue charg\u00e9 de la repr\u00e9sentation des membres pour un contrat de 14 mois afin de rejoindre notre \u00e9quipe. Aper\u00e7u du poste : Le coordinateur charg\u00e9 de la repr\u00e9sentation des membres [&hellip;]","og_url":"https:\/\/npf-fpn.com\/fr\/coordonnateur-de-la-representation-des-membres-bilingues\/","og_site_name":"NPF-FPN","article_modified_time":"2025-11-24T02:57:02+00:00","twitter_card":"summary_large_image","twitter_misc":{"Est. reading time":"5 minutes"},"schema":{"@context":"https:\/\/schema.org","@graph":[{"@type":"WebPage","@id":"https:\/\/npf-fpn.com\/fr\/coordonnateur-de-la-representation-des-membres-bilingues\/","url":"https:\/\/npf-fpn.com\/fr\/coordonnateur-de-la-representation-des-membres-bilingues\/","name":"Coordonnateur de la repr\u00e9sentation des membres bilingues - NPF-FPN","isPartOf":{"@id":"https:\/\/npf-fpn.com\/#website"},"datePublished":"2025-11-24T02:57:00+00:00","dateModified":"2025-11-24T02:57:02+00:00","breadcrumb":{"@id":"https:\/\/npf-fpn.com\/fr\/coordonnateur-de-la-representation-des-membres-bilingues\/#breadcrumb"},"inLanguage":"fr-FR","potentialAction":[{"@type":"ReadAction","target":["https:\/\/npf-fpn.com\/fr\/coordonnateur-de-la-representation-des-membres-bilingues\/"]}]},{"@type":"BreadcrumbList","@id":"https:\/\/npf-fpn.com\/fr\/coordonnateur-de-la-representation-des-membres-bilingues\/#breadcrumb","itemListElement":[{"@type":"ListItem","position":1,"name":"Accueil","item":"https:\/\/npf-fpn.com\/fr\/"},{"@type":"ListItem","position":2,"name":"Coordonnateur de la repr\u00e9sentation des membres bilingues"}]},{"@type":"WebSite","@id":"https:\/\/npf-fpn.com\/#website","url":"https:\/\/npf-fpn.com\/","name":"NPF-FPN","description":"Providing strong, fair and progressive representation to almost 20,000 RCMP members across Canada.","publisher":{"@id":"https:\/\/npf-fpn.com\/#organization"},"potentialAction":[{"@type":"SearchAction","target":{"@type":"EntryPoint","urlTemplate":"https:\/\/npf-fpn.com\/?s={search_term_string}"},"query-input":{"@type":"PropertyValueSpecification","valueRequired":true,"valueName":"search_term_string"}}],"inLanguage":"fr-FR"},{"@type":"Organization","@id":"https:\/\/npf-fpn.com\/#organization","name":"NPF-FPN","url":"https:\/\/npf-fpn.com\/","logo":{"@type":"ImageObject","inLanguage":"fr-FR","@id":"https:\/\/npf-fpn.com\/#\/schema\/logo\/image\/","url":"https:\/\/npf-fpn.com\/app\/uploads\/2022\/01\/NPF.jpg","contentUrl":"https:\/\/npf-fpn.com\/app\/uploads\/2022\/01\/NPF.jpg","width":200,"height":200,"caption":"NPF-FPN"},"image":{"@id":"https:\/\/npf-fpn.com\/#\/schema\/logo\/image\/"}}]}},"_links":{"self":[{"href":"https:\/\/npf-fpn.com\/fr\/wp-json\/wp\/v2\/pages\/64309","targetHints":{"allow":["GET"]}}],"collection":[{"href":"https:\/\/npf-fpn.com\/fr\/wp-json\/wp\/v2\/pages"}],"about":[{"href":"https:\/\/npf-fpn.com\/fr\/wp-json\/wp\/v2\/types\/page"}],"author":[{"embeddable":true,"href":"https:\/\/npf-fpn.com\/fr\/wp-json\/wp\/v2\/users\/14517"}],"replies":[{"embeddable":true,"href":"https:\/\/npf-fpn.com\/fr\/wp-json\/wp\/v2\/comments?post=64309"}],"version-history":[{"count":1,"href":"https:\/\/npf-fpn.com\/fr\/wp-json\/wp\/v2\/pages\/64309\/revisions"}],"predecessor-version":[{"id":64310,"href":"https:\/\/npf-fpn.com\/fr\/wp-json\/wp\/v2\/pages\/64309\/revisions\/64310"}],"wp:attachment":[{"href":"https:\/\/npf-fpn.com\/fr\/wp-json\/wp\/v2\/media?parent=64309"}],"curies":[{"name":"wp","href":"https:\/\/api.w.org\/{rel}","templated":true}]}}