{"id":49084,"date":"2024-02-26T20:25:23","date_gmt":"2024-02-26T20:25:23","guid":{"rendered":"https:\/\/npf-fpn.com\/?page_id=49084"},"modified":"2025-09-05T13:05:10","modified_gmt":"2025-09-05T13:05:10","slug":"derriere-linsigne-augmentation-des-blessures-psychologiques-chez-les-agents-de-la-grc","status":"publish","type":"page","link":"https:\/\/npf-fpn.com\/fr\/derriere-linsigne-augmentation-des-blessures-psychologiques-chez-les-agents-de-la-grc\/","title":{"rendered":"Derri\u00e8re l\u2019insigne\u202f: augmentation des blessures psychologiques chez les agents de la GRC\u00a0"},"content":{"rendered":"\n<p>La F\u00e9d\u00e9ration de la police nationale (FPN), en partenariat avec l\u2019Universit\u00e9 de Regina, a \u00e9tudi\u00e9 la sant\u00e9 mentale des membres actifs de la GRC partout au Canada au moyen d\u2019un sondage en ligne men\u00e9 entre juin\u202f2022 et f\u00e9vrier\u202f2023. L\u2019\u00e9chantillon repr\u00e9sentatif analys\u00e9 comprenait 1\u202f348\u202fmembres de divers milieux, grades et r\u00e9gions.&nbsp;<\/p>\n\n\n\n<p>La FPN remercie sinc\u00e8rement les courageux membres qui ont fourni leurs observations et leurs exp\u00e9riences v\u00e9cues pour les besoins de ce sondage. Leur contribution \u00e0 l\u2019am\u00e9lioration des services de sant\u00e9 mentale offerts \u00e0 leurs pairs et aux agents de police \u00e0 l\u2019\u00e9chelle du Canada est extr\u00eamement appr\u00e9ci\u00e9e.&nbsp;&nbsp;<\/p>\n\n\n\n<div class=\"wp-block-buttons is-content-justification-center is-layout-flex wp-container-core-buttons-is-layout-16018d1d wp-block-buttons-is-layout-flex\">\n<div class=\"wp-block-button\"><a class=\"wp-block-button__link wp-element-button\" href=\"https:\/\/npf-fpn.com\/app\/uploads\/2025\/09\/NPF-Mental-Health-Report-French.pdf\" target=\"_blank\" rel=\"noreferrer noopener\">Lire le rapport complet ici<\/a><\/div>\n<\/div>\n\n\n<div class=\"wp-block-image\">\n<figure class=\"aligncenter size-full is-resized\"><a href=\"https:\/\/npf-fpn.com\/app\/uploads\/2025\/09\/NPF-Mental-Health-Report-French.pdf\"><img decoding=\"async\" width=\"667\" height=\"863\" src=\"https:\/\/npf-fpn.com\/app\/uploads\/2024\/02\/Screenshot-499.png\" alt=\"\" class=\"wp-image-49085\" style=\"width:543px;height:auto\" srcset=\"https:\/\/npf-fpn.com\/app\/uploads\/2024\/02\/Screenshot-499.png 667w, https:\/\/npf-fpn.com\/app\/uploads\/2024\/02\/Screenshot-499-232x300.png 232w, https:\/\/npf-fpn.com\/app\/uploads\/2024\/02\/Screenshot-499-155x200.png 155w, https:\/\/npf-fpn.com\/app\/uploads\/2024\/02\/Screenshot-499-600x776.png 600w\" sizes=\"(max-width: 667px) 100vw, 667px\" \/><\/a><\/figure>\n<\/div>\n\n\n<h2 class=\"wp-block-heading\">Ce que nous avons constat\u00e9\u202f:&nbsp;&nbsp;<\/h2>\n\n\n\n<ul class=\"wp-block-list\">\n<li><strong>Les recrues de la GRC sont habituellement en meilleure sant\u00e9 mentale et sont plus r\u00e9silientes que la population g\u00e9n\u00e9rale, ce qui est conforme aux grandes responsabilit\u00e9s qui leur incombent.<\/strong>&nbsp;<\/li>\n<\/ul>\n\n\n\n<ul class=\"wp-block-list\">\n<li><strong>Dans l\u2019exercice de leurs fonctions, les membres sont expos\u00e9s \u00e0 de nombreux \u00e9v\u00e9nements potentiellement traumatisants sur le plan psychologique, tout en subissant d\u2019importants facteurs de stress organisationnels et op\u00e9rationnels.<\/strong>&nbsp;<\/li>\n<\/ul>\n\n\n\n<ul class=\"wp-block-list\">\n<li><strong>L\u2019exposition fr\u00e9quente \u00e0 des \u00e9v\u00e9nements potentiellement traumatisants sur le plan psychologique et \u00e0 des facteurs de stress uniques et difficiles, ainsi que des mesures de soutien inad\u00e9quates en sant\u00e9 mentale font en sorte qu\u2019il y a un fort pourcentage de troubles de sant\u00e9 mentale et de comportements suicidaires.<\/strong>&nbsp;<\/li>\n<\/ul>\n\n\n\n<p>Pour analyser les r\u00e9sultats du rapport et mieux comprendre comment la FPN pourra s\u2019attaquer \u00e0 cette crise grandissante, Brian\u202fSauv\u00e9, pr\u00e9sident et chef de la direction de la FPN, s\u2019est entretenu avec Nick Carleton, professeur de psychologie clinique \u00e0 l\u2019Universit\u00e9 de Regina et directeur scientifique de l\u2019ICRTSP. Nous vous invitons \u00e0 prendre quelques minutes pour visionner la vid\u00e9o ci-dessous.&nbsp;<\/p>\n\n\n<div class=\"wp-block-image\">\n<figure class=\"aligncenter size-full\"><a href=\"https:\/\/youtu.be\/yKwb54nsMnI\"><img decoding=\"async\" width=\"795\" height=\"410\" src=\"https:\/\/npf-fpn.com\/app\/uploads\/2024\/02\/Screenshot-500.png\" alt=\"\" class=\"wp-image-49087\" srcset=\"https:\/\/npf-fpn.com\/app\/uploads\/2024\/02\/Screenshot-500.png 795w, https:\/\/npf-fpn.com\/app\/uploads\/2024\/02\/Screenshot-500-300x155.png 300w, https:\/\/npf-fpn.com\/app\/uploads\/2024\/02\/Screenshot-500-768x396.png 768w, https:\/\/npf-fpn.com\/app\/uploads\/2024\/02\/Screenshot-500-388x200.png 388w, https:\/\/npf-fpn.com\/app\/uploads\/2024\/02\/Screenshot-500-600x309.png 600w\" sizes=\"(max-width: 795px) 100vw, 795px\" \/><\/a><\/figure>\n<\/div>\n\n\n<h2 class=\"wp-block-heading\">Nos recommandations\u202f:&nbsp;&nbsp;<\/h2>\n\n\n\n<p>L\u2019\u00e9tat actuel de la sant\u00e9 mentale des membres ainsi que des facteurs de stress professionnels et organisationnels s\u2019aggrave, ce qui souligne le besoin imm\u00e9diat d\u2019investir dans des mesures de soutien en sant\u00e9 mentale compl\u00e8tes, accessibles et fond\u00e9es sur des donn\u00e9es probantes. En investissant dans des initiatives globales en mati\u00e8re de sant\u00e9 mentale, nous pouvons cr\u00e9er un effectif policier plus s\u00e9curitaire, plus sain et plus r\u00e9silient, en veillant \u00e0 ce qu\u2019il re\u00e7oive les soins et les conseils qu\u2019il m\u00e9rite.&nbsp;&nbsp;<\/p>\n\n\n\n<p>Pour faire en sorte que les membres de la GRC re\u00e7oivent le soutien dont ils ont besoin, nous demandons instamment \u00e0 la GRC de se joindre \u00e0 la FPN, aux fournisseurs de services priv\u00e9s et \u00e0 l\u2019Institut canadien de recherche et de traitement en s\u00e9curit\u00e9 publique afin de discuter d\u2019une strat\u00e9gie globale, ind\u00e9pendante et centr\u00e9e sur la pr\u00e9vention, le d\u00e9pistage pr\u00e9coce et le traitement.&nbsp;&nbsp;<\/p>\n\n\n\n<p>Cela ne peut se concr\u00e9tiser que si le gouvernement du Canada s\u2019engage \u00e0 investir dans des programmes d\u2019orientation, de formation et de traitement en sant\u00e9 mentale pour les agents de police, surtout ceux qui sont actifs au sein de la GRC.<\/p>\n\n\n\n<div class=\"wp-block-buttons is-content-justification-center is-layout-flex wp-container-core-buttons-is-layout-16018d1d wp-block-buttons-is-layout-flex\">\n<div class=\"wp-block-button\"><a class=\"wp-block-button__link wp-element-button\" href=\"https:\/\/npf-fpn.com\/app\/uploads\/2025\/09\/Media-background_FR.pdf\" target=\"_blank\" rel=\"noreferrer noopener\">Lisez notre liste compl\u00e8te de recommandations ici<\/a><\/div>\n<\/div>\n","protected":false},"excerpt":{"rendered":"<p>La F\u00e9d\u00e9ration de la police nationale (FPN), en partenariat avec l\u2019Universit\u00e9 de Regina, a \u00e9tudi\u00e9 la sant\u00e9 mentale des membres actifs de la GRC partout au Canada au moyen d\u2019un sondage en ligne men\u00e9 entre juin\u202f2022 et f\u00e9vrier\u202f2023. L\u2019\u00e9chantillon repr\u00e9sentatif [&hellip;]<\/p>\n","protected":false},"author":13107,"featured_media":0,"parent":0,"menu_order":0,"comment_status":"closed","ping_status":"closed","template":"","meta":{"_acf_changed":false,"inline_featured_image":false,"footnotes":""},"class_list":["post-49084","page","type-page","status-publish","hentry"],"acf":[],"yoast_head":"<!-- This site is optimized with the Yoast SEO plugin v27.4 - https:\/\/yoast.com\/product\/yoast-seo-wordpress\/ -->\n<title>Derri\u00e8re l\u2019insigne\u202f: augmentation des blessures psychologiques chez les agents de la GRC\u00a0 - NPF-FPN<\/title>\n<meta name=\"robots\" content=\"index, follow, max-snippet:-1, max-image-preview:large, max-video-preview:-1\" \/>\n<link rel=\"canonical\" href=\"https:\/\/npf-fpn.com\/fr\/derriere-linsigne-augmentation-des-blessures-psychologiques-chez-les-agents-de-la-grc\/\" \/>\n<meta property=\"og:locale\" content=\"fr_FR\" \/>\n<meta property=\"og:type\" content=\"article\" \/>\n<meta property=\"og:title\" content=\"Derri\u00e8re l\u2019insigne\u202f: augmentation des blessures psychologiques chez les agents de la GRC\u00a0 - NPF-FPN\" \/>\n<meta property=\"og:description\" content=\"La F\u00e9d\u00e9ration de la police nationale (FPN), en partenariat avec l\u2019Universit\u00e9 de Regina, a \u00e9tudi\u00e9 la sant\u00e9 mentale des membres actifs de la GRC partout au Canada au moyen d\u2019un sondage en ligne men\u00e9 entre juin\u202f2022 et f\u00e9vrier\u202f2023. L\u2019\u00e9chantillon repr\u00e9sentatif [&hellip;]\" \/>\n<meta property=\"og:url\" content=\"https:\/\/npf-fpn.com\/fr\/derriere-linsigne-augmentation-des-blessures-psychologiques-chez-les-agents-de-la-grc\/\" \/>\n<meta property=\"og:site_name\" content=\"NPF-FPN\" \/>\n<meta property=\"article:modified_time\" content=\"2025-09-05T13:05:10+00:00\" \/>\n<meta property=\"og:image\" content=\"https:\/\/npf-fpn.com\/app\/uploads\/2024\/02\/Screenshot-499.png\" \/>\n\t<meta property=\"og:image:width\" content=\"667\" \/>\n\t<meta property=\"og:image:height\" content=\"863\" \/>\n\t<meta property=\"og:image:type\" content=\"image\/png\" \/>\n<meta name=\"twitter:card\" content=\"summary_large_image\" \/>\n<meta name=\"twitter:label1\" content=\"Est. reading time\" \/>\n\t<meta name=\"twitter:data1\" content=\"3 minutes\" \/>\n<script type=\"application\/ld+json\" class=\"yoast-schema-graph\">{\"@context\":\"https:\\\/\\\/schema.org\",\"@graph\":[{\"@type\":\"WebPage\",\"@id\":\"https:\\\/\\\/npf-fpn.com\\\/fr\\\/derriere-linsigne-augmentation-des-blessures-psychologiques-chez-les-agents-de-la-grc\\\/\",\"url\":\"https:\\\/\\\/npf-fpn.com\\\/fr\\\/derriere-linsigne-augmentation-des-blessures-psychologiques-chez-les-agents-de-la-grc\\\/\",\"name\":\"Derri\u00e8re l\u2019insigne\u202f: augmentation des blessures psychologiques chez les agents de la GRC\u00a0 - NPF-FPN\",\"isPartOf\":{\"@id\":\"https:\\\/\\\/npf-fpn.com\\\/#website\"},\"primaryImageOfPage\":{\"@id\":\"https:\\\/\\\/npf-fpn.com\\\/fr\\\/derriere-linsigne-augmentation-des-blessures-psychologiques-chez-les-agents-de-la-grc\\\/#primaryimage\"},\"image\":{\"@id\":\"https:\\\/\\\/npf-fpn.com\\\/fr\\\/derriere-linsigne-augmentation-des-blessures-psychologiques-chez-les-agents-de-la-grc\\\/#primaryimage\"},\"thumbnailUrl\":\"https:\\\/\\\/npf-fpn.com\\\/app\\\/uploads\\\/2024\\\/02\\\/Screenshot-499.png\",\"datePublished\":\"2024-02-26T20:25:23+00:00\",\"dateModified\":\"2025-09-05T13:05:10+00:00\",\"breadcrumb\":{\"@id\":\"https:\\\/\\\/npf-fpn.com\\\/fr\\\/derriere-linsigne-augmentation-des-blessures-psychologiques-chez-les-agents-de-la-grc\\\/#breadcrumb\"},\"inLanguage\":\"fr-FR\",\"potentialAction\":[{\"@type\":\"ReadAction\",\"target\":[\"https:\\\/\\\/npf-fpn.com\\\/fr\\\/derriere-linsigne-augmentation-des-blessures-psychologiques-chez-les-agents-de-la-grc\\\/\"]}]},{\"@type\":\"ImageObject\",\"inLanguage\":\"fr-FR\",\"@id\":\"https:\\\/\\\/npf-fpn.com\\\/fr\\\/derriere-linsigne-augmentation-des-blessures-psychologiques-chez-les-agents-de-la-grc\\\/#primaryimage\",\"url\":\"https:\\\/\\\/npf-fpn.com\\\/app\\\/uploads\\\/2024\\\/02\\\/Screenshot-499.png\",\"contentUrl\":\"https:\\\/\\\/npf-fpn.com\\\/app\\\/uploads\\\/2024\\\/02\\\/Screenshot-499.png\"},{\"@type\":\"BreadcrumbList\",\"@id\":\"https:\\\/\\\/npf-fpn.com\\\/fr\\\/derriere-linsigne-augmentation-des-blessures-psychologiques-chez-les-agents-de-la-grc\\\/#breadcrumb\",\"itemListElement\":[{\"@type\":\"ListItem\",\"position\":1,\"name\":\"Accueil\",\"item\":\"https:\\\/\\\/npf-fpn.com\\\/fr\\\/\"},{\"@type\":\"ListItem\",\"position\":2,\"name\":\"Derri\u00e8re l\u2019insigne\u202f: augmentation des blessures psychologiques chez les agents de la GRC\u00a0\"}]},{\"@type\":\"WebSite\",\"@id\":\"https:\\\/\\\/npf-fpn.com\\\/#website\",\"url\":\"https:\\\/\\\/npf-fpn.com\\\/\",\"name\":\"NPF-FPN\",\"description\":\"Providing strong, fair and progressive representation to almost 20,000 RCMP members across Canada.\",\"publisher\":{\"@id\":\"https:\\\/\\\/npf-fpn.com\\\/#organization\"},\"potentialAction\":[{\"@type\":\"SearchAction\",\"target\":{\"@type\":\"EntryPoint\",\"urlTemplate\":\"https:\\\/\\\/npf-fpn.com\\\/?s={search_term_string}\"},\"query-input\":{\"@type\":\"PropertyValueSpecification\",\"valueRequired\":true,\"valueName\":\"search_term_string\"}}],\"inLanguage\":\"fr-FR\"},{\"@type\":\"Organization\",\"@id\":\"https:\\\/\\\/npf-fpn.com\\\/#organization\",\"name\":\"NPF-FPN\",\"url\":\"https:\\\/\\\/npf-fpn.com\\\/\",\"logo\":{\"@type\":\"ImageObject\",\"inLanguage\":\"fr-FR\",\"@id\":\"https:\\\/\\\/npf-fpn.com\\\/#\\\/schema\\\/logo\\\/image\\\/\",\"url\":\"https:\\\/\\\/npf-fpn.com\\\/app\\\/uploads\\\/2022\\\/01\\\/NPF.jpg\",\"contentUrl\":\"https:\\\/\\\/npf-fpn.com\\\/app\\\/uploads\\\/2022\\\/01\\\/NPF.jpg\",\"width\":200,\"height\":200,\"caption\":\"NPF-FPN\"},\"image\":{\"@id\":\"https:\\\/\\\/npf-fpn.com\\\/#\\\/schema\\\/logo\\\/image\\\/\"}}]}<\/script>\n<!-- \/ Yoast SEO plugin. -->","yoast_head_json":{"title":"Derri\u00e8re l\u2019insigne\u202f: augmentation des blessures psychologiques chez les agents de la GRC\u00a0 - NPF-FPN","robots":{"index":"index","follow":"follow","max-snippet":"max-snippet:-1","max-image-preview":"max-image-preview:large","max-video-preview":"max-video-preview:-1"},"canonical":"https:\/\/npf-fpn.com\/fr\/derriere-linsigne-augmentation-des-blessures-psychologiques-chez-les-agents-de-la-grc\/","og_locale":"fr_FR","og_type":"article","og_title":"Derri\u00e8re l\u2019insigne\u202f: augmentation des blessures psychologiques chez les agents de la GRC\u00a0 - NPF-FPN","og_description":"La F\u00e9d\u00e9ration de la police nationale (FPN), en partenariat avec l\u2019Universit\u00e9 de Regina, a \u00e9tudi\u00e9 la sant\u00e9 mentale des membres actifs de la GRC partout au Canada au moyen d\u2019un sondage en ligne men\u00e9 entre juin\u202f2022 et f\u00e9vrier\u202f2023. L\u2019\u00e9chantillon repr\u00e9sentatif [&hellip;]","og_url":"https:\/\/npf-fpn.com\/fr\/derriere-linsigne-augmentation-des-blessures-psychologiques-chez-les-agents-de-la-grc\/","og_site_name":"NPF-FPN","article_modified_time":"2025-09-05T13:05:10+00:00","og_image":[{"width":667,"height":863,"url":"https:\/\/npf-fpn.com\/app\/uploads\/2024\/02\/Screenshot-499.png","type":"image\/png"}],"twitter_card":"summary_large_image","twitter_misc":{"Est. reading time":"3 minutes"},"schema":{"@context":"https:\/\/schema.org","@graph":[{"@type":"WebPage","@id":"https:\/\/npf-fpn.com\/fr\/derriere-linsigne-augmentation-des-blessures-psychologiques-chez-les-agents-de-la-grc\/","url":"https:\/\/npf-fpn.com\/fr\/derriere-linsigne-augmentation-des-blessures-psychologiques-chez-les-agents-de-la-grc\/","name":"Derri\u00e8re l\u2019insigne\u202f: augmentation des blessures psychologiques chez les agents de la GRC\u00a0 - NPF-FPN","isPartOf":{"@id":"https:\/\/npf-fpn.com\/#website"},"primaryImageOfPage":{"@id":"https:\/\/npf-fpn.com\/fr\/derriere-linsigne-augmentation-des-blessures-psychologiques-chez-les-agents-de-la-grc\/#primaryimage"},"image":{"@id":"https:\/\/npf-fpn.com\/fr\/derriere-linsigne-augmentation-des-blessures-psychologiques-chez-les-agents-de-la-grc\/#primaryimage"},"thumbnailUrl":"https:\/\/npf-fpn.com\/app\/uploads\/2024\/02\/Screenshot-499.png","datePublished":"2024-02-26T20:25:23+00:00","dateModified":"2025-09-05T13:05:10+00:00","breadcrumb":{"@id":"https:\/\/npf-fpn.com\/fr\/derriere-linsigne-augmentation-des-blessures-psychologiques-chez-les-agents-de-la-grc\/#breadcrumb"},"inLanguage":"fr-FR","potentialAction":[{"@type":"ReadAction","target":["https:\/\/npf-fpn.com\/fr\/derriere-linsigne-augmentation-des-blessures-psychologiques-chez-les-agents-de-la-grc\/"]}]},{"@type":"ImageObject","inLanguage":"fr-FR","@id":"https:\/\/npf-fpn.com\/fr\/derriere-linsigne-augmentation-des-blessures-psychologiques-chez-les-agents-de-la-grc\/#primaryimage","url":"https:\/\/npf-fpn.com\/app\/uploads\/2024\/02\/Screenshot-499.png","contentUrl":"https:\/\/npf-fpn.com\/app\/uploads\/2024\/02\/Screenshot-499.png"},{"@type":"BreadcrumbList","@id":"https:\/\/npf-fpn.com\/fr\/derriere-linsigne-augmentation-des-blessures-psychologiques-chez-les-agents-de-la-grc\/#breadcrumb","itemListElement":[{"@type":"ListItem","position":1,"name":"Accueil","item":"https:\/\/npf-fpn.com\/fr\/"},{"@type":"ListItem","position":2,"name":"Derri\u00e8re l\u2019insigne\u202f: augmentation des blessures psychologiques chez les agents de la GRC\u00a0"}]},{"@type":"WebSite","@id":"https:\/\/npf-fpn.com\/#website","url":"https:\/\/npf-fpn.com\/","name":"NPF-FPN","description":"Providing strong, fair and progressive representation to almost 20,000 RCMP members across Canada.","publisher":{"@id":"https:\/\/npf-fpn.com\/#organization"},"potentialAction":[{"@type":"SearchAction","target":{"@type":"EntryPoint","urlTemplate":"https:\/\/npf-fpn.com\/?s={search_term_string}"},"query-input":{"@type":"PropertyValueSpecification","valueRequired":true,"valueName":"search_term_string"}}],"inLanguage":"fr-FR"},{"@type":"Organization","@id":"https:\/\/npf-fpn.com\/#organization","name":"NPF-FPN","url":"https:\/\/npf-fpn.com\/","logo":{"@type":"ImageObject","inLanguage":"fr-FR","@id":"https:\/\/npf-fpn.com\/#\/schema\/logo\/image\/","url":"https:\/\/npf-fpn.com\/app\/uploads\/2022\/01\/NPF.jpg","contentUrl":"https:\/\/npf-fpn.com\/app\/uploads\/2022\/01\/NPF.jpg","width":200,"height":200,"caption":"NPF-FPN"},"image":{"@id":"https:\/\/npf-fpn.com\/#\/schema\/logo\/image\/"}}]}},"_links":{"self":[{"href":"https:\/\/npf-fpn.com\/fr\/wp-json\/wp\/v2\/pages\/49084","targetHints":{"allow":["GET"]}}],"collection":[{"href":"https:\/\/npf-fpn.com\/fr\/wp-json\/wp\/v2\/pages"}],"about":[{"href":"https:\/\/npf-fpn.com\/fr\/wp-json\/wp\/v2\/types\/page"}],"author":[{"embeddable":true,"href":"https:\/\/npf-fpn.com\/fr\/wp-json\/wp\/v2\/users\/13107"}],"replies":[{"embeddable":true,"href":"https:\/\/npf-fpn.com\/fr\/wp-json\/wp\/v2\/comments?post=49084"}],"version-history":[{"count":4,"href":"https:\/\/npf-fpn.com\/fr\/wp-json\/wp\/v2\/pages\/49084\/revisions"}],"predecessor-version":[{"id":62854,"href":"https:\/\/npf-fpn.com\/fr\/wp-json\/wp\/v2\/pages\/49084\/revisions\/62854"}],"wp:attachment":[{"href":"https:\/\/npf-fpn.com\/fr\/wp-json\/wp\/v2\/media?parent=49084"}],"curies":[{"name":"wp","href":"https:\/\/api.w.org\/{rel}","templated":true}]}}