{"id":40068,"date":"2023-02-28T21:54:02","date_gmt":"2023-02-28T21:54:02","guid":{"rendered":"https:\/\/npf-fpn.com\/?page_id=40068"},"modified":"2023-03-01T18:22:30","modified_gmt":"2023-03-01T18:22:30","slug":"administrateur-de-la-fbfpn-jeff-swann","status":"publish","type":"page","link":"https:\/\/npf-fpn.com\/fr\/administrateur-de-la-fbfpn-jeff-swann\/","title":{"rendered":"Administrateur de la FBFPN, Jeff Swann"},"content":{"rendered":"\n<div class=\"wp-block-media-text alignwide is-stacked-on-mobile is-vertically-aligned-top\" style=\"grid-template-columns:30% auto\"><figure class=\"wp-block-media-text__media\"><img decoding=\"async\" width=\"258\" height=\"360\" src=\"https:\/\/npf-fpn.com\/app\/uploads\/2022\/11\/Jeff-Swann-Website.png\" alt=\"\" class=\"wp-image-27637 size-full\" srcset=\"https:\/\/npf-fpn.com\/app\/uploads\/2022\/11\/Jeff-Swann-Website.png 258w, https:\/\/npf-fpn.com\/app\/uploads\/2022\/11\/Jeff-Swann-Website-215x300.png 215w, https:\/\/npf-fpn.com\/app\/uploads\/2022\/11\/Jeff-Swann-Website-143x200.png 143w\" sizes=\"(max-width: 258px) 100vw, 258px\" \/><\/figure><div class=\"wp-block-media-text__content\">\n<h4 class=\"wp-block-heading\">Jeff Swann, Administrateur<\/h4>\n\n\n\n<p>Jeff s\u2019est toujours int\u00e9ress\u00e9 au m\u00e9tier de policier. En fait, on pourrait dire que la police fait partie de son ADN. Il a int\u00e9gr\u00e9 la GRC en 1996 et a occup\u00e9 divers postes, r\u00f4les et responsabilit\u00e9s.<\/p>\n\n\n\n<p>En tant que membre de la GRC et chef de d\u00e9tachement, Jeff d\u00e9fend toujours les int\u00e9r\u00eats de ses membres et essaie d\u2019apporter des changements positifs au sein de la GRC. Comme la plupart des membres, il s\u2019est senti frustr\u00e9 par l\u2019absence de politiques et de proc\u00e9dures claires et coh\u00e9rentes et par les injustices caus\u00e9es par cette absence que subissaient ses coll\u00e8gues. \u00c0 titre d\u2019administrateur de la FPN, Jeff s\u2019efforce maintenant de rem\u00e9dier \u00e0 ces iniquit\u00e9s en offrant des services de soutien juridique et de d\u00e9fense des droits aux membres dans le cadre de son r\u00f4le au sein du Comit\u00e9 des services aux membres, ainsi que de ses responsabilit\u00e9s en mati\u00e8re d\u2019appels et de v\u00e9rification.<\/p>\n\n\n\n<p><strong>Principales r\u00e9alisations:<\/strong><\/p>\n\n\n\n<ul class=\"wp-block-list\"><li>Jeff a \u00e9t\u00e9 gendarme de la Gendarmerie royale du Canada (GRC) de premi\u00e8re ligne \u00e0 Barriere et \u00e0 Salt Spring Island, en Colombie\u2011Britannique.<\/li><li>Il a en outre \u00e9t\u00e9 caporal-chef de veille \u00e0 Fort St. John, en Colombie\u2011Britannique, et caporal-superviseur \u00e0 la Section des crimes graves. Il a ensuite \u00e9t\u00e9 promu \u00e0 un poste de sergent-chef de d\u00e9tachement \u00e0 Ucluelet, en Colombie\u2011Britannique, puis \u00e0 celui de conseiller aux membres dans le milieu de travail \u00e0 titre de sergent d\u2019\u00e9tat-major.<\/li><li>Jeff est issu d\u2019une famille d\u2019agents de la paix : ses deux s\u0153urs sont des polici\u00e8res en service actives en Colombie\u2011Britannique, tout comme son p\u00e8re, son oncle, son grand-p\u00e8re et son arri\u00e8re-grand-p\u00e8re qui ont tous choisi de faire carri\u00e8re dans la police.<\/li><li>Il a re\u00e7u en outre plusieurs prix prestigieux tout au long de sa carri\u00e8re. Plus r\u00e9cemment, en 2012, Jeff s\u2019est vu d\u00e9cerner la M\u00e9daille du jubil\u00e9 de la reine pour service exemplaire. En 2015, il a remport\u00e9 le titre de policier de l\u2019ann\u00e9e de l\u2019IODE de la Colombie\u2011Britannique. Plus tard au cours de la m\u00eame ann\u00e9e, Jeff est devenu membre de l\u2019Ordre du m\u00e9rite \u00e0 l\u2019occasion d\u2019une c\u00e9r\u00e9monie qui s\u2019est tenue \u00e0 Ottawa, pr\u00e9sid\u00e9e par le gouverneur g\u00e9n\u00e9ral du Canada. En 2018, Jeff s\u2019est vu d\u00e9cerner le prix d\u2019excellence pour le travail communautaire de la Colombie-Britannique, par le lieutenant-gouverneur de la province, en raison de son succ\u00e8s continu et de ses initiatives quant \u00e0 la police communautaire.<\/li><li>Tout derni\u00e8rement, en novembre 2019, Jeff a connu sa plus grande r\u00e9ussite en \u00e9tant \u00e9lu par ses pairs \u00e0 titre d\u2019administrateur de la F\u00e9d\u00e9ration de la police nationale (FPN). Il s\u2019agit d\u2019un r\u00f4le qui lui tient r\u00e9ellement \u00e0 c\u0153ur, il s\u2019efforce ainsi continuellement d\u2019am\u00e9liorer et de prot\u00e9ger la vie de ses coll\u00e8gues membres de la GRC.<\/li><\/ul>\n<\/div><\/div>\n\n\n\n<h4 class=\"wp-block-heading\">Conseil d&#8217;administration de la FBFPN<\/h4>\n\n\n\n<div class=\"wp-block-columns is-layout-flex wp-container-core-columns-is-layout-9d6595d7 wp-block-columns-is-layout-flex\">\n<div class=\"wp-block-column is-layout-flow wp-block-column-is-layout-flow\">\n<figure class=\"wp-block-image is-resized\" id=\"block-576dab1d-9396-4b42-8a86-e677e060622d\"><img decoding=\"async\" src=\"https:\/\/npf-fpn.com\/app\/uploads\/2023\/01\/Kevin-Halwa-Web.png\" alt=\"This image has an empty alt attribute; its file name is Kevin-Halwa-Web.png\" width=\"149\" height=\"210\"\/><\/figure>\n\n\n\n<p class=\"has-text-align-center\"><strong>Kevin Halwa<br><\/strong>Pr\u00e9sident<br><a href=\"https:\/\/npf-fpn.com\/fr\/president-de-la-fbfpn-kevin-halwa\/\">Bio<\/a><\/p>\n<\/div>\n\n\n\n<div class=\"wp-block-column is-layout-flow wp-block-column-is-layout-flow\">\n<figure class=\"wp-block-image is-resized\" id=\"block-badb751b-bb4c-402a-a643-7f835f3f5805\"><img decoding=\"async\" src=\"https:\/\/npf-fpn.com\/app\/uploads\/2022\/11\/Brian-Sauve-Website.png\" alt=\"This image has an empty alt attribute; its file name is Brian-Sauve-Website.png\" width=\"149\" height=\"210\"\/><\/figure>\n\n\n\n<p class=\"has-text-align-center\"><strong>Brian Sauv\u00e9<br><\/strong>Administrateur<br><a href=\"https:\/\/npf-fpn.com\/fr\/npfbf-board-director-brian-sauve\/\">Bio<\/a><\/p>\n<\/div>\n\n\n\n<div class=\"wp-block-column is-layout-flow wp-block-column-is-layout-flow\">\n<figure class=\"wp-block-image is-resized\" id=\"block-eab84b6e-ff80-486b-916f-17f4108ddf75\"><img decoding=\"async\" src=\"https:\/\/npf-fpn.com\/app\/uploads\/2022\/11\/Michelle-Boutin-Web-2.png\" alt=\"This image has an empty alt attribute; its file name is Michelle-Boutin-Web-2.png\" width=\"149\" height=\"210\"\/><\/figure>\n\n\n\n<p class=\"has-text-align-center\"><strong>Michelle Boutin<br><\/strong>Administratrice<br><a href=\"https:\/\/npf-fpn.com\/fr\/administratrice-de-la-fbfpn-michelle-boutin\/\">Bio<\/a><\/p>\n<\/div>\n\n\n\n<div class=\"wp-block-column is-layout-flow wp-block-column-is-layout-flow\">\n<figure class=\"wp-block-image is-resized\" id=\"block-5006d14b-f18b-4e90-bc0d-d0f4bb9fff39\"><img decoding=\"async\" src=\"https:\/\/npf-fpn.com\/app\/uploads\/2022\/11\/Rob-Farrer-Website.png\" alt=\"This image has an empty alt attribute; its file name is Rob-Farrer-Website.png\" width=\"149\" height=\"210\"\/><\/figure>\n\n\n\n<p class=\"has-text-align-center\"><strong>Rob Farrer<br><\/strong>Administrateur<br><a href=\"https:\/\/npf-fpn.com\/fr\/administrateur-de-la-fbfpn-rob-farrer\/\">Bio<\/a><\/p>\n<\/div>\n\n\n\n<div class=\"wp-block-column is-layout-flow wp-block-column-is-layout-flow\">\n<figure class=\"wp-block-image is-resized\" id=\"block-59ff526f-93ca-4ad8-b505-8e6f01d2fa3c\"><img decoding=\"async\" src=\"https:\/\/npf-fpn.com\/app\/uploads\/2022\/11\/Jeff-Swann-Website.png\" alt=\"This image has an empty alt attribute; its file name is Jeff-Swann-Website.png\" width=\"149\" height=\"210\"\/><\/figure>\n\n\n\n<p class=\"has-text-align-center\"><strong>Jeff Swann<br><\/strong>Administrateur<br><a href=\"https:\/\/npf-fpn.com\/fr\/administrateur-de-la-fbfpn-jeff-swann\/\">Bio<\/a><\/p>\n<\/div>\n<\/div>\n\n\n\n<p class=\"has-text-align-right\">Num\u00e9ro d&#8217;enregistrement d&#8217;organisme de bienfaisance 780448692RR0001<\/p>\n","protected":false},"excerpt":{"rendered":"<p>Jeff Swann, Administrateur Jeff s\u2019est toujours int\u00e9ress\u00e9 au m\u00e9tier de policier. En fait, on pourrait dire que la police fait partie de son ADN. Il a int\u00e9gr\u00e9 la GRC en 1996 et a occup\u00e9 divers postes, r\u00f4les et responsabilit\u00e9s. En [&hellip;]<\/p>\n","protected":false},"author":326,"featured_media":0,"parent":0,"menu_order":0,"comment_status":"closed","ping_status":"closed","template":"","meta":{"_acf_changed":false,"inline_featured_image":false,"footnotes":""},"class_list":["post-40068","page","type-page","status-publish","hentry"],"acf":[],"yoast_head":"<!-- This site is optimized with the Yoast SEO plugin v27.4 - https:\/\/yoast.com\/product\/yoast-seo-wordpress\/ -->\n<title>Administrateur de la FBFPN, Jeff Swann - NPF-FPN<\/title>\n<meta name=\"robots\" content=\"index, follow, max-snippet:-1, max-image-preview:large, max-video-preview:-1\" \/>\n<link rel=\"canonical\" href=\"https:\/\/npf-fpn.com\/fr\/administrateur-de-la-fbfpn-jeff-swann\/\" \/>\n<meta property=\"og:locale\" content=\"fr_FR\" \/>\n<meta property=\"og:type\" content=\"article\" \/>\n<meta property=\"og:title\" content=\"Administrateur de la FBFPN, Jeff Swann - NPF-FPN\" \/>\n<meta property=\"og:description\" content=\"Jeff Swann, Administrateur Jeff s\u2019est toujours int\u00e9ress\u00e9 au m\u00e9tier de policier. En fait, on pourrait dire que la police fait partie de son ADN. Il a int\u00e9gr\u00e9 la GRC en 1996 et a occup\u00e9 divers postes, r\u00f4les et responsabilit\u00e9s. En [&hellip;]\" \/>\n<meta property=\"og:url\" content=\"https:\/\/npf-fpn.com\/fr\/administrateur-de-la-fbfpn-jeff-swann\/\" \/>\n<meta property=\"og:site_name\" content=\"NPF-FPN\" \/>\n<meta property=\"article:modified_time\" content=\"2023-03-01T18:22:30+00:00\" \/>\n<meta property=\"og:image\" content=\"https:\/\/npf-fpn.com\/app\/uploads\/2022\/11\/Jeff-Swann-Website.png\" \/>\n<meta name=\"twitter:card\" content=\"summary_large_image\" \/>\n<meta name=\"twitter:label1\" content=\"Est. reading time\" \/>\n\t<meta name=\"twitter:data1\" content=\"4 minutes\" \/>\n<script type=\"application\/ld+json\" class=\"yoast-schema-graph\">{\"@context\":\"https:\\\/\\\/schema.org\",\"@graph\":[{\"@type\":\"WebPage\",\"@id\":\"https:\\\/\\\/npf-fpn.com\\\/fr\\\/administrateur-de-la-fbfpn-jeff-swann\\\/\",\"url\":\"https:\\\/\\\/npf-fpn.com\\\/fr\\\/administrateur-de-la-fbfpn-jeff-swann\\\/\",\"name\":\"Administrateur de la FBFPN, Jeff Swann - NPF-FPN\",\"isPartOf\":{\"@id\":\"https:\\\/\\\/npf-fpn.com\\\/#website\"},\"primaryImageOfPage\":{\"@id\":\"https:\\\/\\\/npf-fpn.com\\\/fr\\\/administrateur-de-la-fbfpn-jeff-swann\\\/#primaryimage\"},\"image\":{\"@id\":\"https:\\\/\\\/npf-fpn.com\\\/fr\\\/administrateur-de-la-fbfpn-jeff-swann\\\/#primaryimage\"},\"thumbnailUrl\":\"https:\\\/\\\/npf-fpn.com\\\/app\\\/uploads\\\/2022\\\/11\\\/Jeff-Swann-Website.png\",\"datePublished\":\"2023-02-28T21:54:02+00:00\",\"dateModified\":\"2023-03-01T18:22:30+00:00\",\"breadcrumb\":{\"@id\":\"https:\\\/\\\/npf-fpn.com\\\/fr\\\/administrateur-de-la-fbfpn-jeff-swann\\\/#breadcrumb\"},\"inLanguage\":\"fr-FR\",\"potentialAction\":[{\"@type\":\"ReadAction\",\"target\":[\"https:\\\/\\\/npf-fpn.com\\\/fr\\\/administrateur-de-la-fbfpn-jeff-swann\\\/\"]}]},{\"@type\":\"ImageObject\",\"inLanguage\":\"fr-FR\",\"@id\":\"https:\\\/\\\/npf-fpn.com\\\/fr\\\/administrateur-de-la-fbfpn-jeff-swann\\\/#primaryimage\",\"url\":\"https:\\\/\\\/npf-fpn.com\\\/app\\\/uploads\\\/2022\\\/11\\\/Jeff-Swann-Website.png\",\"contentUrl\":\"https:\\\/\\\/npf-fpn.com\\\/app\\\/uploads\\\/2022\\\/11\\\/Jeff-Swann-Website.png\"},{\"@type\":\"BreadcrumbList\",\"@id\":\"https:\\\/\\\/npf-fpn.com\\\/fr\\\/administrateur-de-la-fbfpn-jeff-swann\\\/#breadcrumb\",\"itemListElement\":[{\"@type\":\"ListItem\",\"position\":1,\"name\":\"Accueil\",\"item\":\"https:\\\/\\\/npf-fpn.com\\\/fr\\\/\"},{\"@type\":\"ListItem\",\"position\":2,\"name\":\"Administrateur de la FBFPN, Jeff Swann\"}]},{\"@type\":\"WebSite\",\"@id\":\"https:\\\/\\\/npf-fpn.com\\\/#website\",\"url\":\"https:\\\/\\\/npf-fpn.com\\\/\",\"name\":\"NPF-FPN\",\"description\":\"Providing strong, fair and progressive representation to almost 20,000 RCMP members across Canada.\",\"publisher\":{\"@id\":\"https:\\\/\\\/npf-fpn.com\\\/#organization\"},\"potentialAction\":[{\"@type\":\"SearchAction\",\"target\":{\"@type\":\"EntryPoint\",\"urlTemplate\":\"https:\\\/\\\/npf-fpn.com\\\/?s={search_term_string}\"},\"query-input\":{\"@type\":\"PropertyValueSpecification\",\"valueRequired\":true,\"valueName\":\"search_term_string\"}}],\"inLanguage\":\"fr-FR\"},{\"@type\":\"Organization\",\"@id\":\"https:\\\/\\\/npf-fpn.com\\\/#organization\",\"name\":\"NPF-FPN\",\"url\":\"https:\\\/\\\/npf-fpn.com\\\/\",\"logo\":{\"@type\":\"ImageObject\",\"inLanguage\":\"fr-FR\",\"@id\":\"https:\\\/\\\/npf-fpn.com\\\/#\\\/schema\\\/logo\\\/image\\\/\",\"url\":\"https:\\\/\\\/npf-fpn.com\\\/app\\\/uploads\\\/2022\\\/01\\\/NPF.jpg\",\"contentUrl\":\"https:\\\/\\\/npf-fpn.com\\\/app\\\/uploads\\\/2022\\\/01\\\/NPF.jpg\",\"width\":200,\"height\":200,\"caption\":\"NPF-FPN\"},\"image\":{\"@id\":\"https:\\\/\\\/npf-fpn.com\\\/#\\\/schema\\\/logo\\\/image\\\/\"}}]}<\/script>\n<!-- \/ Yoast SEO plugin. -->","yoast_head_json":{"title":"Administrateur de la FBFPN, Jeff Swann - NPF-FPN","robots":{"index":"index","follow":"follow","max-snippet":"max-snippet:-1","max-image-preview":"max-image-preview:large","max-video-preview":"max-video-preview:-1"},"canonical":"https:\/\/npf-fpn.com\/fr\/administrateur-de-la-fbfpn-jeff-swann\/","og_locale":"fr_FR","og_type":"article","og_title":"Administrateur de la FBFPN, Jeff Swann - NPF-FPN","og_description":"Jeff Swann, Administrateur Jeff s\u2019est toujours int\u00e9ress\u00e9 au m\u00e9tier de policier. En fait, on pourrait dire que la police fait partie de son ADN. Il a int\u00e9gr\u00e9 la GRC en 1996 et a occup\u00e9 divers postes, r\u00f4les et responsabilit\u00e9s. En [&hellip;]","og_url":"https:\/\/npf-fpn.com\/fr\/administrateur-de-la-fbfpn-jeff-swann\/","og_site_name":"NPF-FPN","article_modified_time":"2023-03-01T18:22:30+00:00","og_image":[{"url":"https:\/\/npf-fpn.com\/app\/uploads\/2022\/11\/Jeff-Swann-Website.png","type":"","width":"","height":""}],"twitter_card":"summary_large_image","twitter_misc":{"Est. reading time":"4 minutes"},"schema":{"@context":"https:\/\/schema.org","@graph":[{"@type":"WebPage","@id":"https:\/\/npf-fpn.com\/fr\/administrateur-de-la-fbfpn-jeff-swann\/","url":"https:\/\/npf-fpn.com\/fr\/administrateur-de-la-fbfpn-jeff-swann\/","name":"Administrateur de la FBFPN, Jeff Swann - NPF-FPN","isPartOf":{"@id":"https:\/\/npf-fpn.com\/#website"},"primaryImageOfPage":{"@id":"https:\/\/npf-fpn.com\/fr\/administrateur-de-la-fbfpn-jeff-swann\/#primaryimage"},"image":{"@id":"https:\/\/npf-fpn.com\/fr\/administrateur-de-la-fbfpn-jeff-swann\/#primaryimage"},"thumbnailUrl":"https:\/\/npf-fpn.com\/app\/uploads\/2022\/11\/Jeff-Swann-Website.png","datePublished":"2023-02-28T21:54:02+00:00","dateModified":"2023-03-01T18:22:30+00:00","breadcrumb":{"@id":"https:\/\/npf-fpn.com\/fr\/administrateur-de-la-fbfpn-jeff-swann\/#breadcrumb"},"inLanguage":"fr-FR","potentialAction":[{"@type":"ReadAction","target":["https:\/\/npf-fpn.com\/fr\/administrateur-de-la-fbfpn-jeff-swann\/"]}]},{"@type":"ImageObject","inLanguage":"fr-FR","@id":"https:\/\/npf-fpn.com\/fr\/administrateur-de-la-fbfpn-jeff-swann\/#primaryimage","url":"https:\/\/npf-fpn.com\/app\/uploads\/2022\/11\/Jeff-Swann-Website.png","contentUrl":"https:\/\/npf-fpn.com\/app\/uploads\/2022\/11\/Jeff-Swann-Website.png"},{"@type":"BreadcrumbList","@id":"https:\/\/npf-fpn.com\/fr\/administrateur-de-la-fbfpn-jeff-swann\/#breadcrumb","itemListElement":[{"@type":"ListItem","position":1,"name":"Accueil","item":"https:\/\/npf-fpn.com\/fr\/"},{"@type":"ListItem","position":2,"name":"Administrateur de la FBFPN, Jeff Swann"}]},{"@type":"WebSite","@id":"https:\/\/npf-fpn.com\/#website","url":"https:\/\/npf-fpn.com\/","name":"NPF-FPN","description":"Providing strong, fair and progressive representation to almost 20,000 RCMP members across Canada.","publisher":{"@id":"https:\/\/npf-fpn.com\/#organization"},"potentialAction":[{"@type":"SearchAction","target":{"@type":"EntryPoint","urlTemplate":"https:\/\/npf-fpn.com\/?s={search_term_string}"},"query-input":{"@type":"PropertyValueSpecification","valueRequired":true,"valueName":"search_term_string"}}],"inLanguage":"fr-FR"},{"@type":"Organization","@id":"https:\/\/npf-fpn.com\/#organization","name":"NPF-FPN","url":"https:\/\/npf-fpn.com\/","logo":{"@type":"ImageObject","inLanguage":"fr-FR","@id":"https:\/\/npf-fpn.com\/#\/schema\/logo\/image\/","url":"https:\/\/npf-fpn.com\/app\/uploads\/2022\/01\/NPF.jpg","contentUrl":"https:\/\/npf-fpn.com\/app\/uploads\/2022\/01\/NPF.jpg","width":200,"height":200,"caption":"NPF-FPN"},"image":{"@id":"https:\/\/npf-fpn.com\/#\/schema\/logo\/image\/"}}]}},"_links":{"self":[{"href":"https:\/\/npf-fpn.com\/fr\/wp-json\/wp\/v2\/pages\/40068","targetHints":{"allow":["GET"]}}],"collection":[{"href":"https:\/\/npf-fpn.com\/fr\/wp-json\/wp\/v2\/pages"}],"about":[{"href":"https:\/\/npf-fpn.com\/fr\/wp-json\/wp\/v2\/types\/page"}],"author":[{"embeddable":true,"href":"https:\/\/npf-fpn.com\/fr\/wp-json\/wp\/v2\/users\/326"}],"replies":[{"embeddable":true,"href":"https:\/\/npf-fpn.com\/fr\/wp-json\/wp\/v2\/comments?post=40068"}],"version-history":[{"count":4,"href":"https:\/\/npf-fpn.com\/fr\/wp-json\/wp\/v2\/pages\/40068\/revisions"}],"predecessor-version":[{"id":40317,"href":"https:\/\/npf-fpn.com\/fr\/wp-json\/wp\/v2\/pages\/40068\/revisions\/40317"}],"wp:attachment":[{"href":"https:\/\/npf-fpn.com\/fr\/wp-json\/wp\/v2\/media?parent=40068"}],"curies":[{"name":"wp","href":"https:\/\/api.w.org\/{rel}","templated":true}]}}