{"id":22458,"date":"2021-12-24T15:53:35","date_gmt":"2021-12-24T15:53:35","guid":{"rendered":"https:\/\/npf-fpn.com\/board-of-directors-robert-farrer-director-pacific-region\/"},"modified":"2026-01-05T17:10:53","modified_gmt":"2026-01-05T17:10:53","slug":"board-of-directors-robert-farrer-vice-president","status":"publish","type":"page","link":"https:\/\/npf-fpn.com\/fr\/board-of-directors-robert-farrer-vice-president\/","title":{"rendered":"Conseil d\u2019administration- Robert Farrer, Vice-pr\u00e9sident"},"content":{"rendered":"\n<div class=\"wp-block-columns is-layout-flex wp-container-core-columns-is-layout-9d6595d7 wp-block-columns-is-layout-flex\">\n<div class=\"wp-block-column is-layout-flow wp-block-column-is-layout-flow\" style=\"flex-basis:33.33%\"><div class=\"wp-block-image\">\n<figure class=\"alignleft size-full\"><img decoding=\"async\" width=\"500\" height=\"710\" src=\"https:\/\/npf-fpn.com\/app\/uploads\/2025\/08\/Rob.png\" alt=\"\" class=\"wp-image-62329\" srcset=\"https:\/\/npf-fpn.com\/app\/uploads\/2025\/08\/Rob.png 500w, https:\/\/npf-fpn.com\/app\/uploads\/2025\/08\/Rob-211x300.png 211w, https:\/\/npf-fpn.com\/app\/uploads\/2025\/08\/Rob-141x200.png 141w\" sizes=\"(max-width: 500px) 100vw, 500px\" \/><\/figure>\n<\/div><\/div>\n\n\n\n<div class=\"wp-block-column is-layout-flow wp-block-column-is-layout-flow\" style=\"flex-basis:66.66%\">\n<p><strong><strong>\u00c0 propos de <\/strong>Robert Farrer<\/strong><\/p>\n\n\n\n<p>Robert&nbsp;Farrer a int\u00e9gr\u00e9 la GRC \u00e0 l\u2019\u00e2ge de 22&nbsp;ans. Ayant grandi sur une ferme en Saskatchewan, il a vu dans la GRC l\u2019occasion pour lui de d\u00e9couvrir le Canada et de tisser des liens avec des gens de diff\u00e9rentes r\u00e9gions. Gr\u00e2ce \u00e0 sa passion pour le conditionnement physique et les voyages, il a eu la possibilit\u00e9 d\u2019assurer la s\u00e9curit\u00e9 \u00e0 titre de coureur aupr\u00e8s de l\u2019\u00e9quipe charg\u00e9e du relais de la flamme olympique lors de sa tourn\u00e9e au Canada en 2009 et 2010. En 2019, Robert a men\u00e9 \u00e0 bien une initiative dans le cadre de laquelle il a march\u00e9 pendant 57,5&nbsp;heures cons\u00e9cutives et parcouru un total de 239&nbsp;kilom\u00e8tres pour sensibiliser les premiers intervenants au trouble de stress post-traumatique (TSPT).<\/p>\n\n\n\n<p>Robert a servi au premier conseil d&#8217;administration de la FPN en tant que directeur de la r\u00e9gion Pacifique\/Nord avant d&#8217;\u00eatre \u00e9lu vice-pr\u00e9sident r\u00e9gional en 2024. Il est fier d\u2019appuyer les membres de la GRC partout au pays. Avec de telles comp\u00e9tences, il est \u00e0 m\u00eame de bien saisir toutes les possibilit\u00e9s s\u2019offrant d\u2019am\u00e9liorer constamment l\u2019exp\u00e9rience des membres au sein de la GRC, sans oublier sa d\u00e9termination \u00e0 faire en sorte que la GRC, qui b\u00e9n\u00e9ficie d\u2019un effectif vari\u00e9 et comp\u00e9tent, fasse figure de chef de file dans les relations avec les membres.<\/p>\n<\/div>\n<\/div>\n\n\n\n<figure class=\"wp-block-embed aligncenter is-type-video is-provider-youtube wp-block-embed-youtube wp-embed-aspect-16-9 wp-has-aspect-ratio\"><div class=\"wp-block-embed__wrapper\">\n<iframe title=\"Rob Farrer - Administrateur de la FPN de la r\u00e9gion Pacifique\" width=\"500\" height=\"281\" src=\"https:\/\/www.youtube.com\/embed\/lNJXzrcmR0k?feature=oembed\" frameborder=\"0\" allow=\"accelerometer; autoplay; clipboard-write; encrypted-media; gyroscope; picture-in-picture; web-share\" referrerpolicy=\"strict-origin-when-cross-origin\" allowfullscreen><\/iframe>\n<\/div><\/figure>\n\n\n\n<p><strong><strong>Principales r\u00e9alisations&nbsp;:<\/strong><\/strong><\/p>\n\n\n\n<ul class=\"wp-block-list\">\n<li>Co-pr\u00e9sident des n\u00e9gociations de la FPN pour convention collective 1 et 2<\/li>\n\n\n\n<li>N\u00e9gociateur pour convention collective 2<\/li>\n\n\n\n<li>Robert&nbsp;Farrer cumule plus de 20&nbsp;ans d\u2019une exp\u00e9rience vari\u00e9e au sein de la Gendarmerie royale du Canada (GRC). Depuis son affectation sur la c\u00f4te arctique des Territoires&nbsp;du&nbsp;Nord-Ouest jusqu\u2019\u00e0 l\u2019Unit\u00e9 du crime organis\u00e9 en Colombie-Britannique, Robert a travaill\u00e9 au sein de diff\u00e9rents d\u00e9tachements de la GRC, des plus petits aux plus grands, notamment les services de police en milieu rural, le Groupe des crimes majeurs et les unit\u00e9s de la police f\u00e9d\u00e9rale.<\/li>\n\n\n\n<li>Robert a fait des \u00e9tudes en droit, ainsi que dans les domaines des services de police, des droits de la personne ainsi que d\u2019autres aspects juridiques li\u00e9s au maintien de l\u2019ordre \u00e0 l\u2019Universit\u00e9&nbsp;Dalhousie.<\/li>\n\n\n\n<li>Il a re\u00e7u de nombreuses distinctions prestigieuses tout au long de sa carri\u00e8re, notamment la M\u00e9daille du jubil\u00e9 de diamant de la reine Elizabeth&nbsp;II (2012), dont le programme est administr\u00e9 par la Chancellerie des distinctions honorifiques \u00e0 Rideau&nbsp;Hall, pour son importante contribution \u00e0 la province de la Colombie-Britannique et aux Territoires&nbsp;du&nbsp;Nord-Ouest.<\/li>\n\n\n\n<li>Par ailleurs, il a fait partie du comit\u00e9 des affaires internes \u00e0 titre de repr\u00e9sentant des relations fonctionnelles pendant la mise en \u0153uvre de l\u2019Initiative de r\u00e9forme l\u00e9gislative.<\/li>\n\n\n\n<li>Il a en outre aid\u00e9 des membres pendant plus de 12&nbsp;ans, repr\u00e9sentant ces derniers dans le cadre des n\u00e9gociations de conventions collectives, en plus d\u2019assumer les fonctions de copr\u00e9sident du comit\u00e9 de n\u00e9gociation collective de la F\u00e9d\u00e9ration de la police nationale (FPN), qui a n\u00e9goci\u00e9 la toute premi\u00e8re convention collective de la GRC en juin&nbsp;2021.<\/li>\n\n\n\n<li>Robert a aussi \u00e9t\u00e9 pan\u00e9liste \u00e0 la conf\u00e9rence sur le droit et la police de 2020 afin de discuter de la surveillance civile, ainsi qu\u2019au forum conjoint de surveillance de la collectivit\u00e9 et de la police, o\u00f9 la question du r\u00f4le des cam\u00e9ras corporelles dans les services de police a \u00e9t\u00e9 abord\u00e9e.<\/li>\n<\/ul>\n","protected":false},"excerpt":{"rendered":"<p>\u00c0 propos de Robert Farrer Robert&nbsp;Farrer a int\u00e9gr\u00e9 la GRC \u00e0 l\u2019\u00e2ge de 22&nbsp;ans. Ayant grandi sur une ferme en Saskatchewan, il a vu dans la GRC l\u2019occasion pour lui de d\u00e9couvrir le Canada et de tisser des liens avec [&hellip;]<\/p>\n","protected":false},"author":326,"featured_media":0,"parent":0,"menu_order":0,"comment_status":"closed","ping_status":"closed","template":"","meta":{"_acf_changed":false,"inline_featured_image":false,"footnotes":""},"class_list":["post-22458","page","type-page","status-publish","hentry"],"acf":[],"yoast_head":"<!-- This site is optimized with the Yoast SEO plugin v27.4 - https:\/\/yoast.com\/product\/yoast-seo-wordpress\/ -->\n<title>Conseil d\u2019administration- Robert Farrer, Vice-pr\u00e9sident - NPF-FPN<\/title>\n<meta name=\"robots\" content=\"index, follow, max-snippet:-1, max-image-preview:large, max-video-preview:-1\" \/>\n<link rel=\"canonical\" href=\"https:\/\/npf-fpn.com\/fr\/board-of-directors-robert-farrer-vice-president\/\" \/>\n<meta property=\"og:locale\" content=\"fr_FR\" \/>\n<meta property=\"og:type\" content=\"article\" \/>\n<meta property=\"og:title\" content=\"Conseil d\u2019administration- Robert Farrer, Vice-pr\u00e9sident - NPF-FPN\" \/>\n<meta property=\"og:description\" content=\"\u00c0 propos de Robert Farrer Robert&nbsp;Farrer a int\u00e9gr\u00e9 la GRC \u00e0 l\u2019\u00e2ge de 22&nbsp;ans. Ayant grandi sur une ferme en Saskatchewan, il a vu dans la GRC l\u2019occasion pour lui de d\u00e9couvrir le Canada et de tisser des liens avec [&hellip;]\" \/>\n<meta property=\"og:url\" content=\"https:\/\/npf-fpn.com\/fr\/board-of-directors-robert-farrer-vice-president\/\" \/>\n<meta property=\"og:site_name\" content=\"NPF-FPN\" \/>\n<meta property=\"article:modified_time\" content=\"2026-01-05T17:10:53+00:00\" \/>\n<meta property=\"og:image\" content=\"https:\/\/npf-fpn.com\/app\/uploads\/2025\/08\/Rob.png\" \/>\n\t<meta property=\"og:image:width\" content=\"500\" \/>\n\t<meta property=\"og:image:height\" content=\"710\" \/>\n\t<meta property=\"og:image:type\" content=\"image\/png\" \/>\n<meta name=\"twitter:card\" content=\"summary_large_image\" \/>\n<meta name=\"twitter:label1\" content=\"Est. reading time\" \/>\n\t<meta name=\"twitter:data1\" content=\"3 minutes\" \/>\n<script type=\"application\/ld+json\" class=\"yoast-schema-graph\">{\"@context\":\"https:\\\/\\\/schema.org\",\"@graph\":[{\"@type\":\"WebPage\",\"@id\":\"https:\\\/\\\/npf-fpn.com\\\/fr\\\/board-of-directors-robert-farrer-vice-president\\\/\",\"url\":\"https:\\\/\\\/npf-fpn.com\\\/fr\\\/board-of-directors-robert-farrer-vice-president\\\/\",\"name\":\"Conseil d\u2019administration- Robert Farrer, Vice-pr\u00e9sident - NPF-FPN\",\"isPartOf\":{\"@id\":\"https:\\\/\\\/npf-fpn.com\\\/#website\"},\"primaryImageOfPage\":{\"@id\":\"https:\\\/\\\/npf-fpn.com\\\/fr\\\/board-of-directors-robert-farrer-vice-president\\\/#primaryimage\"},\"image\":{\"@id\":\"https:\\\/\\\/npf-fpn.com\\\/fr\\\/board-of-directors-robert-farrer-vice-president\\\/#primaryimage\"},\"thumbnailUrl\":\"https:\\\/\\\/npf-fpn.com\\\/app\\\/uploads\\\/2025\\\/08\\\/Rob.png\",\"datePublished\":\"2021-12-24T15:53:35+00:00\",\"dateModified\":\"2026-01-05T17:10:53+00:00\",\"breadcrumb\":{\"@id\":\"https:\\\/\\\/npf-fpn.com\\\/fr\\\/board-of-directors-robert-farrer-vice-president\\\/#breadcrumb\"},\"inLanguage\":\"fr-FR\",\"potentialAction\":[{\"@type\":\"ReadAction\",\"target\":[\"https:\\\/\\\/npf-fpn.com\\\/fr\\\/board-of-directors-robert-farrer-vice-president\\\/\"]}]},{\"@type\":\"ImageObject\",\"inLanguage\":\"fr-FR\",\"@id\":\"https:\\\/\\\/npf-fpn.com\\\/fr\\\/board-of-directors-robert-farrer-vice-president\\\/#primaryimage\",\"url\":\"https:\\\/\\\/npf-fpn.com\\\/app\\\/uploads\\\/2025\\\/08\\\/Rob.png\",\"contentUrl\":\"https:\\\/\\\/npf-fpn.com\\\/app\\\/uploads\\\/2025\\\/08\\\/Rob.png\"},{\"@type\":\"BreadcrumbList\",\"@id\":\"https:\\\/\\\/npf-fpn.com\\\/fr\\\/board-of-directors-robert-farrer-vice-president\\\/#breadcrumb\",\"itemListElement\":[{\"@type\":\"ListItem\",\"position\":1,\"name\":\"Accueil\",\"item\":\"https:\\\/\\\/npf-fpn.com\\\/fr\\\/\"},{\"@type\":\"ListItem\",\"position\":2,\"name\":\"Conseil d\u2019administration- Robert Farrer, Vice-pr\u00e9sident\"}]},{\"@type\":\"WebSite\",\"@id\":\"https:\\\/\\\/npf-fpn.com\\\/#website\",\"url\":\"https:\\\/\\\/npf-fpn.com\\\/\",\"name\":\"NPF-FPN\",\"description\":\"Providing strong, fair and progressive representation to almost 20,000 RCMP members across Canada.\",\"publisher\":{\"@id\":\"https:\\\/\\\/npf-fpn.com\\\/#organization\"},\"potentialAction\":[{\"@type\":\"SearchAction\",\"target\":{\"@type\":\"EntryPoint\",\"urlTemplate\":\"https:\\\/\\\/npf-fpn.com\\\/?s={search_term_string}\"},\"query-input\":{\"@type\":\"PropertyValueSpecification\",\"valueRequired\":true,\"valueName\":\"search_term_string\"}}],\"inLanguage\":\"fr-FR\"},{\"@type\":\"Organization\",\"@id\":\"https:\\\/\\\/npf-fpn.com\\\/#organization\",\"name\":\"NPF-FPN\",\"url\":\"https:\\\/\\\/npf-fpn.com\\\/\",\"logo\":{\"@type\":\"ImageObject\",\"inLanguage\":\"fr-FR\",\"@id\":\"https:\\\/\\\/npf-fpn.com\\\/#\\\/schema\\\/logo\\\/image\\\/\",\"url\":\"https:\\\/\\\/npf-fpn.com\\\/app\\\/uploads\\\/2022\\\/01\\\/NPF.jpg\",\"contentUrl\":\"https:\\\/\\\/npf-fpn.com\\\/app\\\/uploads\\\/2022\\\/01\\\/NPF.jpg\",\"width\":200,\"height\":200,\"caption\":\"NPF-FPN\"},\"image\":{\"@id\":\"https:\\\/\\\/npf-fpn.com\\\/#\\\/schema\\\/logo\\\/image\\\/\"}}]}<\/script>\n<!-- \/ Yoast SEO plugin. -->","yoast_head_json":{"title":"Conseil d\u2019administration- Robert Farrer, Vice-pr\u00e9sident - NPF-FPN","robots":{"index":"index","follow":"follow","max-snippet":"max-snippet:-1","max-image-preview":"max-image-preview:large","max-video-preview":"max-video-preview:-1"},"canonical":"https:\/\/npf-fpn.com\/fr\/board-of-directors-robert-farrer-vice-president\/","og_locale":"fr_FR","og_type":"article","og_title":"Conseil d\u2019administration- Robert Farrer, Vice-pr\u00e9sident - NPF-FPN","og_description":"\u00c0 propos de Robert Farrer Robert&nbsp;Farrer a int\u00e9gr\u00e9 la GRC \u00e0 l\u2019\u00e2ge de 22&nbsp;ans. Ayant grandi sur une ferme en Saskatchewan, il a vu dans la GRC l\u2019occasion pour lui de d\u00e9couvrir le Canada et de tisser des liens avec [&hellip;]","og_url":"https:\/\/npf-fpn.com\/fr\/board-of-directors-robert-farrer-vice-president\/","og_site_name":"NPF-FPN","article_modified_time":"2026-01-05T17:10:53+00:00","og_image":[{"width":500,"height":710,"url":"https:\/\/npf-fpn.com\/app\/uploads\/2025\/08\/Rob.png","type":"image\/png"}],"twitter_card":"summary_large_image","twitter_misc":{"Est. reading time":"3 minutes"},"schema":{"@context":"https:\/\/schema.org","@graph":[{"@type":"WebPage","@id":"https:\/\/npf-fpn.com\/fr\/board-of-directors-robert-farrer-vice-president\/","url":"https:\/\/npf-fpn.com\/fr\/board-of-directors-robert-farrer-vice-president\/","name":"Conseil d\u2019administration- Robert Farrer, Vice-pr\u00e9sident - NPF-FPN","isPartOf":{"@id":"https:\/\/npf-fpn.com\/#website"},"primaryImageOfPage":{"@id":"https:\/\/npf-fpn.com\/fr\/board-of-directors-robert-farrer-vice-president\/#primaryimage"},"image":{"@id":"https:\/\/npf-fpn.com\/fr\/board-of-directors-robert-farrer-vice-president\/#primaryimage"},"thumbnailUrl":"https:\/\/npf-fpn.com\/app\/uploads\/2025\/08\/Rob.png","datePublished":"2021-12-24T15:53:35+00:00","dateModified":"2026-01-05T17:10:53+00:00","breadcrumb":{"@id":"https:\/\/npf-fpn.com\/fr\/board-of-directors-robert-farrer-vice-president\/#breadcrumb"},"inLanguage":"fr-FR","potentialAction":[{"@type":"ReadAction","target":["https:\/\/npf-fpn.com\/fr\/board-of-directors-robert-farrer-vice-president\/"]}]},{"@type":"ImageObject","inLanguage":"fr-FR","@id":"https:\/\/npf-fpn.com\/fr\/board-of-directors-robert-farrer-vice-president\/#primaryimage","url":"https:\/\/npf-fpn.com\/app\/uploads\/2025\/08\/Rob.png","contentUrl":"https:\/\/npf-fpn.com\/app\/uploads\/2025\/08\/Rob.png"},{"@type":"BreadcrumbList","@id":"https:\/\/npf-fpn.com\/fr\/board-of-directors-robert-farrer-vice-president\/#breadcrumb","itemListElement":[{"@type":"ListItem","position":1,"name":"Accueil","item":"https:\/\/npf-fpn.com\/fr\/"},{"@type":"ListItem","position":2,"name":"Conseil d\u2019administration- Robert Farrer, Vice-pr\u00e9sident"}]},{"@type":"WebSite","@id":"https:\/\/npf-fpn.com\/#website","url":"https:\/\/npf-fpn.com\/","name":"NPF-FPN","description":"Providing strong, fair and progressive representation to almost 20,000 RCMP members across Canada.","publisher":{"@id":"https:\/\/npf-fpn.com\/#organization"},"potentialAction":[{"@type":"SearchAction","target":{"@type":"EntryPoint","urlTemplate":"https:\/\/npf-fpn.com\/?s={search_term_string}"},"query-input":{"@type":"PropertyValueSpecification","valueRequired":true,"valueName":"search_term_string"}}],"inLanguage":"fr-FR"},{"@type":"Organization","@id":"https:\/\/npf-fpn.com\/#organization","name":"NPF-FPN","url":"https:\/\/npf-fpn.com\/","logo":{"@type":"ImageObject","inLanguage":"fr-FR","@id":"https:\/\/npf-fpn.com\/#\/schema\/logo\/image\/","url":"https:\/\/npf-fpn.com\/app\/uploads\/2022\/01\/NPF.jpg","contentUrl":"https:\/\/npf-fpn.com\/app\/uploads\/2022\/01\/NPF.jpg","width":200,"height":200,"caption":"NPF-FPN"},"image":{"@id":"https:\/\/npf-fpn.com\/#\/schema\/logo\/image\/"}}]}},"_links":{"self":[{"href":"https:\/\/npf-fpn.com\/fr\/wp-json\/wp\/v2\/pages\/22458","targetHints":{"allow":["GET"]}}],"collection":[{"href":"https:\/\/npf-fpn.com\/fr\/wp-json\/wp\/v2\/pages"}],"about":[{"href":"https:\/\/npf-fpn.com\/fr\/wp-json\/wp\/v2\/types\/page"}],"author":[{"embeddable":true,"href":"https:\/\/npf-fpn.com\/fr\/wp-json\/wp\/v2\/users\/326"}],"replies":[{"embeddable":true,"href":"https:\/\/npf-fpn.com\/fr\/wp-json\/wp\/v2\/comments?post=22458"}],"version-history":[{"count":6,"href":"https:\/\/npf-fpn.com\/fr\/wp-json\/wp\/v2\/pages\/22458\/revisions"}],"predecessor-version":[{"id":64903,"href":"https:\/\/npf-fpn.com\/fr\/wp-json\/wp\/v2\/pages\/22458\/revisions\/64903"}],"wp:attachment":[{"href":"https:\/\/npf-fpn.com\/fr\/wp-json\/wp\/v2\/media?parent=22458"}],"curies":[{"name":"wp","href":"https:\/\/api.w.org\/{rel}","templated":true}]}}