{"id":22312,"date":"2021-12-22T18:25:26","date_gmt":"2021-12-22T18:25:26","guid":{"rendered":"https:\/\/npf-fpn.com\/?page_id=22312"},"modified":"2025-08-12T17:42:23","modified_gmt":"2025-08-12T17:42:23","slug":"conseil-dadministration-morgan-buckingham-administrateur-region-des-prairies-et-du-nord","status":"publish","type":"page","link":"https:\/\/npf-fpn.com\/fr\/conseil-dadministration-morgan-buckingham-administrateur-region-des-prairies-et-du-nord\/","title":{"rendered":"Conseil d&#8217;administration &#8211; Morgan Buckingham, Administrateur, R\u00e9gion des Prairies"},"content":{"rendered":"\n<div class=\"wp-block-columns is-layout-flex wp-container-core-columns-is-layout-9d6595d7 wp-block-columns-is-layout-flex\">\n<div class=\"wp-block-column is-layout-flow wp-block-column-is-layout-flow\" style=\"flex-basis:33.33%\"><div class=\"wp-block-image\">\n<figure class=\"alignleft size-full\"><img decoding=\"async\" width=\"500\" height=\"710\" src=\"https:\/\/npf-fpn.com\/app\/uploads\/2025\/08\/Morgan-2.png\" alt=\"\" class=\"wp-image-62279\" srcset=\"https:\/\/npf-fpn.com\/app\/uploads\/2025\/08\/Morgan-2.png 500w, https:\/\/npf-fpn.com\/app\/uploads\/2025\/08\/Morgan-2-211x300.png 211w, https:\/\/npf-fpn.com\/app\/uploads\/2025\/08\/Morgan-2-141x200.png 141w\" sizes=\"(max-width: 500px) 100vw, 500px\" \/><\/figure>\n<\/div><\/div>\n\n\n\n<div class=\"wp-block-column is-layout-flow wp-block-column-is-layout-flow\" style=\"flex-basis:66.66%\">\n<p>Membre \u00e9lu du conseil d\u2019administration de la F\u00e9d\u00e9ration de la police nationale (FPN) et sergent d\u2019\u00e9tat-major de la Gendarmerie royale du Canada (GRC), Morgan&nbsp;Buckingham est fier de servir les 20&nbsp;000&nbsp;membres de la Gendarmerie royale du Canada (GRC) alors qu\u2019ils travaillent \u00e0 l\u2019\u00e9tablissement de leur toute premi\u00e8re entente syndicale et de leur premi\u00e8re convention collective.<\/p>\n\n\n\n<p>Morgan compte plus de 21&nbsp;ann\u00e9es d\u2019exp\u00e9rience diversifi\u00e9e dans les services de police de premi\u00e8re ligne, les unit\u00e9s d\u2019enqu\u00eate en civil, les ressources humaines et les relations de travail. Il a occup\u00e9 diff\u00e9rents postes dans des collectivit\u00e9s nordiques et \u00e9loign\u00e9es, des d\u00e9tachements municipaux occup\u00e9s, des unit\u00e9s du crime organis\u00e9 et des homicides. Il a pass\u00e9 une grande partie de sa carri\u00e8re comme agent d\u2019infiltration et a notamment dirig\u00e9 le programme d\u2019infiltration de la division. Il a \u00e9t\u00e9 aussi gestionnaire de carri\u00e8res et responsable de Division pour la dotation des membres r\u00e9guliers, en plus d\u2019avoir \u0153uvr\u00e9 dans le cadre de deux r\u00e9gimes de relations de travail distincts. Ses diff\u00e9rentes fonctions l\u2019ont men\u00e9 partout au Canada de m\u00eame qu\u2019\u00e0 l\u2019\u00e9tranger.<\/p>\n<\/div>\n<\/div>\n\n\n\n<p>Non seulement Morgan a suivi une formation approfondie sur les activit\u00e9s organisationnelles, l\u2019administration, les ressources humaines et les relations de travail, mais il offre aussi r\u00e9guli\u00e8rement ce type de formation. Son travail lui a m\u00eame valu une reconnaissance officielle pour avoir donn\u00e9 de la formation \u00e0 des membres de forces polici\u00e8res \u00e0 l\u2019\u00e9tranger.<\/p>\n\n\n\n<p>Dans le cadre des activit\u00e9s associ\u00e9es aux relations de travail, Morgan a si\u00e9g\u00e9 \u00e0 de nombreux comit\u00e9s nationaux et divisionnaires, y compris ceux charg\u00e9s des questions relatives aux r\u00e9installations, \u00e0 la Directive nationale sur les postes isol\u00e9s et les logements de l\u2019\u00c9tat&nbsp;(DPILE), \u00e0 la dotation et \u00e0 la s\u00e9curit\u00e9. Il a \u00e9t\u00e9 \u00e9galement administrateur du Fonds de recours juridique des membres de la Gendarmerie pendant six ans, un programme juridique priv\u00e9 sans but lucratif qui prot\u00e8ge les polici\u00e8res et les policiers canadiens. Au sein de la FPN, Morgan fait partie de l\u2019\u00e9quipe de n\u00e9gociation collective, du Comit\u00e9 de gouvernance, du Comit\u00e9 des services aux membres et du Comit\u00e9 des candidatures et des \u00e9lections. Il dirige \u00e9galement les volets FPN des groupes de travail mixtes sur les promotions et sur la dotation nationale en personnel. Sa passion est la croissance strat\u00e9gique et le d\u00e9veloppement de l\u2019organisation. Il a aid\u00e9 \u00e0 conclure la toute premi\u00e8re convention collective en 147&nbsp;ans d\u2019histoire de la GRC. Il accorde en outre une grande importance \u00e0 l\u2019utilisation des m\u00e9dias et des m\u00e9dias sociaux dans le cadre de la r\u00e9alisation du mandat de la FPN.<\/p>\n\n\n\n<p>Morgan d\u00e9tient un baccalaur\u00e9at \u00e8s arts en psychologie de l\u2019Universit\u00e9 de la Saskatchewan; il a quitt\u00e9 la facult\u00e9 de droit afin de poursuivre une carri\u00e8re au sein de la GRC. Il est n\u00e9 et a grandi en Saskatchewan; il fait partie de la deuxi\u00e8me g\u00e9n\u00e9ration de policier au sein de sa famille. Son \u00e9pouse, Kim, est infirmi\u00e8re autoris\u00e9e et ils ont trois enfants. Dans ses temps libres, il aime voyager, faire de l\u2019exercice, passer du temps avec sa famille et ses amis et jouer au soccer.<\/p>\n","protected":false},"excerpt":{"rendered":"<p>Membre \u00e9lu du conseil d\u2019administration de la F\u00e9d\u00e9ration de la police nationale (FPN) et sergent d\u2019\u00e9tat-major de la Gendarmerie royale du Canada (GRC), Morgan&nbsp;Buckingham est fier de servir les 20&nbsp;000&nbsp;membres de la Gendarmerie royale du Canada (GRC) alors qu\u2019ils travaillent [&hellip;]<\/p>\n","protected":false},"author":326,"featured_media":0,"parent":0,"menu_order":0,"comment_status":"closed","ping_status":"closed","template":"","meta":{"_acf_changed":false,"inline_featured_image":false,"footnotes":""},"class_list":["post-22312","page","type-page","status-publish","hentry"],"acf":[],"yoast_head":"<!-- This site is optimized with the Yoast SEO plugin v27.4 - https:\/\/yoast.com\/product\/yoast-seo-wordpress\/ -->\n<title>Conseil d&#039;administration - Morgan Buckingham, Administrateur, R\u00e9gion des Prairies - NPF-FPN<\/title>\n<meta name=\"robots\" content=\"index, follow, max-snippet:-1, max-image-preview:large, max-video-preview:-1\" \/>\n<link rel=\"canonical\" href=\"https:\/\/npf-fpn.com\/fr\/conseil-dadministration-morgan-buckingham-administrateur-region-des-prairies-et-du-nord\/\" \/>\n<meta property=\"og:locale\" content=\"fr_FR\" \/>\n<meta property=\"og:type\" content=\"article\" \/>\n<meta property=\"og:title\" content=\"Conseil d&#039;administration - Morgan Buckingham, Administrateur, R\u00e9gion des Prairies - NPF-FPN\" \/>\n<meta property=\"og:description\" content=\"Membre \u00e9lu du conseil d\u2019administration de la F\u00e9d\u00e9ration de la police nationale (FPN) et sergent d\u2019\u00e9tat-major de la Gendarmerie royale du Canada (GRC), Morgan&nbsp;Buckingham est fier de servir les 20&nbsp;000&nbsp;membres de la Gendarmerie royale du Canada (GRC) alors qu\u2019ils travaillent [&hellip;]\" \/>\n<meta property=\"og:url\" content=\"https:\/\/npf-fpn.com\/fr\/conseil-dadministration-morgan-buckingham-administrateur-region-des-prairies-et-du-nord\/\" \/>\n<meta property=\"og:site_name\" content=\"NPF-FPN\" \/>\n<meta property=\"article:modified_time\" content=\"2025-08-12T17:42:23+00:00\" \/>\n<meta property=\"og:image\" content=\"https:\/\/npf-fpn.com\/app\/uploads\/2025\/08\/Morgan-2.png\" \/>\n\t<meta property=\"og:image:width\" content=\"500\" \/>\n\t<meta property=\"og:image:height\" content=\"710\" \/>\n\t<meta property=\"og:image:type\" content=\"image\/png\" \/>\n<meta name=\"twitter:card\" content=\"summary_large_image\" \/>\n<meta name=\"twitter:label1\" content=\"Est. reading time\" \/>\n\t<meta name=\"twitter:data1\" content=\"3 minutes\" \/>\n<script type=\"application\/ld+json\" class=\"yoast-schema-graph\">{\"@context\":\"https:\\\/\\\/schema.org\",\"@graph\":[{\"@type\":\"WebPage\",\"@id\":\"https:\\\/\\\/npf-fpn.com\\\/fr\\\/conseil-dadministration-morgan-buckingham-administrateur-region-des-prairies-et-du-nord\\\/\",\"url\":\"https:\\\/\\\/npf-fpn.com\\\/fr\\\/conseil-dadministration-morgan-buckingham-administrateur-region-des-prairies-et-du-nord\\\/\",\"name\":\"Conseil d'administration - Morgan Buckingham, Administrateur, R\u00e9gion des Prairies - NPF-FPN\",\"isPartOf\":{\"@id\":\"https:\\\/\\\/npf-fpn.com\\\/#website\"},\"primaryImageOfPage\":{\"@id\":\"https:\\\/\\\/npf-fpn.com\\\/fr\\\/conseil-dadministration-morgan-buckingham-administrateur-region-des-prairies-et-du-nord\\\/#primaryimage\"},\"image\":{\"@id\":\"https:\\\/\\\/npf-fpn.com\\\/fr\\\/conseil-dadministration-morgan-buckingham-administrateur-region-des-prairies-et-du-nord\\\/#primaryimage\"},\"thumbnailUrl\":\"https:\\\/\\\/npf-fpn.com\\\/app\\\/uploads\\\/2025\\\/08\\\/Morgan-2.png\",\"datePublished\":\"2021-12-22T18:25:26+00:00\",\"dateModified\":\"2025-08-12T17:42:23+00:00\",\"breadcrumb\":{\"@id\":\"https:\\\/\\\/npf-fpn.com\\\/fr\\\/conseil-dadministration-morgan-buckingham-administrateur-region-des-prairies-et-du-nord\\\/#breadcrumb\"},\"inLanguage\":\"fr-FR\",\"potentialAction\":[{\"@type\":\"ReadAction\",\"target\":[\"https:\\\/\\\/npf-fpn.com\\\/fr\\\/conseil-dadministration-morgan-buckingham-administrateur-region-des-prairies-et-du-nord\\\/\"]}]},{\"@type\":\"ImageObject\",\"inLanguage\":\"fr-FR\",\"@id\":\"https:\\\/\\\/npf-fpn.com\\\/fr\\\/conseil-dadministration-morgan-buckingham-administrateur-region-des-prairies-et-du-nord\\\/#primaryimage\",\"url\":\"https:\\\/\\\/npf-fpn.com\\\/app\\\/uploads\\\/2025\\\/08\\\/Morgan-2.png\",\"contentUrl\":\"https:\\\/\\\/npf-fpn.com\\\/app\\\/uploads\\\/2025\\\/08\\\/Morgan-2.png\"},{\"@type\":\"BreadcrumbList\",\"@id\":\"https:\\\/\\\/npf-fpn.com\\\/fr\\\/conseil-dadministration-morgan-buckingham-administrateur-region-des-prairies-et-du-nord\\\/#breadcrumb\",\"itemListElement\":[{\"@type\":\"ListItem\",\"position\":1,\"name\":\"Accueil\",\"item\":\"https:\\\/\\\/npf-fpn.com\\\/fr\\\/\"},{\"@type\":\"ListItem\",\"position\":2,\"name\":\"Conseil d&#8217;administration &#8211; Morgan Buckingham, Administrateur, R\u00e9gion des Prairies\"}]},{\"@type\":\"WebSite\",\"@id\":\"https:\\\/\\\/npf-fpn.com\\\/#website\",\"url\":\"https:\\\/\\\/npf-fpn.com\\\/\",\"name\":\"NPF-FPN\",\"description\":\"Providing strong, fair and progressive representation to almost 20,000 RCMP members across Canada.\",\"publisher\":{\"@id\":\"https:\\\/\\\/npf-fpn.com\\\/#organization\"},\"potentialAction\":[{\"@type\":\"SearchAction\",\"target\":{\"@type\":\"EntryPoint\",\"urlTemplate\":\"https:\\\/\\\/npf-fpn.com\\\/?s={search_term_string}\"},\"query-input\":{\"@type\":\"PropertyValueSpecification\",\"valueRequired\":true,\"valueName\":\"search_term_string\"}}],\"inLanguage\":\"fr-FR\"},{\"@type\":\"Organization\",\"@id\":\"https:\\\/\\\/npf-fpn.com\\\/#organization\",\"name\":\"NPF-FPN\",\"url\":\"https:\\\/\\\/npf-fpn.com\\\/\",\"logo\":{\"@type\":\"ImageObject\",\"inLanguage\":\"fr-FR\",\"@id\":\"https:\\\/\\\/npf-fpn.com\\\/#\\\/schema\\\/logo\\\/image\\\/\",\"url\":\"https:\\\/\\\/npf-fpn.com\\\/app\\\/uploads\\\/2022\\\/01\\\/NPF.jpg\",\"contentUrl\":\"https:\\\/\\\/npf-fpn.com\\\/app\\\/uploads\\\/2022\\\/01\\\/NPF.jpg\",\"width\":200,\"height\":200,\"caption\":\"NPF-FPN\"},\"image\":{\"@id\":\"https:\\\/\\\/npf-fpn.com\\\/#\\\/schema\\\/logo\\\/image\\\/\"}}]}<\/script>\n<!-- \/ Yoast SEO plugin. -->","yoast_head_json":{"title":"Conseil d'administration - Morgan Buckingham, Administrateur, R\u00e9gion des Prairies - NPF-FPN","robots":{"index":"index","follow":"follow","max-snippet":"max-snippet:-1","max-image-preview":"max-image-preview:large","max-video-preview":"max-video-preview:-1"},"canonical":"https:\/\/npf-fpn.com\/fr\/conseil-dadministration-morgan-buckingham-administrateur-region-des-prairies-et-du-nord\/","og_locale":"fr_FR","og_type":"article","og_title":"Conseil d'administration - Morgan Buckingham, Administrateur, R\u00e9gion des Prairies - NPF-FPN","og_description":"Membre \u00e9lu du conseil d\u2019administration de la F\u00e9d\u00e9ration de la police nationale (FPN) et sergent d\u2019\u00e9tat-major de la Gendarmerie royale du Canada (GRC), Morgan&nbsp;Buckingham est fier de servir les 20&nbsp;000&nbsp;membres de la Gendarmerie royale du Canada (GRC) alors qu\u2019ils travaillent [&hellip;]","og_url":"https:\/\/npf-fpn.com\/fr\/conseil-dadministration-morgan-buckingham-administrateur-region-des-prairies-et-du-nord\/","og_site_name":"NPF-FPN","article_modified_time":"2025-08-12T17:42:23+00:00","og_image":[{"width":500,"height":710,"url":"https:\/\/npf-fpn.com\/app\/uploads\/2025\/08\/Morgan-2.png","type":"image\/png"}],"twitter_card":"summary_large_image","twitter_misc":{"Est. reading time":"3 minutes"},"schema":{"@context":"https:\/\/schema.org","@graph":[{"@type":"WebPage","@id":"https:\/\/npf-fpn.com\/fr\/conseil-dadministration-morgan-buckingham-administrateur-region-des-prairies-et-du-nord\/","url":"https:\/\/npf-fpn.com\/fr\/conseil-dadministration-morgan-buckingham-administrateur-region-des-prairies-et-du-nord\/","name":"Conseil d'administration - Morgan Buckingham, Administrateur, R\u00e9gion des Prairies - NPF-FPN","isPartOf":{"@id":"https:\/\/npf-fpn.com\/#website"},"primaryImageOfPage":{"@id":"https:\/\/npf-fpn.com\/fr\/conseil-dadministration-morgan-buckingham-administrateur-region-des-prairies-et-du-nord\/#primaryimage"},"image":{"@id":"https:\/\/npf-fpn.com\/fr\/conseil-dadministration-morgan-buckingham-administrateur-region-des-prairies-et-du-nord\/#primaryimage"},"thumbnailUrl":"https:\/\/npf-fpn.com\/app\/uploads\/2025\/08\/Morgan-2.png","datePublished":"2021-12-22T18:25:26+00:00","dateModified":"2025-08-12T17:42:23+00:00","breadcrumb":{"@id":"https:\/\/npf-fpn.com\/fr\/conseil-dadministration-morgan-buckingham-administrateur-region-des-prairies-et-du-nord\/#breadcrumb"},"inLanguage":"fr-FR","potentialAction":[{"@type":"ReadAction","target":["https:\/\/npf-fpn.com\/fr\/conseil-dadministration-morgan-buckingham-administrateur-region-des-prairies-et-du-nord\/"]}]},{"@type":"ImageObject","inLanguage":"fr-FR","@id":"https:\/\/npf-fpn.com\/fr\/conseil-dadministration-morgan-buckingham-administrateur-region-des-prairies-et-du-nord\/#primaryimage","url":"https:\/\/npf-fpn.com\/app\/uploads\/2025\/08\/Morgan-2.png","contentUrl":"https:\/\/npf-fpn.com\/app\/uploads\/2025\/08\/Morgan-2.png"},{"@type":"BreadcrumbList","@id":"https:\/\/npf-fpn.com\/fr\/conseil-dadministration-morgan-buckingham-administrateur-region-des-prairies-et-du-nord\/#breadcrumb","itemListElement":[{"@type":"ListItem","position":1,"name":"Accueil","item":"https:\/\/npf-fpn.com\/fr\/"},{"@type":"ListItem","position":2,"name":"Conseil d&#8217;administration &#8211; Morgan Buckingham, Administrateur, R\u00e9gion des Prairies"}]},{"@type":"WebSite","@id":"https:\/\/npf-fpn.com\/#website","url":"https:\/\/npf-fpn.com\/","name":"NPF-FPN","description":"Providing strong, fair and progressive representation to almost 20,000 RCMP members across Canada.","publisher":{"@id":"https:\/\/npf-fpn.com\/#organization"},"potentialAction":[{"@type":"SearchAction","target":{"@type":"EntryPoint","urlTemplate":"https:\/\/npf-fpn.com\/?s={search_term_string}"},"query-input":{"@type":"PropertyValueSpecification","valueRequired":true,"valueName":"search_term_string"}}],"inLanguage":"fr-FR"},{"@type":"Organization","@id":"https:\/\/npf-fpn.com\/#organization","name":"NPF-FPN","url":"https:\/\/npf-fpn.com\/","logo":{"@type":"ImageObject","inLanguage":"fr-FR","@id":"https:\/\/npf-fpn.com\/#\/schema\/logo\/image\/","url":"https:\/\/npf-fpn.com\/app\/uploads\/2022\/01\/NPF.jpg","contentUrl":"https:\/\/npf-fpn.com\/app\/uploads\/2022\/01\/NPF.jpg","width":200,"height":200,"caption":"NPF-FPN"},"image":{"@id":"https:\/\/npf-fpn.com\/#\/schema\/logo\/image\/"}}]}},"_links":{"self":[{"href":"https:\/\/npf-fpn.com\/fr\/wp-json\/wp\/v2\/pages\/22312","targetHints":{"allow":["GET"]}}],"collection":[{"href":"https:\/\/npf-fpn.com\/fr\/wp-json\/wp\/v2\/pages"}],"about":[{"href":"https:\/\/npf-fpn.com\/fr\/wp-json\/wp\/v2\/types\/page"}],"author":[{"embeddable":true,"href":"https:\/\/npf-fpn.com\/fr\/wp-json\/wp\/v2\/users\/326"}],"replies":[{"embeddable":true,"href":"https:\/\/npf-fpn.com\/fr\/wp-json\/wp\/v2\/comments?post=22312"}],"version-history":[{"count":6,"href":"https:\/\/npf-fpn.com\/fr\/wp-json\/wp\/v2\/pages\/22312\/revisions"}],"predecessor-version":[{"id":62281,"href":"https:\/\/npf-fpn.com\/fr\/wp-json\/wp\/v2\/pages\/22312\/revisions\/62281"}],"wp:attachment":[{"href":"https:\/\/npf-fpn.com\/fr\/wp-json\/wp\/v2\/media?parent=22312"}],"curies":[{"name":"wp","href":"https:\/\/api.w.org\/{rel}","templated":true}]}}