{"id":22296,"date":"2021-12-22T18:21:18","date_gmt":"2021-12-22T18:21:18","guid":{"rendered":"https:\/\/npf-fpn.com\/?page_id=22296"},"modified":"2022-11-22T16:32:53","modified_gmt":"2022-11-22T16:32:53","slug":"conseil-dadministration-tim-pettit-administrateur-region-du-centre","status":"publish","type":"page","link":"https:\/\/npf-fpn.com\/fr\/conseil-dadministration-tim-pettit-administrateur-region-du-centre\/","title":{"rendered":"Conseil d&#8217;administration &#8211; Tim Pettit, Administrateur, R\u00e9gion Atlantique\/Centre"},"content":{"rendered":"\n<div class=\"wp-block-columns is-layout-flex wp-container-core-columns-is-layout-9d6595d7 wp-block-columns-is-layout-flex\">\n<div class=\"wp-block-column is-layout-flow wp-block-column-is-layout-flow\" style=\"flex-basis:33.33%\">\n<div class=\"wp-block-image\"><figure class=\"alignleft size-large\"><img decoding=\"async\" src=\"https:\/\/npf-fpn.com\/app\/uploads\/2022\/05\/Tim-Pettit-Website.png\" alt=\"\" class=\"wp-image-26142\"\/><\/figure><\/div>\n<\/div>\n\n\n\n<div class=\"wp-block-column is-layout-flow wp-block-column-is-layout-flow\" style=\"flex-basis:66.66%\">\n<p><strong>\u00c0 propos de Tim&nbsp;Pettit<\/strong><\/p>\n\n\n\n<p>M\u00eame si Tim a grandi en Nouvelle-\u00c9cosse et qu\u2019il \u00e9voque encore cet endroit comme \u00e9tant chez lui, il a v\u00e9cu et travaill\u00e9 d\u2019un oc\u00e9an \u00e0 l\u2019autre. Tim a commenc\u00e9 sa carri\u00e8re au sein de la GRC \u00e0 Inuvik, dans les Territoires&nbsp;du&nbsp;Nord\u2011Ouest, et apr\u00e8s avoir obtenu son dipl\u00f4me de la Division D\u00e9p\u00f4t en 1993, il a \u00e9t\u00e9 affect\u00e9 \u00e0 Surrey, en Colombie\u2011Britannique. Il y a travaill\u00e9 notamment dans le domaine des fonctions g\u00e9n\u00e9rales, \u00e0 la Section des enqu\u00eates g\u00e9n\u00e9rales, au groupe d\u2019intervention de la province contre les vols d\u2019automobiles ainsi qu\u2019aux crimes graves. Tim a \u00e9t\u00e9 mut\u00e9 \u00e0 Ottawa en 2005, o\u00f9 il a int\u00e9gr\u00e9 les unit\u00e9s responsables du d\u00e9veloppement des sources et des renseignements criminels. Puis, en 2011, Tim a \u00e9t\u00e9 transf\u00e9r\u00e9 \u00e0 London, en Ontario, o\u00f9 il a travaill\u00e9 dans les domaines du perfectionnement professionnel et de ressourcement. Il a \u00e9t\u00e9 ensuite \u00e9lu au Programme de repr\u00e9sentants des relations fonctionnelles pour la Division&nbsp;O \u00e0 la fin de l\u2019ann\u00e9e&nbsp;2013. En 2016, Tim a \u00e9t\u00e9 mut\u00e9 \u00e0 Windsor, en Ontario, o\u00f9 il a int\u00e9gr\u00e9 la Section des enqu\u00eates f\u00e9d\u00e9rales sur les crimes graves et le crime organis\u00e9 jusqu\u2019\u00e0 son \u00e9lection \u00e0 titre d\u2019administrateur du conseil d\u2019administration de la FPN \u00e0 l\u2019automne&nbsp;2019. Tim a officiellement commenc\u00e9 \u00e0 \u0153uvrer au sein de la FPN en janvier&nbsp;2020.<\/p>\n<\/div>\n<\/div>\n\n\n\n<p>En tant que membre de la GRC, Tim a toujours appuy\u00e9 les droits et le bien-\u00eatre des autres membres. Que ce soit \u00e0 titre de conseiller en perfectionnement professionnel et en ressourcement, de repr\u00e9sentant des relations fonctionnelles, d\u2019administrateur du Fonds pour les agents de la paix d\u00e9c\u00e9d\u00e9s ou de la FPN, sa qu\u00eate a toujours \u00e9t\u00e9 la m\u00eame, soit celle de soutenir ses coll\u00e8gues. Tim a vu de tout au cours de sa carri\u00e8re, du meilleur au pire. Se pr\u00e9senter aux \u00e9lections en tant qu\u2019administrateur du conseil d\u2019administration de la FPN a \u00e9t\u00e9 une d\u00e9cision facile pour lui, mais avant tout, cette \u00e9lection marque le d\u00e9but d\u2019un changement significatif au sein de la GRC. \u00c0 titre d\u2019administrateur du conseil d\u2019administration, Tim se concentre maintenant sur la mise en \u0153uvre de changements significatifs en offrant des services de soutien juridique et de repr\u00e9sentation aux membres sur une foule de questions li\u00e9es au milieu de travail, notamment la r\u00e9mun\u00e9ration, les avantages sociaux et le ressourcement, pour n\u2019en nommer que quelques-unes.<\/p>\n\n\n\n<p><strong>Principales r\u00e9alisations&nbsp;:<\/strong><\/p>\n\n\n\n<ul class=\"wp-block-list\"><li>Tim&nbsp;Pettit a \u00e9t\u00e9 \u00e9lu \u00e0 titre d\u2019administrateur du premier conseil d\u2019administration de la F\u00e9d\u00e9ration de la police nationale (FPN) pour la Division&nbsp;O en janvier&nbsp;2020.<\/li><li>Il a \u0153uvr\u00e9 au sein de la Gendarmerie royale du Canada (GRC) pendant 28&nbsp;ans dans quatre divisions diff\u00e9rentes, \u00e0 l\u2019\u00e9chelle municipale, provinciale et f\u00e9d\u00e9rale.<\/li><li>Il a assum\u00e9 ainsi une vaste gamme de fonctions relatives au maintien de l\u2019ordre, notamment dans les domaines des fonctions g\u00e9n\u00e9rales, des enqu\u00eates g\u00e9n\u00e9rales, des crimes graves, du d\u00e9veloppement des sources, des renseignements criminels, de la dotation, des relations de travail ainsi que des crimes graves et crime organis\u00e9 de la Police f\u00e9d\u00e9rale.<\/li><li>Tim a dirig\u00e9 en outre des initiatives de formation au Canada pour des partenaires de services de police internationaux provenant de 21&nbsp;pays, aux quatre coins de la plan\u00e8te.<\/li><li>Il a aussi exerc\u00e9 les fonctions d\u2019administrateur du Fonds pour les agents de la paix d\u00e9c\u00e9d\u00e9s pour la Division&nbsp;O de 2014 \u00e0 2020.<\/li><li>Il occupe actuellement le r\u00f4le du tout premier pr\u00e9sident de la Fondation de bienfaisance de la F\u00e9d\u00e9ration de la police nationale.<\/li><li>Par ailleurs, il a \u00e9t\u00e9 \u00e9lu \u00e0 titre de repr\u00e9sentant des relations fonctionnelles de 2013 \u00e0 2016.<\/li><li>Il a aussi \u00e9t\u00e9 membre du Comit\u00e9 national des relations fonctionnelles pour les ressources humaines de 2014 \u00e0 2016, dans le cadre duquel il a d\u00e9fendu les int\u00e9r\u00eats des membres sur des questions li\u00e9es aux ressources humaines.<\/li><li>Il si\u00e8ge actuellement au Comit\u00e9 consultatif des pensions et aux comit\u00e9s d\u2019examen dans le cadre du Comit\u00e9 national sur les soins dentaires \u00e0 titre de repr\u00e9sentant de la FPN.<\/li><\/ul>\n","protected":false},"excerpt":{"rendered":"<p>\u00c0 propos de Tim&nbsp;Pettit M\u00eame si Tim a grandi en Nouvelle-\u00c9cosse et qu\u2019il \u00e9voque encore cet endroit comme \u00e9tant chez lui, il a v\u00e9cu et travaill\u00e9 d\u2019un oc\u00e9an \u00e0 l\u2019autre. Tim a commenc\u00e9 sa carri\u00e8re au sein de la GRC [&hellip;]<\/p>\n","protected":false},"author":326,"featured_media":0,"parent":0,"menu_order":0,"comment_status":"closed","ping_status":"closed","template":"","meta":{"_acf_changed":false,"inline_featured_image":false,"footnotes":""},"class_list":["post-22296","page","type-page","status-publish","hentry"],"acf":[],"yoast_head":"<!-- This site is optimized with the Yoast SEO plugin v27.4 - https:\/\/yoast.com\/product\/yoast-seo-wordpress\/ -->\n<title>Conseil d&#039;administration - Tim Pettit, Administrateur, R\u00e9gion Atlantique\/Centre - NPF-FPN<\/title>\n<meta name=\"robots\" content=\"index, follow, max-snippet:-1, max-image-preview:large, max-video-preview:-1\" \/>\n<link rel=\"canonical\" href=\"https:\/\/npf-fpn.com\/fr\/conseil-dadministration-tim-pettit-administrateur-region-du-centre\/\" \/>\n<meta property=\"og:locale\" content=\"fr_FR\" \/>\n<meta property=\"og:type\" content=\"article\" \/>\n<meta property=\"og:title\" content=\"Conseil d&#039;administration - Tim Pettit, Administrateur, R\u00e9gion Atlantique\/Centre - NPF-FPN\" \/>\n<meta property=\"og:description\" content=\"\u00c0 propos de Tim&nbsp;Pettit M\u00eame si Tim a grandi en Nouvelle-\u00c9cosse et qu\u2019il \u00e9voque encore cet endroit comme \u00e9tant chez lui, il a v\u00e9cu et travaill\u00e9 d\u2019un oc\u00e9an \u00e0 l\u2019autre. Tim a commenc\u00e9 sa carri\u00e8re au sein de la GRC [&hellip;]\" \/>\n<meta property=\"og:url\" content=\"https:\/\/npf-fpn.com\/fr\/conseil-dadministration-tim-pettit-administrateur-region-du-centre\/\" \/>\n<meta property=\"og:site_name\" content=\"NPF-FPN\" \/>\n<meta property=\"article:modified_time\" content=\"2022-11-22T16:32:53+00:00\" \/>\n<meta property=\"og:image\" content=\"https:\/\/npf-fpn.com\/app\/uploads\/2022\/05\/Tim-Pettit-Website.png\" \/>\n<meta name=\"twitter:card\" content=\"summary_large_image\" \/>\n<meta name=\"twitter:label1\" content=\"Est. reading time\" \/>\n\t<meta name=\"twitter:data1\" content=\"4 minutes\" \/>\n<script type=\"application\/ld+json\" class=\"yoast-schema-graph\">{\"@context\":\"https:\\\/\\\/schema.org\",\"@graph\":[{\"@type\":\"WebPage\",\"@id\":\"https:\\\/\\\/npf-fpn.com\\\/fr\\\/conseil-dadministration-tim-pettit-administrateur-region-du-centre\\\/\",\"url\":\"https:\\\/\\\/npf-fpn.com\\\/fr\\\/conseil-dadministration-tim-pettit-administrateur-region-du-centre\\\/\",\"name\":\"Conseil d'administration - Tim Pettit, Administrateur, R\u00e9gion Atlantique\\\/Centre - NPF-FPN\",\"isPartOf\":{\"@id\":\"https:\\\/\\\/npf-fpn.com\\\/#website\"},\"primaryImageOfPage\":{\"@id\":\"https:\\\/\\\/npf-fpn.com\\\/fr\\\/conseil-dadministration-tim-pettit-administrateur-region-du-centre\\\/#primaryimage\"},\"image\":{\"@id\":\"https:\\\/\\\/npf-fpn.com\\\/fr\\\/conseil-dadministration-tim-pettit-administrateur-region-du-centre\\\/#primaryimage\"},\"thumbnailUrl\":\"https:\\\/\\\/npf-fpn.com\\\/app\\\/uploads\\\/2022\\\/05\\\/Tim-Pettit-Website.png\",\"datePublished\":\"2021-12-22T18:21:18+00:00\",\"dateModified\":\"2022-11-22T16:32:53+00:00\",\"breadcrumb\":{\"@id\":\"https:\\\/\\\/npf-fpn.com\\\/fr\\\/conseil-dadministration-tim-pettit-administrateur-region-du-centre\\\/#breadcrumb\"},\"inLanguage\":\"fr-FR\",\"potentialAction\":[{\"@type\":\"ReadAction\",\"target\":[\"https:\\\/\\\/npf-fpn.com\\\/fr\\\/conseil-dadministration-tim-pettit-administrateur-region-du-centre\\\/\"]}]},{\"@type\":\"ImageObject\",\"inLanguage\":\"fr-FR\",\"@id\":\"https:\\\/\\\/npf-fpn.com\\\/fr\\\/conseil-dadministration-tim-pettit-administrateur-region-du-centre\\\/#primaryimage\",\"url\":\"https:\\\/\\\/npf-fpn.com\\\/app\\\/uploads\\\/2022\\\/05\\\/Tim-Pettit-Website.png\",\"contentUrl\":\"https:\\\/\\\/npf-fpn.com\\\/app\\\/uploads\\\/2022\\\/05\\\/Tim-Pettit-Website.png\"},{\"@type\":\"BreadcrumbList\",\"@id\":\"https:\\\/\\\/npf-fpn.com\\\/fr\\\/conseil-dadministration-tim-pettit-administrateur-region-du-centre\\\/#breadcrumb\",\"itemListElement\":[{\"@type\":\"ListItem\",\"position\":1,\"name\":\"Accueil\",\"item\":\"https:\\\/\\\/npf-fpn.com\\\/fr\\\/\"},{\"@type\":\"ListItem\",\"position\":2,\"name\":\"Conseil d&#8217;administration &#8211; Tim Pettit, Administrateur, R\u00e9gion Atlantique\\\/Centre\"}]},{\"@type\":\"WebSite\",\"@id\":\"https:\\\/\\\/npf-fpn.com\\\/#website\",\"url\":\"https:\\\/\\\/npf-fpn.com\\\/\",\"name\":\"NPF-FPN\",\"description\":\"Providing strong, fair and progressive representation to almost 20,000 RCMP members across Canada.\",\"publisher\":{\"@id\":\"https:\\\/\\\/npf-fpn.com\\\/#organization\"},\"potentialAction\":[{\"@type\":\"SearchAction\",\"target\":{\"@type\":\"EntryPoint\",\"urlTemplate\":\"https:\\\/\\\/npf-fpn.com\\\/?s={search_term_string}\"},\"query-input\":{\"@type\":\"PropertyValueSpecification\",\"valueRequired\":true,\"valueName\":\"search_term_string\"}}],\"inLanguage\":\"fr-FR\"},{\"@type\":\"Organization\",\"@id\":\"https:\\\/\\\/npf-fpn.com\\\/#organization\",\"name\":\"NPF-FPN\",\"url\":\"https:\\\/\\\/npf-fpn.com\\\/\",\"logo\":{\"@type\":\"ImageObject\",\"inLanguage\":\"fr-FR\",\"@id\":\"https:\\\/\\\/npf-fpn.com\\\/#\\\/schema\\\/logo\\\/image\\\/\",\"url\":\"https:\\\/\\\/npf-fpn.com\\\/app\\\/uploads\\\/2022\\\/01\\\/NPF.jpg\",\"contentUrl\":\"https:\\\/\\\/npf-fpn.com\\\/app\\\/uploads\\\/2022\\\/01\\\/NPF.jpg\",\"width\":200,\"height\":200,\"caption\":\"NPF-FPN\"},\"image\":{\"@id\":\"https:\\\/\\\/npf-fpn.com\\\/#\\\/schema\\\/logo\\\/image\\\/\"}}]}<\/script>\n<!-- \/ Yoast SEO plugin. -->","yoast_head_json":{"title":"Conseil d'administration - Tim Pettit, Administrateur, R\u00e9gion Atlantique\/Centre - NPF-FPN","robots":{"index":"index","follow":"follow","max-snippet":"max-snippet:-1","max-image-preview":"max-image-preview:large","max-video-preview":"max-video-preview:-1"},"canonical":"https:\/\/npf-fpn.com\/fr\/conseil-dadministration-tim-pettit-administrateur-region-du-centre\/","og_locale":"fr_FR","og_type":"article","og_title":"Conseil d'administration - Tim Pettit, Administrateur, R\u00e9gion Atlantique\/Centre - NPF-FPN","og_description":"\u00c0 propos de Tim&nbsp;Pettit M\u00eame si Tim a grandi en Nouvelle-\u00c9cosse et qu\u2019il \u00e9voque encore cet endroit comme \u00e9tant chez lui, il a v\u00e9cu et travaill\u00e9 d\u2019un oc\u00e9an \u00e0 l\u2019autre. Tim a commenc\u00e9 sa carri\u00e8re au sein de la GRC [&hellip;]","og_url":"https:\/\/npf-fpn.com\/fr\/conseil-dadministration-tim-pettit-administrateur-region-du-centre\/","og_site_name":"NPF-FPN","article_modified_time":"2022-11-22T16:32:53+00:00","og_image":[{"url":"https:\/\/npf-fpn.com\/app\/uploads\/2022\/05\/Tim-Pettit-Website.png","type":"","width":"","height":""}],"twitter_card":"summary_large_image","twitter_misc":{"Est. reading time":"4 minutes"},"schema":{"@context":"https:\/\/schema.org","@graph":[{"@type":"WebPage","@id":"https:\/\/npf-fpn.com\/fr\/conseil-dadministration-tim-pettit-administrateur-region-du-centre\/","url":"https:\/\/npf-fpn.com\/fr\/conseil-dadministration-tim-pettit-administrateur-region-du-centre\/","name":"Conseil d'administration - Tim Pettit, Administrateur, R\u00e9gion Atlantique\/Centre - NPF-FPN","isPartOf":{"@id":"https:\/\/npf-fpn.com\/#website"},"primaryImageOfPage":{"@id":"https:\/\/npf-fpn.com\/fr\/conseil-dadministration-tim-pettit-administrateur-region-du-centre\/#primaryimage"},"image":{"@id":"https:\/\/npf-fpn.com\/fr\/conseil-dadministration-tim-pettit-administrateur-region-du-centre\/#primaryimage"},"thumbnailUrl":"https:\/\/npf-fpn.com\/app\/uploads\/2022\/05\/Tim-Pettit-Website.png","datePublished":"2021-12-22T18:21:18+00:00","dateModified":"2022-11-22T16:32:53+00:00","breadcrumb":{"@id":"https:\/\/npf-fpn.com\/fr\/conseil-dadministration-tim-pettit-administrateur-region-du-centre\/#breadcrumb"},"inLanguage":"fr-FR","potentialAction":[{"@type":"ReadAction","target":["https:\/\/npf-fpn.com\/fr\/conseil-dadministration-tim-pettit-administrateur-region-du-centre\/"]}]},{"@type":"ImageObject","inLanguage":"fr-FR","@id":"https:\/\/npf-fpn.com\/fr\/conseil-dadministration-tim-pettit-administrateur-region-du-centre\/#primaryimage","url":"https:\/\/npf-fpn.com\/app\/uploads\/2022\/05\/Tim-Pettit-Website.png","contentUrl":"https:\/\/npf-fpn.com\/app\/uploads\/2022\/05\/Tim-Pettit-Website.png"},{"@type":"BreadcrumbList","@id":"https:\/\/npf-fpn.com\/fr\/conseil-dadministration-tim-pettit-administrateur-region-du-centre\/#breadcrumb","itemListElement":[{"@type":"ListItem","position":1,"name":"Accueil","item":"https:\/\/npf-fpn.com\/fr\/"},{"@type":"ListItem","position":2,"name":"Conseil d&#8217;administration &#8211; Tim Pettit, Administrateur, R\u00e9gion Atlantique\/Centre"}]},{"@type":"WebSite","@id":"https:\/\/npf-fpn.com\/#website","url":"https:\/\/npf-fpn.com\/","name":"NPF-FPN","description":"Providing strong, fair and progressive representation to almost 20,000 RCMP members across Canada.","publisher":{"@id":"https:\/\/npf-fpn.com\/#organization"},"potentialAction":[{"@type":"SearchAction","target":{"@type":"EntryPoint","urlTemplate":"https:\/\/npf-fpn.com\/?s={search_term_string}"},"query-input":{"@type":"PropertyValueSpecification","valueRequired":true,"valueName":"search_term_string"}}],"inLanguage":"fr-FR"},{"@type":"Organization","@id":"https:\/\/npf-fpn.com\/#organization","name":"NPF-FPN","url":"https:\/\/npf-fpn.com\/","logo":{"@type":"ImageObject","inLanguage":"fr-FR","@id":"https:\/\/npf-fpn.com\/#\/schema\/logo\/image\/","url":"https:\/\/npf-fpn.com\/app\/uploads\/2022\/01\/NPF.jpg","contentUrl":"https:\/\/npf-fpn.com\/app\/uploads\/2022\/01\/NPF.jpg","width":200,"height":200,"caption":"NPF-FPN"},"image":{"@id":"https:\/\/npf-fpn.com\/#\/schema\/logo\/image\/"}}]}},"_links":{"self":[{"href":"https:\/\/npf-fpn.com\/fr\/wp-json\/wp\/v2\/pages\/22296","targetHints":{"allow":["GET"]}}],"collection":[{"href":"https:\/\/npf-fpn.com\/fr\/wp-json\/wp\/v2\/pages"}],"about":[{"href":"https:\/\/npf-fpn.com\/fr\/wp-json\/wp\/v2\/types\/page"}],"author":[{"embeddable":true,"href":"https:\/\/npf-fpn.com\/fr\/wp-json\/wp\/v2\/users\/326"}],"replies":[{"embeddable":true,"href":"https:\/\/npf-fpn.com\/fr\/wp-json\/wp\/v2\/comments?post=22296"}],"version-history":[{"count":2,"href":"https:\/\/npf-fpn.com\/fr\/wp-json\/wp\/v2\/pages\/22296\/revisions"}],"predecessor-version":[{"id":27462,"href":"https:\/\/npf-fpn.com\/fr\/wp-json\/wp\/v2\/pages\/22296\/revisions\/27462"}],"wp:attachment":[{"href":"https:\/\/npf-fpn.com\/fr\/wp-json\/wp\/v2\/media?parent=22296"}],"curies":[{"name":"wp","href":"https:\/\/api.w.org\/{rel}","templated":true}]}}